{"id":927,"date":"2019-01-07T21:03:32","date_gmt":"2019-01-07T20:03:32","guid":{"rendered":"http:\/\/www.verschwisterung-schotten.de\/vvs\/?page_id=927"},"modified":"2020-11-03T19:51:39","modified_gmt":"2020-11-03T18:51:39","slug":"bogen-3","status":"publish","type":"page","link":"https:\/\/www.verschwisterung-schotten.de\/vvs\/bogen-3\/","title":{"rendered":"Bogen &#8211; Bayern"},"content":{"rendered":"\t\t<div data-elementor-type=\"wp-post\" data-elementor-id=\"927\" class=\"elementor elementor-927\">\n\t\t\t\t\t\t\t\t\t<section class=\"elementor-section elementor-top-section elementor-element elementor-element-23ae48d elementor-section-boxed elementor-section-height-default elementor-section-height-default\" data-id=\"23ae48d\" data-element_type=\"section\">\n\t\t\t\t\t\t<div class=\"elementor-container elementor-column-gap-default\">\n\t\t\t\t\t<div class=\"elementor-column elementor-col-100 elementor-top-column elementor-element elementor-element-7f88968\" data-id=\"7f88968\" data-element_type=\"column\">\n\t\t\t<div class=\"elementor-widget-wrap elementor-element-populated\">\n\t\t\t\t\t\t\t\t<div class=\"elementor-element elementor-element-f2eae24 elementor-widget elementor-widget-text-editor\" data-id=\"f2eae24\" data-element_type=\"widget\" data-widget_type=\"text-editor.default\">\n\t\t\t\t<div class=\"elementor-widget-container\">\n\t\t\t\t\t\t\t<p style=\"text-align: justify;\"><img decoding=\"async\" class=\"alignleft\" src=\"http:\/\/www.verschwisterung-schotten.de\/vvs\/wp-content\/uploads\/2019\/01\/BogenWappen2-1.png\" alt=\"\" width=\"152\" height=\"168\" \/><span style=\"font-size: 12pt;\">Die Stadt Bogen ist ein liebenswerter Erholungsort und die Eingangspforte zum Bayerischen Wald. Hoch \u00fcber der vorbeiflie\u00dfenden Donau erhebt sich weithin sichtbar der Bogenberg mit der Wallfahrtskirche. Von dort hat man einen herrlichen Ausblick. Besonders einladend wirkt der echt niederbayerische Marktplatz mit seinen farbigen Blendegiebelh\u00e4usern. <\/span><span style=\"font-size: 12pt;\">Bekannt ist Bogen auch als Wiege des bayerischen Rautenwappens. Im Mittelalter bestimmte lange Zeit die Familie der Grafen von Bogen die politische und wirtschaftliche Entwicklung. Dieses Grafengeschlecht hatte als Dynastenwappen die Rauten gew\u00e4hlt. Nach Aussterben der Grafen \u00fcbernahm der Wittelsbacher Herzog Ludwig II. die Rauten in das Wappen der Bayern.<\/span><span style=\"font-size: 12pt;\"> Die Gemeinde im niederbayerischen Landkreis Straubing-Bogen ist gegliedert in die Gemarkungen Bogen, Bogenberg, Degernbach, Oberalteich und Pfelling. Die h\u00f6chsten Erhebungen liegen in der Gemarkung Degernbach. Der Eselsberg ist 451m hoch. Eine unbenannte Erhebung nahe Nesselbach und Edenhofen ist mit etwa 475 m der h\u00f6chste Punkt im Gebiet der Stadt Bogen.<\/span><span style=\"font-size: 12pt;\"><br \/><\/span><\/p>\t\t\t\t\t\t<\/div>\n\t\t\t\t<\/div>\n\t\t\t\t\t<\/div>\n\t\t<\/div>\n\t\t\t\t\t\t\t<\/div>\n\t\t<\/section>\n\t\t\t\t<section class=\"elementor-section elementor-top-section elementor-element elementor-element-312fd0e elementor-section-boxed elementor-section-height-default elementor-section-height-default\" data-id=\"312fd0e\" data-element_type=\"section\">\n\t\t\t\t\t\t<div class=\"elementor-container elementor-column-gap-default\">\n\t\t\t\t\t<div class=\"elementor-column elementor-col-100 elementor-top-column elementor-element elementor-element-651734a\" data-id=\"651734a\" data-element_type=\"column\">\n\t\t\t<div class=\"elementor-widget-wrap elementor-element-populated\">\n\t\t\t\t\t\t\t\t<div class=\"elementor-element elementor-element-fc22751 elementor-widget elementor-widget-toggle\" data-id=\"fc22751\" data-element_type=\"widget\" data-widget_type=\"toggle.default\">\n\t\t\t\t<div class=\"elementor-widget-container\">\n\t\t\t\t\t<div class=\"elementor-toggle\">\n\t\t\t\t\t\t\t<div class=\"elementor-toggle-item\">\n\t\t\t\t\t<h5 id=\"elementor-tab-title-2641\" class=\"elementor-tab-title\" data-tab=\"1\" role=\"button\" aria-controls=\"elementor-tab-content-2641\" aria-expanded=\"false\">\n\t\t\t\t\t\t\t\t\t\t\t\t<span class=\"elementor-toggle-icon elementor-toggle-icon-right\" aria-hidden=\"true\">\n\t\t\t\t\t\t\t\t\t\t\t\t\t\t\t<span class=\"elementor-toggle-icon-closed\"><i class=\"fas fa-caret-right\"><\/i><\/span>\n\t\t\t\t\t\t\t\t<span class=\"elementor-toggle-icon-opened\"><i class=\"elementor-toggle-icon-opened fas fa-caret-up\"><\/i><\/span>\n\t\t\t\t\t\t\t\t\t\t\t\t\t<\/span>\n\t\t\t\t\t\t\t\t\t\t\t\t<a class=\"elementor-toggle-title\" tabindex=\"0\">St\u00e4dtepartnerschaften<\/a>\n\t\t\t\t\t<\/h5>\n\n\t\t\t\t\t<div id=\"elementor-tab-content-2641\" class=\"elementor-tab-content elementor-clearfix\" data-tab=\"1\" role=\"region\" aria-labelledby=\"elementor-tab-title-2641\"><p style=\"text-align: justify;\"><span style=\"font-size: 12pt;\">Bogen und Schotten sind seit dem 3. Juni 2001 durch einen Freundschaftsvertrag verbunden. Das erste Treffen mit Schottenern fand 1989 in beider Partnerstadt Arco statt, wo es immer ein gro\u00dfes Fu\u00dfballturnier gab. Freundschaften entwickelten sich auf privater Ebene. H\u00f6hepunkte waren die vielen Fu\u00dfballspiele. Sie wurden mit den Alt-Herren-Spielern unter der Organisation von Benno Bechtel vom Partnerschaftsverein Bogen immer ein Erfolg. So kam es schlie\u00dflich zum Abschlu\u00df eines Freundschaftsvertrages. <\/span><br \/><span style=\"font-size: 12pt;\">Die Entfernung zwischen beiden St\u00e4dten betr\u00e4gt ca. 400 km.<\/span><span style=\"font-size: 12pt;\"><b>\u00a0<\/b><\/span><\/p><p><span style=\"font-size: 12pt;\"><strong>Weitere Partnerschaften mit:<br \/><\/strong>Partnerschaftsvertrag mit Arthez-de-B\u00e9arn &#8211; Aquitanien seit- 4. August 1982<\/span><br \/><span style=\"font-size: 12pt;\">Partnerschaftsvertrag mit Arco &#8211; Trentino-S\u00fcdtirol seit- 3. September 1983<\/span><br \/><span style=\"font-size: 12pt;\">Freundschaftsvertrag mit Schotten &#8211; Hessen seit- 3. Juni 2001<br \/><\/span><span style=\"font-size: 12pt;\">Freundschaftsvertrag mit Wilhering &#8211; Ober\u00f6sterreich seit- 22. Oktober 2002<br \/><\/span><span style=\"font-size: 12pt;\">Partnerschaftsvertrag mit Sortawala &#8211; Republik Karelien\/Russland seit- 2. Juni 2009<\/span><br \/><span style=\"font-size: 12pt;\">Partnerschaftsvertrag mit Slavonice &#8211; Tschechien seit- 26. Juni 2012<\/span><br \/><span style=\"font-size: 12pt;\">Freundschaftsvertrag mit Crosne &#8211; Frankreich seit- 11. Oktober 2014<\/span><\/p><\/div>\n\t\t\t\t<\/div>\n\t\t\t\t\t\t\t\t<\/div>\n\t\t\t\t<\/div>\n\t\t\t\t<\/div>\n\t\t\t\t\t<\/div>\n\t\t<\/div>\n\t\t\t\t\t\t\t<\/div>\n\t\t<\/section>\n\t\t\t\t<section class=\"elementor-section elementor-top-section elementor-element elementor-element-39bd554 elementor-section-boxed elementor-section-height-default elementor-section-height-default\" data-id=\"39bd554\" data-element_type=\"section\">\n\t\t\t\t\t\t<div class=\"elementor-container elementor-column-gap-default\">\n\t\t\t\t\t<div class=\"elementor-column elementor-col-100 elementor-top-column elementor-element elementor-element-7981135\" data-id=\"7981135\" data-element_type=\"column\">\n\t\t\t<div class=\"elementor-widget-wrap elementor-element-populated\">\n\t\t\t\t\t\t\t\t<div class=\"elementor-element elementor-element-9e6d12d elementor-widget elementor-widget-toggle\" data-id=\"9e6d12d\" data-element_type=\"widget\" data-widget_type=\"toggle.default\">\n\t\t\t\t<div class=\"elementor-widget-container\">\n\t\t\t\t\t<div class=\"elementor-toggle\">\n\t\t\t\t\t\t\t<div class=\"elementor-toggle-item\">\n\t\t\t\t\t<h5 id=\"elementor-tab-title-1661\" class=\"elementor-tab-title\" data-tab=\"1\" role=\"button\" aria-controls=\"elementor-tab-content-1661\" aria-expanded=\"false\">\n\t\t\t\t\t\t\t\t\t\t\t\t<span class=\"elementor-toggle-icon elementor-toggle-icon-right\" aria-hidden=\"true\">\n\t\t\t\t\t\t\t\t\t\t\t\t\t\t\t<span class=\"elementor-toggle-icon-closed\"><i class=\"fas fa-caret-right\"><\/i><\/span>\n\t\t\t\t\t\t\t\t<span class=\"elementor-toggle-icon-opened\"><i class=\"elementor-toggle-icon-opened fas fa-caret-up\"><\/i><\/span>\n\t\t\t\t\t\t\t\t\t\t\t\t\t<\/span>\n\t\t\t\t\t\t\t\t\t\t\t\t<a class=\"elementor-toggle-title\" tabindex=\"0\">Geschichte<\/a>\n\t\t\t\t\t<\/h5>\n\n\t\t\t\t\t<div id=\"elementor-tab-content-1661\" class=\"elementor-tab-content elementor-clearfix\" data-tab=\"1\" role=\"region\" aria-labelledby=\"elementor-tab-title-1661\"><p><span style=\"font-size: 10pt;\">(Quelle: Wikipedia)<\/span><span style=\"font-size: 12pt;\"><strong><br \/><span style=\"font-size: 12pt;\">Bis zum 19. Jahrhundert<\/span><\/strong><\/span><span style=\"font-size: 12pt;\"><br \/>Unter dem Namen Villa Pogana wird Bogen um die Mitte des 8. Jahrhunderts erstmals erw\u00e4hnt. Zun\u00e4chst waren hier die Babenberger Inhaber der Grafschaftsrechte. Anschlie\u00dfend war es der Sitz der Grafen von Bogen, deren wei\u00df-blaues Rautenwappen heute Bestandteil des bayerischen Staatswappens ist. Bereits 1220 wurde Bogen als \u201eforum\u201c (Markt) bezeichnet.<\/span><\/p><p style=\"text-align: justify;\"><span style=\"font-size: 12pt;\">Nach dem Tod des letzten Bogener Grafen fiel deren Herrschaftsgebiet 1242 an die Wittelsbacher. 1341 erhielt Bogen das Marktrecht. Im 15. Jahrhundert erlebte Bogen eine Bl\u00fctezeit in Verbindung mit der Bogenbergwallfahrt. Im Drei\u00dfigj\u00e4hrigen Krieg musste der Markt einen erheblichen Bev\u00f6lkerungsverlust hinnehmen. Einen Aufschwung f\u00fcr den ganzen Ort brachte erneut die bedeutende Wallfahrt zur Wallfahrtskirche Bogenberg.<\/span><\/p><p style=\"text-align: justify;\"><span style=\"font-size: 12pt;\">Bogen geh\u00f6rte zum Rentamt Straubing und zum Landgericht Mitterfels im Kurf\u00fcrstentum Bayern. Es besa\u00df ein Marktgericht mit magistratischen Eigenrechten. Das Kloster Oberalteich besa\u00df hier eine offene Hofmark. 1719 und 1837 verw\u00fcsteten Br\u00e4nde den Ort.<\/span><\/p><p style=\"text-align: justify;\"><span style=\"font-size: 12pt;\"><span style=\"font-size: 12pt;\">Im Jahre 1839 wurde Bogen Sitz eines Landgerichts. 1860 z\u00e4hlte der Markt 1350 Einwohner und nicht weniger als zw\u00f6lf Brauereien. Ab dem Jahre 1862 stieg die\u00a0 Bedeutung Bogens weiter, weil aus dem Landgericht das Bezirksamt und das Notariat als eigene Beh\u00f6rden ausgegliedert wurden. Der juristische Teil des Landgerichts wurde wenig sp\u00e4ter zum K\u00f6niglich Bayrischen Amtsgericht. Am 9. Dezember 1895 erhielt Bogen einen Eisenbahnanschluss durch die Fertigstellung des ersten Abschnitts der Bahnstrecke Straubing\u2013Miltach.<\/span><span style=\"font-size: 12pt;\"><strong><br \/><\/strong><\/span><\/span><\/p><p style=\"text-align: justify;\"><span style=\"font-size: 12pt;\"><span style=\"font-size: 12pt;\"><strong>20. Jahrhundert<br \/><\/strong>Die Stadterhebung Bogens erfolgte im Jahre 1952. Mit dem Bau der Graf-Aswin-Kaserne 1958, Gymnasium, Realschule und acht Industriebetrieben sowie Eingemeindungen stieg die Gr\u00f6\u00dfe und Bedeutung Bogens nach dem Zweiten Weltkrieg erheblich.<\/span><br \/><span style=\"font-size: 12pt;\">Durch die Integration des Landkreises Bogen in den Landkreis Straubing-Bogen am 1. Juli 1972 ging allerdings ein gro\u00dfer Teil der Verwaltungsfunktionen in der Stadt verloren.<\/span><span style=\"font-size: 12pt;\"><strong><br \/><\/strong><\/span><\/span><\/p><p style=\"text-align: justify;\"><span style=\"font-size: 12pt;\"><span style=\"font-size: 12pt;\"><strong>21. Jahrhundert<br \/><\/strong>Im Jahr 2012 wurde der Europapark Bayern-B\u00f6hmen eingeweiht. Hierbei handelt es sich um einen Naherholungspark und nicht um einen Freizeitpark. Im Europapark gibt es eine Pr\u00e4sentation der Partnerst\u00e4dte von Bogen. (Quelle: Homepage Stadt Bogen)<\/span><\/span><\/p><\/div>\n\t\t\t\t<\/div>\n\t\t\t\t\t\t\t\t<\/div>\n\t\t\t\t<\/div>\n\t\t\t\t<\/div>\n\t\t\t\t\t<\/div>\n\t\t<\/div>\n\t\t\t\t\t\t\t<\/div>\n\t\t<\/section>\n\t\t\t\t<section class=\"elementor-section elementor-top-section elementor-element elementor-element-2c4d601 elementor-section-boxed elementor-section-height-default elementor-section-height-default\" data-id=\"2c4d601\" data-element_type=\"section\">\n\t\t\t\t\t\t<div class=\"elementor-container elementor-column-gap-default\">\n\t\t\t\t\t<div class=\"elementor-column elementor-col-100 elementor-top-column elementor-element elementor-element-ea3ab66\" data-id=\"ea3ab66\" data-element_type=\"column\">\n\t\t\t<div class=\"elementor-widget-wrap elementor-element-populated\">\n\t\t\t\t\t\t\t\t<div class=\"elementor-element elementor-element-ca4a88f elementor-widget elementor-widget-toggle\" data-id=\"ca4a88f\" data-element_type=\"widget\" data-widget_type=\"toggle.default\">\n\t\t\t\t<div class=\"elementor-widget-container\">\n\t\t\t\t\t<div class=\"elementor-toggle\">\n\t\t\t\t\t\t\t<div class=\"elementor-toggle-item\">\n\t\t\t\t\t<h5 id=\"elementor-tab-title-2121\" class=\"elementor-tab-title\" data-tab=\"1\" role=\"button\" aria-controls=\"elementor-tab-content-2121\" aria-expanded=\"false\">\n\t\t\t\t\t\t\t\t\t\t\t\t<span class=\"elementor-toggle-icon elementor-toggle-icon-right\" aria-hidden=\"true\">\n\t\t\t\t\t\t\t\t\t\t\t\t\t\t\t<span class=\"elementor-toggle-icon-closed\"><i class=\"fas fa-caret-right\"><\/i><\/span>\n\t\t\t\t\t\t\t\t<span class=\"elementor-toggle-icon-opened\"><i class=\"elementor-toggle-icon-opened fas fa-caret-up\"><\/i><\/span>\n\t\t\t\t\t\t\t\t\t\t\t\t\t<\/span>\n\t\t\t\t\t\t\t\t\t\t\t\t<a class=\"elementor-toggle-title\" tabindex=\"0\">Stadtgesellschaft<\/a>\n\t\t\t\t\t<\/h5>\n\n\t\t\t\t\t<div id=\"elementor-tab-content-2121\" class=\"elementor-tab-content elementor-clearfix\" data-tab=\"1\" role=\"region\" aria-labelledby=\"elementor-tab-title-2121\"><p><strong><span style=\"font-size: 14pt;\">Bildung<\/span><br \/><\/strong><span style=\"font-size: 10pt;\">(Quelle: wikipedia)<\/span><br \/><span style=\"font-size: 12pt;\">Es gibt folgende Einrichtungen:<\/span><\/p><ul><li><p><span style=\"font-size: 12pt;\">Kinderg\u00e4rten: 281 Kindergartenpl\u00e4tze mit 306 Kindern (Stand: 2007)<\/span><\/p><\/li><li><p><span style=\"font-size: 12pt;\">Albertus-Schule Sonderp\u00e4dagogisches F\u00f6rderzentrum Bogen mit gesamt 26 hauptamtlichen Lehrkr\u00e4ften und 137 Sch\u00fclern (Schuljahr 2016\/2017)<\/span><\/p><\/li><li><p><span style=\"font-size: 12pt;\">Zwei Grundschulen mit gesamt 21 hauptamtlichen Lehrkr\u00e4ften und 315 Sch\u00fclern (Schuljahr 2016\/2017)<\/span><\/p><\/li><li><p><span style=\"font-size: 12pt;\">Herzog-Ludwig-Mittelschule Bogen mit 23 hauptamtlichen Lehrkr\u00e4ften und 330 Sch\u00fclern (Schuljahr 2016\/2017)<\/span><\/p><\/li><li><p><span style=\"font-size: 12pt;\">Ludmilla-Schule Staatliche Realschule Bogen mit 47 hauptamtlichen Lehrkr\u00e4ften und 664 Sch\u00fclern (Schuljahr 2016\/2017)<\/span><\/p><\/li><li><p><span style=\"font-size: 12pt;\">Veit-H\u00f6ser-Gymnasium Bogen mit 47 hauptamtlichen Lehrkr\u00e4ften und 603 Sch\u00fclern (Schuljahr 2016\/2017)<\/span><\/p><\/li><\/ul><p style=\"text-align: justify;\"><span style=\"font-size: 14pt;\"><strong>Kommunalpolitik<\/strong><\/span><br \/><strong><span style=\"font-size: 12pt;\">Kommunalwahlen 2020 Bogen<br \/><\/span><\/strong><\/p><p><span style=\"font-size: 12pt;\">Am 15.03.2020 fanden in Bayern Kommunalwahlen statt. Gew\u00e4hlt wurden die Stadtr\u00e4te (Stadtrat = Stadtverordnetenversammlung) und die Kreistage. In Bogen fand au\u00dferdem die Wahl des B\u00fcrgermeisters statt<\/span><span style=\"font-family: Calibri, sans-serif;\"><span style=\"font-size: small;\">.<br \/><\/span><\/span><\/p><p><strong><span style=\"font-size: 12pt;\">Ergebnis der Wahl zum Stadtrat (15.03.2020)<br \/><\/span><\/strong><\/p><table style=\"background-color: #fafafa;\" border=\"0\" frame=\"VOID\" rules=\"NONE\" cellspacing=\"0\"><colgroup> <col width=\"289\" \/> <col width=\"86\" \/> <col width=\"86\" \/> <col width=\"86\" \/> <col width=\"86\" \/><\/colgroup><tbody><tr><td style=\"text-align: left;\" align=\"LEFT\" height=\"19\"><strong>Partei<\/strong><\/td><td style=\"text-align: right;\" align=\"CENTER\"><strong>Stimmen<\/strong><\/td><td style=\"text-align: right;\" align=\"CENTER\"><strong>Prozent<\/strong><\/td><td style=\"text-align: right;\" align=\"CENTER\"><strong>Sitze<\/strong><\/td><td style=\"text-align: right;\" align=\"CENTER\" bgcolor=\"#DDDDDD\"><strong>Sitze 2014<\/strong><\/td><\/tr><tr><td style=\"text-align: left;\" align=\"LEFT\" height=\"19\">CSU<\/td><td style=\"text-align: right;\" align=\"RIGHT\">39.371<\/td><td style=\"text-align: right;\" align=\"RIGHT\">39,65<\/td><td style=\"text-align: right;\" align=\"RIGHT\">10<\/td><td style=\"text-align: right;\" align=\"RIGHT\" bgcolor=\"#DDDDDD\">11<\/td><\/tr><tr><td style=\"text-align: left;\" align=\"LEFT\" height=\"19\">FDP \/ Freie W\u00e4hlergruppe<\/td><td style=\"text-align: right;\" align=\"RIGHT\">24.626<\/td><td style=\"text-align: right;\" align=\"RIGHT\">24,80<\/td><td style=\"text-align: right;\" align=\"RIGHT\">6<\/td><td style=\"text-align: right;\" align=\"RIGHT\" bgcolor=\"#DDDDDD\">5<\/td><\/tr><tr><td style=\"text-align: left;\" align=\"LEFT\" height=\"19\">BI Bogen<\/td><td style=\"text-align: right;\" align=\"RIGHT\">13.645<\/td><td style=\"text-align: right;\" align=\"RIGHT\">13,74<\/td><td style=\"text-align: right;\" align=\"RIGHT\">3<\/td><td style=\"text-align: right;\" align=\"RIGHT\" bgcolor=\"#DDDDDD\">3<\/td><\/tr><tr><td style=\"text-align: left;\" align=\"LEFT\" height=\"19\">FCW (Freie Christliche W\u00e4hlervereinigung)<\/td><td style=\"text-align: right;\" align=\"RIGHT\">12.362<\/td><td style=\"text-align: right;\" align=\"RIGHT\">12,45<\/td><td style=\"text-align: right;\" align=\"RIGHT\">3<\/td><td style=\"text-align: right;\" align=\"RIGHT\" bgcolor=\"#DDDDDD\">2<\/td><\/tr><tr><td style=\"text-align: left;\" align=\"LEFT\" height=\"19\">SPD<\/td><td style=\"text-align: right;\" align=\"RIGHT\">9.292<\/td><td style=\"text-align: right;\" align=\"RIGHT\">9,36<\/td><td style=\"text-align: right;\" align=\"RIGHT\">2<\/td><td style=\"text-align: right;\" align=\"RIGHT\" bgcolor=\"#DDDDDD\">3<\/td><\/tr><tr><td style=\"text-align: left;\" align=\"LEFT\" height=\"19\">\u00a0<\/td><td style=\"text-align: right;\" align=\"LEFT\">\u00a0<\/td><td style=\"text-align: right;\" align=\"LEFT\">\u00a0<\/td><td style=\"text-align: right;\" align=\"LEFT\">\u00a0<\/td><td style=\"text-align: right;\" align=\"LEFT\" bgcolor=\"#DDDDDD\">\u00a0<\/td><\/tr><tr><td style=\"text-align: left;\" align=\"LEFT\" height=\"19\">\u00a0<\/td><td style=\"text-align: right;\" align=\"RIGHT\"><strong>99.296<\/strong><\/td><td style=\"text-align: right;\" align=\"RIGHT\"><strong>100<\/strong><\/td><td style=\"text-align: right;\" align=\"RIGHT\"><strong>24<\/strong><\/td><td style=\"text-align: right;\" align=\"RIGHT\" bgcolor=\"#DDDDDD\"><strong>24<\/strong><\/td><\/tr><tr><td style=\"text-align: left;\" align=\"LEFT\" height=\"19\">\u00a0<\/td><td align=\"LEFT\">\u00a0<\/td><td align=\"LEFT\">\u00a0<\/td><td align=\"LEFT\">\u00a0<\/td><td align=\"LEFT\">\u00a0<\/td><\/tr><tr><td style=\"text-align: left;\" align=\"LEFT\" height=\"20\">Zahl der Stimmberechtigten<\/td><td style=\"text-align: right;\" align=\"RIGHT\">8232<\/td><td style=\"text-align: right;\" align=\"RIGHT\">100,00<\/td><td align=\"LEFT\">\u00a0<\/td><td align=\"LEFT\">\u00a0<\/td><\/tr><tr><td style=\"text-align: left;\" align=\"LEFT\" height=\"38\">Zahl der Personen, die gew\u00e4hlt haben = Wahlbeteiligung<\/td><td style=\"text-align: right;\" align=\"RIGHT\">4504<\/td><td style=\"text-align: right;\" align=\"RIGHT\">54,71<\/td><td align=\"LEFT\">\u00a0<\/td><td align=\"LEFT\">\u00a0<\/td><\/tr><tr><td style=\"text-align: left;\" align=\"LEFT\" height=\"38\">Zahl der insgesamt abgegebenen g\u00fcltigen Stimmen<\/td><td style=\"text-align: right;\" align=\"RIGHT\">99296<\/td><td style=\"text-align: right;\" align=\"LEFT\">\u00a0<\/td><td align=\"LEFT\">\u00a0<\/td><td align=\"LEFT\">\u00a0<\/td><\/tr><\/tbody><\/table><p><span style=\"font-size: 12pt;\">Anmerkung: Jeder W\u00e4hler hat 24 Stimmen (= Anzahl der Mitglieder des Stadtrats). Kumulieren und Panaschieren ist, wie in Hessen, m\u00f6glich. Daher die hohe Anzahl der Stimmen.<\/span><\/p><p><strong><span style=\"font-size: 12pt;\">Ergebnis der Wahl zum B\u00fcrgermeister (1.Wahlgang 15.03.2020)<br \/><\/span><\/strong><\/p><table style=\"width: 108.448%; background-color: #fafafa;\" border=\"0\" frame=\"VOID\" rules=\"NONE\" cellspacing=\"0\"><colgroup> <col width=\"86\" \/> <col width=\"86\" \/> <col width=\"86\" \/> <col width=\"86\" \/> <col width=\"86\" \/> <col width=\"86\" \/> <col width=\"172\" \/> <col width=\"86\" \/> <col width=\"187\" \/> <col width=\"86\" \/> <col width=\"86\" \/><\/colgroup><tbody><tr><td style=\"text-align: left; width: 24.9117%;\" align=\"LEFT\"><strong>Name<\/strong><\/td><td style=\"text-align: left; width: 14.6644%;\" align=\"LEFT\"><strong>Partei<\/strong><\/td><td style=\"text-align: left; width: 26.855%;\" align=\"LEFT\"><strong>Beruf<\/strong><\/td><td style=\"width: 9.76256%; text-align: right;\" align=\"LEFT\"><strong>Stimmen<\/strong><\/td><td style=\"width: 15.7794%; text-align: right;\" align=\"LEFT\"><strong>Prozent<\/strong><\/td><\/tr><tr><td style=\"text-align: left; width: 24.9117%;\" align=\"LEFT\">Probst, Andrea<\/td><td style=\"text-align: left; width: 14.6644%;\" align=\"LEFT\">CSU<\/td><td style=\"text-align: left; width: 26.855%;\" align=\"LEFT\">Kriminalhauptkommissarin<\/td><td style=\"width: 9.76256%; text-align: right;\" align=\"RIGHT\">1755<\/td><td style=\"width: 15.7794%; text-align: right;\" align=\"RIGHT\">39,40<\/td><\/tr><tr><td style=\"text-align: left; width: 24.9117%;\" align=\"LEFT\">Kietzke, Karl<\/td><td style=\"text-align: left; width: 14.6644%;\" align=\"LEFT\">FDP \/ FWG<\/td><td style=\"text-align: left; width: 26.855%;\" align=\"LEFT\">Maurermeister<\/td><td style=\"width: 9.76256%; text-align: right;\" align=\"RIGHT\">1467<\/td><td style=\"width: 15.7794%; text-align: right;\" align=\"RIGHT\">32,94<\/td><\/tr><tr><td style=\"text-align: left; width: 24.9117%;\" align=\"LEFT\">Katzendobler, Robert<\/td><td style=\"text-align: left; width: 14.6644%;\" align=\"LEFT\">BI Bogen<\/td><td style=\"text-align: left; width: 26.855%;\" align=\"LEFT\">Kfm. Angestellter<\/td><td style=\"width: 9.76256%; text-align: right;\" align=\"RIGHT\">484<\/td><td style=\"width: 15.7794%; text-align: right;\" align=\"RIGHT\">10,87<\/td><\/tr><tr><td style=\"text-align: left; width: 24.9117%;\" align=\"LEFT\">Muhr, Helmut<\/td><td style=\"text-align: left; width: 14.6644%;\" align=\"LEFT\">FCW<\/td><td style=\"text-align: left; width: 26.855%;\" align=\"LEFT\">Lieferantenmanager<\/td><td style=\"width: 9.76256%; text-align: right;\" align=\"RIGHT\">427<\/td><td style=\"width: 15.7794%; text-align: right;\" align=\"RIGHT\">9,59<\/td><\/tr><tr><td style=\"text-align: left; width: 24.9117%;\" align=\"LEFT\">Amann, Stefan<\/td><td style=\"text-align: left; width: 14.6644%;\" align=\"LEFT\">SPD<\/td><td style=\"text-align: left; width: 26.855%;\" align=\"LEFT\">Industriemeister<\/td><td style=\"width: 9.76256%; text-align: right;\" align=\"RIGHT\">321<\/td><td style=\"width: 15.7794%; text-align: right;\" align=\"RIGHT\">7,21<\/td><\/tr><tr><td style=\"width: 24.9117%;\" align=\"LEFT\">\u00a0<\/td><td style=\"width: 14.6644%;\" align=\"LEFT\">\u00a0<\/td><td style=\"width: 26.855%;\" align=\"LEFT\">\u00a0<\/td><td style=\"width: 9.76256%; text-align: right;\" align=\"LEFT\">\u00a0<\/td><td style=\"width: 15.7794%; text-align: right;\" align=\"LEFT\">\u00a0<\/td><\/tr><tr><td style=\"width: 24.9117%;\" align=\"LEFT\">\u00a0<\/td><td style=\"width: 14.6644%;\" align=\"LEFT\">\u00a0<\/td><td style=\"width: 26.855%;\" align=\"LEFT\">\u00a0<\/td><td style=\"width: 9.76256%; text-align: right;\" align=\"RIGHT\"><strong>4454<\/strong><\/td><td style=\"width: 15.7794%; text-align: right;\" align=\"RIGHT\"><strong>100<\/strong><\/td><\/tr><\/tbody><\/table><p><span style=\"font-size: 12pt;\">Die <strong>Stichwahl am 29.03.2020<\/strong> erbrachte das folgende Ergebnis:<br \/><\/span><\/p><table style=\"width: 109.652%; background-color: #fafafa;\" border=\"0\" frame=\"VOID\" rules=\"NONE\" cellspacing=\"0\"><colgroup> <col width=\"86\" \/> <col width=\"86\" \/> <col width=\"86\" \/> <col width=\"86\" \/> <col width=\"86\" \/> <col width=\"86\" \/> <col width=\"172\" \/> <col width=\"86\" \/> <col width=\"187\" \/> <col width=\"86\" \/> <col width=\"86\" \/><\/colgroup><tbody><tr><td style=\"width: 24.8824%; text-align: left;\" align=\"LEFT\"><strong>Name<\/strong><\/td><td style=\"width: 14.2766%; text-align: left;\" align=\"LEFT\"><strong>Partei<\/strong><\/td><td style=\"width: 21.9619%; text-align: left;\" align=\"LEFT\"><strong>Beruf<\/strong><\/td><td style=\"width: 13.4913%; text-align: right;\" align=\"LEFT\"><strong>Stimmen<\/strong><\/td><td style=\"width: 16.4598%; text-align: right;\" align=\"LEFT\"><strong>Prozent<\/strong><\/td><\/tr><tr><td style=\"width: 24.8824%; text-align: left;\" align=\"LEFT\">Probst, Andrea<\/td><td style=\"width: 14.2766%; text-align: left;\" align=\"LEFT\">CSU<\/td><td style=\"width: 21.9619%; text-align: left;\" align=\"LEFT\">Kriminalhauptkommissarin<\/td><td style=\"width: 13.4913%; text-align: right;\" align=\"RIGHT\">2695<\/td><td style=\"width: 16.4598%; text-align: right;\" align=\"RIGHT\">53,43<\/td><\/tr><tr><td style=\"width: 24.8824%; text-align: left;\" align=\"LEFT\">Kietzke, Karl<\/td><td style=\"width: 14.2766%; text-align: left;\" align=\"LEFT\">FDP \/ FWG<\/td><td style=\"width: 21.9619%; text-align: left;\" align=\"LEFT\">Maurermeister<\/td><td style=\"width: 13.4913%; text-align: right;\" align=\"RIGHT\">2349<\/td><td style=\"width: 16.4598%; text-align: right;\" align=\"RIGHT\">46,57<\/td><\/tr><tr><td style=\"width: 24.8824%;\" align=\"LEFT\">\u00a0<\/td><td style=\"width: 14.2766%;\" align=\"LEFT\">\u00a0<\/td><td style=\"width: 21.9619%;\" align=\"LEFT\">\u00a0<\/td><td style=\"width: 13.4913%; text-align: right;\" align=\"LEFT\">\u00a0<\/td><td style=\"width: 16.4598%; text-align: right;\" align=\"LEFT\">\u00a0<\/td><\/tr><tr><td style=\"width: 24.8824%;\" align=\"LEFT\">\u00a0<\/td><td style=\"width: 14.2766%;\" align=\"LEFT\">\u00a0<\/td><td style=\"width: 21.9619%;\" align=\"LEFT\">\u00a0<\/td><td style=\"width: 13.4913%; text-align: right;\" align=\"RIGHT\"><strong>5044<\/strong><\/td><td style=\"width: 16.4598%; text-align: right;\" align=\"RIGHT\"><strong>100<\/strong><\/td><\/tr><\/tbody><\/table><p><span style=\"font-size: 12pt;\">Somit ist Andrea Probst (CSU) Erste B\u00fcrgermeisterin. Josef Fisch (CSU) wurde\u00a0Zweiter B\u00fcrgermeister und Fritz Bittner (FCW) Dritter B\u00fcrgermeister.<\/span><\/p><p><span style=\"font-size: 12pt;\">Der langj\u00e4hrige Erste B\u00fcrgermeister Franz Schedlbauer (CSU) war nicht mehr angetreten. Bei der Kommunalwahl 2014 war Franz Schedlbauer mit 61,98 % der Stimmen gegen Ralf Kietzke (23,63 %) und Claudia Ebner (SPD, 14,38 %) bei einer Wahlbeteiligung von 50,21 % im 1. Wahlgang als Erster B\u00fcrgermeister im Amt best\u00e4tigt worden.<\/span><\/p><p><span style=\"font-size: 12pt;\"><strong><span style=\"font-size: 14pt;\">Kultur, Freizeit und Leben<\/span><br \/><\/strong><span style=\"font-size: 10pt;\">(Quelle: wikipedia)<\/span><\/span><\/p><ul><li><p><span style=\"font-size: 12pt;\">Volksfest Bogen (j\u00e4hrlich)<\/span><\/p><\/li><li><p><span style=\"font-size: 12pt;\">Pfingstwallfahrt (j\u00e4hrlich)<\/span><\/p><\/li><li><p><span style=\"font-size: 12pt;\">Bogener Rautentage (alle 2 Jahre, 2018 zum f\u00fcnften Mal)<\/span><\/p><\/li><li><p><span style=\"font-size: 12pt;\">Bogener Bierfestival (erstmals Juli 2018)<\/span><\/p><\/li><li><p><span style=\"font-size: 12pt;\">Klostermarkt in Oberalteich<\/span><\/p><\/li><\/ul><p><span style=\"font-size: 14pt;\"><strong>Sport<\/strong><\/span><\/p><\/div>\n\t\t\t\t<\/div>\n\t\t\t\t\t\t\t\t<\/div>\n\t\t\t\t<\/div>\n\t\t\t\t<\/div>\n\t\t\t\t\t<\/div>\n\t\t<\/div>\n\t\t\t\t\t\t\t<\/div>\n\t\t<\/section>\n\t\t\t\t<section class=\"elementor-section elementor-top-section elementor-element elementor-element-52e8706 elementor-section-boxed elementor-section-height-default elementor-section-height-default\" data-id=\"52e8706\" data-element_type=\"section\">\n\t\t\t\t\t\t<div class=\"elementor-container elementor-column-gap-default\">\n\t\t\t\t\t<div class=\"elementor-column elementor-col-100 elementor-top-column elementor-element elementor-element-23de505\" data-id=\"23de505\" data-element_type=\"column\">\n\t\t\t<div class=\"elementor-widget-wrap elementor-element-populated\">\n\t\t\t\t\t\t\t\t<div class=\"elementor-element elementor-element-708627a elementor-widget elementor-widget-menu-anchor\" data-id=\"708627a\" data-element_type=\"widget\" data-widget_type=\"menu-anchor.default\">\n\t\t\t\t<div class=\"elementor-widget-container\">\n\t\t\t\t\t<div id=\"stadt\" class=\"elementor-menu-anchor\"><\/div>\n\t\t\t\t<\/div>\n\t\t\t\t<\/div>\n\t\t\t\t<div class=\"elementor-element elementor-element-b0e939c elementor-widget elementor-widget-menu-anchor\" data-id=\"b0e939c\" data-element_type=\"widget\" data-widget_type=\"menu-anchor.default\">\n\t\t\t\t<div class=\"elementor-widget-container\">\n\t\t\t\t\t<div id=\"land\" class=\"elementor-menu-anchor\"><\/div>\n\t\t\t\t<\/div>\n\t\t\t\t<\/div>\n\t\t\t\t<div class=\"elementor-element elementor-element-f5d5c00 elementor-widget elementor-widget-menu-anchor\" data-id=\"f5d5c00\" data-element_type=\"widget\" data-widget_type=\"menu-anchor.default\">\n\t\t\t\t<div class=\"elementor-widget-container\">\n\t\t\t\t\t<div id=\"begegnungen\" class=\"elementor-menu-anchor\"><\/div>\n\t\t\t\t<\/div>\n\t\t\t\t<\/div>\n\t\t\t\t<div class=\"elementor-element elementor-element-e06d4e5 elementor-widget elementor-widget-toggle\" data-id=\"e06d4e5\" data-element_type=\"widget\" data-widget_type=\"toggle.default\">\n\t\t\t\t<div class=\"elementor-widget-container\">\n\t\t\t\t\t<div class=\"elementor-toggle\">\n\t\t\t\t\t\t\t<div class=\"elementor-toggle-item\">\n\t\t\t\t\t<h5 id=\"elementor-tab-title-2351\" class=\"elementor-tab-title\" data-tab=\"1\" role=\"button\" aria-controls=\"elementor-tab-content-2351\" aria-expanded=\"false\">\n\t\t\t\t\t\t\t\t\t\t\t\t<span class=\"elementor-toggle-icon elementor-toggle-icon-right\" aria-hidden=\"true\">\n\t\t\t\t\t\t\t\t\t\t\t\t\t\t\t<span class=\"elementor-toggle-icon-closed\"><i class=\"fas fa-caret-right\"><\/i><\/span>\n\t\t\t\t\t\t\t\t<span class=\"elementor-toggle-icon-opened\"><i class=\"elementor-toggle-icon-opened fas fa-caret-up\"><\/i><\/span>\n\t\t\t\t\t\t\t\t\t\t\t\t\t<\/span>\n\t\t\t\t\t\t\t\t\t\t\t\t<a class=\"elementor-toggle-title\" tabindex=\"0\">Wirtschaft<\/a>\n\t\t\t\t\t<\/h5>\n\n\t\t\t\t\t<div id=\"elementor-tab-content-2351\" class=\"elementor-tab-content elementor-clearfix\" data-tab=\"1\" role=\"region\" aria-labelledby=\"elementor-tab-title-2351\"><p style=\"text-align: justify;\"><span style=\"font-size: 12pt;\"><strong>Arbeiten und Leben in der beliebten Urlaubsregion Bayerischer Wald<\/strong><\/span><span style=\"font-size: 12pt;\"><br \/>Die verkehrstechnische Situation im Bereich Bogen ist als sehr gut zu bezeichnen. Die Entfernung zur n\u00e4chsten Autobahnauffahrt A 3 betr\u00e4gt ca. 3 km. Zudem verl\u00e4uft s\u00fcdlich der Stadt, als Umgehungsstra\u00dfe, die Staatsstra\u00dfe Richtung Straubing und Deggendorf. Ebenfalls ist eine schnelle Anbindung zur Bundesstra\u00dfe 20 in Richtung Burghausen \u2013 Cham\/Tschechien gegeben. Weitere Verkehrsanbindung in etwa 10 km Entfernung ist die Bundesstra\u00dfe 8 Passau &#8211; W\u00fcrzburg, von der aus auf die Autobahn A 92 Passau &#8211; M\u00fcnchen gefahren werden kann. Die Universit\u00e4t Regensburg ist 50 km, die Universit\u00e4t Passau 70 km entfernt, zur Fachhochschule Deggendorf sind nur 30 km und zur Wissenschaftsstadt Straubing nur 10 km zur\u00fcckzulegen.<\/span><\/p><p style=\"text-align: justify;\"><span style=\"font-size: 12pt;\">Gewerbegebiet B\u00e4rndorf : Die Stadt hat in B\u00e4rndorf eine freie Fl\u00e4che von 30.000 qm. Diese Fl\u00e4che kann individuell nach Bedarf parzelliert werden. Der Bereich ist vorwiegend f\u00fcr den Handel geeignet.<\/span><br \/><span style=\"font-size: 12pt;\">Gewerbe- und Industriegebiet Furth: Im Bereich Furth sind bereits Firmen aus den verschiedensten Branchen angesiedelt. <\/span><br \/><span style=\"font-size: 12pt;\">K\u00fcnftige Wohngebietsfl\u00e4chen: Hummelberg IV in Bogen und Weiherbachstra\u00dfe in Bogen\/Furth<\/span><\/p><p><span style=\"font-size: 12pt;\"><strong>Landwirtschaft (Stand 31.12.2011)<\/strong><\/span><\/p><table style=\"width: 410px; border-color: #787878; background-color: #f7f7f7; border-style: solid;\"><tbody><tr><td style=\"width: 215.5px; text-align: left;\"><span style=\"font-size: 12pt;\">Gesamtwirtschaftsfl\u00e4che: (Fl\u00e4chenangaben in ha)<\/span><\/td><td style=\"width: 218.5px; text-align: left;\"><span style=\"font-size: 12pt;\">4.418<\/span><\/td><\/tr><tr><td style=\"width: 215.5px; text-align: left;\"><span style=\"font-size: 12pt;\">Landwirtschaftliche Nutzfl\u00e4che:<\/span><\/td><td style=\"width: 218.5px; text-align: left;\"><span style=\"font-size: 12pt;\">4.068<\/span><\/td><\/tr><tr><td style=\"width: 215.5px; text-align: left;\"><span style=\"font-size: 12pt;\">davon Dauergr\u00fcnland:<\/span><\/td><td style=\"width: 218.5px; text-align: left;\"><span style=\"font-size: 12pt;\">1.735<\/span><\/td><\/tr><tr><td style=\"width: 215.5px; text-align: left;\"><span style=\"font-size: 12pt;\">Ackerland:<\/span><\/td><td style=\"width: 218.5px; text-align: left;\"><span style=\"font-size: 12pt;\">2.333<\/span><\/td><\/tr><\/tbody><\/table><p><span style=\"font-size: 12pt;\">Stand 2010: 105 landwirtschaftliche Betriebe, davon 70 Vollerwerbslandwirte<\/span><\/p><p><span style=\"font-size: 12pt;\"><strong>Wirtschaft (Stand 30.06. 2013)<br \/><\/strong><span style=\"font-size: 10pt;\">(Quelle: Statistik kommunal 2014)<\/span><\/span><\/p><table style=\"height: 121px; width: 410px; border-color: #787878; background-color: #f7f7f7; border-style: solid;\"><tbody><tr style=\"height: 24px;\"><td style=\"width: 199.5px; text-align: left; height: 25px;\"><span style=\"font-size: 12pt;\">Erwerbst\u00e4tige, insgesamt in der Landwirtschaft:<\/span><\/td><td style=\"width: 194.5px; height: 25px; text-align: left;\"><span style=\"font-size: 12pt;\">4.286 (Sozialversicherungspfl. Besch\u00e4ftigte)<\/span><\/td><\/tr><tr style=\"height: 24px;\"><td style=\"width: 199.5px; text-align: left; height: 24px;\"><span style=\"font-size: 12pt;\">produzierendes Gewerbe:<\/span><\/td><td style=\"width: 194.5px; height: 24px; text-align: left;\"><span style=\"font-size: 12pt;\">2.045<\/span><\/td><\/tr><tr style=\"height: 24px;\"><td style=\"width: 199.5px; text-align: left; height: 24px;\"><span style=\"font-size: 12pt;\">Handel und Verkehr:<\/span><\/td><td style=\"width: 194.5px; height: 24px; text-align: left;\"><span style=\"font-size: 12pt;\">602<\/span><\/td><\/tr><tr style=\"height: 24px;\"><td style=\"width: 199.5px; text-align: left; height: 24px;\"><span style=\"font-size: 12pt;\">Sonstige Berufe:<\/span><\/td><td style=\"width: 194.5px; height: 24px; text-align: left;\"><span style=\"font-size: 12pt;\">1.408<\/span><\/td><\/tr><tr style=\"height: 24px;\"><td style=\"width: 199.5px; text-align: left; height: 24px;\"><span style=\"font-size: 12pt;\">Besch\u00e4ftigte am Ort:<\/span><\/td><td style=\"width: 194.5px; text-align: left; height: 24px;\"><span style=\"font-size: 12pt;\">4.000<\/span><\/td><\/tr><\/tbody><\/table><p><span style=\"font-size: 12pt;\">Die Arbeitslosenquote betr\u00e4gt derzeit im Bezirk der Arbeitsamtsau\u00dfenstelle Bogen zum<\/span><\/p><table style=\"width: 410px; border-style: solid; border-color: #787878; background-color: #f7f7f7;\"><tbody><tr><td style=\"width: 197.5px; text-align: left;\"><span style=\"font-size: 12pt;\">Berichtzeitpunkt (Juli 2018)<\/span><\/td><td style=\"width: 196.5px; text-align: left;\"><span style=\"font-size: 12pt;\">2,0 %<\/span><\/td><\/tr><\/tbody><\/table><\/div>\n\t\t\t\t<\/div>\n\t\t\t\t\t\t\t\t<\/div>\n\t\t\t\t<\/div>\n\t\t\t\t<\/div>\n\t\t\t\t\t<\/div>\n\t\t<\/div>\n\t\t\t\t\t\t\t<\/div>\n\t\t<\/section>\n\t\t\t\t<section class=\"elementor-section elementor-top-section elementor-element elementor-element-2ebf057 elementor-section-boxed elementor-section-height-default elementor-section-height-default\" data-id=\"2ebf057\" data-element_type=\"section\">\n\t\t\t\t\t\t<div class=\"elementor-container elementor-column-gap-default\">\n\t\t\t\t\t<div class=\"elementor-column elementor-col-100 elementor-top-column elementor-element elementor-element-a018753\" data-id=\"a018753\" data-element_type=\"column\">\n\t\t\t<div class=\"elementor-widget-wrap elementor-element-populated\">\n\t\t\t\t\t\t\t\t<div class=\"elementor-element elementor-element-b3eb8a8 elementor-widget elementor-widget-toggle\" data-id=\"b3eb8a8\" data-element_type=\"widget\" data-widget_type=\"toggle.default\">\n\t\t\t\t<div class=\"elementor-widget-container\">\n\t\t\t\t\t<div class=\"elementor-toggle\">\n\t\t\t\t\t\t\t<div class=\"elementor-toggle-item\">\n\t\t\t\t\t<h5 id=\"elementor-tab-title-1881\" class=\"elementor-tab-title\" data-tab=\"1\" role=\"button\" aria-controls=\"elementor-tab-content-1881\" aria-expanded=\"false\">\n\t\t\t\t\t\t\t\t\t\t\t\t<span class=\"elementor-toggle-icon elementor-toggle-icon-right\" aria-hidden=\"true\">\n\t\t\t\t\t\t\t\t\t\t\t\t\t\t\t<span class=\"elementor-toggle-icon-closed\"><i class=\"fas fa-caret-right\"><\/i><\/span>\n\t\t\t\t\t\t\t\t<span class=\"elementor-toggle-icon-opened\"><i class=\"elementor-toggle-icon-opened fas fa-caret-up\"><\/i><\/span>\n\t\t\t\t\t\t\t\t\t\t\t\t\t<\/span>\n\t\t\t\t\t\t\t\t\t\t\t\t<a class=\"elementor-toggle-title\" tabindex=\"0\">Sehensw\u00fcrdigkeiten<\/a>\n\t\t\t\t\t<\/h5>\n\n\t\t\t\t\t<div id=\"elementor-tab-content-1881\" class=\"elementor-tab-content elementor-clearfix\" data-tab=\"1\" role=\"region\" aria-labelledby=\"elementor-tab-title-1881\"><p style=\"text-align: justify;\"><span style=\"font-size: 12pt;\"><strong>Tourismus<\/strong><\/span><br \/><span style=\"font-size: 12pt;\">Bogen ist vor allem unter Radwanderern bekannt und beliebt. Gut ausgebaute Radwege f\u00fchren durch die Donauauen, auf der alten Bahntrasse in den Bayerischen Wald oder auf den Bogenberg. <\/span><br \/><span style=\"font-size: 12pt;\">Der Donauradweg von Donaueschingen bis Wien und weiter nach Budapest f\u00fchrt direkt durch Bogen. <\/span><br \/><span style=\"font-size: 12pt;\">Vielf\u00e4ltig ist aber auch das Angebot an sportlicher Bet\u00e4tigung im Sommer wie im Winter. Ein beheiztes Freibad, eine Anlage mit 10 Tennispl\u00e4tzen, Eisstock- und Sommerasphaltbahn, Reithof, Kegelbahn und vieles mehr lassen die Stadt Bogen zu einem beliebten Ziel f\u00fcr alle Urlauber werden.<\/span><\/p><p style=\"text-align: justify;\"><span style=\"font-size: 12pt;\"><strong>Der Europapark Bayern-B\u00f6hmen<\/strong><\/span><br \/><span style=\"font-size: 12pt;\">Den St\u00e4dten Bogen in Bayern und Slavonice in S\u00fcdb\u00f6hmen ist es gelungen, aus dem Europ\u00e4ischen Fonds F\u00f6rdermittel f\u00fcr ein gemeinsames grenz\u00fcbergreifendes Projekt zu generieren. Dabei entstand in Bogen der &#8222;Europapark Bayern- B\u00f6hmen&#8220; als gr\u00fcne Lunge im Stadtzentrum von Bogen. Die b\u00f6hmische Stadt Slavonice revitalisierte den &#8222;Park von Mariz&#8220; mit seiner einzigartigen L\u00e4rchenallee. Beide Fl\u00e4chen sollen in Zukunft der Naherholung der B\u00fcrger und Touristen dienen, aber auch die M\u00f6glichkeit zur gegenseitigen Darstellung von Kultur und Brauchtum aus Bayern und B\u00f6hmen bieten. Im Atrium, einer Natur-Freilichtb\u00fchne, finden in den Sommermonaten ausgew\u00e4hlte Veranstaltungen statt. Am Europaplatz gibt es eine Pr\u00e4sentation der Partnerst\u00e4dte von Bogen.<\/span><\/p><div class=\"n2-has-copy n2-code n2-ss-slider-shortcode-id\"><\/div><p><span style=\"font-size: 12pt;\"><strong>\u00a0<\/strong><\/span><\/p><p><span style=\"font-size: 12pt;\"><strong>Sehensw\u00fcrdigkeiten<\/strong><\/span><\/p><ul><li><p><span style=\"font-size: 12pt;\">Wallfahrtskirche Mari\u00e4 Himmelfahrt auf dem Bogenberg; Ziel der \u00e4ltesten Marienwallfahrt Bayerns (seit 1104)<\/span><\/p><\/li><li><p><span style=\"font-size: 12pt;\">Bogenberg Kirche St. Salvator mit Klause und Heiland im Kerker<\/span><\/p><\/li><li><p><span style=\"font-size: 12pt;\">Klosterkirche in Oberalteich<\/span><\/p><\/li><li><p><span style=\"font-size: 12pt;\">Kulturzentrum in Oberalteich<\/span><\/p><\/li><li><p><span style=\"font-size: 12pt;\">Kreismuseum Bogenberg<\/span><\/p><\/li><\/ul><p style=\"text-align: justify;\"><span style=\"font-size: 12pt;\"><strong>Der Bogenberg als Wallfahrtsort<\/strong><\/span><br \/><span style=\"font-size: 12pt;\">Der Bogenberg ist mit seiner Tier- und Pflanzenwelt nicht nur eine naturkundliche Besonderheit. Als &#8222;heiliger Berg&#8220; Niederbayerns besitzt er auch eine \u00e4u\u00dferst wichtige kultur- und kirchengeschichtliche Bedeutung.<\/span><\/p><p style=\"text-align: justify;\"><span style=\"font-size: 12pt;\">Die <strong>Pfarr- und Wallfahrtskirche Mari\u00e4 Himmelfahrt<\/strong> besitzt das einzigartige Gnadenbild der Muttergottes in der Hoffnung. Eine Steinfigur des sp\u00e4ten 13. Jahrhunderts, ist das \u00e4lteste, ununterbrochen verehrte Marienbild Bayerns. Der heutige Kirchenbau wurde 1463 vollendet. Hier findet j\u00e4hrlich an Pfingsten die Holzkirchener Kerzenwallfahrt statt.<\/span><span style=\"font-size: 12pt;\">\u00a0<\/span><\/p><\/div>\n\t\t\t\t<\/div>\n\t\t\t\t\t\t\t\t<\/div>\n\t\t\t\t<\/div>\n\t\t\t\t<\/div>\n\t\t\t\t\t<\/div>\n\t\t<\/div>\n\t\t\t\t\t\t\t<\/div>\n\t\t<\/section>\n\t\t\t\t<section class=\"elementor-section elementor-top-section elementor-element elementor-element-43f1af1 elementor-section-boxed elementor-section-height-default elementor-section-height-default\" data-id=\"43f1af1\" data-element_type=\"section\">\n\t\t\t\t\t\t<div class=\"elementor-container elementor-column-gap-default\">\n\t\t\t\t\t<div class=\"elementor-column elementor-col-33 elementor-top-column elementor-element elementor-element-bf287b7\" data-id=\"bf287b7\" data-element_type=\"column\">\n\t\t\t<div class=\"elementor-widget-wrap elementor-element-populated\">\n\t\t\t\t\t\t\t\t<div class=\"elementor-element elementor-element-6e6a147 elementor-align-left elementor-widget elementor-widget-button\" data-id=\"6e6a147\" data-element_type=\"widget\" data-widget_type=\"button.default\">\n\t\t\t\t<div class=\"elementor-widget-container\">\n\t\t\t\t\t<div class=\"elementor-button-wrapper\">\n\t\t\t<a class=\"elementor-button elementor-button-link elementor-size-md\" href=\"http:\/\/www.verschwisterung-schotten.de\/vvs\/bogen-stadtansichten\/\" id=\"stadt\">\n\t\t\t\t\t\t<span class=\"elementor-button-content-wrapper\">\n\t\t\t\t\t\t<span class=\"elementor-button-icon elementor-align-icon-right\">\n\t\t\t\t\t\t\t\t\t<i class=\"fa fa-angle-right\" aria-hidden=\"true\"><\/i>\n\t\t\t\t\t\t\t<\/span>\n\t\t\t\t\t\t<span class=\"elementor-button-text\">Stadtansichten<\/span>\n\t\t<\/span>\n\t\t\t\t\t<\/a>\n\t\t<\/div>\n\t\t\t\t<\/div>\n\t\t\t\t<\/div>\n\t\t\t\t\t<\/div>\n\t\t<\/div>\n\t\t\t\t<div class=\"elementor-column elementor-col-33 elementor-top-column elementor-element elementor-element-e6035ef\" data-id=\"e6035ef\" data-element_type=\"column\">\n\t\t\t<div class=\"elementor-widget-wrap elementor-element-populated\">\n\t\t\t\t\t\t\t\t<div class=\"elementor-element elementor-element-5093975 elementor-align-center elementor-widget elementor-widget-button\" data-id=\"5093975\" data-element_type=\"widget\" data-widget_type=\"button.default\">\n\t\t\t\t<div class=\"elementor-widget-container\">\n\t\t\t\t\t<div class=\"elementor-button-wrapper\">\n\t\t\t<a class=\"elementor-button elementor-button-link elementor-size-md\" href=\"http:\/\/www.verschwisterung-schotten.de\/vvs\/bogen-landschaften\/\" id=\"land\">\n\t\t\t\t\t\t<span class=\"elementor-button-content-wrapper\">\n\t\t\t\t\t\t<span class=\"elementor-button-icon elementor-align-icon-right\">\n\t\t\t\t\t\t\t\t\t<i class=\"fa fa-angle-right\" aria-hidden=\"true\"><\/i>\n\t\t\t\t\t\t\t<\/span>\n\t\t\t\t\t\t<span class=\"elementor-button-text\">Landschaften<\/span>\n\t\t<\/span>\n\t\t\t\t\t<\/a>\n\t\t<\/div>\n\t\t\t\t<\/div>\n\t\t\t\t<\/div>\n\t\t\t\t\t<\/div>\n\t\t<\/div>\n\t\t\t\t<div class=\"elementor-column elementor-col-33 elementor-top-column elementor-element elementor-element-9ba9d56\" data-id=\"9ba9d56\" data-element_type=\"column\">\n\t\t\t<div class=\"elementor-widget-wrap elementor-element-populated\">\n\t\t\t\t\t\t\t\t<div class=\"elementor-element elementor-element-943778c elementor-align-right elementor-widget elementor-widget-button\" data-id=\"943778c\" data-element_type=\"widget\" data-widget_type=\"button.default\">\n\t\t\t\t<div class=\"elementor-widget-container\">\n\t\t\t\t\t<div class=\"elementor-button-wrapper\">\n\t\t\t<a class=\"elementor-button elementor-button-link elementor-size-md\" href=\"http:\/\/www.verschwisterung-schotten.de\/vvs\/bogen-begegnungen\/\" id=\"begegnungen\">\n\t\t\t\t\t\t<span class=\"elementor-button-content-wrapper\">\n\t\t\t\t\t\t<span class=\"elementor-button-icon elementor-align-icon-right\">\n\t\t\t\t\t\t\t\t\t<i class=\"fa fa-angle-right\" aria-hidden=\"true\"><\/i>\n\t\t\t\t\t\t\t<\/span>\n\t\t\t\t\t\t<span class=\"elementor-button-text\">Begegnungen<\/span>\n\t\t<\/span>\n\t\t\t\t\t<\/a>\n\t\t<\/div>\n\t\t\t\t<\/div>\n\t\t\t\t<\/div>\n\t\t\t\t\t<\/div>\n\t\t<\/div>\n\t\t\t\t\t\t\t<\/div>\n\t\t<\/section>\n\t\t\t\t<section class=\"elementor-section elementor-top-section elementor-element elementor-element-2719315 elementor-section-boxed elementor-section-height-default elementor-section-height-default\" data-id=\"2719315\" data-element_type=\"section\">\n\t\t\t\t\t\t<div class=\"elementor-container elementor-column-gap-default\">\n\t\t\t\t\t<div class=\"elementor-column elementor-col-100 elementor-top-column elementor-element elementor-element-f1c3b21\" data-id=\"f1c3b21\" data-element_type=\"column\">\n\t\t\t<div class=\"elementor-widget-wrap elementor-element-populated\">\n\t\t\t\t\t\t\t\t<div class=\"elementor-element elementor-element-fe286c3 elementor-widget elementor-widget-google_maps\" data-id=\"fe286c3\" data-element_type=\"widget\" data-widget_type=\"google_maps.default\">\n\t\t\t\t<div class=\"elementor-widget-container\">\n\t\t\t\t\t<div class=\"elementor-custom-embed\">\n\t\t\t<iframe loading=\"lazy\"\n\t\t\t\t\tsrc=\"https:\/\/maps.google.com\/maps?q=Bogen%2C%20Deutschland&#038;t=m&#038;z=11&#038;output=embed&#038;iwloc=near\"\n\t\t\t\t\ttitle=\"Bogen, Deutschland\"\n\t\t\t\t\taria-label=\"Bogen, Deutschland\"\n\t\t\t><\/iframe>\n\t\t<\/div>\n\t\t\t\t<\/div>\n\t\t\t\t<\/div>\n\t\t\t\t\t<\/div>\n\t\t<\/div>\n\t\t\t\t\t\t\t<\/div>\n\t\t<\/section>\n\t\t\t\t<section class=\"elementor-section elementor-top-section elementor-element elementor-element-0887d00 elementor-section-boxed elementor-section-height-default elementor-section-height-default\" data-id=\"0887d00\" data-element_type=\"section\">\n\t\t\t\t\t\t<div class=\"elementor-container elementor-column-gap-default\">\n\t\t\t\t\t<div class=\"elementor-column elementor-col-33 elementor-top-column elementor-element elementor-element-fd2530b\" data-id=\"fd2530b\" data-element_type=\"column\">\n\t\t\t<div class=\"elementor-widget-wrap elementor-element-populated\">\n\t\t\t\t\t\t\t\t<div class=\"elementor-element elementor-element-d5e47a6 elementor-widget elementor-widget-toggle\" data-id=\"d5e47a6\" data-element_type=\"widget\" data-widget_type=\"toggle.default\">\n\t\t\t\t<div class=\"elementor-widget-container\">\n\t\t\t\t\t<div class=\"elementor-toggle\">\n\t\t\t\t\t\t\t<div class=\"elementor-toggle-item\">\n\t\t\t\t\t<div id=\"elementor-tab-title-2241\" class=\"elementor-tab-title\" data-tab=\"1\" role=\"button\" aria-controls=\"elementor-tab-content-2241\" aria-expanded=\"false\">\n\t\t\t\t\t\t\t\t\t\t\t\t<span class=\"elementor-toggle-icon elementor-toggle-icon-right\" aria-hidden=\"true\">\n\t\t\t\t\t\t\t\t\t\t\t\t\t\t\t<span class=\"elementor-toggle-icon-closed\"><i class=\"fas fa-caret-right\"><\/i><\/span>\n\t\t\t\t\t\t\t\t<span class=\"elementor-toggle-icon-opened\"><i class=\"elementor-toggle-icon-opened fas fa-caret-up\"><\/i><\/span>\n\t\t\t\t\t\t\t\t\t\t\t\t\t<\/span>\n\t\t\t\t\t\t\t\t\t\t\t\t<a class=\"elementor-toggle-title\" tabindex=\"0\">Infobox<\/a>\n\t\t\t\t\t<\/div>\n\n\t\t\t\t\t<div id=\"elementor-tab-content-2241\" class=\"elementor-tab-content elementor-clearfix\" data-tab=\"1\" role=\"region\" aria-labelledby=\"elementor-tab-title-2241\"><p><span style=\"font-size: 12pt;\"><strong>Bundesland:<\/strong> Bayern<br \/><\/span><span style=\"font-size: 12pt;\"><strong>Regierungsbezirk:<\/strong> Niederbayern<br \/><\/span><span style=\"font-size: 12pt;\"><strong>Landkreis:<\/strong> Straubing Bogen<br \/><\/span><span style=\"font-size: 12pt;\"><strong>H\u00f6he:<\/strong> 322 m \u00fc. NHN<br \/><\/span><span style=\"font-size: 12pt;\"><strong>Fl\u00e4che:<\/strong> 49,75 km\u00b2<br \/><\/span><span style=\"font-size: 12pt;\"><strong>Einwohner:<\/strong> 10.044<br \/><\/span><span style=\"font-size: 12pt;\"><strong>Postleitzahl:<\/strong> 94327<br \/><\/span><span style=\"font-size: 12pt;\"><strong>Vorwahl:<\/strong> 09422<br \/><\/span><span style=\"font-size: 12pt;\"><strong>B\u00fcrgermeister:<\/strong> Herr Franz Schedlbauer (CSU)<\/span><\/p><p><span style=\"font-size: 10pt;\">(Quelle: Wikipedia)<\/span><\/p><\/div>\n\t\t\t\t<\/div>\n\t\t\t\t\t\t\t\t<\/div>\n\t\t\t\t<\/div>\n\t\t\t\t<\/div>\n\t\t\t\t\t<\/div>\n\t\t<\/div>\n\t\t\t\t<div class=\"elementor-column elementor-col-33 elementor-top-column elementor-element elementor-element-b140753\" data-id=\"b140753\" data-element_type=\"column\">\n\t\t\t<div class=\"elementor-widget-wrap elementor-element-populated\">\n\t\t\t\t\t\t\t\t<div class=\"elementor-element elementor-element-11141b6 elementor-widget elementor-widget-toggle\" data-id=\"11141b6\" data-element_type=\"widget\" data-widget_type=\"toggle.default\">\n\t\t\t\t<div class=\"elementor-widget-container\">\n\t\t\t\t\t<div class=\"elementor-toggle\">\n\t\t\t\t\t\t\t<div class=\"elementor-toggle-item\">\n\t\t\t\t\t<div id=\"elementor-tab-title-1791\" class=\"elementor-tab-title\" data-tab=\"1\" role=\"button\" aria-controls=\"elementor-tab-content-1791\" aria-expanded=\"false\">\n\t\t\t\t\t\t\t\t\t\t\t\t<span class=\"elementor-toggle-icon elementor-toggle-icon-right\" aria-hidden=\"true\">\n\t\t\t\t\t\t\t\t\t\t\t\t\t\t\t<span class=\"elementor-toggle-icon-closed\"><i class=\"fas fa-caret-right\"><\/i><\/span>\n\t\t\t\t\t\t\t\t<span class=\"elementor-toggle-icon-opened\"><i class=\"elementor-toggle-icon-opened fas fa-caret-up\"><\/i><\/span>\n\t\t\t\t\t\t\t\t\t\t\t\t\t<\/span>\n\t\t\t\t\t\t\t\t\t\t\t\t<a class=\"elementor-toggle-title\" tabindex=\"0\">Kontakt<\/a>\n\t\t\t\t\t<\/div>\n\n\t\t\t\t\t<div id=\"elementor-tab-content-1791\" class=\"elementor-tab-content elementor-clearfix\" data-tab=\"1\" role=\"region\" aria-labelledby=\"elementor-tab-title-1791\"><p><span style=\"font-size: 12pt;\"><strong>Stadtverwaltung Bogen<\/strong><\/span><br \/><span style=\"font-size: 12pt;\">Stadtplatz 56<\/span><br \/><span style=\"font-size: 12pt;\">94327 Bogen<\/span><br \/><span style=\"font-size: 12pt;\">Tel.: 09422 \/ 505-0<\/span><br \/><span style=\"font-size: 12pt;\">Fax: 09422 \/ 505 182<\/span><br \/><span style=\"font-size: 12pt;\">info@bogen.de<\/span><br \/><span style=\"font-size: 12pt;\">www.bogen.de<\/span><\/p><p><span style=\"font-size: 12pt;\"><strong>Tourist-Information der Stadt Bogen<\/strong><\/span><br \/><span style=\"font-size: 12pt;\">Tel.: 09422 \/ 505-109<\/span><\/p><p><span style=\"font-size: 12pt;\"><strong>Naturpark-Infostelle Bahnhof Bogen<\/strong><\/span><br \/><span style=\"font-size: 12pt;\">Bahnhofstra\u00dfe 26<\/span><br \/><span style=\"font-size: 12pt;\">94327 Bogen<\/span><br \/><span style=\"font-size: 12pt;\">Tel.: 09422 \/ 808855<\/span><br \/><span style=\"font-size: 12pt;\">(Gastst\u00e4tte mit Tourist-Info)<\/span><\/p><p><span style=\"font-size: 12pt;\"><strong>Partnerschaftsverein Bogen<\/strong><\/span><br \/><span style=\"font-size: 12pt;\">Frau Elke H\u00e4usler<\/span><br \/><span style=\"font-size: 12pt;\">Pfelling 21<\/span><br \/><span style=\"font-size: 12pt;\">94327 Bogen<\/span><br \/><span style=\"font-size: 12pt;\">Tel.: 09422 \/ 4768<\/span><\/p><\/div>\n\t\t\t\t<\/div>\n\t\t\t\t\t\t\t\t<\/div>\n\t\t\t\t<\/div>\n\t\t\t\t<\/div>\n\t\t\t\t\t<\/div>\n\t\t<\/div>\n\t\t\t\t<div class=\"elementor-column elementor-col-33 elementor-top-column elementor-element elementor-element-7fa7fbc\" data-id=\"7fa7fbc\" data-element_type=\"column\">\n\t\t\t<div class=\"elementor-widget-wrap elementor-element-populated\">\n\t\t\t\t\t\t\t\t<div class=\"elementor-element elementor-element-b5b115b elementor-widget elementor-widget-toggle\" data-id=\"b5b115b\" data-element_type=\"widget\" data-widget_type=\"toggle.default\">\n\t\t\t\t<div class=\"elementor-widget-container\">\n\t\t\t\t\t<div class=\"elementor-toggle\">\n\t\t\t\t\t\t\t<div class=\"elementor-toggle-item\">\n\t\t\t\t\t<div id=\"elementor-tab-title-1901\" class=\"elementor-tab-title\" data-tab=\"1\" role=\"button\" aria-controls=\"elementor-tab-content-1901\" aria-expanded=\"false\">\n\t\t\t\t\t\t\t\t\t\t\t\t<span class=\"elementor-toggle-icon elementor-toggle-icon-right\" aria-hidden=\"true\">\n\t\t\t\t\t\t\t\t\t\t\t\t\t\t\t<span class=\"elementor-toggle-icon-closed\"><i class=\"fas fa-caret-right\"><\/i><\/span>\n\t\t\t\t\t\t\t\t<span class=\"elementor-toggle-icon-opened\"><i class=\"elementor-toggle-icon-opened fas fa-caret-up\"><\/i><\/span>\n\t\t\t\t\t\t\t\t\t\t\t\t\t<\/span>\n\t\t\t\t\t\t\t\t\t\t\t\t<a class=\"elementor-toggle-title\" tabindex=\"0\">Vorstand<\/a>\n\t\t\t\t\t<\/div>\n\n\t\t\t\t\t<div id=\"elementor-tab-content-1901\" class=\"elementor-tab-content elementor-clearfix\" data-tab=\"1\" role=\"region\" aria-labelledby=\"elementor-tab-title-1901\"><p><strong><span style=\"font-size: medium;\">Vorsitzende:<\/span><\/strong><span style=\"font-size: medium;\"> Frau Elke H\u00e4usler<br \/><\/span><strong><span style=\"font-size: medium;\">Stellv. Vorsitzender:<\/span><\/strong><span style=\"font-size: medium;\"> Herr G\u00fcnther Britzl<br \/><\/span><strong><span style=\"font-size: medium;\">Schriftf\u00fchrer:<\/span><\/strong><span style=\"font-size: medium;\"> Herr Max Denk<br \/><\/span><strong><span style=\"font-size: medium;\">Schatzmeister:<\/span><\/strong><span style=\"font-size: medium;\"> Herr Mathias Weing\u00e4rtner<br \/><\/span><strong><span style=\"font-size: medium;\">Beisitzer:<\/span><\/strong><span style=\"font-size: medium;\"> Herr Martin Mager, Frau Barbara Weing\u00e4rtner, Herr Wulf Weing\u00e4rtner<\/span><\/p><p><span style=\"font-size: medium;\">Der jeweilige Erste B\u00fcrgermeister ist Kraft Satzung\u00a0 Mitglied des Vorstands<\/span><\/p><\/div>\n\t\t\t\t<\/div>\n\t\t\t\t\t\t\t\t<\/div>\n\t\t\t\t<\/div>\n\t\t\t\t<\/div>\n\t\t\t\t\t<\/div>\n\t\t<\/div>\n\t\t\t\t\t\t\t<\/div>\n\t\t<\/section>\n\t\t\t\t<section class=\"elementor-section elementor-top-section elementor-element elementor-element-1feb534 elementor-section-boxed elementor-section-height-default elementor-section-height-default\" data-id=\"1feb534\" data-element_type=\"section\">\n\t\t\t\t\t\t<div class=\"elementor-container elementor-column-gap-default\">\n\t\t\t\t\t<div class=\"elementor-column elementor-col-100 elementor-top-column elementor-element elementor-element-b600f09\" data-id=\"b600f09\" data-element_type=\"column\">\n\t\t\t<div class=\"elementor-widget-wrap elementor-element-populated\">\n\t\t\t\t\t\t\t\t<div class=\"elementor-element elementor-element-80717f6 elementor-widget elementor-widget-text-editor\" data-id=\"80717f6\" data-element_type=\"widget\" data-widget_type=\"text-editor.default\">\n\t\t\t\t<div class=\"elementor-widget-container\">\n\t\t\t\t\t\t\t<h6><strong>Die bayerische Raute<\/strong><\/h6><p style=\"text-align: justify;\"><span style=\"font-size: 12pt;\">Die beiden Pfalzgrafen, die Gebr\u00fcder Johann und Sigmund, damals die Herz\u00f6ge von Ober- und Niederbayern, verliehen Kraft eines Briefes im Jahre 1461 &#8211; dem Gemeinderat und der B\u00fcrgerschaft des damaligen Marktes Bogen dieses Wappen.<br \/><span style=\"font-size: 8pt;\">(Quelle: Wikipedia)<\/span><\/span><span style=\"font-size: 12pt;\"><br \/>Der Rautenschild war urspr\u00fcnglich das Wappen der Grafen von Bogen. Seit 1242 wurde er von den Wittelsbachern gef\u00fchrt. So befinden sich bis heute noch die Bogener Rauten im Wappen des Landes Bayern.<\/span><\/p>\t\t\t\t\t\t<\/div>\n\t\t\t\t<\/div>\n\t\t\t\t\t<\/div>\n\t\t<\/div>\n\t\t\t\t\t\t\t<\/div>\n\t\t<\/section>\n\t\t\t\t<section class=\"elementor-section elementor-top-section elementor-element elementor-element-fc4fd81 elementor-section-boxed elementor-section-height-default elementor-section-height-default\" data-id=\"fc4fd81\" data-element_type=\"section\">\n\t\t\t\t\t\t<div class=\"elementor-container elementor-column-gap-default\">\n\t\t\t\t\t<div class=\"elementor-column elementor-col-100 elementor-top-column elementor-element elementor-element-b7ad9e4\" data-id=\"b7ad9e4\" data-element_type=\"column\">\n\t\t\t<div class=\"elementor-widget-wrap elementor-element-populated\">\n\t\t\t\t\t\t\t\t<div class=\"elementor-element elementor-element-239f866 elementor-widget elementor-widget-text-editor\" data-id=\"239f866\" data-element_type=\"widget\" data-widget_type=\"text-editor.default\">\n\t\t\t\t<div class=\"elementor-widget-container\">\n\t\t\t\t\t\t\t<p><span style=\"font-size: 12pt;\"><strong>Anmerkung: <\/strong>Alle Textpassagen, die nicht mit &#8222;Quelle: wikipedia&#8220; gekennzeichnet sind, stammen von der Homepage der Stadt Bogen und aus einer Informationsbrosch\u00fcre der Stadt, teilweise gek\u00fcrzt und bearbeitet.<\/span><\/p>\t\t\t\t\t\t<\/div>\n\t\t\t\t<\/div>\n\t\t\t\t\t<\/div>\n\t\t<\/div>\n\t\t\t\t\t\t\t<\/div>\n\t\t<\/section>\n\t\t\t\t\t\t\t<\/div>\n\t\t","protected":false},"excerpt":{"rendered":"<p>Die Stadt Bogen ist ein liebenswerter Erholungsort und die Eingangspforte zum Bayerischen Wald. Hoch \u00fcber der vorbeiflie\u00dfenden Donau erhebt sich weithin sichtbar der Bogenberg mit der Wallfahrtskirche. Von dort hat man einen herrlichen Ausblick.&#46;&#46;&#46;<\/p>\n","protected":false},"author":1,"featured_media":0,"parent":0,"menu_order":0,"comment_status":"closed","ping_status":"closed","template":"","meta":{"footnotes":""},"class_list":["post-927","page","type-page","status-publish","hentry"],"yoast_head":"<!-- This site is optimized with the Yoast SEO plugin v20.3 - https:\/\/yoast.com\/wordpress\/plugins\/seo\/ -->\n<title>Bogen - Bayern - Verschwisterungsverein Schotten e.V.<\/title>\n<meta name=\"description\" content=\"Verein, Schotten - Verschwisterungsverein Schotten e.V. Bogen - Bayern % Verschwisterung, Europa, Deutschland, Italien, Frankreich, Tschechien, Polen, Belgien, Partner, Partnerstadt, Deutschland, Berlin, Hessen\" \/>\n<meta name=\"robots\" content=\"index, follow, max-snippet:-1, max-image-preview:large, max-video-preview:-1\" \/>\n<link rel=\"canonical\" href=\"https:\/\/www.verschwisterung-schotten.de\/vvs\/bogen-3\/\" \/>\n<meta property=\"og:locale\" content=\"de_DE\" \/>\n<meta property=\"og:type\" content=\"article\" \/>\n<meta property=\"og:title\" content=\"Bogen - Bayern - Verschwisterungsverein Schotten e.V.\" \/>\n<meta property=\"og:description\" content=\"Verein, Schotten - Verschwisterungsverein Schotten e.V. Bogen - Bayern % Verschwisterung, Europa, Deutschland, Italien, Frankreich, Tschechien, Polen, Belgien, Partner, Partnerstadt, Deutschland, Berlin, Hessen\" \/>\n<meta property=\"og:url\" content=\"https:\/\/www.verschwisterung-schotten.de\/vvs\/bogen-3\/\" \/>\n<meta property=\"og:site_name\" content=\"Verschwisterungsverein Schotten e.V.\" \/>\n<meta property=\"article:publisher\" content=\"https:\/\/www.facebook.com\/verschwisterungschotten?ref=hl\" \/>\n<meta property=\"article:modified_time\" content=\"2020-11-03T18:51:39+00:00\" \/>\n<meta property=\"og:image\" content=\"http:\/\/www.verschwisterung-schotten.de\/vvs\/wp-content\/uploads\/2019\/01\/BogenWappen2-1.png\" \/>\n<meta name=\"twitter:card\" content=\"summary_large_image\" \/>\n<meta name=\"twitter:label1\" content=\"Gesch\u00e4tzte Lesezeit\" \/>\n\t<meta name=\"twitter:data1\" content=\"8\u00a0Minuten\" \/>\n<script type=\"application\/ld+json\" class=\"yoast-schema-graph\">{\"@context\":\"https:\/\/schema.org\",\"@graph\":[{\"@type\":\"WebPage\",\"@id\":\"https:\/\/www.verschwisterung-schotten.de\/vvs\/bogen-3\/\",\"url\":\"https:\/\/www.verschwisterung-schotten.de\/vvs\/bogen-3\/\",\"name\":\"Bogen - Bayern - Verschwisterungsverein Schotten e.V.\",\"isPartOf\":{\"@id\":\"https:\/\/www.verschwisterung-schotten.de\/vvs\/#website\"},\"datePublished\":\"2019-01-07T20:03:32+00:00\",\"dateModified\":\"2020-11-03T18:51:39+00:00\",\"description\":\"Verein, Schotten - Verschwisterungsverein Schotten e.V. Bogen - Bayern % Verschwisterung, Europa, Deutschland, Italien, Frankreich, Tschechien, Polen, Belgien, Partner, Partnerstadt, Deutschland, Berlin, Hessen\",\"breadcrumb\":{\"@id\":\"https:\/\/www.verschwisterung-schotten.de\/vvs\/bogen-3\/#breadcrumb\"},\"inLanguage\":\"de\",\"potentialAction\":[{\"@type\":\"ReadAction\",\"target\":[\"https:\/\/www.verschwisterung-schotten.de\/vvs\/bogen-3\/\"]}]},{\"@type\":\"BreadcrumbList\",\"@id\":\"https:\/\/www.verschwisterung-schotten.de\/vvs\/bogen-3\/#breadcrumb\",\"itemListElement\":[{\"@type\":\"ListItem\",\"position\":1,\"name\":\"Startseite\",\"item\":\"https:\/\/www.verschwisterung-schotten.de\/vvs\/\"},{\"@type\":\"ListItem\",\"position\":2,\"name\":\"Bogen &#8211; Bayern\"}]},{\"@type\":\"WebSite\",\"@id\":\"https:\/\/www.verschwisterung-schotten.de\/vvs\/#website\",\"url\":\"https:\/\/www.verschwisterung-schotten.de\/vvs\/\",\"name\":\"Verschwisterungsverein Schotten e.V.\",\"description\":\"Die Verbindung zu den Partnerst\u00e4dten in Europa\",\"potentialAction\":[{\"@type\":\"SearchAction\",\"target\":{\"@type\":\"EntryPoint\",\"urlTemplate\":\"https:\/\/www.verschwisterung-schotten.de\/vvs\/?s={search_term_string}\"},\"query-input\":\"required name=search_term_string\"}],\"inLanguage\":\"de\"}]}<\/script>\n<!-- \/ Yoast SEO plugin. -->","yoast_head_json":{"title":"Bogen - Bayern - Verschwisterungsverein Schotten e.V.","description":"Verein, Schotten - Verschwisterungsverein Schotten e.V. Bogen - Bayern % Verschwisterung, Europa, Deutschland, Italien, Frankreich, Tschechien, Polen, Belgien, Partner, Partnerstadt, Deutschland, Berlin, Hessen","robots":{"index":"index","follow":"follow","max-snippet":"max-snippet:-1","max-image-preview":"max-image-preview:large","max-video-preview":"max-video-preview:-1"},"canonical":"https:\/\/www.verschwisterung-schotten.de\/vvs\/bogen-3\/","og_locale":"de_DE","og_type":"article","og_title":"Bogen - Bayern - Verschwisterungsverein Schotten e.V.","og_description":"Verein, Schotten - Verschwisterungsverein Schotten e.V. Bogen - Bayern % Verschwisterung, Europa, Deutschland, Italien, Frankreich, Tschechien, Polen, Belgien, Partner, Partnerstadt, Deutschland, Berlin, Hessen","og_url":"https:\/\/www.verschwisterung-schotten.de\/vvs\/bogen-3\/","og_site_name":"Verschwisterungsverein Schotten e.V.","article_publisher":"https:\/\/www.facebook.com\/verschwisterungschotten?ref=hl","article_modified_time":"2020-11-03T18:51:39+00:00","og_image":[{"url":"http:\/\/www.verschwisterung-schotten.de\/vvs\/wp-content\/uploads\/2019\/01\/BogenWappen2-1.png"}],"twitter_card":"summary_large_image","twitter_misc":{"Gesch\u00e4tzte Lesezeit":"8\u00a0Minuten"},"schema":{"@context":"https:\/\/schema.org","@graph":[{"@type":"WebPage","@id":"https:\/\/www.verschwisterung-schotten.de\/vvs\/bogen-3\/","url":"https:\/\/www.verschwisterung-schotten.de\/vvs\/bogen-3\/","name":"Bogen - Bayern - Verschwisterungsverein Schotten e.V.","isPartOf":{"@id":"https:\/\/www.verschwisterung-schotten.de\/vvs\/#website"},"datePublished":"2019-01-07T20:03:32+00:00","dateModified":"2020-11-03T18:51:39+00:00","description":"Verein, Schotten - Verschwisterungsverein Schotten e.V. Bogen - Bayern % Verschwisterung, Europa, Deutschland, Italien, Frankreich, Tschechien, Polen, Belgien, Partner, Partnerstadt, Deutschland, Berlin, Hessen","breadcrumb":{"@id":"https:\/\/www.verschwisterung-schotten.de\/vvs\/bogen-3\/#breadcrumb"},"inLanguage":"de","potentialAction":[{"@type":"ReadAction","target":["https:\/\/www.verschwisterung-schotten.de\/vvs\/bogen-3\/"]}]},{"@type":"BreadcrumbList","@id":"https:\/\/www.verschwisterung-schotten.de\/vvs\/bogen-3\/#breadcrumb","itemListElement":[{"@type":"ListItem","position":1,"name":"Startseite","item":"https:\/\/www.verschwisterung-schotten.de\/vvs\/"},{"@type":"ListItem","position":2,"name":"Bogen &#8211; Bayern"}]},{"@type":"WebSite","@id":"https:\/\/www.verschwisterung-schotten.de\/vvs\/#website","url":"https:\/\/www.verschwisterung-schotten.de\/vvs\/","name":"Verschwisterungsverein Schotten e.V.","description":"Die Verbindung zu den Partnerst\u00e4dten in Europa","potentialAction":[{"@type":"SearchAction","target":{"@type":"EntryPoint","urlTemplate":"https:\/\/www.verschwisterung-schotten.de\/vvs\/?s={search_term_string}"},"query-input":"required name=search_term_string"}],"inLanguage":"de"}]}},"_links":{"self":[{"href":"https:\/\/www.verschwisterung-schotten.de\/vvs\/wp-json\/wp\/v2\/pages\/927","targetHints":{"allow":["GET"]}}],"collection":[{"href":"https:\/\/www.verschwisterung-schotten.de\/vvs\/wp-json\/wp\/v2\/pages"}],"about":[{"href":"https:\/\/www.verschwisterung-schotten.de\/vvs\/wp-json\/wp\/v2\/types\/page"}],"author":[{"embeddable":true,"href":"https:\/\/www.verschwisterung-schotten.de\/vvs\/wp-json\/wp\/v2\/users\/1"}],"replies":[{"embeddable":true,"href":"https:\/\/www.verschwisterung-schotten.de\/vvs\/wp-json\/wp\/v2\/comments?post=927"}],"version-history":[{"count":606,"href":"https:\/\/www.verschwisterung-schotten.de\/vvs\/wp-json\/wp\/v2\/pages\/927\/revisions"}],"predecessor-version":[{"id":4275,"href":"https:\/\/www.verschwisterung-schotten.de\/vvs\/wp-json\/wp\/v2\/pages\/927\/revisions\/4275"}],"wp:attachment":[{"href":"https:\/\/www.verschwisterung-schotten.de\/vvs\/wp-json\/wp\/v2\/media?parent=927"}],"curies":[{"name":"wp","href":"https:\/\/api.w.org\/{rel}","templated":true}]}}