{"id":764,"date":"2018-07-17T21:23:03","date_gmt":"2018-07-17T19:23:03","guid":{"rendered":"http:\/\/www.verschwisterung-schotten.de\/vvs\/?page_id=764"},"modified":"2019-03-30T03:46:14","modified_gmt":"2019-03-30T02:46:14","slug":"rymarov-3","status":"publish","type":"page","link":"https:\/\/www.verschwisterung-schotten.de\/vvs\/rymarov-3\/","title":{"rendered":"Rymarov &#8211; Tschechien"},"content":{"rendered":"\t\t<div data-elementor-type=\"wp-post\" data-elementor-id=\"764\" class=\"elementor elementor-764\">\n\t\t\t\t\t\t\t\t\t<section class=\"elementor-section elementor-top-section elementor-element elementor-element-1c4bdfec elementor-section-boxed elementor-section-height-default elementor-section-height-default\" data-id=\"1c4bdfec\" data-element_type=\"section\">\n\t\t\t\t\t\t<div class=\"elementor-container elementor-column-gap-default\">\n\t\t\t\t\t<div class=\"elementor-column elementor-col-100 elementor-top-column elementor-element elementor-element-6341aeb0\" data-id=\"6341aeb0\" data-element_type=\"column\">\n\t\t\t<div class=\"elementor-widget-wrap elementor-element-populated\">\n\t\t\t\t\t\t\t\t<div class=\"elementor-element elementor-element-1223e2a9 elementor-widget elementor-widget-text-editor\" data-id=\"1223e2a9\" data-element_type=\"widget\" data-widget_type=\"text-editor.default\">\n\t\t\t\t<div class=\"elementor-widget-container\">\n\t\t\t\t\t\t\t<p style=\"text-align: justify;\"><img decoding=\"async\" class=\" wp-image-1889 alignleft\" src=\"http:\/\/www.verschwisterung-schotten.de\/vvs\/wp-content\/uploads\/2019\/02\/RymarovET.jpg\" alt=\"\" width=\"139\" height=\"161\" \/><span style=\"font-size: 12pt;\">Das Gebiet des Kreises Bruntal und damit auch von R\u00fdma\u0159ov\u00a0 liegt in der schlesischen Senke, die sich aus dem polnischen Gebiet von Oberschlesien bis in die Gegend von Ostrava (Ostrau) erstreckt. Gegen Westen hin wird das Gebiet von dem hohen Altvatergebirge (Hrub\u00e9 Jesen\u00edky) mit dem h\u00f6chsten Berg Prad\u011bd (1.491 m) begrenzt. Die Region ist \u2013 abgesehen von der H\u00f6he \u2013 durchaus mit dem Vogelsberg zu vergleichen. Neben dem Charakter des Mittelgebirges ist die Region \u00e4hnlich waldreich wie der Vogelsberg. Vergleichbar ist auch die durchschnittliche Bev\u00f6lkerungsdichte. Positiv hebt sich die Gegend im Vergleich zu anderen Regionen in der Tschechischen Republik durch die noch weitgehend intakte Umwelt ab.<br \/><\/span><\/p><div class=\"n2-has-copy n2-code n2-ss-slider-shortcode-id\"><\/div>\t\t\t\t\t\t<\/div>\n\t\t\t\t<\/div>\n\t\t\t\t\t<\/div>\n\t\t<\/div>\n\t\t\t\t\t\t\t<\/div>\n\t\t<\/section>\n\t\t\t\t<section class=\"elementor-section elementor-top-section elementor-element elementor-element-7944498a elementor-section-boxed elementor-section-height-default elementor-section-height-default\" data-id=\"7944498a\" data-element_type=\"section\">\n\t\t\t\t\t\t<div class=\"elementor-container elementor-column-gap-default\">\n\t\t\t\t\t<div class=\"elementor-column elementor-col-100 elementor-top-column elementor-element elementor-element-8a565af\" data-id=\"8a565af\" data-element_type=\"column\">\n\t\t\t<div class=\"elementor-widget-wrap elementor-element-populated\">\n\t\t\t\t\t\t\t\t<div class=\"elementor-element elementor-element-13f0b598 elementor-widget elementor-widget-toggle\" data-id=\"13f0b598\" data-element_type=\"widget\" data-widget_type=\"toggle.default\">\n\t\t\t\t<div class=\"elementor-widget-container\">\n\t\t\t\t\t<div class=\"elementor-toggle\">\n\t\t\t\t\t\t\t<div class=\"elementor-toggle-item\">\n\t\t\t\t\t<h5 id=\"elementor-tab-title-3341\" class=\"elementor-tab-title\" data-tab=\"1\" role=\"button\" aria-controls=\"elementor-tab-content-3341\" aria-expanded=\"false\">\n\t\t\t\t\t\t\t\t\t\t\t\t<span class=\"elementor-toggle-icon elementor-toggle-icon-right\" aria-hidden=\"true\">\n\t\t\t\t\t\t\t\t\t\t\t\t\t\t\t<span class=\"elementor-toggle-icon-closed\"><i class=\"fas fa-caret-right\"><\/i><\/span>\n\t\t\t\t\t\t\t\t<span class=\"elementor-toggle-icon-opened\"><i class=\"elementor-toggle-icon-opened fas fa-caret-up\"><\/i><\/span>\n\t\t\t\t\t\t\t\t\t\t\t\t\t<\/span>\n\t\t\t\t\t\t\t\t\t\t\t\t<a class=\"elementor-toggle-title\" tabindex=\"0\">St\u00e4dtepartnerschaften<\/a>\n\t\t\t\t\t<\/h5>\n\n\t\t\t\t\t<div id=\"elementor-tab-content-3341\" class=\"elementor-tab-content elementor-clearfix\" data-tab=\"1\" role=\"region\" aria-labelledby=\"elementor-tab-title-3341\"><p style=\"text-align: justify;\"><span style=\"font-size: 12pt;\">Im Fr\u00fchjahr 1993 weilte eine Delegation von fast zwanzig B\u00fcrgermeistern aus dem tschechischen Kreis Bruntal (Freudenthal) zu Besuch im Wetteraukreis. An einem der Besuchstage ergab es sich, dass der Landrat des Wetteraukreises mit seinen G\u00e4sten nach einem Aufenthalt auf dem Hoherodskopf der Stadt Schotten einen Besuch abstattete, um die G\u00e4ste \u00fcber die vielf\u00e4ltigen partnerschaftlichen Aktivit\u00e4ten der Stadt Schotten zu informieren. Bei dieser Gelegenheit gab es zwischen dem damaligen B\u00fcrgermeister der Stadt R\u00fdma\u0159ov, Miroslav Slova\u010dek, und seinem damaligen Schottener Kollegen H. O. Zimmermann den ersten Kontakt.<\/span><\/p><p style=\"text-align: justify;\"><span style=\"font-size: 12pt;\">Dabei ist es jedoch nicht geblieben. Nachdem man sich drei Jahre lang durch einen regen Austausch von Vertretern beider St\u00e4dte und Vereine n\u00e4her kennen- und sch\u00e4tzengelernt hatte, wurde Im Jahr 1996 von den beiden Stadtparlamenten beschlossen, eine offizielle Partnerschaft zu begr\u00fcnden.<\/span><\/p><p style=\"text-align: justify;\"><span style=\"font-size: 12pt;\">Die Vertragsunterzeichnung fand anl\u00e4sslich der Verleihung der Ehrenfahne des Europarates an die Stadt Schotten im Oktober 1996 in Schotten statt. In R\u00fdma\u0159ov erfolgte die Gegenunterzeichnung im Fr\u00fchjahr 1997.<\/span><\/p><p style=\"text-align: justify;\"><span style=\"font-size: 12pt;\"><strong>Weitere Partnerschaften mit:<br \/><\/strong>Partnerschaftsvertrag mit <\/span><span style=\"font-size: 12pt;\">Zeil am Main<br \/><\/span><\/p><\/div>\n\t\t\t\t<\/div>\n\t\t\t\t\t\t\t\t<\/div>\n\t\t\t\t<\/div>\n\t\t\t\t<\/div>\n\t\t\t\t\t<\/div>\n\t\t<\/div>\n\t\t\t\t\t\t\t<\/div>\n\t\t<\/section>\n\t\t\t\t<section class=\"elementor-section elementor-top-section elementor-element elementor-element-166b5569 elementor-section-boxed elementor-section-height-default elementor-section-height-default\" data-id=\"166b5569\" data-element_type=\"section\">\n\t\t\t\t\t\t<div class=\"elementor-container elementor-column-gap-default\">\n\t\t\t\t\t<div class=\"elementor-column elementor-col-100 elementor-top-column elementor-element elementor-element-257a2a73\" data-id=\"257a2a73\" data-element_type=\"column\">\n\t\t\t<div class=\"elementor-widget-wrap elementor-element-populated\">\n\t\t\t\t\t\t\t\t<div class=\"elementor-element elementor-element-34aa3f98 elementor-widget elementor-widget-toggle\" data-id=\"34aa3f98\" data-element_type=\"widget\" data-widget_type=\"toggle.default\">\n\t\t\t\t<div class=\"elementor-widget-container\">\n\t\t\t\t\t<div class=\"elementor-toggle\">\n\t\t\t\t\t\t\t<div class=\"elementor-toggle-item\">\n\t\t\t\t\t<h5 id=\"elementor-tab-title-8831\" class=\"elementor-tab-title\" data-tab=\"1\" role=\"button\" aria-controls=\"elementor-tab-content-8831\" aria-expanded=\"false\">\n\t\t\t\t\t\t\t\t\t\t\t\t<span class=\"elementor-toggle-icon elementor-toggle-icon-right\" aria-hidden=\"true\">\n\t\t\t\t\t\t\t\t\t\t\t\t\t\t\t<span class=\"elementor-toggle-icon-closed\"><i class=\"fas fa-caret-right\"><\/i><\/span>\n\t\t\t\t\t\t\t\t<span class=\"elementor-toggle-icon-opened\"><i class=\"elementor-toggle-icon-opened fas fa-caret-up\"><\/i><\/span>\n\t\t\t\t\t\t\t\t\t\t\t\t\t<\/span>\n\t\t\t\t\t\t\t\t\t\t\t\t<a class=\"elementor-toggle-title\" tabindex=\"0\">Geschichte<\/a>\n\t\t\t\t\t<\/h5>\n\n\t\t\t\t\t<div id=\"elementor-tab-content-8831\" class=\"elementor-tab-content elementor-clearfix\" data-tab=\"1\" role=\"region\" aria-labelledby=\"elementor-tab-title-8831\"><p style=\"text-align: justify;\"><span style=\"font-size: 12pt;\">Historisch gesehen ist R\u00fdma\u0159ov eine Siedlung der zweiten H\u00e4lfte des Mittelalters. Eine erste urkundliche Erw\u00e4hnung unter dem Namen Reymarstadt \u2013vermutlich benannt nach dem Namen des Gr\u00fcnders- datiert von 1350. Da 1350 in den Unterlagen des Bistums Olm\u00fctz bereits an dem Ort eine Pfarrei erw\u00e4hnt wird, muss angenommen werden, dass R\u00f6merstadt viel \u00e4lter ist. Als Wappen f\u00fchrt R\u00fdma\u0159ov einen in der Mitte von einem Pfeil durchbohrten Wolf. Unklar ist, ob der Wolf nach rechts gerichtet ist, wie auf dem in Stein gehauenen Wappen \u00fcber der Eingangst\u00fcr des Rathauses, oder ob er nach links gerichtet ist, wie es in dem derzeit gebr\u00e4uchlichen Wappen dargestellt wird.<\/span><\/p><p style=\"text-align: justify;\"><span style=\"font-size: 12pt;\">Bereits im Jahr 1406 verlieh Markgraf Jodok dem Ort das Stadtrecht nach dem Muster des &#8220;Olm\u00fctzer Stadtrecht&#8220;, das in der folgenden Zeit immer wieder von den Regenten, beispielsweise 1537 Kaiser Ferdinand I oder 1654 Kaiser Ferdinand III, best\u00e4tigt wurde. R\u00f6merstadt war aber meistens nicht Sitz einer eigenen Herrscherfamilie, sondern wurde wiederholt verpf\u00e4ndet. Bis zum Ende des 1.Weltkrieges 1918 geh\u00f6rte die Region dann zum Habsburgischen Kaiserreich. 1918 erfolgte die erste eigene Staatsgr\u00fcndung mit der Bildung der Tschechoslowakei, der Hauptstadt Prag und dem ersten Staatspr\u00e4sidenten (1918 \u2013 1935) Tom\u00e1\u0161 Garrigue Masaryk. Mit dem &#8220;M\u00fcnchner Abkommen&#8220; von 1938 erzwang Hitler-Deutschland den Anschluss der \u00fcberwiegend von Deutschst\u00e4mmigen bewohnten Gebiete an das Deutsche Reich.<\/span><\/p><p style=\"text-align: justify;\"><span style=\"font-size: 12pt;\">Die Region um R\u00fdma\u0159ov wurde bekannt wegen ihres Erzreichtums (Gold, Silber, Eisen, Kupfer, Blei und Zink). Zahlreiche Pingen (keil-, graben- oder trichterf\u00f6rmige Vertiefungen), Halden und Schachtl\u00f6cher erinnern heute noch daran. Die ersten Bewohner waren wohl auch deutsche Bergleute aus dem Erzgebirge. Die Bl\u00fctezeit von R\u00f6merstadt f\u00e4llt in die Jahre von 1532 bis 1552, w\u00e4hrend der eine gro\u00dfe Zuwanderung von Bergleuten in den Bezirk erfolgte, was eine Vermehrung der Ortschaften um R\u00f6merstadt zur Folge hatte. R\u00f6merstadt blieb aber Mittelpunkt des Bergbaugebietes. Eine erste Bergordnung datiert aus dem Jahr 1528.<\/span><\/p><p style=\"text-align: justify;\"><span style=\"font-size: 12pt;\">Nach dem R\u00fcckgang des Bergbaubetriebs gewann die Leinenweberei die Oberhand. Auch hier waren es in erster Linie deutsche Weber aus dem nordb\u00f6hmischen Niederland, welche diese aufbauten. Erzeugt wurden Leinen- und Damastwaren, sp\u00e4ter auch Seiden, Juten- und Baumwollwaren. Mit der Weberei in Verbindung standen Bleichereien, F\u00e4rbereien, Mangel- und Appreturanstalten. Auch Strumpfwirkerei und Gerberei wurden in gr\u00f6\u00dferer Ausdehnung betrieben.<\/span><\/p><\/div>\n\t\t\t\t<\/div>\n\t\t\t\t\t\t\t\t<\/div>\n\t\t\t\t<\/div>\n\t\t\t\t<\/div>\n\t\t\t\t\t<\/div>\n\t\t<\/div>\n\t\t\t\t\t\t\t<\/div>\n\t\t<\/section>\n\t\t\t\t<section class=\"elementor-section elementor-top-section elementor-element elementor-element-6e5a251f elementor-section-boxed elementor-section-height-default elementor-section-height-default\" data-id=\"6e5a251f\" data-element_type=\"section\">\n\t\t\t\t\t\t<div class=\"elementor-container elementor-column-gap-default\">\n\t\t\t\t\t<div class=\"elementor-column elementor-col-100 elementor-top-column elementor-element elementor-element-797fd9e7\" data-id=\"797fd9e7\" data-element_type=\"column\">\n\t\t\t<div class=\"elementor-widget-wrap elementor-element-populated\">\n\t\t\t\t\t\t\t\t<div class=\"elementor-element elementor-element-65576017 elementor-widget elementor-widget-toggle\" data-id=\"65576017\" data-element_type=\"widget\" data-widget_type=\"toggle.default\">\n\t\t\t\t<div class=\"elementor-widget-container\">\n\t\t\t\t\t<div class=\"elementor-toggle\">\n\t\t\t\t\t\t\t<div class=\"elementor-toggle-item\">\n\t\t\t\t\t<h5 id=\"elementor-tab-title-1701\" class=\"elementor-tab-title\" data-tab=\"1\" role=\"button\" aria-controls=\"elementor-tab-content-1701\" aria-expanded=\"false\">\n\t\t\t\t\t\t\t\t\t\t\t\t<span class=\"elementor-toggle-icon elementor-toggle-icon-right\" aria-hidden=\"true\">\n\t\t\t\t\t\t\t\t\t\t\t\t\t\t\t<span class=\"elementor-toggle-icon-closed\"><i class=\"fas fa-caret-right\"><\/i><\/span>\n\t\t\t\t\t\t\t\t<span class=\"elementor-toggle-icon-opened\"><i class=\"elementor-toggle-icon-opened fas fa-caret-up\"><\/i><\/span>\n\t\t\t\t\t\t\t\t\t\t\t\t\t<\/span>\n\t\t\t\t\t\t\t\t\t\t\t\t<a class=\"elementor-toggle-title\" tabindex=\"0\">Stadtgesellschaft<\/a>\n\t\t\t\t\t<\/h5>\n\n\t\t\t\t\t<div id=\"elementor-tab-content-1701\" class=\"elementor-tab-content elementor-clearfix\" data-tab=\"1\" role=\"region\" aria-labelledby=\"elementor-tab-title-1701\"><p><span style=\"font-size: 12pt;\"><span style=\"font-size: 14pt;\"><strong>Bildung<\/strong><\/span><br \/><\/span><\/p><p style=\"text-align: justify;\"><span style=\"font-size: 12pt;\"><strong><span style=\"font-size: 14pt;\">Komunalpolitik<\/span><br \/><\/strong>Im Oktober 2018 haben in Tschechien Kommunalwahlen stattgefunden. In unserer Partnerstadt R\u00fdma\u0159ov waren einschlie\u00dflich der Positionen des B\u00fcrgermeister, seines Stellvertreters und der ehrenamtlichen Stadtr\u00e4te entsprechend der Einwohnerzahl insgesamt 21 Personen zu w\u00e4hlen.<\/span><span style=\"font-size: 12pt;\">Aus insgesamt neun Parteien oder Gruppierungen setzen sich die 21 Personen zusammen, wobei die sozialdemokratische Partei (\u010cSSD) mit 4 Vertretern die st\u00e4rkste Fraktion bildet, aber an den neuen Leitungsgremien nicht beteiligt ist.<\/span><\/p><p style=\"text-align: justify;\"><span style=\"font-size: 12pt;\">Am 26.10.2018 wurde dann von 12 gew\u00e4hlten Vertretern der Fraktionen PRO Gesundheit &amp; Sport, SNK Europ\u00e4ische Demokraten, KDU-\u010cSL, Christdemokratische Union, der SPORT-Bewegung, KS\u010cM- Kommunisten und SPD-&#8220;Freiheit und direkte Demokratie&#8220; f\u00fcr die kommende Legislaturperiode von vier Jahren ein Koalitionspapier unterzeichnet.<\/span><\/p><p style=\"text-align: justify;\"><span style=\"font-size: 12pt;\">In dem 15-Punkteprogramm werden die Themen aufgelistet, mit denen sich die Koalition in den kommenden vier Jahren befassen will. Darunter sind so zentrale Themen wie &#8220;Wirtschaft&#8220; und &#8220;Haushalt&#8220;, F\u00f6rderung der Nutzung bestehender Industriezonen und Schaffung neuer Arbeitspl\u00e4tze, aber auch Verbesserungen im Bereich B\u00fcrgerschutz und des Eigentums der B\u00fcrger. Weitere Themen sind ein funktionierendes soziales Netzwerk, die Unterst\u00fctzung der Kultur und Pflege der Kulturdenkmale sowie die Sanierung von Wohngeb\u00e4uden und Nichtwohngeb\u00e4uden, die im st\u00e4dtischen Besitz stehen. Der Aufbau eines Radwegenetzes und Einbindung in das \u00fcberregionale Radwegenetz sind ebenso Thema wie die Unterst\u00fctzung von kleineren und mittleren Unternehmen bei ihrer Entwicklung unter Inanspruchnahme von F\u00f6rdergeldern der Europ\u00e4ischen Union.<\/span><\/p><p style=\"text-align: justify;\"><span style=\"font-size: 12pt;\">Weiterhin befasst sich der Koalitionsvertrag mit der Aufgabenverteilung zwischen B\u00fcrgermeister, Vizeb\u00fcrgermeisterin und den ehrenamtlichen Stadtr\u00e4ten, die alle ein bestimmtes Ressort verantwortlich zu leiten haben.<\/span><\/p><p style=\"text-align: justify;\"><span style=\"font-size: 12pt;\">Am Ende verst\u00e4ndigten sich die Koalition\u00e4re darauf, den gew\u00e4hlten Vertreter Ing. Lud\u011bk \u0160imko zum neuen B\u00fcrgermeister zu w\u00e4hlen, nachdem der bisherige Stelleninhaber nach 16 Jahren nicht mehr f\u00fcr das Amt zur Verf\u00fcgung stand. Lud\u011bk \u0160imko hatte zuletzt die Stelle des Leiters der Stadtverwaltung inne und d\u00fcrfte bestens mit den Internas vertraut sein.<\/span><\/p><p style=\"text-align: justify;\"><span style=\"font-size: 12pt;\">Ebenso wurde vereinbart, dass die bisherige Direktorin der Firma BYTERM R\u00fdma\u0159ov, einer Art Wohnungsbaugesellschaft f\u00fcr die Verwaltung, Vermietung und Sanierung eines Gro\u00dfteils der st\u00e4dtischen Wohnungen, Ing. Lenka Vav\u0159i\u010dkovou, zur Vizeb\u00fcrgermeisterin gew\u00e4hlt werden sollte. Auch hier stand die bisherige Amtsinhaberin Marcela Sta\u0144kov\u00e1 nach 4 Jahren nicht mehr zur Verf\u00fcgung, hat aber das Amt einer ehrenamtlichen Stadtr\u00e4tin \u00fcbernommen.<\/span><\/p><p style=\"text-align: justify;\"><span style=\"font-size: 12pt;\">Beide neuen Kandidaten wurden in geheimer Wahl bei jeweils 14 Ja-Stimmen, 6 Nein-Stimmen und 1 Enthaltung gew\u00e4hlt und noch am Abend des 1. Novembers in ihr Amt eingef\u00fchrt.<\/span><\/p><p><span style=\"font-size: 14pt;\"><strong>Kultur, Freizeit und Leben<\/strong><\/span><\/p><p><span style=\"font-size: 14pt;\"><strong>Sport<\/strong><\/span><\/p><\/div>\n\t\t\t\t<\/div>\n\t\t\t\t\t\t\t\t<\/div>\n\t\t\t\t<\/div>\n\t\t\t\t<\/div>\n\t\t\t\t\t<\/div>\n\t\t<\/div>\n\t\t\t\t\t\t\t<\/div>\n\t\t<\/section>\n\t\t\t\t<section class=\"elementor-section elementor-top-section elementor-element elementor-element-3901c9f2 elementor-section-boxed elementor-section-height-default elementor-section-height-default\" data-id=\"3901c9f2\" data-element_type=\"section\">\n\t\t\t\t\t\t<div class=\"elementor-container elementor-column-gap-default\">\n\t\t\t\t\t<div class=\"elementor-column elementor-col-100 elementor-top-column elementor-element elementor-element-3edf0f3c\" data-id=\"3edf0f3c\" data-element_type=\"column\">\n\t\t\t<div class=\"elementor-widget-wrap elementor-element-populated\">\n\t\t\t\t\t\t\t\t<div class=\"elementor-element elementor-element-63ab92e4 elementor-widget elementor-widget-toggle\" data-id=\"63ab92e4\" data-element_type=\"widget\" data-widget_type=\"toggle.default\">\n\t\t\t\t<div class=\"elementor-widget-container\">\n\t\t\t\t\t<div class=\"elementor-toggle\">\n\t\t\t\t\t\t\t<div class=\"elementor-toggle-item\">\n\t\t\t\t\t<h5 id=\"elementor-tab-title-1671\" class=\"elementor-tab-title\" data-tab=\"1\" role=\"button\" aria-controls=\"elementor-tab-content-1671\" aria-expanded=\"false\">\n\t\t\t\t\t\t\t\t\t\t\t\t<span class=\"elementor-toggle-icon elementor-toggle-icon-right\" aria-hidden=\"true\">\n\t\t\t\t\t\t\t\t\t\t\t\t\t\t\t<span class=\"elementor-toggle-icon-closed\"><i class=\"fas fa-caret-right\"><\/i><\/span>\n\t\t\t\t\t\t\t\t<span class=\"elementor-toggle-icon-opened\"><i class=\"elementor-toggle-icon-opened fas fa-caret-up\"><\/i><\/span>\n\t\t\t\t\t\t\t\t\t\t\t\t\t<\/span>\n\t\t\t\t\t\t\t\t\t\t\t\t<a class=\"elementor-toggle-title\" tabindex=\"0\">Wirtschaft<\/a>\n\t\t\t\t\t<\/h5>\n\n\t\t\t\t\t<div id=\"elementor-tab-content-1671\" class=\"elementor-tab-content elementor-clearfix\" data-tab=\"1\" role=\"region\" aria-labelledby=\"elementor-tab-title-1671\"><p style=\"text-align: justify;\"><span style=\"font-size: 12pt;\"><strong>Arbeiten und Leben in der Gebirgsregion Jesen\u00edky<br \/><\/strong>Land- und Forstwirtschaft sind in der Region noch stark vertreten. In R\u00fdma\u0159ov selbst ist der gr\u00f6\u00dfte Arbeitgeber vor Ort die Firma RUD, ein Fertighausbauer, der seine H\u00e4user nach einer Lizenz der ehemaligen bundesdeutschen Fertighausfirma OKAL baut. Durch die \u00f6konomischen Reformen nach der politischen Wende haben sich zun\u00e4chst die Strukturen in der Wirtschaft stark ver\u00e4ndert, und nach und nach wurden die ehemaligen Staatsbetriebe durch kleine und mittelst\u00e4ndische Privatbetriebe ersetzt. In der kommunistischen Zeit geh\u00f6rte die Firma HEDVA, ein textilverarbeitender Betrieb mit zeitweise bis zu 1.700 Mitarbeiterin*innen zu den gr\u00f6\u00dften Arbeitgebern in R\u00fdma\u0159ov. Heute sind dort nur noch etwa 10 % der urspr\u00fcnglichen Mitarbeiter besch\u00e4ftigt, die sich aber auf besondere Erzeugnisse spezialisiert haben, weil die textile Massenware auch in der Tschechischen Republik heute \u00fcberwiegend aus Fernost kommt.<\/span><\/p><\/div>\n\t\t\t\t<\/div>\n\t\t\t\t\t\t\t\t<\/div>\n\t\t\t\t<\/div>\n\t\t\t\t<\/div>\n\t\t\t\t\t<\/div>\n\t\t<\/div>\n\t\t\t\t\t\t\t<\/div>\n\t\t<\/section>\n\t\t\t\t<section class=\"elementor-section elementor-top-section elementor-element elementor-element-68c1c932 elementor-section-boxed elementor-section-height-default elementor-section-height-default\" data-id=\"68c1c932\" data-element_type=\"section\">\n\t\t\t\t\t\t<div class=\"elementor-container elementor-column-gap-default\">\n\t\t\t\t\t<div class=\"elementor-column elementor-col-100 elementor-top-column elementor-element elementor-element-3146a5bd\" data-id=\"3146a5bd\" data-element_type=\"column\">\n\t\t\t<div class=\"elementor-widget-wrap elementor-element-populated\">\n\t\t\t\t\t\t\t\t<div class=\"elementor-element elementor-element-75b12e1d elementor-widget elementor-widget-toggle\" data-id=\"75b12e1d\" data-element_type=\"widget\" data-widget_type=\"toggle.default\">\n\t\t\t\t<div class=\"elementor-widget-container\">\n\t\t\t\t\t<div class=\"elementor-toggle\">\n\t\t\t\t\t\t\t<div class=\"elementor-toggle-item\">\n\t\t\t\t\t<h5 id=\"elementor-tab-title-1971\" class=\"elementor-tab-title\" data-tab=\"1\" role=\"button\" aria-controls=\"elementor-tab-content-1971\" aria-expanded=\"false\">\n\t\t\t\t\t\t\t\t\t\t\t\t<span class=\"elementor-toggle-icon elementor-toggle-icon-right\" aria-hidden=\"true\">\n\t\t\t\t\t\t\t\t\t\t\t\t\t\t\t<span class=\"elementor-toggle-icon-closed\"><i class=\"fas fa-caret-right\"><\/i><\/span>\n\t\t\t\t\t\t\t\t<span class=\"elementor-toggle-icon-opened\"><i class=\"elementor-toggle-icon-opened fas fa-caret-up\"><\/i><\/span>\n\t\t\t\t\t\t\t\t\t\t\t\t\t<\/span>\n\t\t\t\t\t\t\t\t\t\t\t\t<a class=\"elementor-toggle-title\" tabindex=\"0\">Sehensw\u00fcrdigkeiten<\/a>\n\t\t\t\t\t<\/h5>\n\n\t\t\t\t\t<div id=\"elementor-tab-content-1971\" class=\"elementor-tab-content elementor-clearfix\" data-tab=\"1\" role=\"region\" aria-labelledby=\"elementor-tab-title-1971\"><p style=\"text-align: justify;\"><span style=\"font-size: 12pt;\"><strong>Tourismus<br \/><\/strong><\/span><span style=\"font-size: 12pt;\">Aufgrund der reizvollen Landschaft und der N\u00e4he zum Gipfel des Prad\u011bd (Altvater) gewinnt der Tourismus immer mehr an Bedeutung.<\/span><\/p><p style=\"text-align: justify;\"><span style=\"font-size: 12pt;\"><strong>R\u00fdma\u0159ov und die Region (R\u00fdma\u0159ovsko)<br \/><\/strong>Den Kern der Stadt R\u00fdma\u0159ov bildet ein im Rechteck bebauter, ger\u00e4umiger ehemaliger Haupt- und Ringplatz, in dessen Mitte das mit einem Turm versehene Rathaus steht. Dieses wurde in seiner gegenw\u00e4rtigen Gestalt nach dem gro\u00dfen Stadtbrand des Jahres 1790 erbaut. Am Ostersamstag, den 03.04.1790 brach bei heftigem Wind in der Vorstadt ein Feuer aus, welches sich rasch ausbreitete und dem 135 H\u00e4user, 64 Scheunen und Wirtschaftsgeb\u00e4ude mit Malz- und Br\u00e4uhaus, das Rathaus und die Fronfeste zum Opfer fielen.<\/span><\/p><div class=\"n2-has-copy n2-code n2-ss-slider-shortcode-id\"><div class=\"n2-has-copy n2-code n2-ss-slider-shortcode-id\"><\/div><div>\u00a0<\/div><\/div><div style=\"text-align: justify;\"><span style=\"font-size: 12pt;\">Auf einer kleinen Anh\u00f6he in der Stadt liegt die Pfarrkirche, die dem heiligen Erzengel Michael geweiht ist. In der jetzigen Form wurde die Kirche nach einem ebenfalls umfangreichen Brand im Jahr 1609 als protestantisches Gebetshaus aufgebaut und 1618 vollendet. Bis 1625, mit kurzzeitigen Unterbrechungen, war die Pfarrkirche protestantisch. Dies galt w\u00e4hrend der Reformationszeit und der Zeit der Hussiten f\u00fcr weite Teile von B\u00f6hmen und M\u00e4hren. Erst durch die Gegenreformation \u2013 unterst\u00fctzt durch das habsburgische Haus \u2013 wurde die Region wiederum dem katholischen Glauben zugeordnet.<\/span><\/div><div><p style=\"text-align: justify;\"><span style=\"font-size: 12pt;\">Au\u00dferhalb der Vorstadt steht auf einer leichten Anh\u00f6he, auf einem von Linden umgebenen Platz, daher meist &#8220;Lindenkirche&#8220; genannt, die barocke Kirche zu Maria Heimsuchung. Diese Kirche wurde in ihrer jetzigen ovalen Form in den Jahren 1710 \u2013 1718 errichtet und im barocken Stil ausgemalt. Das Innere der Kirche wird ebenfalls von einem wunderbar gestalteten Hochaltar gepr\u00e4gt.<\/span><\/p><p style=\"text-align: justify;\"><span style=\"font-size: 12pt;\">Nach der Vertreibung der Sudetendeutschen im Jahr 1946 haben die Kirchen in Tschechien im Allgemeinen sehr gelitten. Dies galt auch f\u00fcr die beiden Kirchen in R\u00fdma\u0159ov. W\u00e4hrend die Pfarrkirche lange um eine Renovierung zu k\u00e4mpfen hatte, ist die &#8220;Lindenkirche&#8220; mit Hilfe und Unterst\u00fctzung der katholischen Patenkirchengemeinde Zeil am Main vor einigen Jahren im Inneren in hervorragender Weise restauriert und renoviert worden, so dass sie heute ein k\u00fcnstlerisches Kleinod und eine Attraktion darstellt. Deshalb sollte bei einem Aufenthalt in R\u00fdma\u0159ov auf jeden Fall der &#8220;Lindenkirche&#8220; ein Besuch abgestattet werden.<\/span><\/p><p style=\"text-align: justify;\"><span style=\"font-size: 12pt;\">Westlich von R\u00fdma\u0159ov liegt der Ort und heutige Stadtteil Janovice (Janowitz ) mit einem Schloss im Barockstil aus dem Jahr 1662, das bis zum Jahr 1946 im Besitz der Grafen von Harrach war. In den Jahren 1945 und 1946 diente das Schloss als Internierungs- und Aussiedlungslager f\u00fcr die Deutschen. Danach wurde es vom tschechischen Staat als Archiv gef\u00fchrt. In der Zwischenzeit hat die Stadt R\u00fdma\u0159ov zum \u00fcberwiegenden Teil die Anlage \u00fcbernommen, und schrittweise wird das Schloss restauriert und renoviert.<\/span><\/p><p style=\"text-align: justify;\"><span style=\"font-size: 12pt;\">\u00c4hnliches gilt f\u00fcr die Burg Sovinec (Eulenburg), eine Burganlage aus dem 14. Jh., die lange Zeit \u2013 bis zur Besetzung durch Nazi-Deutschland \u2013 dem Deutschritterorden geh\u00f6rte. Bis zum Jahr 1943 wurde die Burg als Gefangenenlager f\u00fcr franz\u00f6sische und russische Offiziere genutzt, wobei einige Grausamkeiten (Genickschussanlagen) bekannt geworden sind. Auf dem R\u00fcckzug der deutschen Wehrmacht brannte die Burganlage in 1945 v\u00f6llig aus. Mit einer Restaurierung wurde 1951 begonnen, doch mangels ausreichender Mittel ist diese bis heute noch nicht abgeschlossen. Jedoch k\u00f6nnen einige Teile der restaurierten Anlage besichtigt werden und aufgrund der hervorragenden geographischen Lage hat man einen wunderbaren Blick bis weit in die Tiefebene von Olomouc (Olm\u00fctz).<\/span><\/p><p><span style=\"font-size: 12pt;\">Als weitere touristische Sehensw\u00fcrdigkeiten sind in der Umgebung von R\u00fdma\u0159ov noch folgende Punkte zu nennen:<\/span><\/p><\/div><p><span style=\"font-size: 12pt;\"><strong>\u00a0<\/strong><\/span><span style=\"font-size: 12pt;\"><strong>Sehensw\u00fcrdigkeiten<\/strong><\/span><\/p><ul><li><p><span style=\"font-size: 12pt;\">Ruine Burg Rabenstein in der N\u00e4he des markanten Felsturms der Rabensteine<\/span><\/p><\/li><li><p><span style=\"font-size: 12pt;\">die &#8220;Re\u0161over\u00a0(Reschener) Wasserf\u00e4lle&#8220; \u2013 Fallh\u00f6he 18 \u2013 20 m<\/span><\/p><\/li><li><p><span style=\"font-size: 12pt;\">das Schloss in Velk\u00e9 Losiny (Gro\u00df Ullersdorf) in einem benachbarten Tal von R\u00fdma\u0159ov, mit der Besonderheit, dass in diesem Ort seit dem Jahr 1596 bis heute in einer alten Papierm\u00fchle handgesch\u00f6pftes B\u00fcttenpapier in bester Qualit\u00e4t hergestellt wird<\/span><\/p><\/li><li><p><span style=\"font-size: 12pt;\">von besonderem Interesse ist im Gebiet des Stadtteil Tvrdkov (Ruda) der Stadt Horn\u00ed M\u011bsto (Bergstadt) ein wundersch\u00f6ner restaurierter Kreuzweg mit \u00fcbergro\u00dfen Sandstein-Statuen aus der Zeit von 1815<\/span><\/p><\/li><\/ul><\/div>\n\t\t\t\t<\/div>\n\t\t\t\t\t\t\t\t<\/div>\n\t\t\t\t<\/div>\n\t\t\t\t<\/div>\n\t\t\t\t\t<\/div>\n\t\t<\/div>\n\t\t\t\t\t\t\t<\/div>\n\t\t<\/section>\n\t\t\t\t<section class=\"elementor-section elementor-top-section elementor-element elementor-element-2b6e27a6 elementor-section-boxed elementor-section-height-default elementor-section-height-default\" data-id=\"2b6e27a6\" data-element_type=\"section\">\n\t\t\t\t\t\t<div class=\"elementor-container elementor-column-gap-default\">\n\t\t\t\t\t<div class=\"elementor-column elementor-col-33 elementor-top-column elementor-element elementor-element-60fd31\" data-id=\"60fd31\" data-element_type=\"column\">\n\t\t\t<div class=\"elementor-widget-wrap elementor-element-populated\">\n\t\t\t\t\t\t\t\t<div class=\"elementor-element elementor-element-8aba070 elementor-widget elementor-widget-menu-anchor\" data-id=\"8aba070\" data-element_type=\"widget\" data-widget_type=\"menu-anchor.default\">\n\t\t\t\t<div class=\"elementor-widget-container\">\n\t\t\t\t\t<div id=\"stadt\" class=\"elementor-menu-anchor\"><\/div>\n\t\t\t\t<\/div>\n\t\t\t\t<\/div>\n\t\t\t\t<div class=\"elementor-element elementor-element-52f21361 elementor-align-left elementor-widget elementor-widget-button\" data-id=\"52f21361\" data-element_type=\"widget\" data-widget_type=\"button.default\">\n\t\t\t\t<div class=\"elementor-widget-container\">\n\t\t\t\t\t<div class=\"elementor-button-wrapper\">\n\t\t\t<a class=\"elementor-button elementor-button-link elementor-size-md\" href=\"http:\/\/www.verschwisterung-schotten.de\/vvs\/rymarov-stadtansichten\/\">\n\t\t\t\t\t\t<span class=\"elementor-button-content-wrapper\">\n\t\t\t\t\t\t<span class=\"elementor-button-icon elementor-align-icon-right\">\n\t\t\t\t\t\t\t\t\t<i class=\"fa fa-angle-right\" aria-hidden=\"true\"><\/i>\n\t\t\t\t\t\t\t<\/span>\n\t\t\t\t\t\t<span class=\"elementor-button-text\">Stadtansichten<\/span>\n\t\t<\/span>\n\t\t\t\t\t<\/a>\n\t\t<\/div>\n\t\t\t\t<\/div>\n\t\t\t\t<\/div>\n\t\t\t\t\t<\/div>\n\t\t<\/div>\n\t\t\t\t<div class=\"elementor-column elementor-col-33 elementor-top-column elementor-element elementor-element-43e4f796\" data-id=\"43e4f796\" data-element_type=\"column\">\n\t\t\t<div class=\"elementor-widget-wrap elementor-element-populated\">\n\t\t\t\t\t\t\t\t<div class=\"elementor-element elementor-element-5092a5f elementor-widget elementor-widget-menu-anchor\" data-id=\"5092a5f\" data-element_type=\"widget\" data-widget_type=\"menu-anchor.default\">\n\t\t\t\t<div class=\"elementor-widget-container\">\n\t\t\t\t\t<div id=\"land\" class=\"elementor-menu-anchor\"><\/div>\n\t\t\t\t<\/div>\n\t\t\t\t<\/div>\n\t\t\t\t<div class=\"elementor-element elementor-element-8ca23d5 elementor-align-center elementor-widget elementor-widget-button\" data-id=\"8ca23d5\" data-element_type=\"widget\" data-widget_type=\"button.default\">\n\t\t\t\t<div class=\"elementor-widget-container\">\n\t\t\t\t\t<div class=\"elementor-button-wrapper\">\n\t\t\t<a class=\"elementor-button elementor-button-link elementor-size-md\" href=\"http:\/\/www.verschwisterung-schotten.de\/vvs\/rymarov-landschaften\/\">\n\t\t\t\t\t\t<span class=\"elementor-button-content-wrapper\">\n\t\t\t\t\t\t<span class=\"elementor-button-icon elementor-align-icon-right\">\n\t\t\t\t\t\t\t\t\t<i class=\"fa fa-angle-right\" aria-hidden=\"true\"><\/i>\n\t\t\t\t\t\t\t<\/span>\n\t\t\t\t\t\t<span class=\"elementor-button-text\">Landschaften<\/span>\n\t\t<\/span>\n\t\t\t\t\t<\/a>\n\t\t<\/div>\n\t\t\t\t<\/div>\n\t\t\t\t<\/div>\n\t\t\t\t\t<\/div>\n\t\t<\/div>\n\t\t\t\t<div class=\"elementor-column elementor-col-33 elementor-top-column elementor-element elementor-element-7b06d1fa\" data-id=\"7b06d1fa\" data-element_type=\"column\">\n\t\t\t<div class=\"elementor-widget-wrap elementor-element-populated\">\n\t\t\t\t\t\t\t\t<div class=\"elementor-element elementor-element-3ec8a81 elementor-widget elementor-widget-menu-anchor\" data-id=\"3ec8a81\" data-element_type=\"widget\" data-widget_type=\"menu-anchor.default\">\n\t\t\t\t<div class=\"elementor-widget-container\">\n\t\t\t\t\t<div id=\"begegnungen\" class=\"elementor-menu-anchor\"><\/div>\n\t\t\t\t<\/div>\n\t\t\t\t<\/div>\n\t\t\t\t<div class=\"elementor-element elementor-element-6a12557c elementor-align-right elementor-widget elementor-widget-button\" data-id=\"6a12557c\" data-element_type=\"widget\" data-widget_type=\"button.default\">\n\t\t\t\t<div class=\"elementor-widget-container\">\n\t\t\t\t\t<div class=\"elementor-button-wrapper\">\n\t\t\t<a class=\"elementor-button elementor-button-link elementor-size-md\" href=\"http:\/\/www.verschwisterung-schotten.de\/vvs\/rymarov-begegnungen\/\">\n\t\t\t\t\t\t<span class=\"elementor-button-content-wrapper\">\n\t\t\t\t\t\t<span class=\"elementor-button-icon elementor-align-icon-right\">\n\t\t\t\t\t\t\t\t\t<i class=\"fa fa-angle-right\" aria-hidden=\"true\"><\/i>\n\t\t\t\t\t\t\t<\/span>\n\t\t\t\t\t\t<span class=\"elementor-button-text\">Begegnungen<\/span>\n\t\t<\/span>\n\t\t\t\t\t<\/a>\n\t\t<\/div>\n\t\t\t\t<\/div>\n\t\t\t\t<\/div>\n\t\t\t\t\t<\/div>\n\t\t<\/div>\n\t\t\t\t\t\t\t<\/div>\n\t\t<\/section>\n\t\t\t\t<section class=\"elementor-section elementor-top-section elementor-element elementor-element-6cdbc8b7 elementor-section-boxed elementor-section-height-default elementor-section-height-default\" data-id=\"6cdbc8b7\" data-element_type=\"section\">\n\t\t\t\t\t\t<div class=\"elementor-container elementor-column-gap-default\">\n\t\t\t\t\t<div class=\"elementor-column elementor-col-100 elementor-top-column elementor-element elementor-element-2b1d6b52\" data-id=\"2b1d6b52\" data-element_type=\"column\">\n\t\t\t<div class=\"elementor-widget-wrap elementor-element-populated\">\n\t\t\t\t\t\t\t\t<div class=\"elementor-element elementor-element-be7fdbf elementor-widget elementor-widget-google_maps\" data-id=\"be7fdbf\" data-element_type=\"widget\" data-widget_type=\"google_maps.default\">\n\t\t\t\t<div class=\"elementor-widget-container\">\n\t\t\t\t\t<div class=\"elementor-custom-embed\">\n\t\t\t<iframe loading=\"lazy\"\n\t\t\t\t\tsrc=\"https:\/\/maps.google.com\/maps?q=R%C3%BDma%C5%99ov&#038;t=m&#038;z=11&#038;output=embed&#038;iwloc=near\"\n\t\t\t\t\ttitle=\"R\u00fdma\u0159ov\"\n\t\t\t\t\taria-label=\"R\u00fdma\u0159ov\"\n\t\t\t><\/iframe>\n\t\t<\/div>\n\t\t\t\t<\/div>\n\t\t\t\t<\/div>\n\t\t\t\t\t<\/div>\n\t\t<\/div>\n\t\t\t\t\t\t\t<\/div>\n\t\t<\/section>\n\t\t\t\t<section class=\"elementor-section elementor-top-section elementor-element elementor-element-50240465 elementor-section-boxed elementor-section-height-default elementor-section-height-default\" data-id=\"50240465\" data-element_type=\"section\">\n\t\t\t\t\t\t<div class=\"elementor-container elementor-column-gap-default\">\n\t\t\t\t\t<div class=\"elementor-column elementor-col-33 elementor-top-column elementor-element elementor-element-8318ceb\" data-id=\"8318ceb\" data-element_type=\"column\">\n\t\t\t<div class=\"elementor-widget-wrap elementor-element-populated\">\n\t\t\t\t\t\t\t\t<div class=\"elementor-element elementor-element-5b51f2d0 elementor-widget elementor-widget-toggle\" data-id=\"5b51f2d0\" data-element_type=\"widget\" data-widget_type=\"toggle.default\">\n\t\t\t\t<div class=\"elementor-widget-container\">\n\t\t\t\t\t<div class=\"elementor-toggle\">\n\t\t\t\t\t\t\t<div class=\"elementor-toggle-item\">\n\t\t\t\t\t<div id=\"elementor-tab-title-1531\" class=\"elementor-tab-title\" data-tab=\"1\" role=\"button\" aria-controls=\"elementor-tab-content-1531\" aria-expanded=\"false\">\n\t\t\t\t\t\t\t\t\t\t\t\t<span class=\"elementor-toggle-icon elementor-toggle-icon-right\" aria-hidden=\"true\">\n\t\t\t\t\t\t\t\t\t\t\t\t\t\t\t<span class=\"elementor-toggle-icon-closed\"><i class=\"fas fa-caret-right\"><\/i><\/span>\n\t\t\t\t\t\t\t\t<span class=\"elementor-toggle-icon-opened\"><i class=\"elementor-toggle-icon-opened fas fa-caret-up\"><\/i><\/span>\n\t\t\t\t\t\t\t\t\t\t\t\t\t<\/span>\n\t\t\t\t\t\t\t\t\t\t\t\t<a class=\"elementor-toggle-title\" tabindex=\"0\">Infobox<\/a>\n\t\t\t\t\t<\/div>\n\n\t\t\t\t\t<div id=\"elementor-tab-content-1531\" class=\"elementor-tab-content elementor-clearfix\" data-tab=\"1\" role=\"region\" aria-labelledby=\"elementor-tab-title-1531\"><p><span style=\"font-size: 12pt;\"><strong>Land:<\/strong> Tschechische Republik<br \/><\/span><span style=\"font-size: 12pt;\"><strong>Region: <\/strong>Moravskoslezsk\u00fd kraj<\/span><br \/><span style=\"font-size: 12pt;\"><strong>Landkreis:<\/strong> Brunt\u00e1l<br \/><\/span><span style=\"font-size: 12pt;\"><strong>H\u00f6he:<\/strong> 555 m \u00fc. NHN<br \/><\/span><span style=\"font-size: 12pt;\"><strong>Fl\u00e4che:<\/strong> 6072,79 ha<br \/><\/span><span style=\"font-size: 12pt;\"><strong>Einwohner:<\/strong> 8.314 (01.01.2018)<br \/><\/span><span style=\"font-size: 12pt;\"><strong>Postleitzahl:<\/strong> 79201-79501<br \/><\/span><span style=\"font-size: 12pt;\"><strong>Vorwahl:<\/strong> 554<br \/><\/span><span style=\"font-size: 12pt;\"><strong>B\u00fcrgermeister: <\/strong>Herr Lud\u011bk \u0160imko<\/span><\/p><p><span style=\"font-size: 12pt;\">\u00a0<\/span><span style=\"font-size: 10pt;\">(Quelle: Wikipedia)<\/span><\/p><\/div>\n\t\t\t\t<\/div>\n\t\t\t\t\t\t\t\t<\/div>\n\t\t\t\t<\/div>\n\t\t\t\t<\/div>\n\t\t\t\t\t<\/div>\n\t\t<\/div>\n\t\t\t\t<div class=\"elementor-column elementor-col-33 elementor-top-column elementor-element elementor-element-5e20c989\" data-id=\"5e20c989\" data-element_type=\"column\">\n\t\t\t<div class=\"elementor-widget-wrap elementor-element-populated\">\n\t\t\t\t\t\t\t\t<div class=\"elementor-element elementor-element-1eda82ab elementor-widget elementor-widget-toggle\" data-id=\"1eda82ab\" data-element_type=\"widget\" data-widget_type=\"toggle.default\">\n\t\t\t\t<div class=\"elementor-widget-container\">\n\t\t\t\t\t<div class=\"elementor-toggle\">\n\t\t\t\t\t\t\t<div class=\"elementor-toggle-item\">\n\t\t\t\t\t<div id=\"elementor-tab-title-5171\" class=\"elementor-tab-title\" data-tab=\"1\" role=\"button\" aria-controls=\"elementor-tab-content-5171\" aria-expanded=\"false\">\n\t\t\t\t\t\t\t\t\t\t\t\t<span class=\"elementor-toggle-icon elementor-toggle-icon-right\" aria-hidden=\"true\">\n\t\t\t\t\t\t\t\t\t\t\t\t\t\t\t<span class=\"elementor-toggle-icon-closed\"><i class=\"fas fa-caret-right\"><\/i><\/span>\n\t\t\t\t\t\t\t\t<span class=\"elementor-toggle-icon-opened\"><i class=\"elementor-toggle-icon-opened fas fa-caret-up\"><\/i><\/span>\n\t\t\t\t\t\t\t\t\t\t\t\t\t<\/span>\n\t\t\t\t\t\t\t\t\t\t\t\t<a class=\"elementor-toggle-title\" tabindex=\"0\">Kontakt<\/a>\n\t\t\t\t\t<\/div>\n\n\t\t\t\t\t<div id=\"elementor-tab-content-5171\" class=\"elementor-tab-content elementor-clearfix\" data-tab=\"1\" role=\"region\" aria-labelledby=\"elementor-tab-title-5171\"><p><span style=\"font-size: 12pt;\"><strong>Stadtverwaltung Rymarov<\/strong><\/span><br \/><span style=\"font-size: 12pt;\">n\u00e1m\u011bst\u00ed M\u00edru 1<\/span><br \/><span style=\"font-size: 12pt;\">79501 R\u00fdma\u0159ov<\/span><br \/><span style=\"font-size: 12pt;\">Tel.: 554 254 100<\/span><br \/><span style=\"font-size: 12pt;\">podatelna@rymarov.cz<\/span><br \/><span style=\"font-size: 12pt;\">www.rymarov.cz<\/span><\/p><p><span style=\"font-size: 12pt;\"><strong>Touristen Information der Stadt Rymarov<\/strong><\/span><br \/><span style=\"font-size: 12pt;\">Tel.: 554 254 100<\/span><br \/><span style=\"font-size: 12pt;\">icko@inforymarov.cz<\/span><br \/><span style=\"font-size: 12pt;\">www.inforymarov.cz\/de<\/span><\/p><p><span style=\"font-size: 12pt;\"><strong>Partnerschaftsverein Rymarov<\/strong><\/span><br \/><span style=\"font-size: medium;\">Miroslav Slov\u00e1\u010dek<br \/><br \/><\/span><\/p><p><span style=\"font-size: 12pt;\">\u00a0<\/span><\/p><\/div>\n\t\t\t\t<\/div>\n\t\t\t\t\t\t\t\t<\/div>\n\t\t\t\t<\/div>\n\t\t\t\t<\/div>\n\t\t\t\t\t<\/div>\n\t\t<\/div>\n\t\t\t\t<div class=\"elementor-column elementor-col-33 elementor-top-column elementor-element elementor-element-49a4b737\" data-id=\"49a4b737\" data-element_type=\"column\">\n\t\t\t<div class=\"elementor-widget-wrap elementor-element-populated\">\n\t\t\t\t\t\t\t\t<div class=\"elementor-element elementor-element-76a7fc83 elementor-widget elementor-widget-toggle\" data-id=\"76a7fc83\" data-element_type=\"widget\" data-widget_type=\"toggle.default\">\n\t\t\t\t<div class=\"elementor-widget-container\">\n\t\t\t\t\t<div class=\"elementor-toggle\">\n\t\t\t\t\t\t\t<div class=\"elementor-toggle-item\">\n\t\t\t\t\t<div id=\"elementor-tab-title-1991\" class=\"elementor-tab-title\" data-tab=\"1\" role=\"button\" aria-controls=\"elementor-tab-content-1991\" aria-expanded=\"false\">\n\t\t\t\t\t\t\t\t\t\t\t\t<span class=\"elementor-toggle-icon elementor-toggle-icon-right\" aria-hidden=\"true\">\n\t\t\t\t\t\t\t\t\t\t\t\t\t\t\t<span class=\"elementor-toggle-icon-closed\"><i class=\"fas fa-caret-right\"><\/i><\/span>\n\t\t\t\t\t\t\t\t<span class=\"elementor-toggle-icon-opened\"><i class=\"elementor-toggle-icon-opened fas fa-caret-up\"><\/i><\/span>\n\t\t\t\t\t\t\t\t\t\t\t\t\t<\/span>\n\t\t\t\t\t\t\t\t\t\t\t\t<a class=\"elementor-toggle-title\" tabindex=\"0\">Vorstand<\/a>\n\t\t\t\t\t<\/div>\n\n\t\t\t\t\t<div id=\"elementor-tab-content-1991\" class=\"elementor-tab-content elementor-clearfix\" data-tab=\"1\" role=\"region\" aria-labelledby=\"elementor-tab-title-1991\"><p><strong><span style=\"font-size: medium;\">Vorsitzender:<\/span><\/strong><span style=\"font-size: medium;\"> Herr <\/span><span style=\"font-size: medium;\">Miroslav Slov\u00e1\u010dek<br \/><\/span><strong><span style=\"font-size: medium;\">Stellv. Vorsitzende:<\/span><\/strong><span style=\"font-size: medium;\"> Frau Anna Mezn\u00edkov\u00e1<br \/><\/span><strong><span style=\"font-size: medium;\">Schriftf\u00fchrer:<\/span><\/strong><span style=\"font-size: medium;\"> Herr Pavel Kol\u00e1\u0159<br \/><\/span><strong><span style=\"font-size: medium;\">Schatzmeisterin:<\/span><\/strong><span style=\"font-size: medium;\"> Frau V\u011bra S\u00e1bov\u00e1<br \/><\/span><strong><span style=\"font-size: medium;\">Beisitzerin: <\/span><\/strong><span style=\"font-size: medium;\">Frau R\u016f\u017eena<\/span><span style=\"font-size: medium;\"> Zapletalov\u00e1<\/span><strong><span style=\"font-size: medium;\"><br \/><\/span><\/strong><\/p><\/div>\n\t\t\t\t<\/div>\n\t\t\t\t\t\t\t\t<\/div>\n\t\t\t\t<\/div>\n\t\t\t\t<\/div>\n\t\t\t\t\t<\/div>\n\t\t<\/div>\n\t\t\t\t\t\t\t<\/div>\n\t\t<\/section>\n\t\t\t\t<section class=\"elementor-section elementor-top-section elementor-element elementor-element-53918e elementor-section-boxed elementor-section-height-default elementor-section-height-default\" data-id=\"53918e\" data-element_type=\"section\">\n\t\t\t\t\t\t<div class=\"elementor-container elementor-column-gap-default\">\n\t\t\t\t\t<div class=\"elementor-column elementor-col-100 elementor-top-column elementor-element elementor-element-62452d08\" data-id=\"62452d08\" data-element_type=\"column\">\n\t\t\t<div class=\"elementor-widget-wrap elementor-element-populated\">\n\t\t\t\t\t\t\t\t<div class=\"elementor-element elementor-element-7384e24d elementor-widget elementor-widget-text-editor\" data-id=\"7384e24d\" data-element_type=\"widget\" data-widget_type=\"text-editor.default\">\n\t\t\t\t<div class=\"elementor-widget-container\">\n\t\t\t\t\t\t\t<p><span style=\"font-size: 12pt;\"><strong>Anmerkung:<\/strong><\/span><\/p>\t\t\t\t\t\t<\/div>\n\t\t\t\t<\/div>\n\t\t\t\t\t<\/div>\n\t\t<\/div>\n\t\t\t\t\t\t\t<\/div>\n\t\t<\/section>\n\t\t\t\t\t\t\t<\/div>\n\t\t","protected":false},"excerpt":{"rendered":"<p>Das Gebiet des Kreises Bruntal und damit auch von R\u00fdma\u0159ov\u00a0 liegt in der schlesischen Senke, die sich aus dem polnischen Gebiet von Oberschlesien bis in die Gegend von Ostrava (Ostrau) erstreckt. Gegen Westen hin&#46;&#46;&#46;<\/p>\n","protected":false},"author":1,"featured_media":0,"parent":0,"menu_order":0,"comment_status":"closed","ping_status":"closed","template":"","meta":{"footnotes":""},"class_list":["post-764","page","type-page","status-publish","hentry"],"yoast_head":"<!-- This site is optimized with the Yoast SEO plugin v20.3 - https:\/\/yoast.com\/wordpress\/plugins\/seo\/ -->\n<title>Rymarov - Tschechien - Verschwisterungsverein Schotten e.V.<\/title>\n<meta name=\"description\" content=\"Verein, Schotten - Verschwisterungsverein Schotten e.V. Rymarov - Tschechien % Verschwisterung, Europa, Deutschland, Italien, Frankreich, Tschechien, Polen, Belgien, Partner, Partnerstadt, Deutschland, Berlin, Hessen\" \/>\n<meta name=\"robots\" content=\"index, follow, max-snippet:-1, max-image-preview:large, max-video-preview:-1\" \/>\n<link rel=\"canonical\" href=\"https:\/\/www.verschwisterung-schotten.de\/vvs\/rymarov-3\/\" \/>\n<meta property=\"og:locale\" content=\"de_DE\" \/>\n<meta property=\"og:type\" content=\"article\" \/>\n<meta property=\"og:title\" content=\"Rymarov - Tschechien - Verschwisterungsverein Schotten e.V.\" \/>\n<meta property=\"og:description\" content=\"Verein, Schotten - Verschwisterungsverein Schotten e.V. Rymarov - Tschechien % Verschwisterung, Europa, Deutschland, Italien, Frankreich, Tschechien, Polen, Belgien, Partner, Partnerstadt, Deutschland, Berlin, Hessen\" \/>\n<meta property=\"og:url\" content=\"https:\/\/www.verschwisterung-schotten.de\/vvs\/rymarov-3\/\" \/>\n<meta property=\"og:site_name\" content=\"Verschwisterungsverein Schotten e.V.\" \/>\n<meta property=\"article:publisher\" content=\"https:\/\/www.facebook.com\/verschwisterungschotten?ref=hl\" \/>\n<meta property=\"article:modified_time\" content=\"2019-03-30T02:46:14+00:00\" \/>\n<meta property=\"og:image\" content=\"http:\/\/www.verschwisterung-schotten.de\/vvs\/wp-content\/uploads\/2019\/02\/RymarovET.jpg\" \/>\n<meta name=\"twitter:card\" content=\"summary_large_image\" \/>\n<meta name=\"twitter:label1\" content=\"Gesch\u00e4tzte Lesezeit\" \/>\n\t<meta name=\"twitter:data1\" content=\"10\u00a0Minuten\" \/>\n<script type=\"application\/ld+json\" class=\"yoast-schema-graph\">{\"@context\":\"https:\/\/schema.org\",\"@graph\":[{\"@type\":\"WebPage\",\"@id\":\"https:\/\/www.verschwisterung-schotten.de\/vvs\/rymarov-3\/\",\"url\":\"https:\/\/www.verschwisterung-schotten.de\/vvs\/rymarov-3\/\",\"name\":\"Rymarov - Tschechien - Verschwisterungsverein Schotten e.V.\",\"isPartOf\":{\"@id\":\"https:\/\/www.verschwisterung-schotten.de\/vvs\/#website\"},\"datePublished\":\"2018-07-17T19:23:03+00:00\",\"dateModified\":\"2019-03-30T02:46:14+00:00\",\"description\":\"Verein, Schotten - Verschwisterungsverein Schotten e.V. Rymarov - Tschechien % Verschwisterung, Europa, Deutschland, Italien, Frankreich, Tschechien, Polen, Belgien, Partner, Partnerstadt, Deutschland, Berlin, Hessen\",\"breadcrumb\":{\"@id\":\"https:\/\/www.verschwisterung-schotten.de\/vvs\/rymarov-3\/#breadcrumb\"},\"inLanguage\":\"de\",\"potentialAction\":[{\"@type\":\"ReadAction\",\"target\":[\"https:\/\/www.verschwisterung-schotten.de\/vvs\/rymarov-3\/\"]}]},{\"@type\":\"BreadcrumbList\",\"@id\":\"https:\/\/www.verschwisterung-schotten.de\/vvs\/rymarov-3\/#breadcrumb\",\"itemListElement\":[{\"@type\":\"ListItem\",\"position\":1,\"name\":\"Startseite\",\"item\":\"https:\/\/www.verschwisterung-schotten.de\/vvs\/\"},{\"@type\":\"ListItem\",\"position\":2,\"name\":\"Rymarov &#8211; Tschechien\"}]},{\"@type\":\"WebSite\",\"@id\":\"https:\/\/www.verschwisterung-schotten.de\/vvs\/#website\",\"url\":\"https:\/\/www.verschwisterung-schotten.de\/vvs\/\",\"name\":\"Verschwisterungsverein Schotten e.V.\",\"description\":\"Die Verbindung zu den Partnerst\u00e4dten in Europa\",\"potentialAction\":[{\"@type\":\"SearchAction\",\"target\":{\"@type\":\"EntryPoint\",\"urlTemplate\":\"https:\/\/www.verschwisterung-schotten.de\/vvs\/?s={search_term_string}\"},\"query-input\":\"required name=search_term_string\"}],\"inLanguage\":\"de\"}]}<\/script>\n<!-- \/ Yoast SEO plugin. -->","yoast_head_json":{"title":"Rymarov - Tschechien - Verschwisterungsverein Schotten e.V.","description":"Verein, Schotten - Verschwisterungsverein Schotten e.V. Rymarov - Tschechien % Verschwisterung, Europa, Deutschland, Italien, Frankreich, Tschechien, Polen, Belgien, Partner, Partnerstadt, Deutschland, Berlin, Hessen","robots":{"index":"index","follow":"follow","max-snippet":"max-snippet:-1","max-image-preview":"max-image-preview:large","max-video-preview":"max-video-preview:-1"},"canonical":"https:\/\/www.verschwisterung-schotten.de\/vvs\/rymarov-3\/","og_locale":"de_DE","og_type":"article","og_title":"Rymarov - Tschechien - Verschwisterungsverein Schotten e.V.","og_description":"Verein, Schotten - Verschwisterungsverein Schotten e.V. Rymarov - Tschechien % Verschwisterung, Europa, Deutschland, Italien, Frankreich, Tschechien, Polen, Belgien, Partner, Partnerstadt, Deutschland, Berlin, Hessen","og_url":"https:\/\/www.verschwisterung-schotten.de\/vvs\/rymarov-3\/","og_site_name":"Verschwisterungsverein Schotten e.V.","article_publisher":"https:\/\/www.facebook.com\/verschwisterungschotten?ref=hl","article_modified_time":"2019-03-30T02:46:14+00:00","og_image":[{"url":"http:\/\/www.verschwisterung-schotten.de\/vvs\/wp-content\/uploads\/2019\/02\/RymarovET.jpg"}],"twitter_card":"summary_large_image","twitter_misc":{"Gesch\u00e4tzte Lesezeit":"10\u00a0Minuten"},"schema":{"@context":"https:\/\/schema.org","@graph":[{"@type":"WebPage","@id":"https:\/\/www.verschwisterung-schotten.de\/vvs\/rymarov-3\/","url":"https:\/\/www.verschwisterung-schotten.de\/vvs\/rymarov-3\/","name":"Rymarov - Tschechien - Verschwisterungsverein Schotten e.V.","isPartOf":{"@id":"https:\/\/www.verschwisterung-schotten.de\/vvs\/#website"},"datePublished":"2018-07-17T19:23:03+00:00","dateModified":"2019-03-30T02:46:14+00:00","description":"Verein, Schotten - Verschwisterungsverein Schotten e.V. Rymarov - Tschechien % Verschwisterung, Europa, Deutschland, Italien, Frankreich, Tschechien, Polen, Belgien, Partner, Partnerstadt, Deutschland, Berlin, Hessen","breadcrumb":{"@id":"https:\/\/www.verschwisterung-schotten.de\/vvs\/rymarov-3\/#breadcrumb"},"inLanguage":"de","potentialAction":[{"@type":"ReadAction","target":["https:\/\/www.verschwisterung-schotten.de\/vvs\/rymarov-3\/"]}]},{"@type":"BreadcrumbList","@id":"https:\/\/www.verschwisterung-schotten.de\/vvs\/rymarov-3\/#breadcrumb","itemListElement":[{"@type":"ListItem","position":1,"name":"Startseite","item":"https:\/\/www.verschwisterung-schotten.de\/vvs\/"},{"@type":"ListItem","position":2,"name":"Rymarov &#8211; Tschechien"}]},{"@type":"WebSite","@id":"https:\/\/www.verschwisterung-schotten.de\/vvs\/#website","url":"https:\/\/www.verschwisterung-schotten.de\/vvs\/","name":"Verschwisterungsverein Schotten e.V.","description":"Die Verbindung zu den Partnerst\u00e4dten in Europa","potentialAction":[{"@type":"SearchAction","target":{"@type":"EntryPoint","urlTemplate":"https:\/\/www.verschwisterung-schotten.de\/vvs\/?s={search_term_string}"},"query-input":"required name=search_term_string"}],"inLanguage":"de"}]}},"_links":{"self":[{"href":"https:\/\/www.verschwisterung-schotten.de\/vvs\/wp-json\/wp\/v2\/pages\/764","targetHints":{"allow":["GET"]}}],"collection":[{"href":"https:\/\/www.verschwisterung-schotten.de\/vvs\/wp-json\/wp\/v2\/pages"}],"about":[{"href":"https:\/\/www.verschwisterung-schotten.de\/vvs\/wp-json\/wp\/v2\/types\/page"}],"author":[{"embeddable":true,"href":"https:\/\/www.verschwisterung-schotten.de\/vvs\/wp-json\/wp\/v2\/users\/1"}],"replies":[{"embeddable":true,"href":"https:\/\/www.verschwisterung-schotten.de\/vvs\/wp-json\/wp\/v2\/comments?post=764"}],"version-history":[{"count":108,"href":"https:\/\/www.verschwisterung-schotten.de\/vvs\/wp-json\/wp\/v2\/pages\/764\/revisions"}],"predecessor-version":[{"id":3165,"href":"https:\/\/www.verschwisterung-schotten.de\/vvs\/wp-json\/wp\/v2\/pages\/764\/revisions\/3165"}],"wp:attachment":[{"href":"https:\/\/www.verschwisterung-schotten.de\/vvs\/wp-json\/wp\/v2\/media?parent=764"}],"curies":[{"name":"wp","href":"https:\/\/api.w.org\/{rel}","templated":true}]}}