{"id":750,"date":"2018-07-17T21:10:53","date_gmt":"2018-07-17T19:10:53","guid":{"rendered":"http:\/\/www.verschwisterung-schotten.de\/vvs\/?page_id=750"},"modified":"2019-03-30T03:04:04","modified_gmt":"2019-03-30T02:04:04","slug":"beloeil-2-2","status":"publish","type":"page","link":"https:\/\/www.verschwisterung-schotten.de\/vvs\/beloeil-2-2\/","title":{"rendered":"Beloeil &#8211; Belgien"},"content":{"rendered":"\t\t<div data-elementor-type=\"wp-post\" data-elementor-id=\"750\" class=\"elementor elementor-750\">\n\t\t\t\t\t\t\t\t\t<section class=\"elementor-section elementor-top-section elementor-element elementor-element-7dcab048 elementor-section-boxed elementor-section-height-default elementor-section-height-default\" data-id=\"7dcab048\" data-element_type=\"section\">\n\t\t\t\t\t\t<div class=\"elementor-container elementor-column-gap-default\">\n\t\t\t\t\t<div class=\"elementor-column elementor-col-100 elementor-top-column elementor-element elementor-element-1ec7ef4f\" data-id=\"1ec7ef4f\" data-element_type=\"column\">\n\t\t\t<div class=\"elementor-widget-wrap elementor-element-populated\">\n\t\t\t\t\t\t\t\t<div class=\"elementor-element elementor-element-583b6373 elementor-widget elementor-widget-text-editor\" data-id=\"583b6373\" data-element_type=\"widget\" data-widget_type=\"text-editor.default\">\n\t\t\t\t<div class=\"elementor-widget-container\">\n\t\t\t\t\t\t\t<p style=\"text-align: justify;\"><img decoding=\"async\" class=\"alignleft wp-image-2752 size-full\" src=\"http:\/\/www.verschwisterung-schotten.de\/vvs\/wp-content\/uploads\/2019\/03\/Wappen_Beloeil-1.jpg\" alt=\"\" width=\"134\" height=\"143\" \/><span style=\"font-size: 12pt;\">Bel\u0153il ist eine Gemeinde in der westbelgischen Provinz Hennegau (Hainaut) und im Verwaltungsbezirk Ath. Der Hennegau geh\u00f6rt zur Wallonischen Region und zur franz\u00f6sischsprachigen Gemeinschaft Belgiens. Der Name kn\u00fcpft an die historische Grafschaft Hennegau an und leitet sich von dem Fluss Haine ab. <\/span><span style=\"font-size: 12pt;\">Von Bel\u0153il aus sind es in nord\u00f6stlicher Richtung 74 km bis zur belgischen Hauptstadt Br\u00fcssel und in westlicher Richtung 63 km bis zum nordfranz\u00f6sischen Lille. <\/span><span style=\"font-size: 12pt;\">Bel\u0153il besteht aus den Orten Aubechies, Bas\u00e8cles, Beloeil, Ellignies-Sainte-Anne, Grandglise, Quevaucamps, Rameignies, Stambruges, Thumaide und Wadelincourt. <\/span><span style=\"font-size: 12pt;\">Nach der Gemeindereform wurde die neue Stadt nach dem Schloss Bel\u0153il benannt, dem Schloss der F\u00fcrsten von Ligne. Eine andere Bezeichnung, die man auf alten Karten findet, ist Bailleul.<br \/><\/span><span style=\"font-size: 12pt;\">Die Gemeindeverwaltung hat ihren Sitz im Stadtteil Quevaucamps, der Ort, mit dem Schotten urspr\u00fcnglich die Verschwisterung begr\u00fcndet hatte.<\/span><\/p><div class=\"n2-has-copy n2-code n2-ss-slider-shortcode-id\"><\/div>\t\t\t\t\t\t<\/div>\n\t\t\t\t<\/div>\n\t\t\t\t\t<\/div>\n\t\t<\/div>\n\t\t\t\t\t\t\t<\/div>\n\t\t<\/section>\n\t\t\t\t<section class=\"elementor-section elementor-top-section elementor-element elementor-element-600bc2a elementor-section-boxed elementor-section-height-default elementor-section-height-default\" data-id=\"600bc2a\" data-element_type=\"section\">\n\t\t\t\t\t\t<div class=\"elementor-container elementor-column-gap-default\">\n\t\t\t\t\t<div class=\"elementor-column elementor-col-100 elementor-top-column elementor-element elementor-element-21360a1\" data-id=\"21360a1\" data-element_type=\"column\">\n\t\t\t<div class=\"elementor-widget-wrap elementor-element-populated\">\n\t\t\t\t\t\t\t\t<div class=\"elementor-element elementor-element-70709ee elementor-widget elementor-widget-toggle\" data-id=\"70709ee\" data-element_type=\"widget\" data-widget_type=\"toggle.default\">\n\t\t\t\t<div class=\"elementor-widget-container\">\n\t\t\t\t\t<div class=\"elementor-toggle\">\n\t\t\t\t\t\t\t<div class=\"elementor-toggle-item\">\n\t\t\t\t\t<h5 id=\"elementor-tab-title-1171\" class=\"elementor-tab-title\" data-tab=\"1\" role=\"button\" aria-controls=\"elementor-tab-content-1171\" aria-expanded=\"false\">\n\t\t\t\t\t\t\t\t\t\t\t\t<span class=\"elementor-toggle-icon elementor-toggle-icon-right\" aria-hidden=\"true\">\n\t\t\t\t\t\t\t\t\t\t\t\t\t\t\t<span class=\"elementor-toggle-icon-closed\"><i class=\"fas fa-caret-right\"><\/i><\/span>\n\t\t\t\t\t\t\t\t<span class=\"elementor-toggle-icon-opened\"><i class=\"elementor-toggle-icon-opened fas fa-caret-up\"><\/i><\/span>\n\t\t\t\t\t\t\t\t\t\t\t\t\t<\/span>\n\t\t\t\t\t\t\t\t\t\t\t\t<a class=\"elementor-toggle-title\" tabindex=\"0\">St\u00e4dtepartnerschaften<\/a>\n\t\t\t\t\t<\/h5>\n\n\t\t\t\t\t<div id=\"elementor-tab-content-1171\" class=\"elementor-tab-content elementor-clearfix\" data-tab=\"1\" role=\"region\" aria-labelledby=\"elementor-tab-title-1171\"><p style=\"text-align: justify;\"><span style=\"font-size: 12pt;\">Der Partnerschaftsvertrag wurde 1963 zwischen Crosne\/Frankreich, Quevaucamps\/Belgien und Schotten\/Deutschland abgeschlossen und von den B\u00fcrgermeistern Marcel Mandion (Crosne), Jean de Gouyes (Quevaucamps) und Georg von Villeneuve (Schotten) am 11.Juni 1964 in Crosne unterzeichnet.<\/span><\/p><p style=\"text-align: justify;\"><span style=\"font-size: 12pt;\"><img fetchpriority=\"high\" decoding=\"async\" class=\"alignleft wp-image-2679\" src=\"http:\/\/www.verschwisterung-schotten.de\/vvs\/wp-content\/uploads\/2019\/03\/B-Bild11-jumelageacte_1-1.jpg\" alt=\"\" width=\"380\" height=\"571\" srcset=\"https:\/\/www.verschwisterung-schotten.de\/vvs\/wp-content\/uploads\/2019\/03\/B-Bild11-jumelageacte_1-1.jpg 474w, https:\/\/www.verschwisterung-schotten.de\/vvs\/wp-content\/uploads\/2019\/03\/B-Bild11-jumelageacte_1-1-200x300.jpg 200w\" sizes=\"(max-width: 380px) 100vw, 380px\" \/>Die Tr\u00e4ger der Partnerschaftspflege in den ersten Jahren waren die jeweiligen st\u00e4dtischen Gremien, die Feuerwehren, die Fu\u00dfballverei<\/span><span style=\"font-size: 12pt;\">ne und die Musikkapelle \u201eSilverstones\u201c aus Schotten. Die 1200-Jahrfeier der Stadt Schotten im Jahre 1978, an der gro\u00dfe Besuchergruppen aus den Partnerst\u00e4dten teilnahmen, die \u00fcbrigens ausschlie\u00dflich in Privatfamilien untergebracht waren, zog eine Intensivierung des Besucheraustausches nach sich. Au\u00dferdem entstanden die Partnerschaftsvereine, die nun \u00fcberwiegend die Partnerschaftspflege \u00fcbernahmen.<\/span><\/p><p style=\"text-align: justify;\"><span style=\"font-size: 12pt;\">Die vom langj\u00e4hrigen Vorsitzenden des Comit\u00e9 de Beloeil Michel Museur ins Leben gerufene &#8222;Tour du Jumelage&#8220; wurde erstmals 1981 von Schotten organisiert: eine 7-Tage-Radtour f\u00fchrte damals von Echternach\/Luxemburg durch das Moseltal bis nach Schotten. Dadurch wurde gerade f\u00fcr junge Leute neue Impulse gesetzt und es folgte die Zeit mit dem st\u00e4rksten Besucheraustausch zwischen Beloeil und Schotten. Man erinnere sich an die Fu\u00dfballturniere, an die allj\u00e4hrlich von Jean Ballant (Sekret\u00e4r des Comit\u00e9 de Beloeil) organisierten Winteraufenthalte mit gro\u00dfen Sch\u00fclergruppen aus Beloeil und Crosne auf dem Hoherodskopf sowie an die gemeinsamen Urlaubsfahrten und Silvesterfeiern belgischer, franz\u00f6sischer und deutscher Jugendlicher, organisiert in Eigenregie.<\/span><\/p><p style=\"text-align: justify;\"><span style=\"font-size: 12pt;\">Jubil\u00e4umsfeiern, viele Arbeitstreffen und die von Beloeil mehrmals organisierte Tour du Jumelage erm\u00f6glichten den Schottener Besuchern einen besonderen Einblick in das Land Belgien mit seinen Bewohnern von den Ardennen bis zur Nordsee.<\/span><\/p><p style=\"margin-bottom: 0cm; text-align: justify;\"><span style=\"font-size: 12pt;\">Gerne erinnern sich viele Schottener an den Kost\u00fcmballball Ende 1980 zum 150-j\u00e4hrigen Bestehen des belgischen Staates in der Orangerie von Schloss Beloeil. Aber auch an die Jubil\u00e4umsfeiern zum 25-j\u00e4hrigen, 30-j\u00e4hrigen und 35-j\u00e4hrigen Bestehens der Partnerschaft in Beloeil, in deren Rahmen viel von der belgischen Kultur zu erfahren war. Aber auch die belgischen Freunde hatten anl\u00e4sslich der 20-j\u00e4hrigen, 30-j\u00e4hrigen, 40-j\u00e4hrigen und 50-j\u00e4hrigen Jubil\u00e4en in Schotten reichlich Gelegenheit, die Schottener Gastfreundschaft zu erleben.<\/span><\/p><p style=\"margin-bottom: 0cm; text-align: justify;\"><span style=\"font-size: 12pt;\">Der Partnerschaftsverein in Beloeil<br \/><\/span><span style=\"font-size: 12pt;\">Das Partnerschaftskomit\u00e9e von Beloeil wurde lange Jahre von den Familien Ballant, Delcourt, Dulieu, Moiny und Museur getragen. <br \/><\/span><\/p><p align=\"JUSTIFY\"><span style=\"font-size: 12pt;\">Am 22. Juni 2010 hat der Gemeinderat von Beloeil eine neue Satzung f\u00fcr das &#8222;Comit\u00e9 de twinning de Beloeil&#8220; verabschiedet. Diese neue Form des Vereins hat daher nun eine eigene Satzung der ASBL Communale und das Hauptziel, &#8222;den Austausch (Kultur-, Schul-, Sport-, Soziales &#8230;) zwischen den Bewohnern unserer Gemeinde und den Bewohnern der europ\u00e4ischen St\u00e4dte, mit denen Beloeil verbunden ist, zu f\u00f6rdern&#8220;.<br \/><\/span><\/p><table style=\"height: 78px; width: 750px; background-color: #f5f2f2; border-style: solid; border-color: #bfbdbd;\" border=\"2px\" cellpadding=\"5px\"><tbody><tr><td style=\"width: 582px; text-align: justify;\"><span style=\"font-size: 12pt;\"><em>Anmerkung zu ASBL<br \/><\/em><em>Die Vereinigung ohne Gewinnerzielungsabsicht (VoG; niederl\u00e4ndisch: Vereniging zonder winstoogmerk (vzw), franz\u00f6sisch Association sans but lucratif (asbl)) ist eine Rechtsform des <span lang=\"zxx\">Idealvereins<\/span> in <span lang=\"zxx\">Belgien<\/span>, die im internationalen Vergleich als <span lang=\"zxx\">Non-Profit-Organisation<\/span><\/em><em> (NPO) eingestuft wird.<\/em><\/span><\/td><\/tr><\/tbody><\/table><p><span style=\"font-size: 12pt;\"><strong>Weitere Partnerschaften mit:<\/strong><br \/>Arco (Italien\/Trentino), Bogen (Deutschland(Bayern), Crosne (Frankreich), Ozimek (Polen), Roccella Ionica (Italien\/Kalabrien), Rymarov (Tschechien)<\/span><\/p><\/div>\n\t\t\t\t<\/div>\n\t\t\t\t\t\t\t\t<\/div>\n\t\t\t\t<\/div>\n\t\t\t\t<\/div>\n\t\t\t\t\t<\/div>\n\t\t<\/div>\n\t\t\t\t\t\t\t<\/div>\n\t\t<\/section>\n\t\t\t\t<section class=\"elementor-section elementor-top-section elementor-element elementor-element-16ffbe8 elementor-section-boxed elementor-section-height-default elementor-section-height-default\" data-id=\"16ffbe8\" data-element_type=\"section\">\n\t\t\t\t\t\t<div class=\"elementor-container elementor-column-gap-default\">\n\t\t\t\t\t<div class=\"elementor-column elementor-col-100 elementor-top-column elementor-element elementor-element-5f24031\" data-id=\"5f24031\" data-element_type=\"column\">\n\t\t\t<div class=\"elementor-widget-wrap elementor-element-populated\">\n\t\t\t\t\t\t\t\t<div class=\"elementor-element elementor-element-07aa746 elementor-widget elementor-widget-toggle\" data-id=\"07aa746\" data-element_type=\"widget\" data-widget_type=\"toggle.default\">\n\t\t\t\t<div class=\"elementor-widget-container\">\n\t\t\t\t\t<div class=\"elementor-toggle\">\n\t\t\t\t\t\t\t<div class=\"elementor-toggle-item\">\n\t\t\t\t\t<h5 id=\"elementor-tab-title-8031\" class=\"elementor-tab-title\" data-tab=\"1\" role=\"button\" aria-controls=\"elementor-tab-content-8031\" aria-expanded=\"false\">\n\t\t\t\t\t\t\t\t\t\t\t\t<span class=\"elementor-toggle-icon elementor-toggle-icon-right\" aria-hidden=\"true\">\n\t\t\t\t\t\t\t\t\t\t\t\t\t\t\t<span class=\"elementor-toggle-icon-closed\"><i class=\"fas fa-caret-right\"><\/i><\/span>\n\t\t\t\t\t\t\t\t<span class=\"elementor-toggle-icon-opened\"><i class=\"elementor-toggle-icon-opened fas fa-caret-up\"><\/i><\/span>\n\t\t\t\t\t\t\t\t\t\t\t\t\t<\/span>\n\t\t\t\t\t\t\t\t\t\t\t\t<a class=\"elementor-toggle-title\" tabindex=\"0\">Geschichte<\/a>\n\t\t\t\t\t<\/h5>\n\n\t\t\t\t\t<div id=\"elementor-tab-content-8031\" class=\"elementor-tab-content elementor-clearfix\" data-tab=\"1\" role=\"region\" aria-labelledby=\"elementor-tab-title-8031\"><p style=\"text-align: justify;\"><span style=\"font-size: 12pt;\"><strong>Als Belgien noch nicht Belgien war<\/strong><br \/><\/span><span style=\"font-size: 12pt;\">Die Geschichte Belgiens beginnt eigentlich erst im Jahr 1830. Vorher geh\u00f6rten die Regionen, aus denen das heutige Belgien besteht, unter anderem zu Frankreich, \u00d6sterreich, Spanien und den Niederlanden. Im 16. Jahrhundert war Belgien Teil des riesigen Habsburgerreiches und geh\u00f6rte zu den damaligen &#8222;Spanischen Niederlanden&#8220;. Die Habsburger waren katholisch, im Norden der damaligen Niederlande aber breitete sich der Protestantismus aus. Philipp II., Herrscher \u00fcber Spanien und die Niederlande, versuchte Ende des 16. Jahrhunderts, die protestantische Bewegung niederzuschlagen. Die heutigen Niederlande widerstanden ihm und blieben protestantisch. Das heutige Belgien fiel an die katholischen Spanier zur\u00fcck.<\/span><\/p><p style=\"text-align: justify;\"><span style=\"font-size: 12pt;\">1792 marschierte Napoleon Bonaparte ein, wurde aber 1815 bei Waterloo, s\u00fcdlich von Br\u00fcssel, geschlagen. Noch im selben Jahr beschlossen die europ\u00e4ischen Gro\u00dfm\u00e4chte auf dem Wiener Kongress das Vereinigte K\u00f6nigreich der Niederlande, bestehend aus den s\u00fcdlichen Niederlanden (heutiges Belgien), den n\u00f6rdlichen Niederlanden und dem ehemaligen Bistum L\u00fcttich.<\/span><\/p><p style=\"text-align: justify;\"><strong><span style=\"font-size: 12pt;\">Revolution\u00e4re Oper und Geburt Belgiens<br \/><\/span><\/strong><span style=\"font-size: 12pt;\">Dem K\u00f6nigreich der Vereinigten Niederlande war kein langes Leben beschieden. Der katholische und zur H\u00e4lfte franz\u00f6sischsprachige S\u00fcden litt unter der autorit\u00e4ren Politik des protestantischen K\u00f6nigs Willem I. von Oranien.<\/span><\/p><p style=\"text-align: justify;\"><span style=\"font-size: 12pt;\">Am 25. August 1830 eskalierte die Lage: Abends wurde im Br\u00fcsseler Th\u00e9\u00e2tre de la Monnaie &#8222;Die Stumme von Portici&#8220; von <span lang=\"fr-FR\">Daniel-Fran\u00e7ois-Esprit Auber<\/span> gespielt, eine Oper \u00fcber den Volksaufstand der Neapolitaner gegen den spanischen Unterdr\u00fccker. Als der Tenor im dritten Akt mit einer Axt in der Hand sang: &#8222;Laufet zur Rache! Die Waffen, das Feuer! Auf dass unsere Wachsamkeit unserem Leid ein Ende bereite!&#8220;, erhob sich das Publikum und rief &#8222;<span lang=\"fr-FR\">Aux armes! Aux armes<\/span>!&#8220; (&#8222;Zu den Waffen!&#8220;). Die Zuschauer st\u00fcrmten auf die Stra\u00dfe und griffen zu den Waffen. Einen Monat sp\u00e4ter waren die Niederl\u00e4nder besiegt und Belgien erkl\u00e4rte seine Unabh\u00e4ngigkeit.<\/span><\/p><p style=\"text-align: justify;\"><span style=\"font-size: 12pt;\">Die Niederlande gaben den ungeliebten katholischen S\u00fcden schnell auf. Am 4. November 1830 erkannten die europ\u00e4ischen Gro\u00dfm\u00e4chte w\u00e4hrend der Londoner Konferenz die Trennung Belgiens von den Niederlanden an. Belgien \u2013 mit seinen Provinzen Flandern und der Wallonien \u2013 war geboren.<\/span><\/p><p class=\"western\" style=\"text-align: justify;\"><strong><span style=\"font-size: 12pt;\">K\u00f6nigshaus und Sprachenstreit<br \/><\/span><\/strong><span style=\"font-size: 12pt;\">Leopold I. wurde erster K\u00f6nig der Belgier, Staatsform die heute noch bestehende parlamentarische Monarchie. Leopold gab sich liberal, regierte aber die von ihm verachteten fl\u00e4mischen Untertanen mit eiserner Faust. In Flandern sollte Niederl\u00e4ndisch nur in der Grundschule benutzt werden, ab der Sekundarstufe verlief auch dort der Unterricht auf franz\u00f6sisch. <span lang=\"fr-FR\">&#8222;Le Flamand&#8220;<\/span> wurde zum Schimpfwort, Niederl\u00e4ndisch die Sprache der ungeliebten Holl\u00e4nder. Die Grundlage f\u00fcr den heute noch andauernden Sprachenstreit war gelegt.<\/span><\/p><p class=\"western\" style=\"text-align: justify;\"><strong><span style=\"font-size: 12pt;\">Reiches Flandern, arme Wallonie<br \/><\/span><\/strong><span style=\"font-size: 12pt;\">Der heutige Hauptstreitpunkt zwischen Flamen und Wallonen ist die unterschiedliche \u00f6konomische St\u00e4rke der Regionen. Im 19. Jahrhundert war die Wallonie dank Steinkohle, Stahl und Glas der wirtschaftliche Motor des Landes. Bis in die 50er Jahre des 20. Jahrhunderts war die franz\u00f6sischsprachige Bev\u00f6lkerung in der Wallonie die &#8222;tonangebende&#8220; Volksgruppe in Belgien, der niederl\u00e4ndischsprachige \u00e4rmere Teil hatte wenig zu bestimmen.<br \/><\/span><\/p><div class=\"n2-has-copy n2-code n2-ss-slider-shortcode-id\"><p><\/p><p style=\"text-align: justify;\"><span style=\"font-size: 12pt;\">In den 1960er Jahren kam es zur weltweiten Stahlkrise. Diese traf die Wallonie besonders schwer, weil die Anlagen v\u00f6llig veraltet und nicht wettbewerbsf\u00e4hig waren. Die ehemals reichen wallonischen Regionen wurden zum Armenhaus Belgiens. Dagegen bl\u00fchte Flandern auf. In Antwerpen lie\u00df sich etwa dank des internationalen Seehafens die wirtschaftsstarke Chemieindustrie nieder. 2006 wurden nahezu 60 Prozent des Bruttosozialproduktes in Flandern erwirtschaftet.<\/span><\/p><p style=\"text-align: justify;\"><span style=\"font-size: 12pt;\">Da sich die Flamen seit der Staatsgr\u00fcndung von ihren franz\u00f6sischsprachigen Landsleuten unterdr\u00fcckt f\u00fchlten, sehen sie heute wenig Grund, die arme Wallonie mit ihren Steuergeldern zu unterst\u00fctzen. Diese Spannungen lassen auch extreme Parteien, wie die fl\u00e4mische nationalistische Partei &#8222;Vlaams Belang&#8220; (fr\u00fcher &#8222;Vlaams Blok&#8220;) erstarken.<\/span><\/p><p class=\"western\" style=\"text-align: justify;\"><span style=\"font-size: 12pt;\"><strong>Die Zukunft Belgiens<\/strong><br \/><\/span><span style=\"font-size: 12pt;\">Von Anfang an einte die katholischen Flamen und die ebenfalls katholischen Wallonen nicht viel mehr als der Hass auf den protestantischen, niederl\u00e4ndischen Okkupanten. Der Katholizismus, der K\u00f6nig und der (bis 1960 belgische) Kongo dienten einige Zeit als Klammern. Doch viele junge Flamen sprechen heute besser Englisch als Franz\u00f6sisch, die Wallonen lernen allenfalls widerwillig Niederl\u00e4ndisch. Die Sprachgrenze geht durch Schulen, das Fernsehen, die Presse. Auch das K\u00f6nigshaus ist ein nur begrenzt verbindendes Element. Gerade Flamen sehen sich vom franz\u00f6sischsprachigen K\u00f6nigshaus kaum vertreten und sind immer weniger bereit, dieses mit ihren Abgaben und Steuern zu finanzieren.<\/span><\/p><p style=\"text-align: justify;\"><span style=\"font-size: 12pt;\">Was bleibt also? Im Streit zwischen Flandern und der Wallonie scheint das gemeinsame Kind Br\u00fcssel das verbindende Element zu sein. Br\u00fcssel mit seinen internationalen Institutionen ist einfach zu wichtig, keiner m\u00f6chte darauf verzichten. Die Flamen argumentieren, Br\u00fcssel sei historisch fl\u00e4misch und liege geografisch in Flandern. In Br\u00fcssel, sagen die Wallonen, spr\u00e4chen 85 Prozent der Einwohner franz\u00f6sisch. Logisch also, dass Br\u00fcssel zur Wallonie geh\u00f6re.<\/span><\/p><p style=\"text-align: justify;\"><span style=\"font-size: 12pt;\">Unsere Partnerstadt Beloeil ist seit jeher verbunden mit der Geschichte des F\u00fcrstengeschlechtes derer von de Ligne, die seit 1394 auf Schloss Beloeil residieren.<\/span><\/p><\/div><\/div>\n\t\t\t\t<\/div>\n\t\t\t\t\t\t\t\t<\/div>\n\t\t\t\t<\/div>\n\t\t\t\t<\/div>\n\t\t\t\t\t<\/div>\n\t\t<\/div>\n\t\t\t\t\t\t\t<\/div>\n\t\t<\/section>\n\t\t\t\t<section class=\"elementor-section elementor-top-section elementor-element elementor-element-76abec9 elementor-section-boxed elementor-section-height-default elementor-section-height-default\" data-id=\"76abec9\" data-element_type=\"section\">\n\t\t\t\t\t\t<div class=\"elementor-container elementor-column-gap-default\">\n\t\t\t\t\t<div class=\"elementor-column elementor-col-100 elementor-top-column elementor-element elementor-element-cf8bcb2\" data-id=\"cf8bcb2\" data-element_type=\"column\">\n\t\t\t<div class=\"elementor-widget-wrap elementor-element-populated\">\n\t\t\t\t\t\t\t\t<div class=\"elementor-element elementor-element-28f9a05 elementor-widget elementor-widget-toggle\" data-id=\"28f9a05\" data-element_type=\"widget\" data-widget_type=\"toggle.default\">\n\t\t\t\t<div class=\"elementor-widget-container\">\n\t\t\t\t\t<div class=\"elementor-toggle\">\n\t\t\t\t\t\t\t<div class=\"elementor-toggle-item\">\n\t\t\t\t\t<h5 id=\"elementor-tab-title-4291\" class=\"elementor-tab-title\" data-tab=\"1\" role=\"button\" aria-controls=\"elementor-tab-content-4291\" aria-expanded=\"false\">\n\t\t\t\t\t\t\t\t\t\t\t\t<span class=\"elementor-toggle-icon elementor-toggle-icon-right\" aria-hidden=\"true\">\n\t\t\t\t\t\t\t\t\t\t\t\t\t\t\t<span class=\"elementor-toggle-icon-closed\"><i class=\"fas fa-caret-right\"><\/i><\/span>\n\t\t\t\t\t\t\t\t<span class=\"elementor-toggle-icon-opened\"><i class=\"elementor-toggle-icon-opened fas fa-caret-up\"><\/i><\/span>\n\t\t\t\t\t\t\t\t\t\t\t\t\t<\/span>\n\t\t\t\t\t\t\t\t\t\t\t\t<a class=\"elementor-toggle-title\" tabindex=\"0\">Stadtgesellschaft<\/a>\n\t\t\t\t\t<\/h5>\n\n\t\t\t\t\t<div id=\"elementor-tab-content-4291\" class=\"elementor-tab-content elementor-clearfix\" data-tab=\"1\" role=\"region\" aria-labelledby=\"elementor-tab-title-4291\"><p><span style=\"font-size: 14pt;\"><strong>Bildung<\/strong><\/span><\/p><p><span style=\"font-size: 14pt;\"><strong>Kommunalpolitik<\/strong><\/span><br \/><span style=\"font-size: 12pt;\">Gemeindeverwaltung und &#8211; -parlament setzt sich zusammen aus:<\/span><br \/><span style=\"font-size: 12pt;\">B\u00fcrgermeister \/ 6 Stadtr\u00e4te (4 M, 2 W) \/ 17 Abgeordnete (9 M, 8 W)<\/span><br \/><span style=\"font-size: 12pt;\">Koalition: PS \/ Ensemble<\/span><\/p><p><span style=\"font-size: 14pt;\"><strong>Kultur, Freizeit und Leben<\/strong><\/span><\/p><p><span style=\"font-size: 14pt;\"><strong>Sport<\/strong><\/span><\/p><\/div>\n\t\t\t\t<\/div>\n\t\t\t\t\t\t\t\t<\/div>\n\t\t\t\t<\/div>\n\t\t\t\t<\/div>\n\t\t\t\t\t<\/div>\n\t\t<\/div>\n\t\t\t\t\t\t\t<\/div>\n\t\t<\/section>\n\t\t\t\t<section class=\"elementor-section elementor-top-section elementor-element elementor-element-39cb9f2 elementor-section-boxed elementor-section-height-default elementor-section-height-default\" data-id=\"39cb9f2\" data-element_type=\"section\">\n\t\t\t\t\t\t<div class=\"elementor-container elementor-column-gap-default\">\n\t\t\t\t\t<div class=\"elementor-column elementor-col-100 elementor-top-column elementor-element elementor-element-570ba63\" data-id=\"570ba63\" data-element_type=\"column\">\n\t\t\t<div class=\"elementor-widget-wrap elementor-element-populated\">\n\t\t\t\t\t\t\t\t<div class=\"elementor-element elementor-element-aa67330 elementor-widget elementor-widget-menu-anchor\" data-id=\"aa67330\" data-element_type=\"widget\" data-widget_type=\"menu-anchor.default\">\n\t\t\t\t<div class=\"elementor-widget-container\">\n\t\t\t\t\t<div id=\"stadt\" class=\"elementor-menu-anchor\"><\/div>\n\t\t\t\t<\/div>\n\t\t\t\t<\/div>\n\t\t\t\t<div class=\"elementor-element elementor-element-fe63e41 elementor-widget elementor-widget-menu-anchor\" data-id=\"fe63e41\" data-element_type=\"widget\" data-widget_type=\"menu-anchor.default\">\n\t\t\t\t<div class=\"elementor-widget-container\">\n\t\t\t\t\t<div id=\"land\" class=\"elementor-menu-anchor\"><\/div>\n\t\t\t\t<\/div>\n\t\t\t\t<\/div>\n\t\t\t\t<div class=\"elementor-element elementor-element-cacc63a elementor-widget elementor-widget-menu-anchor\" data-id=\"cacc63a\" data-element_type=\"widget\" data-widget_type=\"menu-anchor.default\">\n\t\t\t\t<div class=\"elementor-widget-container\">\n\t\t\t\t\t<div id=\"begegnungen\" class=\"elementor-menu-anchor\"><\/div>\n\t\t\t\t<\/div>\n\t\t\t\t<\/div>\n\t\t\t\t<div class=\"elementor-element elementor-element-3cfdbf8 elementor-widget elementor-widget-toggle\" data-id=\"3cfdbf8\" data-element_type=\"widget\" data-widget_type=\"toggle.default\">\n\t\t\t\t<div class=\"elementor-widget-container\">\n\t\t\t\t\t<div class=\"elementor-toggle\">\n\t\t\t\t\t\t\t<div class=\"elementor-toggle-item\">\n\t\t\t\t\t<h5 id=\"elementor-tab-title-6391\" class=\"elementor-tab-title\" data-tab=\"1\" role=\"button\" aria-controls=\"elementor-tab-content-6391\" aria-expanded=\"false\">\n\t\t\t\t\t\t\t\t\t\t\t\t<span class=\"elementor-toggle-icon elementor-toggle-icon-right\" aria-hidden=\"true\">\n\t\t\t\t\t\t\t\t\t\t\t\t\t\t\t<span class=\"elementor-toggle-icon-closed\"><i class=\"fas fa-caret-right\"><\/i><\/span>\n\t\t\t\t\t\t\t\t<span class=\"elementor-toggle-icon-opened\"><i class=\"elementor-toggle-icon-opened fas fa-caret-up\"><\/i><\/span>\n\t\t\t\t\t\t\t\t\t\t\t\t\t<\/span>\n\t\t\t\t\t\t\t\t\t\t\t\t<a class=\"elementor-toggle-title\" tabindex=\"0\">Wirtschaft<\/a>\n\t\t\t\t\t<\/h5>\n\n\t\t\t\t\t<div id=\"elementor-tab-content-6391\" class=\"elementor-tab-content elementor-clearfix\" data-tab=\"1\" role=\"region\" aria-labelledby=\"elementor-tab-title-6391\"><p style=\"text-align: justify;\"><span style=\"font-size: 12pt;\">Die Gegend rundum Beloeil ist sehr stark von der Landwirtschaft gepr\u00e4gt. Bekannt sind die Wallonie und Flandern f\u00fcr ihre Textilien, und das war f\u00fcr die Bev\u00f6lkerung in Quevaucamps ein bedeutender Erwerbszweig. Bis in die 70er Jahre war hier noch eine gut florierende Textilindustrie ans\u00e4ssig. Zur Erinnerung daran wurde ein Museum eingerichtet. Viele Menschen arbeiteten auch in den Stein- und Marmorbr\u00fcchen im Raum Bas\u00e8cles.<\/span><\/p><\/div>\n\t\t\t\t<\/div>\n\t\t\t\t\t\t\t\t<\/div>\n\t\t\t\t<\/div>\n\t\t\t\t<\/div>\n\t\t\t\t\t<\/div>\n\t\t<\/div>\n\t\t\t\t\t\t\t<\/div>\n\t\t<\/section>\n\t\t\t\t<section class=\"elementor-section elementor-top-section elementor-element elementor-element-48ca6e5 elementor-section-boxed elementor-section-height-default elementor-section-height-default\" data-id=\"48ca6e5\" data-element_type=\"section\">\n\t\t\t\t\t\t<div class=\"elementor-container elementor-column-gap-default\">\n\t\t\t\t\t<div class=\"elementor-column elementor-col-100 elementor-top-column elementor-element elementor-element-5bc9645\" data-id=\"5bc9645\" data-element_type=\"column\">\n\t\t\t<div class=\"elementor-widget-wrap elementor-element-populated\">\n\t\t\t\t\t\t\t\t<div class=\"elementor-element elementor-element-7cbba43 elementor-widget elementor-widget-toggle\" data-id=\"7cbba43\" data-element_type=\"widget\" data-widget_type=\"toggle.default\">\n\t\t\t\t<div class=\"elementor-widget-container\">\n\t\t\t\t\t<div class=\"elementor-toggle\">\n\t\t\t\t\t\t\t<div class=\"elementor-toggle-item\">\n\t\t\t\t\t<h5 id=\"elementor-tab-title-1301\" class=\"elementor-tab-title\" data-tab=\"1\" role=\"button\" aria-controls=\"elementor-tab-content-1301\" aria-expanded=\"false\">\n\t\t\t\t\t\t\t\t\t\t\t\t<span class=\"elementor-toggle-icon elementor-toggle-icon-right\" aria-hidden=\"true\">\n\t\t\t\t\t\t\t\t\t\t\t\t\t\t\t<span class=\"elementor-toggle-icon-closed\"><i class=\"fas fa-caret-right\"><\/i><\/span>\n\t\t\t\t\t\t\t\t<span class=\"elementor-toggle-icon-opened\"><i class=\"elementor-toggle-icon-opened fas fa-caret-up\"><\/i><\/span>\n\t\t\t\t\t\t\t\t\t\t\t\t\t<\/span>\n\t\t\t\t\t\t\t\t\t\t\t\t<a class=\"elementor-toggle-title\" tabindex=\"0\">Sehensw\u00fcrdigkeiten<\/a>\n\t\t\t\t\t<\/h5>\n\n\t\t\t\t\t<div id=\"elementor-tab-content-1301\" class=\"elementor-tab-content elementor-clearfix\" data-tab=\"1\" role=\"region\" aria-labelledby=\"elementor-tab-title-1301\"><ul><li><p><span style=\"font-size: 12pt;\">An herausragender Stelle steht hier das Schloss Beloeil mit der nach Vorbild von Versailles gro\u00dfz\u00fcgig angelegten Gartenlandschaft.<\/span><\/p><\/li><li><p><span style=\"font-size: 12pt;\">Die arch\u00e4ologische St\u00e4tte von Aubechies nimmt den Besucher mit auf eine Reise durch 5000 Jahre Vergangenheit. Das Freilichtmuseum dokumentiert das Leben der V\u00f6lker, die sich nacheinander in dieser Region angesiedelt haben.<\/span><\/p><\/li><li><p><span style=\"font-size: 12pt;\">La Mer de Sable ist ein Freizeitpark, der sich besonders an Familien richtet. Neben der landschaftlich sch\u00f6nen Umgebung sind es vor allem die Western Shows und Wasserfahrten, die den Park zu etwas Besonderem machen. Namensgebend f\u00fcr La Mer de Sable war hier das riesige &#8222;Sandmeer&#8220;, welches einen gro\u00dfen Teil der Gesamtfl\u00e4che ausmacht.<\/span><\/p><\/li><li><p><span style=\"font-size: 12pt;\">Mus\u00e9es de la Bonneterie \u00e0 Quevaucamps und Mus\u00e9e du Marbre (Marmor) \u00e0 Bas\u00e8cles<\/span><\/p><\/li><li><p><span style=\"font-size: 12pt;\">Kirche Saint-Gery in Aubechies<\/span><\/p><\/li><\/ul><\/div>\n\t\t\t\t<\/div>\n\t\t\t\t\t\t\t\t<\/div>\n\t\t\t\t<\/div>\n\t\t\t\t<\/div>\n\t\t\t\t\t<\/div>\n\t\t<\/div>\n\t\t\t\t\t\t\t<\/div>\n\t\t<\/section>\n\t\t\t\t<section class=\"elementor-section elementor-top-section elementor-element elementor-element-8aecaa9 elementor-section-boxed elementor-section-height-default elementor-section-height-default\" data-id=\"8aecaa9\" data-element_type=\"section\">\n\t\t\t\t\t\t<div class=\"elementor-container elementor-column-gap-default\">\n\t\t\t\t\t<div class=\"elementor-column elementor-col-33 elementor-top-column elementor-element elementor-element-6b5a86f\" data-id=\"6b5a86f\" data-element_type=\"column\">\n\t\t\t<div class=\"elementor-widget-wrap elementor-element-populated\">\n\t\t\t\t\t\t\t\t<div class=\"elementor-element elementor-element-4eeb8c0 elementor-align-left elementor-widget elementor-widget-button\" data-id=\"4eeb8c0\" data-element_type=\"widget\" data-widget_type=\"button.default\">\n\t\t\t\t<div class=\"elementor-widget-container\">\n\t\t\t\t\t<div class=\"elementor-button-wrapper\">\n\t\t\t<a class=\"elementor-button elementor-button-link elementor-size-md\" href=\"http:\/\/www.verschwisterung-schotten.de\/vvs\/beloeil-stadtansichten\/\" id=\"stadt\">\n\t\t\t\t\t\t<span class=\"elementor-button-content-wrapper\">\n\t\t\t\t\t\t<span class=\"elementor-button-icon elementor-align-icon-right\">\n\t\t\t\t\t\t\t\t\t<i class=\"fa fa-angle-right\" aria-hidden=\"true\"><\/i>\n\t\t\t\t\t\t\t<\/span>\n\t\t\t\t\t\t<span class=\"elementor-button-text\">Stadtansichten<\/span>\n\t\t<\/span>\n\t\t\t\t\t<\/a>\n\t\t<\/div>\n\t\t\t\t<\/div>\n\t\t\t\t<\/div>\n\t\t\t\t\t<\/div>\n\t\t<\/div>\n\t\t\t\t<div class=\"elementor-column elementor-col-33 elementor-top-column elementor-element elementor-element-65584e0\" data-id=\"65584e0\" data-element_type=\"column\">\n\t\t\t<div class=\"elementor-widget-wrap elementor-element-populated\">\n\t\t\t\t\t\t\t\t<div class=\"elementor-element elementor-element-2087888 elementor-align-center elementor-widget elementor-widget-button\" data-id=\"2087888\" data-element_type=\"widget\" data-widget_type=\"button.default\">\n\t\t\t\t<div class=\"elementor-widget-container\">\n\t\t\t\t\t<div class=\"elementor-button-wrapper\">\n\t\t\t<a class=\"elementor-button elementor-button-link elementor-size-md\" href=\"http:\/\/www.verschwisterung-schotten.de\/vvs\/beloeil-landschaften\/\" id=\"land\">\n\t\t\t\t\t\t<span class=\"elementor-button-content-wrapper\">\n\t\t\t\t\t\t<span class=\"elementor-button-icon elementor-align-icon-right\">\n\t\t\t\t\t\t\t\t\t<i class=\"fa fa-angle-right\" aria-hidden=\"true\"><\/i>\n\t\t\t\t\t\t\t<\/span>\n\t\t\t\t\t\t<span class=\"elementor-button-text\">Landschaften<\/span>\n\t\t<\/span>\n\t\t\t\t\t<\/a>\n\t\t<\/div>\n\t\t\t\t<\/div>\n\t\t\t\t<\/div>\n\t\t\t\t\t<\/div>\n\t\t<\/div>\n\t\t\t\t<div class=\"elementor-column elementor-col-33 elementor-top-column elementor-element elementor-element-b01f287\" data-id=\"b01f287\" data-element_type=\"column\">\n\t\t\t<div class=\"elementor-widget-wrap elementor-element-populated\">\n\t\t\t\t\t\t\t\t<div class=\"elementor-element elementor-element-c7c6fd1 elementor-align-right elementor-widget elementor-widget-button\" data-id=\"c7c6fd1\" data-element_type=\"widget\" data-widget_type=\"button.default\">\n\t\t\t\t<div class=\"elementor-widget-container\">\n\t\t\t\t\t<div class=\"elementor-button-wrapper\">\n\t\t\t<a class=\"elementor-button elementor-button-link elementor-size-md\" href=\"http:\/\/www.verschwisterung-schotten.de\/vvs\/beloeil-begegnungen\/\" id=\"begegnungen\">\n\t\t\t\t\t\t<span class=\"elementor-button-content-wrapper\">\n\t\t\t\t\t\t<span class=\"elementor-button-icon elementor-align-icon-right\">\n\t\t\t\t\t\t\t\t\t<i class=\"fa fa-angle-right\" aria-hidden=\"true\"><\/i>\n\t\t\t\t\t\t\t<\/span>\n\t\t\t\t\t\t<span class=\"elementor-button-text\">Begegnungen<\/span>\n\t\t<\/span>\n\t\t\t\t\t<\/a>\n\t\t<\/div>\n\t\t\t\t<\/div>\n\t\t\t\t<\/div>\n\t\t\t\t\t<\/div>\n\t\t<\/div>\n\t\t\t\t\t\t\t<\/div>\n\t\t<\/section>\n\t\t\t\t<section class=\"elementor-section elementor-top-section elementor-element elementor-element-fdee449 elementor-section-boxed elementor-section-height-default elementor-section-height-default\" data-id=\"fdee449\" data-element_type=\"section\">\n\t\t\t\t\t\t<div class=\"elementor-container elementor-column-gap-default\">\n\t\t\t\t\t<div class=\"elementor-column elementor-col-100 elementor-top-column elementor-element elementor-element-3e2a2e1\" data-id=\"3e2a2e1\" data-element_type=\"column\">\n\t\t\t<div class=\"elementor-widget-wrap elementor-element-populated\">\n\t\t\t\t\t\t\t\t<div class=\"elementor-element elementor-element-ee783db elementor-widget elementor-widget-google_maps\" data-id=\"ee783db\" data-element_type=\"widget\" data-widget_type=\"google_maps.default\">\n\t\t\t\t<div class=\"elementor-widget-container\">\n\t\t\t\t\t<div class=\"elementor-custom-embed\">\n\t\t\t<iframe loading=\"lazy\"\n\t\t\t\t\tsrc=\"https:\/\/maps.google.com\/maps?q=Beloeil&#038;t=m&#038;z=11&#038;output=embed&#038;iwloc=near\"\n\t\t\t\t\ttitle=\"Beloeil\"\n\t\t\t\t\taria-label=\"Beloeil\"\n\t\t\t><\/iframe>\n\t\t<\/div>\n\t\t\t\t<\/div>\n\t\t\t\t<\/div>\n\t\t\t\t\t<\/div>\n\t\t<\/div>\n\t\t\t\t\t\t\t<\/div>\n\t\t<\/section>\n\t\t\t\t<section class=\"elementor-section elementor-top-section elementor-element elementor-element-b1db742 elementor-section-boxed elementor-section-height-default elementor-section-height-default\" data-id=\"b1db742\" data-element_type=\"section\">\n\t\t\t\t\t\t<div class=\"elementor-container elementor-column-gap-default\">\n\t\t\t\t\t<div class=\"elementor-column elementor-col-33 elementor-top-column elementor-element elementor-element-d722d7e\" data-id=\"d722d7e\" data-element_type=\"column\">\n\t\t\t<div class=\"elementor-widget-wrap elementor-element-populated\">\n\t\t\t\t\t\t\t\t<div class=\"elementor-element elementor-element-305a883 elementor-widget elementor-widget-toggle\" data-id=\"305a883\" data-element_type=\"widget\" data-widget_type=\"toggle.default\">\n\t\t\t\t<div class=\"elementor-widget-container\">\n\t\t\t\t\t<div class=\"elementor-toggle\">\n\t\t\t\t\t\t\t<div class=\"elementor-toggle-item\">\n\t\t\t\t\t<div id=\"elementor-tab-title-5071\" class=\"elementor-tab-title\" data-tab=\"1\" role=\"button\" aria-controls=\"elementor-tab-content-5071\" aria-expanded=\"false\">\n\t\t\t\t\t\t\t\t\t\t\t\t<span class=\"elementor-toggle-icon elementor-toggle-icon-right\" aria-hidden=\"true\">\n\t\t\t\t\t\t\t\t\t\t\t\t\t\t\t<span class=\"elementor-toggle-icon-closed\"><i class=\"fas fa-caret-right\"><\/i><\/span>\n\t\t\t\t\t\t\t\t<span class=\"elementor-toggle-icon-opened\"><i class=\"elementor-toggle-icon-opened fas fa-caret-up\"><\/i><\/span>\n\t\t\t\t\t\t\t\t\t\t\t\t\t<\/span>\n\t\t\t\t\t\t\t\t\t\t\t\t<a class=\"elementor-toggle-title\" tabindex=\"0\">Infobox<\/a>\n\t\t\t\t\t<\/div>\n\n\t\t\t\t\t<div id=\"elementor-tab-content-5071\" class=\"elementor-tab-content elementor-clearfix\" data-tab=\"1\" role=\"region\" aria-labelledby=\"elementor-tab-title-5071\"><p><span style=\"font-size: 12pt;\"><strong>Land:<\/strong> Belgien<br \/><\/span><span style=\"font-size: 12pt;\"><strong>Provinz:<\/strong> Hainaut<br \/><\/span><span style=\"font-size: 12pt;\"><strong>Arrondissement:<\/strong> Ath<br \/><\/span><span style=\"font-size: 12pt;\"><strong>H\u00f6he:<\/strong> 60 m \u00fc. NHN<br \/><\/span><span style=\"font-size: 12pt;\"><strong>Fl\u00e4che:<\/strong> 61,54 km\u00b2<br \/><\/span><span style=\"font-size: 12pt;\"><strong>Einwohner:<\/strong> (01.01.2018) 14.032<br \/><\/span><span style=\"font-size: 12pt;\"><strong>Postleitzahl:<\/strong> 7970 &#8211; 7973<br \/><\/span><span style=\"font-size: 12pt;\"><strong>Vorwahl:<\/strong> 069<br \/><\/span><span style=\"font-size: 12pt;\"><strong>B\u00fcrgermeister:<\/strong> Herr <\/span>Luc Vansaing\u00e8le<\/p><p><span style=\"font-size: 10pt;\">(Quelle: Wikipedia)<\/span><\/p><\/div>\n\t\t\t\t<\/div>\n\t\t\t\t\t\t\t\t<\/div>\n\t\t\t\t<\/div>\n\t\t\t\t<\/div>\n\t\t\t\t\t<\/div>\n\t\t<\/div>\n\t\t\t\t<div class=\"elementor-column elementor-col-33 elementor-top-column elementor-element elementor-element-4810f55\" data-id=\"4810f55\" data-element_type=\"column\">\n\t\t\t<div class=\"elementor-widget-wrap elementor-element-populated\">\n\t\t\t\t\t\t\t\t<div class=\"elementor-element elementor-element-30145a9 elementor-widget elementor-widget-toggle\" data-id=\"30145a9\" data-element_type=\"widget\" data-widget_type=\"toggle.default\">\n\t\t\t\t<div class=\"elementor-widget-container\">\n\t\t\t\t\t<div class=\"elementor-toggle\">\n\t\t\t\t\t\t\t<div class=\"elementor-toggle-item\">\n\t\t\t\t\t<div id=\"elementor-tab-title-5041\" class=\"elementor-tab-title\" data-tab=\"1\" role=\"button\" aria-controls=\"elementor-tab-content-5041\" aria-expanded=\"false\">\n\t\t\t\t\t\t\t\t\t\t\t\t<span class=\"elementor-toggle-icon elementor-toggle-icon-right\" aria-hidden=\"true\">\n\t\t\t\t\t\t\t\t\t\t\t\t\t\t\t<span class=\"elementor-toggle-icon-closed\"><i class=\"fas fa-caret-right\"><\/i><\/span>\n\t\t\t\t\t\t\t\t<span class=\"elementor-toggle-icon-opened\"><i class=\"elementor-toggle-icon-opened fas fa-caret-up\"><\/i><\/span>\n\t\t\t\t\t\t\t\t\t\t\t\t\t<\/span>\n\t\t\t\t\t\t\t\t\t\t\t\t<a class=\"elementor-toggle-title\" tabindex=\"0\">Kontakt<\/a>\n\t\t\t\t\t<\/div>\n\n\t\t\t\t\t<div id=\"elementor-tab-content-5041\" class=\"elementor-tab-content elementor-clearfix\" data-tab=\"1\" role=\"region\" aria-labelledby=\"elementor-tab-title-5041\"><p><span style=\"font-size: 12pt;\"><strong>Stadtverwaltung Beloeil<\/strong><\/span><br \/><span style=\"font-size: 12pt;\">Rue J. Wauters 1<\/span><br \/><span style=\"font-size: 12pt;\">B-7972 Beloeil \/ Quevaucamps<\/span><br \/><span style=\"font-size: 12pt;\">Tel.: +32 69 55 38 00<\/span><br \/><span style=\"font-size: 12pt;\">webmaster@beloeil.be<\/span><br \/><span style=\"font-size: 12pt;\">www.beloeil.be<\/span><\/p><p><span style=\"font-size: 12pt;\"><strong>Partnerschaftsverein Beloeil<\/strong><\/span><br \/><span style=\"font-size: 12pt;\">Vorsitzender Herr Philippe Cambier<\/span><\/p><\/div>\n\t\t\t\t<\/div>\n\t\t\t\t\t\t\t\t<\/div>\n\t\t\t\t<\/div>\n\t\t\t\t<\/div>\n\t\t\t\t\t<\/div>\n\t\t<\/div>\n\t\t\t\t<div class=\"elementor-column elementor-col-33 elementor-top-column elementor-element elementor-element-fdd11fa\" data-id=\"fdd11fa\" data-element_type=\"column\">\n\t\t\t<div class=\"elementor-widget-wrap elementor-element-populated\">\n\t\t\t\t\t\t\t\t<div class=\"elementor-element elementor-element-83599dc elementor-widget elementor-widget-toggle\" data-id=\"83599dc\" data-element_type=\"widget\" data-widget_type=\"toggle.default\">\n\t\t\t\t<div class=\"elementor-widget-container\">\n\t\t\t\t\t<div class=\"elementor-toggle\">\n\t\t\t\t\t\t\t<div class=\"elementor-toggle-item\">\n\t\t\t\t\t<div id=\"elementor-tab-title-1371\" class=\"elementor-tab-title\" data-tab=\"1\" role=\"button\" aria-controls=\"elementor-tab-content-1371\" aria-expanded=\"false\">\n\t\t\t\t\t\t\t\t\t\t\t\t<span class=\"elementor-toggle-icon elementor-toggle-icon-right\" aria-hidden=\"true\">\n\t\t\t\t\t\t\t\t\t\t\t\t\t\t\t<span class=\"elementor-toggle-icon-closed\"><i class=\"fas fa-caret-right\"><\/i><\/span>\n\t\t\t\t\t\t\t\t<span class=\"elementor-toggle-icon-opened\"><i class=\"elementor-toggle-icon-opened fas fa-caret-up\"><\/i><\/span>\n\t\t\t\t\t\t\t\t\t\t\t\t\t<\/span>\n\t\t\t\t\t\t\t\t\t\t\t\t<a class=\"elementor-toggle-title\" tabindex=\"0\">Vorstand<\/a>\n\t\t\t\t\t<\/div>\n\n\t\t\t\t\t<div id=\"elementor-tab-content-1371\" class=\"elementor-tab-content elementor-clearfix\" data-tab=\"1\" role=\"region\" aria-labelledby=\"elementor-tab-title-1371\"><p><strong><span style=\"font-size: medium;\">Der Vorstand des Partnerschaftsvereins<br \/><\/span><\/strong><strong><span style=\"font-size: medium;\">Vorsitzender:<\/span><\/strong><span style=\"font-size: medium;\"> Herr Philippe Cambier<br \/><strong>Stellv. Vorsitzender:<\/strong><br \/><\/span><strong><span style=\"font-size: medium;\">Schriftf\u00fchrer:<\/span><\/strong><span style=\"font-size: medium;\"><br \/><\/span><strong><span style=\"font-size: medium;\">Schatzmeister:<\/span><\/strong><span style=\"font-size: medium;\"><br \/><\/span><strong><span style=\"font-size: medium;\">Beisitzer:<\/span><\/strong><\/p><\/div>\n\t\t\t\t<\/div>\n\t\t\t\t\t\t\t\t<\/div>\n\t\t\t\t<\/div>\n\t\t\t\t<\/div>\n\t\t\t\t\t<\/div>\n\t\t<\/div>\n\t\t\t\t\t\t\t<\/div>\n\t\t<\/section>\n\t\t\t\t<section class=\"elementor-section elementor-top-section elementor-element elementor-element-08e870c elementor-section-boxed elementor-section-height-default elementor-section-height-default\" data-id=\"08e870c\" data-element_type=\"section\">\n\t\t\t\t\t\t<div class=\"elementor-container elementor-column-gap-default\">\n\t\t\t\t\t<div class=\"elementor-column elementor-col-100 elementor-top-column elementor-element elementor-element-bb54fc5\" data-id=\"bb54fc5\" data-element_type=\"column\">\n\t\t\t<div class=\"elementor-widget-wrap elementor-element-populated\">\n\t\t\t\t\t\t\t\t<div class=\"elementor-element elementor-element-c7a2e56 elementor-widget elementor-widget-text-editor\" data-id=\"c7a2e56\" data-element_type=\"widget\" data-widget_type=\"text-editor.default\">\n\t\t\t\t<div class=\"elementor-widget-container\">\n\t\t\t\t\t\t\t<p><span style=\"font-size: 12pt;\"><strong>Anmerkung:<\/strong><\/span><\/p>\t\t\t\t\t\t<\/div>\n\t\t\t\t<\/div>\n\t\t\t\t\t<\/div>\n\t\t<\/div>\n\t\t\t\t\t\t\t<\/div>\n\t\t<\/section>\n\t\t\t\t\t\t\t<\/div>\n\t\t","protected":false},"excerpt":{"rendered":"<p>Bel\u0153il ist eine Gemeinde in der westbelgischen Provinz Hennegau (Hainaut) und im Verwaltungsbezirk Ath. Der Hennegau geh\u00f6rt zur Wallonischen Region und zur franz\u00f6sischsprachigen Gemeinschaft Belgiens. Der Name kn\u00fcpft an die historische Grafschaft Hennegau an&#46;&#46;&#46;<\/p>\n","protected":false},"author":1,"featured_media":0,"parent":0,"menu_order":0,"comment_status":"closed","ping_status":"closed","template":"","meta":{"footnotes":""},"class_list":["post-750","page","type-page","status-publish","hentry"],"yoast_head":"<!-- This site is optimized with the Yoast SEO plugin v20.3 - https:\/\/yoast.com\/wordpress\/plugins\/seo\/ -->\n<title>Beloeil - Belgien - Verschwisterungsverein Schotten e.V.<\/title>\n<meta name=\"description\" content=\"Verein, Schotten - Verschwisterungsverein Schotten e.V. Beloeil - Belgien % Verschwisterung, Europa, Deutschland, Italien, Frankreich, Tschechien, Polen, Belgien, Partner, Partnerstadt, Deutschland, Berlin, Hessen\" \/>\n<meta name=\"robots\" content=\"index, follow, max-snippet:-1, max-image-preview:large, max-video-preview:-1\" \/>\n<link rel=\"canonical\" href=\"https:\/\/www.verschwisterung-schotten.de\/vvs\/beloeil-2-2\/\" \/>\n<meta property=\"og:locale\" content=\"de_DE\" \/>\n<meta property=\"og:type\" content=\"article\" \/>\n<meta property=\"og:title\" content=\"Beloeil - Belgien - Verschwisterungsverein Schotten e.V.\" \/>\n<meta property=\"og:description\" content=\"Verein, Schotten - Verschwisterungsverein Schotten e.V. Beloeil - Belgien % Verschwisterung, Europa, Deutschland, Italien, Frankreich, Tschechien, Polen, Belgien, Partner, Partnerstadt, Deutschland, Berlin, Hessen\" \/>\n<meta property=\"og:url\" content=\"https:\/\/www.verschwisterung-schotten.de\/vvs\/beloeil-2-2\/\" \/>\n<meta property=\"og:site_name\" content=\"Verschwisterungsverein Schotten e.V.\" \/>\n<meta property=\"article:publisher\" content=\"https:\/\/www.facebook.com\/verschwisterungschotten?ref=hl\" \/>\n<meta property=\"article:modified_time\" content=\"2019-03-30T02:04:04+00:00\" \/>\n<meta property=\"og:image\" content=\"http:\/\/www.verschwisterung-schotten.de\/vvs\/wp-content\/uploads\/2019\/03\/Wappen_Beloeil-1.jpg\" \/>\n<meta name=\"twitter:card\" content=\"summary_large_image\" \/>\n<meta name=\"twitter:label1\" content=\"Gesch\u00e4tzte Lesezeit\" \/>\n\t<meta name=\"twitter:data1\" content=\"8\u00a0Minuten\" \/>\n<script type=\"application\/ld+json\" class=\"yoast-schema-graph\">{\"@context\":\"https:\/\/schema.org\",\"@graph\":[{\"@type\":\"WebPage\",\"@id\":\"https:\/\/www.verschwisterung-schotten.de\/vvs\/beloeil-2-2\/\",\"url\":\"https:\/\/www.verschwisterung-schotten.de\/vvs\/beloeil-2-2\/\",\"name\":\"Beloeil - Belgien - Verschwisterungsverein Schotten e.V.\",\"isPartOf\":{\"@id\":\"https:\/\/www.verschwisterung-schotten.de\/vvs\/#website\"},\"datePublished\":\"2018-07-17T19:10:53+00:00\",\"dateModified\":\"2019-03-30T02:04:04+00:00\",\"description\":\"Verein, Schotten - Verschwisterungsverein Schotten e.V. Beloeil - Belgien % Verschwisterung, Europa, Deutschland, Italien, Frankreich, Tschechien, Polen, Belgien, Partner, Partnerstadt, Deutschland, Berlin, Hessen\",\"breadcrumb\":{\"@id\":\"https:\/\/www.verschwisterung-schotten.de\/vvs\/beloeil-2-2\/#breadcrumb\"},\"inLanguage\":\"de\",\"potentialAction\":[{\"@type\":\"ReadAction\",\"target\":[\"https:\/\/www.verschwisterung-schotten.de\/vvs\/beloeil-2-2\/\"]}]},{\"@type\":\"BreadcrumbList\",\"@id\":\"https:\/\/www.verschwisterung-schotten.de\/vvs\/beloeil-2-2\/#breadcrumb\",\"itemListElement\":[{\"@type\":\"ListItem\",\"position\":1,\"name\":\"Startseite\",\"item\":\"https:\/\/www.verschwisterung-schotten.de\/vvs\/\"},{\"@type\":\"ListItem\",\"position\":2,\"name\":\"Beloeil &#8211; Belgien\"}]},{\"@type\":\"WebSite\",\"@id\":\"https:\/\/www.verschwisterung-schotten.de\/vvs\/#website\",\"url\":\"https:\/\/www.verschwisterung-schotten.de\/vvs\/\",\"name\":\"Verschwisterungsverein Schotten e.V.\",\"description\":\"Die Verbindung zu den Partnerst\u00e4dten in Europa\",\"potentialAction\":[{\"@type\":\"SearchAction\",\"target\":{\"@type\":\"EntryPoint\",\"urlTemplate\":\"https:\/\/www.verschwisterung-schotten.de\/vvs\/?s={search_term_string}\"},\"query-input\":\"required name=search_term_string\"}],\"inLanguage\":\"de\"}]}<\/script>\n<!-- \/ Yoast SEO plugin. -->","yoast_head_json":{"title":"Beloeil - Belgien - Verschwisterungsverein Schotten e.V.","description":"Verein, Schotten - Verschwisterungsverein Schotten e.V. Beloeil - Belgien % Verschwisterung, Europa, Deutschland, Italien, Frankreich, Tschechien, Polen, Belgien, Partner, Partnerstadt, Deutschland, Berlin, Hessen","robots":{"index":"index","follow":"follow","max-snippet":"max-snippet:-1","max-image-preview":"max-image-preview:large","max-video-preview":"max-video-preview:-1"},"canonical":"https:\/\/www.verschwisterung-schotten.de\/vvs\/beloeil-2-2\/","og_locale":"de_DE","og_type":"article","og_title":"Beloeil - Belgien - Verschwisterungsverein Schotten e.V.","og_description":"Verein, Schotten - Verschwisterungsverein Schotten e.V. Beloeil - Belgien % Verschwisterung, Europa, Deutschland, Italien, Frankreich, Tschechien, Polen, Belgien, Partner, Partnerstadt, Deutschland, Berlin, Hessen","og_url":"https:\/\/www.verschwisterung-schotten.de\/vvs\/beloeil-2-2\/","og_site_name":"Verschwisterungsverein Schotten e.V.","article_publisher":"https:\/\/www.facebook.com\/verschwisterungschotten?ref=hl","article_modified_time":"2019-03-30T02:04:04+00:00","og_image":[{"url":"http:\/\/www.verschwisterung-schotten.de\/vvs\/wp-content\/uploads\/2019\/03\/Wappen_Beloeil-1.jpg"}],"twitter_card":"summary_large_image","twitter_misc":{"Gesch\u00e4tzte Lesezeit":"8\u00a0Minuten"},"schema":{"@context":"https:\/\/schema.org","@graph":[{"@type":"WebPage","@id":"https:\/\/www.verschwisterung-schotten.de\/vvs\/beloeil-2-2\/","url":"https:\/\/www.verschwisterung-schotten.de\/vvs\/beloeil-2-2\/","name":"Beloeil - Belgien - Verschwisterungsverein Schotten e.V.","isPartOf":{"@id":"https:\/\/www.verschwisterung-schotten.de\/vvs\/#website"},"datePublished":"2018-07-17T19:10:53+00:00","dateModified":"2019-03-30T02:04:04+00:00","description":"Verein, Schotten - Verschwisterungsverein Schotten e.V. Beloeil - Belgien % Verschwisterung, Europa, Deutschland, Italien, Frankreich, Tschechien, Polen, Belgien, Partner, Partnerstadt, Deutschland, Berlin, Hessen","breadcrumb":{"@id":"https:\/\/www.verschwisterung-schotten.de\/vvs\/beloeil-2-2\/#breadcrumb"},"inLanguage":"de","potentialAction":[{"@type":"ReadAction","target":["https:\/\/www.verschwisterung-schotten.de\/vvs\/beloeil-2-2\/"]}]},{"@type":"BreadcrumbList","@id":"https:\/\/www.verschwisterung-schotten.de\/vvs\/beloeil-2-2\/#breadcrumb","itemListElement":[{"@type":"ListItem","position":1,"name":"Startseite","item":"https:\/\/www.verschwisterung-schotten.de\/vvs\/"},{"@type":"ListItem","position":2,"name":"Beloeil &#8211; Belgien"}]},{"@type":"WebSite","@id":"https:\/\/www.verschwisterung-schotten.de\/vvs\/#website","url":"https:\/\/www.verschwisterung-schotten.de\/vvs\/","name":"Verschwisterungsverein Schotten e.V.","description":"Die Verbindung zu den Partnerst\u00e4dten in Europa","potentialAction":[{"@type":"SearchAction","target":{"@type":"EntryPoint","urlTemplate":"https:\/\/www.verschwisterung-schotten.de\/vvs\/?s={search_term_string}"},"query-input":"required name=search_term_string"}],"inLanguage":"de"}]}},"_links":{"self":[{"href":"https:\/\/www.verschwisterung-schotten.de\/vvs\/wp-json\/wp\/v2\/pages\/750","targetHints":{"allow":["GET"]}}],"collection":[{"href":"https:\/\/www.verschwisterung-schotten.de\/vvs\/wp-json\/wp\/v2\/pages"}],"about":[{"href":"https:\/\/www.verschwisterung-schotten.de\/vvs\/wp-json\/wp\/v2\/types\/page"}],"author":[{"embeddable":true,"href":"https:\/\/www.verschwisterung-schotten.de\/vvs\/wp-json\/wp\/v2\/users\/1"}],"replies":[{"embeddable":true,"href":"https:\/\/www.verschwisterung-schotten.de\/vvs\/wp-json\/wp\/v2\/comments?post=750"}],"version-history":[{"count":72,"href":"https:\/\/www.verschwisterung-schotten.de\/vvs\/wp-json\/wp\/v2\/pages\/750\/revisions"}],"predecessor-version":[{"id":3438,"href":"https:\/\/www.verschwisterung-schotten.de\/vvs\/wp-json\/wp\/v2\/pages\/750\/revisions\/3438"}],"wp:attachment":[{"href":"https:\/\/www.verschwisterung-schotten.de\/vvs\/wp-json\/wp\/v2\/media?parent=750"}],"curies":[{"name":"wp","href":"https:\/\/api.w.org\/{rel}","templated":true}]}}