{"id":746,"date":"2018-07-17T21:04:52","date_gmt":"2018-07-17T19:04:52","guid":{"rendered":"http:\/\/www.verschwisterung-schotten.de\/vvs\/?page_id=746"},"modified":"2024-01-29T11:14:45","modified_gmt":"2024-01-29T10:14:45","slug":"arco-6","status":"publish","type":"page","link":"https:\/\/www.verschwisterung-schotten.de\/vvs\/arco-6\/","title":{"rendered":"Arco &#8211; Italien"},"content":{"rendered":"\t\t<div data-elementor-type=\"wp-post\" data-elementor-id=\"746\" class=\"elementor elementor-746\">\n\t\t\t\t\t\t\t\t\t<section class=\"elementor-section elementor-top-section elementor-element elementor-element-d3c5a8f elementor-section-boxed elementor-section-height-default elementor-section-height-default\" data-id=\"d3c5a8f\" data-element_type=\"section\">\n\t\t\t\t\t\t<div class=\"elementor-container elementor-column-gap-default\">\n\t\t\t\t\t<div class=\"elementor-column elementor-col-100 elementor-top-column elementor-element elementor-element-948084a\" data-id=\"948084a\" data-element_type=\"column\">\n\t\t\t<div class=\"elementor-widget-wrap elementor-element-populated\">\n\t\t\t\t\t\t\t\t<div class=\"elementor-element elementor-element-3a4d51a elementor-widget elementor-widget-text-editor\" data-id=\"3a4d51a\" data-element_type=\"widget\" data-widget_type=\"text-editor.default\">\n\t\t\t\t<div class=\"elementor-widget-container\">\n\t\t\t\t\t\t\t<p style=\"text-align: justify;\"><img decoding=\"async\" class=\"alignleft wp-image-2820 \" src=\"http:\/\/www.verschwisterung-schotten.de\/vvs\/wp-content\/uploads\/2019\/03\/Arco-Wappen.jpg\" alt=\"\" width=\"163\" height=\"190\" srcset=\"https:\/\/www.verschwisterung-schotten.de\/vvs\/wp-content\/uploads\/2019\/03\/Arco-Wappen.jpg 428w, https:\/\/www.verschwisterung-schotten.de\/vvs\/wp-content\/uploads\/2019\/03\/Arco-Wappen-257x300.jpg 257w\" sizes=\"(max-width: 163px) 100vw, 163px\" \/><span style=\"font-size: 12pt;\">Die Stadt Arco mit ihren zahlreichen Stadtteilen (Fraktionen) liegt beiderseits des Flusses Sarca, der in den Gardasee m\u00fcndet. Arco hat herrliche Parkanlagen, u.a. ein Arboretum mit Mammutb\u00e4umen. Neben Handwerk, Industrie und Handel spielt der Fremdenverkehr heute eine wichtige Rolle. Kletterer, Radfahrer und Wanderer bev\u00f6lkern die Hotels, Ferienwohnungen, Ferien-Bauernh\u00f6fe und Campingpl\u00e4tze. <br \/>Arco hatte seine Bl\u00fctezeit im 19.Jahrhundert als Teil des Kaiserrechs \u00d6sterreich-Ungarn. Aufgrund seiner durch die umgebenden Berge gesch\u00fctzten Lage und seiner N\u00e4he zum Gardasee herrscht hier ein Mikroklima, das unter anderem auch das Wachstum von Palmen beg\u00fcnstigt. Die Stadt war Luftkurort (Stazione di cura e soggiorno) f\u00fcr die \u201eSch\u00f6nen und Reichen\u201c des damaligen Imperiums. In der zweiten H\u00e4lfte des 19. Jahrhunderts wurde Arco (Arch) Wintersitz des \u00f6sterreichischen Kaiserhofs. Damals entstanden zahlreiche Jugendstilvillen von adligen und b\u00fcrgerlichen Familien, unter anderem die des Erzherzogs Albrecht, der hier 1895 verstarb.<br \/>Das bauliche Gesamtbild ist auch heute noch erhalten. Die Gemeinde geh\u00f6rte bis zum Ende des Ersten Weltkriegs zum Gerichtsbezirk Arco und war Teil des Bezirks Riva. Nach dem Ersten Weltkrieg fiel die Stadt, wie auch das gesamte Territorium (S\u00fcdtirol) bis zum Brenner, an Italien. <\/span><\/p><div class=\"n2-has-copy n2-code n2-ss-slider-shortcode-id\"><\/div>\t\t\t\t\t\t<\/div>\n\t\t\t\t<\/div>\n\t\t\t\t\t<\/div>\n\t\t<\/div>\n\t\t\t\t\t\t\t<\/div>\n\t\t<\/section>\n\t\t\t\t<section class=\"elementor-section elementor-top-section elementor-element elementor-element-fc9493c elementor-section-boxed elementor-section-height-default elementor-section-height-default\" data-id=\"fc9493c\" data-element_type=\"section\">\n\t\t\t\t\t\t<div class=\"elementor-container elementor-column-gap-default\">\n\t\t\t\t\t<div class=\"elementor-column elementor-col-100 elementor-top-column elementor-element elementor-element-a75e7b6\" data-id=\"a75e7b6\" data-element_type=\"column\">\n\t\t\t<div class=\"elementor-widget-wrap elementor-element-populated\">\n\t\t\t\t\t\t\t\t<div class=\"elementor-element elementor-element-0bd2947 elementor-widget elementor-widget-toggle\" data-id=\"0bd2947\" data-element_type=\"widget\" data-widget_type=\"toggle.default\">\n\t\t\t\t<div class=\"elementor-widget-container\">\n\t\t\t\t\t<div class=\"elementor-toggle\">\n\t\t\t\t\t\t\t<div class=\"elementor-toggle-item\">\n\t\t\t\t\t<h5 id=\"elementor-tab-title-1231\" class=\"elementor-tab-title\" data-tab=\"1\" role=\"button\" aria-controls=\"elementor-tab-content-1231\" aria-expanded=\"false\">\n\t\t\t\t\t\t\t\t\t\t\t\t<span class=\"elementor-toggle-icon elementor-toggle-icon-right\" aria-hidden=\"true\">\n\t\t\t\t\t\t\t\t\t\t\t\t\t\t\t<span class=\"elementor-toggle-icon-closed\"><i class=\"fas fa-caret-right\"><\/i><\/span>\n\t\t\t\t\t\t\t\t<span class=\"elementor-toggle-icon-opened\"><i class=\"elementor-toggle-icon-opened fas fa-caret-up\"><\/i><\/span>\n\t\t\t\t\t\t\t\t\t\t\t\t\t<\/span>\n\t\t\t\t\t\t\t\t\t\t\t\t<a class=\"elementor-toggle-title\" tabindex=\"0\">St\u00e4dtepartnerschaften<\/a>\n\t\t\t\t\t<\/h5>\n\n\t\t\t\t\t<div id=\"elementor-tab-content-1231\" class=\"elementor-tab-content elementor-clearfix\" data-tab=\"1\" role=\"region\" aria-labelledby=\"elementor-tab-title-1231\"><p align=\"JUSTIFY\"><span style=\"font-size: 12pt;\">Der Partnerschaftsvertrag mit Schotten wurde im Jahre 1960 geschlossen. Somit ist diese St\u00e4dtepartnerschaft die \u00e4lteste der Stadt Schotten. Der Partnerschaftsverein, gegr\u00fcndet am 27. Juli 1988, hat den Namen &#8222;Arco obiettivo Europa&#8220;, was soviel heisst wie &#8222;Arco hat Europa als Ziel&#8220; oder &#8222;Arco zielt auf Europa&#8220;.\u00a0<\/span><\/p><p><span style=\"font-size: 12pt;\"><strong>Weitere Partnerschaften mit:<\/strong><br \/>Partnerschaftsvertrag mit Bogen \/ Bayern 1983<br \/>Freundschaftsvertrag mit Crosne \/ Frankreich 2000<br \/>Partnerschaftsvertrag mit Roccella Jonica \/ Kalabrien \/ Italien 2007<br \/>Freundschaftsvertrag mit Hall in Tirol seit 13.10.2019<br \/><\/span><\/p><p><span style=\"font-size: 12pt;\"><strong>Schottener Platz<\/strong><br \/><style type=\"text\/css\">\r\n\t#foogallery-gallery-3881 .fg-image {\r\n        width: 178px;\r\n    }\r\n<\/style>\r\n\t\t\t\t<div class=\"foogallery foogallery-container foogallery-default foogallery-lightbox-foobox fg-gutter-0 fg-left fg-default fg-light fg-border-thin fg-shadow-outline fg-loading-default fg-loaded-fade-in fg-caption-hover fg-hover-fade fg-hover-zoom fg-ready\" id=\"foogallery-gallery-3881\" data-foogallery=\"{&quot;item&quot;:{&quot;showCaptionTitle&quot;:true,&quot;showCaptionDescription&quot;:true},&quot;lazy&quot;:true}\" >\r\n\t<div class=\"fg-item fg-type-image fg-idle\"><figure class=\"fg-item-inner\"><a href=\"https:\/\/www.verschwisterung-schotten.de\/vvs\/wp-content\/uploads\/2019\/08\/schottener-platz-1-Ausschnitt.jpg\" data-attachment-id=\"3882\" data-type=\"image\" class=\"fg-thumb\"><span class=\"fg-image-wrap\"><img decoding=\"async\" alt=\"In Arco gibt es schon seit vielen Jahren einen &quot;Piazzale Schotten&quot; (&quot;Schottener Platz&quot;) in Erinnerung an die deutsche Stadt, die seit 1960 mit Arco verschwistert ist (so steht es auf dem Schild). Der Platz, ein Parkplatz, liegt zwischen dem Supermarkt &quot;Orvea&quot; und der Post. Neben dem Hinweisschild befinden sich ein Gedenkstein und ein kleiner Brunnen.\" width=\"178\" height=\"178\" class=\"skip-lazy fg-image\" data-src-fg=\"https:\/\/www.verschwisterung-schotten.de\/vvs\/wp-content\/uploads\/cache\/2019\/08\/schottener-platz-1-Ausschnitt\/4027645542.jpg\" src=\"data:image\/svg+xml,%3Csvg%20xmlns%3D%22http%3A%2F%2Fwww.w3.org%2F2000%2Fsvg%22%20width%3D%22178%22%20height%3D%22178%22%20viewBox%3D%220%200%20178%20178%22%3E%3C%2Fsvg%3E\" loading=\"eager\"><\/span><span class=\"fg-image-overlay\"><\/span><\/a><figcaption class=\"fg-caption\"><div class=\"fg-caption-inner\"><\/div><\/figcaption><\/figure><div class=\"fg-loader\"><\/div><\/div><div class=\"fg-item fg-type-image fg-idle\"><figure class=\"fg-item-inner\"><a href=\"https:\/\/www.verschwisterung-schotten.de\/vvs\/wp-content\/uploads\/2019\/08\/schottener-platz-2-Ausschnitt.jpg\" data-attachment-id=\"3883\" data-type=\"image\" class=\"fg-thumb\"><span class=\"fg-image-wrap\"><img decoding=\"async\" alt=\"Schottener Platz\" width=\"178\" height=\"178\" class=\"skip-lazy fg-image\" data-src-fg=\"https:\/\/www.verschwisterung-schotten.de\/vvs\/wp-content\/uploads\/cache\/2019\/08\/schottener-platz-2-Ausschnitt\/3712062997.jpg\" src=\"data:image\/svg+xml,%3Csvg%20xmlns%3D%22http%3A%2F%2Fwww.w3.org%2F2000%2Fsvg%22%20width%3D%22178%22%20height%3D%22178%22%20viewBox%3D%220%200%20178%20178%22%3E%3C%2Fsvg%3E\" loading=\"eager\"><\/span><span class=\"fg-image-overlay\"><\/span><\/a><figcaption class=\"fg-caption\"><div class=\"fg-caption-inner\"><\/div><\/figcaption><\/figure><div class=\"fg-loader\"><\/div><\/div><div class=\"fg-item fg-type-image fg-idle\"><figure class=\"fg-item-inner\"><a href=\"https:\/\/www.verschwisterung-schotten.de\/vvs\/wp-content\/uploads\/2019\/08\/schottener-platz-4-Ausschnitt.jpg\" data-attachment-id=\"3884\" data-type=\"image\" class=\"fg-thumb\"><span class=\"fg-image-wrap\"><img decoding=\"async\" alt=\"Dieser kleine Brunnen mit einer Wasser speienden Ente ist ein wahrer Hingucker.\" width=\"178\" height=\"178\" class=\"skip-lazy fg-image\" data-src-fg=\"https:\/\/www.verschwisterung-schotten.de\/vvs\/wp-content\/uploads\/cache\/2019\/08\/schottener-platz-4-Ausschnitt\/1550326146.jpg\" src=\"data:image\/svg+xml,%3Csvg%20xmlns%3D%22http%3A%2F%2Fwww.w3.org%2F2000%2Fsvg%22%20width%3D%22178%22%20height%3D%22178%22%20viewBox%3D%220%200%20178%20178%22%3E%3C%2Fsvg%3E\" loading=\"eager\"><\/span><span class=\"fg-image-overlay\"><\/span><\/a><figcaption class=\"fg-caption\"><div class=\"fg-caption-inner\"><\/div><\/figcaption><\/figure><div class=\"fg-loader\"><\/div><\/div><div class=\"fg-item fg-type-image fg-idle\"><figure class=\"fg-item-inner\"><a href=\"https:\/\/www.verschwisterung-schotten.de\/vvs\/wp-content\/uploads\/2019\/08\/schottener-platz-5-AusschnittH725.jpg\" data-attachment-id=\"3885\" data-type=\"image\" class=\"fg-thumb\"><span class=\"fg-image-wrap\"><img decoding=\"async\" alt=\"Die Wappen von Schotten und Arco mit der Zahl 1960 befinden sich auf diesem Gedenkstein.\" width=\"178\" height=\"178\" class=\"skip-lazy fg-image\" data-src-fg=\"https:\/\/www.verschwisterung-schotten.de\/vvs\/wp-content\/uploads\/cache\/2019\/08\/schottener-platz-5-AusschnittH725\/2337719919.jpg\" src=\"data:image\/svg+xml,%3Csvg%20xmlns%3D%22http%3A%2F%2Fwww.w3.org%2F2000%2Fsvg%22%20width%3D%22178%22%20height%3D%22178%22%20viewBox%3D%220%200%20178%20178%22%3E%3C%2Fsvg%3E\" loading=\"eager\"><\/span><span class=\"fg-image-overlay\"><\/span><\/a><figcaption class=\"fg-caption\"><div class=\"fg-caption-inner\"><\/div><\/figcaption><\/figure><div class=\"fg-loader\"><\/div><\/div><\/div>\r\n<br \/><\/span><\/p><\/div>\n\t\t\t\t<\/div>\n\t\t\t\t\t\t\t\t<\/div>\n\t\t\t\t<\/div>\n\t\t\t\t<\/div>\n\t\t\t\t\t<\/div>\n\t\t<\/div>\n\t\t\t\t\t\t\t<\/div>\n\t\t<\/section>\n\t\t\t\t<section class=\"elementor-section elementor-top-section elementor-element elementor-element-81bebb8 elementor-section-boxed elementor-section-height-default elementor-section-height-default\" data-id=\"81bebb8\" data-element_type=\"section\">\n\t\t\t\t\t\t<div class=\"elementor-container elementor-column-gap-default\">\n\t\t\t\t\t<div class=\"elementor-column elementor-col-100 elementor-top-column elementor-element elementor-element-a3598eb\" data-id=\"a3598eb\" data-element_type=\"column\">\n\t\t\t<div class=\"elementor-widget-wrap elementor-element-populated\">\n\t\t\t\t\t\t\t\t<div class=\"elementor-element elementor-element-e40293e elementor-widget elementor-widget-toggle\" data-id=\"e40293e\" data-element_type=\"widget\" data-widget_type=\"toggle.default\">\n\t\t\t\t<div class=\"elementor-widget-container\">\n\t\t\t\t\t<div class=\"elementor-toggle\">\n\t\t\t\t\t\t\t<div class=\"elementor-toggle-item\">\n\t\t\t\t\t<h5 id=\"elementor-tab-title-2391\" class=\"elementor-tab-title\" data-tab=\"1\" role=\"button\" aria-controls=\"elementor-tab-content-2391\" aria-expanded=\"false\">\n\t\t\t\t\t\t\t\t\t\t\t\t<span class=\"elementor-toggle-icon elementor-toggle-icon-right\" aria-hidden=\"true\">\n\t\t\t\t\t\t\t\t\t\t\t\t\t\t\t<span class=\"elementor-toggle-icon-closed\"><i class=\"fas fa-caret-right\"><\/i><\/span>\n\t\t\t\t\t\t\t\t<span class=\"elementor-toggle-icon-opened\"><i class=\"elementor-toggle-icon-opened fas fa-caret-up\"><\/i><\/span>\n\t\t\t\t\t\t\t\t\t\t\t\t\t<\/span>\n\t\t\t\t\t\t\t\t\t\t\t\t<a class=\"elementor-toggle-title\" tabindex=\"0\">Geschichte<\/a>\n\t\t\t\t\t<\/h5>\n\n\t\t\t\t\t<div id=\"elementor-tab-content-2391\" class=\"elementor-tab-content elementor-clearfix\" data-tab=\"1\" role=\"region\" aria-labelledby=\"elementor-tab-title-2391\"><p style=\"text-align: justify;\"><span style=\"font-family: Titillium Web; font-size: 12pt;\">Arch\u00e4ologische Funde auf dem Felsen von Arco sind viel \u00e4lter als das Mittelalter. Der Name von Arco stammt wahrscheinlich von \u201eArx\u201c, was Festung bedeutet. Sicher ist, dass die Burg bereits seit dem Jahr 1000 existiert. <\/span><\/p><p style=\"text-align: justify;\"><span style=\"font-family: Titillium Web; font-size: 12pt;\">Im Jahr 1196 erkl\u00e4rte Federico d&#8217;Arco, dass die Burg der Pfarrkirche von Arco geh\u00f6rte, sp\u00e4ter wurde die Familie der Grafen von Arco ihr alleiniger Besitzer. <\/span><\/p><p style=\"text-align: justify;\"><span style=\"font-family: Titillium Web; font-size: 12pt;\">Am Ende des 15. Jahrhunderts war die Burg, wie auf dem Gem\u00e4lde von D\u00fcrer zu sehen ist, ein kleines befes\u00adtigtes Dorf, eines der gr\u00f6\u00dften im Trentino. Es enthielt nicht die einzige dominante Familie (die Grafen von Arco seit dem Jahr 1000), aber auch die verschiedenen Zweige und die zahlreichen Verwandten. Es beherbergte auch zahlreiche Gesch\u00e4fte, Werkst\u00e4tten, Laboratorien, verschiedene Arbeitspl\u00e4tze, beschei\u00addene Wohnungen f\u00fcr Handwerker und Bedienstete, ein Wachhaus und mehr. Es befinden sich innerhalb der Mauern des Anwesens gro\u00dfe Zisternen f\u00fcr Wasser (drei, die heute noch sichtbar sind) und zahlreiche Abla\u00adgerungen und Getreidespeicher, aber wir wissen auch, dass es eine M\u00fchle gab, eine Kirche (Santa Maria Maddalena gewidmet), Gem\u00fcseg\u00e4rten und eine Schmiedewerkstatt.\u00a0Das steinerne Gef\u00e4ngnis ist noch immer vorhanden, aber urspr\u00fcnglich war es ein eher artikuliertes Geb\u00e4ude, in dem Galeazzo d&#8217;Arco von seinem Bruder Francesco eingesperrt wurde. Daher gab es auch eine Justizverwaltung und ein System f\u00fcr die Inhaftierung. Das Schloss war in der Tat eine echte Stadt in der Stadt, die mit dem Dorf Arco verbunden war, etwas tiefer, aber im Bedarfsfall gleichzeitig autonom und autark. <\/span><\/p><p style=\"text-align: justify;\"><span style=\"font-family: Titillium Web; font-size: 12pt;\">Im Jahr 1579 besetzte der Erzherzog von Tirol, Ferdinand II., die Burg von Arco und die von Penede, aber bereits 1614 kehrte die Burg unter den Grafen von Arco zur\u00fcck. <\/span><\/p><p style=\"text-align: justify;\"><span style=\"font-family: Titillium Web; font-size: 12pt;\">Der Beginn des 18. Jahrhunderts markierte den Niedergang der Festung, die mit dem Bombenanschlag auf den franz\u00f6sischen General Vend\u00f4me endete, der viele Burgen der Region zerst\u00f6rte. Die Grafen von Arco hatten sich inzwischen in mehrere Zweige aufgeteilt, und die Burg war, obwohl sie in Tr\u00fcmmern lag, zu gleichen Teilen Eigentum des Bayern-Zweigs und des Mantua-Zweiges. Im Jahre 1927 erwarb die Gr\u00e4fin Giovanna d&#8217;Arco, Markgraf von Bagno, den Schlossteil von den Grafen von Bayern und wurde ihr alleiniger Besitzer, bis 1982 die Stadt Arco unter der Verwaltung von B\u00fcrgermeister Selenio Ioppi beschloss, den Guts\u00adhof und andere Verm\u00f6genswerte der Fondazione d&#8217;Arco di Mantova zu kaufen. Mittlerweile hat es Restau\u00adrierungen gegeben, das mit dem charakteristischen Olivenhain gesch\u00fctzte Gut steht der Nutzung und dem Besuch der \u00d6ffentlichkeit zur \u00a0Verf\u00fcgung.<\/span><\/p><p style=\"text-align: justify;\"><span style=\"font-family: Titillium Web; font-size: 12pt;\">Wikipedia schreibt zur Geschichte: Einer \u00e4lteren Legende nach sollen die Herren von Arco von den im Jahre 1242 erloschenen Grafen von Bogen aus Altbayern abstammen (\u201earco\u201c ist das italienische Wort f\u00fcr den &#8222;Bogen&#8220; = Waffe). Die Bogener Grafen, ein j\u00fcngerer Zweig der Babenberger, f\u00fchrten aber kein Wappen mit Bogen, sondern das (sp\u00e4ter auf Bayern \u00fcbergegangene) wei\u00df-blaue Rautenwappen. Dieses kombinierten aufgrund der Legende aber die oberitalienischen Arco (und einige Wappenbuchmaler) im 16. Jahrhundert mit ihrem alten Stammwappen, das einen (oder auch drei) Bogen zeigt.<\/span><\/p><p style=\"text-align: justify;\"><span style=\"font-family: Titillium Web; font-size: 12pt;\">Die Familientradition des Geschlechtes Arco f\u00fchrte seine Abstammung auf Bayern zur\u00fcck. Aus dem deut\u00adschen Raum kam im sp\u00e4ten Fr\u00fchmittelalter und Hochmittelalter, mit Ausnahme einiger langobardischer Familien, der gesamte Adel, der nach 952 als kaisertreue Vasallen in der Grafschaft Trient belehnt wurde, nachdem diese zusammen mit den Marken Verona und Friaul Teil des Herzogtums Bayern wurde. Erstmals urkundlich erw\u00e4hnt wird es im Jahre 1124 mit\u00a0Fridericus de Archo. Schon mit dessen Vater\u00a0Riprandus de Arcu\u00a0beginnt die ununterbrochene Stammreihe. Das Adelspr\u00e4dikat bezieht sich, wie im Lehnswesen \u00fcblich, auf die Herrschaft, mit der das Geschlecht belehnt wurde. 1207 nannten sich die Br\u00fcder\u00a0Ulrich\u00a0und\u00a0Friedrich\u00a0bereits\u00a0de Arco, milites nobiles\u00a0und waren Lehensm\u00e4nner des F\u00fcrstbischofs von Trient. Friedrich (\u2020 1236) begleitete 1220 Kaiser Friedrich II. von Hohenstaufen zu seiner Kr\u00f6nung durch Papst Honorius III. nach Rom. Der Kaiser erhob ihn sowie seine Neffen Adelbert und Riprand\u00a0(nepotes Adelpret et Riprandinus)\u00a01221 zu Grafen von Arco und Torbole.<\/span><\/p><p style=\"text-align: justify;\"><span style=\"font-family: Titillium Web; font-size: 12pt;\">1413 verlieh K\u00f6nig Sigismund\u00a0dem Odericus\u00a0(Ulrich)\u00a0dictus\u00a0Vinciguerra von Arco\u00a0den Reichsgrafentitel und erhob die Herrschaft Arco mit Penede, Drena und Castellino zur reichsunmittelbaren Grafschaft. Eine Best\u00e4\u00adtigung aller Besitzungen und kaiserlichen Privilegien erfolgte 1433 durch Sigismund, der im selben Jahr Kaiser des Heiligen R\u00f6mischen Reiches geworden war, f\u00fcr\u00a0Anton von Arco, Bruder des kinderlos verstorbe\u00adnen Vinciguerra. Die Burg Arco wurde w\u00e4hrend mehrerer mittelalterlicher Fehden belagert, immer verge\u00adbens, und galt daher als uneinnehmbar.<\/span><\/p><p style=\"text-align: justify;\"><span style=\"font-family: Titillium Web; font-size: 12pt;\">Nicol\u00f2 d&#8217;Arco (ca. 1492\u20131546) machte sich als Dichter und Humanist (\u201eNicolaus Archius\u201c) am Hof der Gonzaga in Mantua einen Namen und wurde Rat von Kaiser Maximilian I. Er heiratete Giulia Gonzaga, Gr\u00e4fin von Novellara, Tochter des Giovanni Gonzaga und der Laura Bentivoglio. Einer ihrer acht S\u00f6hne, der Deutschordenskomtur Prospero d&#8217;Arco (1520\u20131572), diente den Kaisern Ferdinand I., Maximilian II. und Rudolf II. als Diplomat.<\/span><\/p><p style=\"text-align: justify;\"><span style=\"font-family: Titillium Web; font-size: 12pt;\">1614, nach heftigen K\u00e4mpfen, leisteten die Grafen den Habsburgern als neuen Landesf\u00fcrsten den Huldi\u00adgungseid. 1680 \u00fcbernahm Kaiser Leopold\u00a0I. die Kontrolle der strategisch wichtigen Burg. Prosper von Arco (1615\u20131679) diente ihm als Generalfeldzeugmeister und dessen Sohn Johann Baptist von Arco (1650\u20131715) als Artilleriegeneral, letzterer trat dann in die Dienste Max Emanuels von Bayern und seines Verb\u00fcndeten Ludwigs XIV. von Frankreich.<\/span><\/p><p style=\"text-align: justify;\"><span style=\"font-family: Titillium Web; font-size: 12pt;\">Die Arcoer hatten inzwischen in der Altstadt von Arco mehrere Palazzi errichtet, darunter im 16. Jahrhun\u00addert den Palazzo Marchetti (der nach einer Familie benannt ist, die ihn Mitte des 19. Jahrhunderts erwarb) und den Palazzo dei Panni (Ende des 17. Jahrhunderts). Mitglieder der Familie wurden tirolische Landsassen; allerdings blieb ihre Grafschaft trotz des Verlusts der Reichsunmittelbarkeit weiterhin Reichs\u00adlehen. 1695 wurde ihnen die \u201eEdelmannsfreiheit\u201c verliehen. Im Spanischen Erbfolgekrieg wurde die Burg Arco 1703 infolge der Bombardierung durch General Vend\u00f4me zerst\u00f6rt und verfiel danach. Die Burggrafen von Arco verlie\u00dfen den Ort und teilten sich in einen seit 1740 in Mantua ans\u00e4ssigen sowie einen nach Bayern ausgewanderten Zweig.<\/span><\/p><p style=\"text-align: justify;\"><span style=\"font-family: Titillium Web; font-size: 12pt;\">In Mantua erwarben die Arco von den Grafen Chieppo einen Palazzo, den sie 1784 in palladianischem Klas\u00adsizismus umgestalten lie\u00dfen. Die Letzte dieser 1917 im Mannesstamm erloschenen Linie, Giovanna Marchesa Guidi di Bagno, geb. Gr\u00e4fin d&#8217;Arco Chieppio Ardizzoni (\u2020 1973) vermachte ihren Besitz, darunter die Burgruine Arco und den Palazzo d&#8217;Arco in Mantua (mit bedeutender Gem\u00e4ldesammlung) der von ihr gegr\u00fcndeten\u00a0Fondazione d&#8217;Arco, welche die Burg und andere Immobilien 1982 der Stadt Arco verkaufte und den Mantuaner Palast zum Museum machte.<\/span><\/p><p style=\"text-align: justify;\"><span style=\"font-family: Titillium Web; font-size: 12pt;\">Mit dem Vertrag von Saint-Germain und dem \u00dcbergang des Trentino von \u00d6sterreich an Italien 1919 verloren die bayerischen Grafen von Arco alle Anspr\u00fcche auf ihre urspr\u00fcnglichen Herrschaften. Sie wurden jedoch vom K\u00f6nigreich Italien daf\u00fcr entsch\u00e4digt. 1923 \u00fcbertrugen sie ihre Anteile an der Stammburg Arco auf Giovanna Guidi di Bagno geb. Arco in Mantua.<\/span><\/p><p style=\"text-align: justify;\"><span style=\"font-family: Titillium Web; font-size: 12pt;\">Die ins Kurf\u00fcrstentum Bayern gelangte Linie wurde sp\u00e4ter auch in Schlesien und \u00d6sterreich ans\u00e4ssig. Leopold von Arco heiratete im Jahre 1700 Maria Febronia Gr\u00e4fin von Haunsperg, die das Schloss Oberk\u00f6llnbach erbte (bis 1971 im Besitz der Familie Arco-Valley). Die bayerische Linie teilte sich im 19. Jahrhundert in die zwei gr\u00e4flichen \u00c4ste\u00a0Arco-Valley\u00a0und\u00a0Arco-Zinneberg.<\/span><\/p><p style=\"text-align: justify;\"><span style=\"font-family: Titillium Web; font-size: 12pt;\">Graf Maximilian von Arco auf Oberk\u00f6llnbach (\u20201875) erbte 1821 von seinem Onkel Heinrich Christian Graf von Tatten\u00adbach, dem Letzten seiner Linie, einen riesigen Grund- und G\u00fcterbesitz, darunter das Schloss Valley sowie Schloss Maxlrain in Oberbayern, Schloss Adldorf und Schloss Baumgarten in Niederbayern, ferner Schloss Sankt Martin im Inn\u00adkreis und Schloss Aurolzm\u00fcnster in Ober\u00f6sterreich. Er nahm den Namen\u00a0Arco-Valley\u00a0an. Der Ast Arco-Valley ist mit Ferdinand Graf von Arco-Valley (\u20201968) im Mannesstamm erloschen. Erbe wurde sein Adoptivsohn Ulrich Philipp Graf von Arco-Zinneberg.<\/span><\/p><p style=\"text-align: justify;\"><span style=\"font-family: Titillium Web; font-size: 12pt;\">1825 kaufte die verwitwete Kurf\u00fcrstin von Pfalz-Bayern, Maria Leopoldine von \u00d6sterreich-Este, in zweiter Ehe verheira\u00adtet mit Ludwig Graf von Arco (\u20201854), das Schloss Zinneberg. Ihr j\u00fcngerer Sohn, Graf Maximilian, nahm mit Genehmi\u00adgung des K\u00f6nigs von Bayern den Namen\u00a0Graf von und zu Arco-Zinneberg gen. Bogen\u00a0an. 1833 erhielt er von seinen Eltern anl\u00e4sslich seiner Hochzeit mit Leopoldine Gr\u00e4fin von Waldburg-Zeil das Palais Arco-Zinneberg am Wittelsbacher\u00adplatz in M\u00fcnchen zum Geschenk. Das bereits 1801 von der Kurf\u00fcrstenwitwe erworbene Schloss Stepperg fiel an ihren \u00e4lteren Sohn Aloys und mitsamt dem von ihm 1837 erworbenen Schloss Anif bei Salzburg 1890 \u00fcber seine Tochter an die Grafen\u00a0Moy. Der schlesisch-preu\u00dfische Zweig verlor nach einem Konfessionswechsel die Anspr\u00fcche auf die Besit\u00adzungen in der urspr\u00fcnglichen Grafschaft.<\/span><\/p><p style=\"text-align: justify;\"><span style=\"font-family: Titillium Web; font-size: 12pt;\">Bis heute sind die Besitzungen in Valley, Adldorf, Baumgarten, das Schloss Sankt Martin im Innkreis sowie das Palais Arco-Zinneberg in M\u00fcnchen im Besitz der Familie geblieben; ferner gelangte 1940 auf dem Erbweg Schloss Moos von der Familie Preysing\u00a0an die Arcos. 1998 erwarb Riprand Graf von und zu Arco-Zinneberg auf Moos die b\u00f6hmische Burg Vysok\u00fd Chlumec. Albert Graf von und zu Arco-Zinneberg (*\u00a01932) wurde von seinem kinderlosen Onkel m\u00fctterlicher\u00adseits, F\u00fcrst Joseph-Ernst Fugger von Gl\u00f6tt, adoptiert, nahm dessen Namen an und erbte das Fuggerschloss Kirchheim\/Schwaben.<\/span><\/p><p><span style=\"font-family: Titillium Web; font-size: 12pt;\">Quelle: wikipedia und Stadt Arco<\/span><\/p><\/div>\n\t\t\t\t<\/div>\n\t\t\t\t\t\t\t\t<\/div>\n\t\t\t\t<\/div>\n\t\t\t\t<\/div>\n\t\t\t\t\t<\/div>\n\t\t<\/div>\n\t\t\t\t\t\t\t<\/div>\n\t\t<\/section>\n\t\t\t\t<section class=\"elementor-section elementor-top-section elementor-element elementor-element-bfc7b88 elementor-section-boxed elementor-section-height-default elementor-section-height-default\" data-id=\"bfc7b88\" data-element_type=\"section\">\n\t\t\t\t\t\t<div class=\"elementor-container elementor-column-gap-default\">\n\t\t\t\t\t<div class=\"elementor-column elementor-col-100 elementor-top-column elementor-element elementor-element-6ed96eb\" data-id=\"6ed96eb\" data-element_type=\"column\">\n\t\t\t<div class=\"elementor-widget-wrap elementor-element-populated\">\n\t\t\t\t\t\t\t\t<div class=\"elementor-element elementor-element-7069f47 elementor-widget elementor-widget-toggle\" data-id=\"7069f47\" data-element_type=\"widget\" data-widget_type=\"toggle.default\">\n\t\t\t\t<div class=\"elementor-widget-container\">\n\t\t\t\t\t<div class=\"elementor-toggle\">\n\t\t\t\t\t\t\t<div class=\"elementor-toggle-item\">\n\t\t\t\t\t<h5 id=\"elementor-tab-title-1171\" class=\"elementor-tab-title\" data-tab=\"1\" role=\"button\" aria-controls=\"elementor-tab-content-1171\" aria-expanded=\"false\">\n\t\t\t\t\t\t\t\t\t\t\t\t<span class=\"elementor-toggle-icon elementor-toggle-icon-right\" aria-hidden=\"true\">\n\t\t\t\t\t\t\t\t\t\t\t\t\t\t\t<span class=\"elementor-toggle-icon-closed\"><i class=\"fas fa-caret-right\"><\/i><\/span>\n\t\t\t\t\t\t\t\t<span class=\"elementor-toggle-icon-opened\"><i class=\"elementor-toggle-icon-opened fas fa-caret-up\"><\/i><\/span>\n\t\t\t\t\t\t\t\t\t\t\t\t\t<\/span>\n\t\t\t\t\t\t\t\t\t\t\t\t<a class=\"elementor-toggle-title\" tabindex=\"0\">Stadtgesellschaft<\/a>\n\t\t\t\t\t<\/h5>\n\n\t\t\t\t\t<div id=\"elementor-tab-content-1171\" class=\"elementor-tab-content elementor-clearfix\" data-tab=\"1\" role=\"region\" aria-labelledby=\"elementor-tab-title-1171\"><p><span style=\"font-size: 14pt;\"><strong>Bildung<\/strong><\/span><\/p><ul><li><p style=\"text-align: justify;\"><span style=\"font-size: 12pt;\">Scuola Primaria oder Elementare vom 5. bis 11. Lebensjahr, Dauer f\u00fcnf Jahre. Vier Grundschulen gibt es in Arco-Bolognano,\u00a0Arco-Massone, Arco Zentrum (Namen \u00a0Giovanni Segantini) und in Arco-Romarzollo.<\/span><\/p><\/li><li style=\"text-align: justify;\"><p><span style=\"font-size: 12pt;\">Scuola secondaria di primo grado oder Scuola Media (Mittelschule) vom 11. bis 13. Lebensjahr, Dauer 3 Jahre, sie hei\u00dft Nicol\u00f2 d\u00b4Arco und liegt im Stadtteil Prabi.<\/span><\/p><\/li><li style=\"text-align: justify;\"><p><span style=\"font-size: 12pt;\">Das \u00a0Istituto Comprensivo\u00a0mit\u00a0Kindergarten, Grundschule und Mittelschule befindet sich ebenfalls in Prabi.<\/span><\/p><\/li><li style=\"text-align: justify;\"><p><span style=\"font-size: 12pt;\">Die private Gardaschule beherbergt ein scuola elementare, scuola media, liceo delle scienze appilcate sanitarie und istituto tecnico turistico\u00a0(Grundschule, Mittelschule und Gymnasium f\u00fcr Gesundheitswissenschaften und eine Tourismus-Fachschule).<\/span><\/p><\/li><li><p style=\"text-align: justify;\"><span style=\"font-size: 12pt;\">Enaip Trentino<\/span><br \/><span style=\"font-size: 12pt;\">Dieses Institut f\u00fcr das Gebiet oberer Gardasee und Ledrotal besteht seit 1962. Es bietet eine\u00a0dreij\u00e4hrige Ausbildung in Industrie und Handwerk sowie eine Berufsausbildung in den Bereichen Elektrotechnik und Maschinenbau an. Die Fortsetzung im vierten Jahr der Spezialisierung endet mit dem Diplom Techniker f\u00fcr industrielle Automatisierung. J\u00e4hrlich besuchen etwa 150 Studenten dieses Institut.<\/span><\/p><\/li><\/ul><p><span style=\"font-size: 14pt;\"><strong>Kommunalpolitik<\/strong><\/span><\/p><p style=\"text-align: left;\" align=\"CENTER\"><strong><span lang=\"de-DE\" style=\"font-size: 12pt;\">Wahlen zum Stadtparlament<\/span><\/strong><\/p><table style=\"height: 704px; width: 100%; border-collapse: collapse; background-color: #fafafa;\"><tbody><tr style=\"height: 56px;\"><td style=\"width: 67.759%; height: 56px;\"><p align=\"LEFT\"><strong><span lang=\"de-DE\" style=\"font-size: 12pt;\">Liste \/ Partei<\/span><\/strong><\/p><\/td><td style=\"width: 11.724%; height: 56px;\"><p style=\"text-align: right;\" align=\"CENTER\"><strong><span style=\"font-size: 12pt;\">Stimmen<\/span><\/strong><\/p><\/td><td style=\"width: 11.0343%; height: 56px;\"><p style=\"text-align: right;\" align=\"CENTER\"><strong>Prozent<\/strong><\/p><\/td><td style=\"width: 9.65527%; height: 56px;\"><p style=\"text-align: right;\" align=\"CENTER\"><strong><span style=\"font-size: 12pt;\">Sitze<\/span><\/strong><\/p><\/td><\/tr><tr style=\"height: 192px;\"><td style=\"width: 67.759%; height: 192px;\"><p align=\"LEFT\"><span lang=\"de-DE\" style=\"font-size: 12pt;\">Partito Democratico Del Trentino Betta Sindaco (PD)<\/span><\/p><p align=\"LEFT\"><span style=\"font-size: 12pt;\"><span lang=\"de-DE\">Gew\u00e4hlt (in Klammern die Anzahl der Stimmen): Dario Joppi (238), Gabriele Andreasi (190), Tiziana Betta (144), Flavio Tamburini (127), Luciano Villi (110), Angiolini Pincelli \u00a0(92) und Stefano Mazzoldi (79) <\/span><span lang=\"de-DE\">sowie der gew\u00e4hlte B\u00fcrgermeister Alessandro Betta<\/span><\/span><\/p><\/td><td style=\"width: 11.724%; height: 192px;\"><p style=\"text-align: right;\" align=\"CENTER\"><span style=\"font-size: 12pt;\">1470<\/span><\/p><\/td><td style=\"height: 192px;\"><p style=\"text-align: right;\" align=\"CENTER\"><span style=\"font-size: 12pt;\">17,8<\/span><\/p><\/td><td style=\"width: 9.65527%; text-align: right; height: 192px;\">8<\/td><\/tr><tr style=\"height: 144px;\"><td style=\"width: 67.759%; height: 144px;\"><p align=\"LEFT\"><span lang=\"de-DE\" style=\"font-size: 12pt;\">Lista Arco Civica e Autonomia Romarzollo Oltresarca San Giorgio Grotta Linfano<\/span><\/p><p align=\"LEFT\"><span lang=\"de-DE\" style=\"font-size: 12pt;\">Gew\u00e4hlt: Roberto Zampiccoli (157), Guido Trebo (114) und Stefano Mioro (101)<\/span><\/p><\/td><td style=\"width: 11.724%; text-align: right; height: 144px;\">599<\/td><td style=\"width: 11.0343%; text-align: right; height: 144px;\">7,25<\/td><td style=\"width: 9.65527%; text-align: right; height: 144px;\">3<\/td><\/tr><tr style=\"height: 96px;\"><td style=\"width: 67.759%; height: 96px;\"><p align=\"LEFT\"><span lang=\"de-DE\" style=\"font-size: 12pt;\">Unione per il Trentino (UPT)<\/span><\/p><p align=\"LEFT\"><span lang=\"de-DE\" style=\"font-size: 12pt;\">Gew\u00e4hlt:\u00a0Nicola Cattoi (113) und Cesare Bertamini (47)<\/span><\/p><\/td><td style=\"width: 11.724%; text-align: right; height: 96px;\">379<\/td><td style=\"width: 11.0343%; text-align: right; height: 96px;\">4,59<\/td><td style=\"width: 9.65527%; text-align: right; height: 96px;\">2<\/td><\/tr><tr style=\"height: 96px;\"><td style=\"width: 67.759%; height: 96px;\"><p align=\"LEFT\"><span lang=\"de-DE\" style=\"font-size: 12pt;\">Lista Pensarcocomune<\/span><\/p><p align=\"LEFT\"><span lang=\"de-DE\" style=\"font-size: 12pt;\">Gew\u00e4hlt: Ugo Perini (38)<\/span><\/p><\/td><td style=\"width: 11.724%; text-align: right; height: 96px;\">266<\/td><td style=\"width: 11.0343%; text-align: right; height: 96px;\">3,22<\/td><td style=\"width: 9.65527%; text-align: right; height: 96px;\">1<\/td><\/tr><tr style=\"height: 96px;\"><td style=\"width: 67.759%; height: 96px;\"><p align=\"LEFT\"><span lang=\"de-DE\" style=\"font-size: 12pt;\">Lista Arco Bene Comune &#8211; Futura 2020 Verdi e Sinistra<\/span><\/p><p align=\"LEFT\"><span lang=\"de-DE\" style=\"font-size: 12pt;\">Gew\u00e4hlt Tommaso Ulivieri (46)<\/span><\/p><\/td><td style=\"width: 11.724%; text-align: right; height: 96px;\">185<\/td><td style=\"width: 11.0343%; text-align: right; height: 96px;\">2,24<\/td><td style=\"width: 9.65527%; text-align: right; height: 96px;\">1<\/td><\/tr><tr style=\"height: 24px;\"><td style=\"width: 67.759%; height: 24px; text-align: left;\">B\u00fcrgermeistermehrheit<\/td><td style=\"width: 11.724%; height: 24px;\">\u00a0<\/td><td style=\"width: 11.0343%; height: 24px;\">\u00a0<\/td><td style=\"width: 9.65527%; text-align: right; height: 24px;\">15<\/td><\/tr><\/tbody><\/table><p align=\"LEFT\"><span style=\"font-size: 12pt;\"><span lang=\"de-DE\">Diese Listen hatten im Wahlkampf um das Amt des B\u00fcrgermeisters <\/span><span lang=\"de-DE\"><strong>den Kandidaten Allessandro Betta<\/strong> <strong>unterst\u00fctzt<\/strong><\/span><span lang=\"de-DE\"> und bilden jetzt seine <\/span><span lang=\"de-DE\">Mehrheit im Parlament<\/span><span lang=\"de-DE\">.<\/span><\/span><\/p><p align=\"JUSTIFY\"><strong><span lang=\"de-DE\" style=\"font-size: 12pt;\">Opposition<br \/><\/span><\/strong><span style=\"font-size: 12pt;\"><span lang=\"de-DE\">Alle anderen gew\u00e4hlten politischen Kr\u00e4fte bilden die Opposition. Dazu geh\u00f6ren qua Wahlrecht automatisch die unterlegenen B\u00fcrgermeisterkandidaten Giacomo Bernardi, Chiara Parisi und Roberto de Laurentis (= 3 Sitze) sowie die Listen <\/span><span lang=\"de-DE\">Siamo Arco<\/span><span lang=\"de-DE\">, <\/span><span lang=\"de-DE\">Lega<\/span><span lang=\"de-DE\">, <\/span><span lang=\"de-DE\">Civica de Laurentis<\/span><span lang=\"de-DE\"> und <\/span><span lang=\"de-DE\">Civica Oliviaia<\/span> <span lang=\"de-DE\">mit <\/span><span lang=\"de-DE\">je<\/span> <span lang=\"de-DE\">einem<\/span> <span lang=\"de-DE\">Abgeordne\u00adten (= 4 Sitze). Das ergib<\/span><span lang=\"de-DE\">t s<\/span><span lang=\"de-DE\">ieben<\/span><span lang=\"de-DE\"> Sitze f\u00fcr die Opposition.<\/span><\/span><\/p><table style=\"width: 100%; border-collapse: collapse; background-color: #fafafa;\"><tbody><tr><td style=\"width: 67.4138%;\"><p align=\"LEFT\"><strong><span lang=\"de-DE\" style=\"font-size: 12pt;\">Liste \/ Partei<\/span><\/strong><\/p><\/td><td style=\"width: 12.2415%;\"><p style=\"text-align: right;\" align=\"CENTER\"><strong>Stimmen<\/strong><\/p><\/td><td style=\"width: 11.2067%;\"><p style=\"text-align: right;\" align=\"CENTER\"><strong><span style=\"font-size: 12pt;\">Prozent<\/span><\/strong><\/p><\/td><td style=\"width: 9.13794%;\"><p style=\"text-align: right;\" align=\"CENTER\"><strong><span style=\"font-size: 12pt;\">Sitze<\/span><\/strong><\/p><\/td><\/tr><tr><td style=\"width: 67.4138%;\"><p align=\"LEFT\"><span lang=\"de-DE\" style=\"font-size: 12pt;\">Lega Autonomia Salvini Trentino<\/span><\/p><p align=\"LEFT\"><span lang=\"de-DE\" style=\"font-size: 12pt;\">Gew\u00e4hlt: Oscar Pallaoro (147)<\/span><\/p><\/td><td style=\"width: 12.2415%; text-align: right;\">827<\/td><td style=\"width: 11.2067%; text-align: right;\">10,01<\/td><td style=\"width: 9.13794%; text-align: right;\">1<\/td><\/tr><tr><td style=\"width: 67.4138%;\"><p align=\"LEFT\"><span lang=\"de-DE\" style=\"font-size: 12pt;\">Lista Siamo Arco Giacomo Bernardi Sindaco <\/span><\/p><p align=\"LEFT\"><span lang=\"de-DE\" style=\"font-size: 12pt;\">Gew\u00e4hlt: Stefano Tamburini (183)<\/span><\/p><\/td><td style=\"width: 12.2415%; text-align: right;\">719<\/td><td style=\"width: 11.2067%; text-align: right;\">8,7<\/td><td style=\"width: 9.13794%; text-align: right;\">1<\/td><\/tr><tr><td style=\"width: 67.4138%;\"><p align=\"LEFT\"><span style=\"font-size: 12pt;\"><span lang=\"de-DE\">Fratelli d\u00b4Italia<\/span><span lang=\"de-DE\"> Giorgio Meloni<\/span><\/span><\/p><\/td><td style=\"width: 12.2415%; text-align: right;\">244<\/td><td style=\"width: 11.2067%; text-align: right;\">2,95<\/td><td style=\"width: 9.13794%; text-align: right;\">0<\/td><\/tr><tr><td style=\"width: 67.4138%;\"><p align=\"LEFT\"><span lang=\"de-DE\" style=\"font-size: 12pt;\">Unione Per Arco Per Un Impegno Civico Con Giacomo Bernardi Sindaco<\/span><\/p><\/td><td style=\"width: 12.2415%; text-align: right;\">169<\/td><td style=\"width: 11.2067%; text-align: right;\">2,05<\/td><td style=\"width: 9.13794%; text-align: right;\">0<\/td><\/tr><tr><td style=\"width: 67.4138%;\"><p align=\"LEFT\"><span lang=\"de-DE\" style=\"font-size: 12pt;\">Forza Italia Berlusconi Presidente Bernardi <\/span><\/p><\/td><td style=\"width: 12.2415%; text-align: right;\">102<\/td><td style=\"width: 11.2067%; text-align: right;\">1,23<\/td><td style=\"width: 9.13794%; text-align: right;\">0<\/td><\/tr><\/tbody><\/table><p align=\"LEFT\"><span style=\"font-size: 12pt;\"><span lang=\"de-DE\">Diese Listen hatten im Wahlkampf um das Amt des B\u00fcrgermeisters <\/span><span lang=\"de-DE\"><strong>den Kandidaten Giacomo Bernardi<\/strong> <strong>unterst\u00fctzt<\/strong>.<\/span><\/span><\/p><table style=\"width: 100%; border-collapse: collapse; background-color: #fafafa;\"><tbody><tr><td style=\"width: 67.4138%;\"><p align=\"LEFT\"><strong><span lang=\"de-DE\" style=\"font-size: 12pt;\">Liste \/ Partei<\/span><\/strong><\/p><\/td><td style=\"width: 12.5862%; text-align: right;\"><strong>Stimmen<\/strong><\/td><td style=\"width: 11.2069%; text-align: right;\"><strong>Prozent<\/strong><\/td><td style=\"width: 8.79312%; text-align: right;\"><strong>Sitze<\/strong><\/td><\/tr><tr><td style=\"width: 67.4138%;\"><p align=\"LEFT\"><span lang=\"de-DE\" style=\"font-size: 12pt;\">Civica Olivaia Etica e Ambiente<\/span><\/p><p align=\"LEFT\"><span lang=\"de-DE\" style=\"font-size: 12pt;\">Gew\u00e4hlt Arianna Fiorio<\/span><\/p><\/td><td style=\"width: 12.5862%; text-align: right;\">290<\/td><td style=\"width: 11.2069%; text-align: right;\">12,4<\/td><td style=\"width: 8.79312%; text-align: right;\">1<\/td><\/tr><tr><td style=\"width: 67.4138%;\"><p align=\"LEFT\"><span lang=\"de-DE\" style=\"font-size: 12pt;\">Comunita&#8216; Lavoro Ambiente<\/span><\/p><\/td><td style=\"width: 12.5862%; text-align: right;\">469<\/td><td style=\"width: 11.2069%; text-align: right;\">12,4<\/td><td style=\"width: 8.79312%; text-align: right;\">0<\/td><\/tr><tr><td style=\"width: 67.4138%;\"><p align=\"LEFT\"><span lang=\"de-DE\" style=\"font-size: 12pt;\">Domani Giovani in Azione<\/span><\/p><\/td><td style=\"width: 12.5862%; text-align: right;\">264<\/td><td style=\"width: 11.2069%; text-align: right;\">3,2<\/td><td style=\"width: 8.79312%; text-align: right;\">0<\/td><\/tr><\/tbody><\/table><p align=\"LEFT\"><span style=\"font-size: 12pt;\"><span lang=\"de-DE\">Diese Listen hatten im Wahlkampf um das Amt des B\u00fcrgermeisters <\/span><span lang=\"de-DE\"><strong>die Kandidatin Chiara Parisi<\/strong> <strong>unterst\u00fctzt<\/strong>.<\/span><\/span><\/p><table style=\"width: 100%; border-collapse: collapse; background-color: #fafafa;\"><tbody><tr><td style=\"width: 67.5862%; text-align: left;\"><strong>Liste \/ Partei<\/strong><\/td><td style=\"width: 12.4138%; text-align: right;\"><strong>Stimmen<\/strong><\/td><td style=\"width: 11.3793%; text-align: right;\"><strong>Prozent<\/strong><\/td><td style=\"width: 8.62069%; text-align: right;\"><strong>Sitze<\/strong><\/td><\/tr><tr><td style=\"width: 67.5862%;\"><p align=\"LEFT\"><span lang=\"de-DE\" style=\"font-size: 12pt;\">Civica de Laurentis Autonomia Responsabilita&#8216; Cambiamento Organizzazione<\/span><\/p><p align=\"LEFT\"><span lang=\"de-DE\" style=\"font-size: 12pt;\">Gew\u00e4hlt: Nicola Tamburini (129 Stimmen)<\/span><\/p><\/td><td style=\"width: 12.4138%; text-align: right;\">629<\/td><td style=\"width: 11.3793%; text-align: right;\">7,6<\/td><td style=\"width: 8.62069%; text-align: right;\">1<\/td><\/tr><tr><td style=\"width: 67.5862%;\"><p align=\"LEFT\"><span lang=\"de-DE\" style=\"font-size: 12pt;\">Partito autonomista Trentino Tirolese<\/span><\/p><\/td><td style=\"width: 12.4138%; text-align: right;\">366<\/td><td style=\"width: 11.3793%; text-align: right;\">4,4<\/td><td style=\"width: 8.62069%; text-align: right;\">0<\/td><\/tr><tr><td style=\"width: 67.5862%;\"><p align=\"LEFT\"><span lang=\"de-DE\" style=\"font-size: 12pt;\">Arco Cambia Lista Civica<\/span><\/p><\/td><td style=\"width: 12.4138%; text-align: right;\">348<\/td><td style=\"width: 11.3793%; text-align: right;\">4,2<\/td><td style=\"width: 8.62069%; text-align: right;\">0<\/td><\/tr><tr><td style=\"width: 67.5862%;\"><p align=\"LEFT\"><span lang=\"de-DE\" style=\"font-size: 12pt;\">Insieme per Arco<\/span><\/p><\/td><td style=\"width: 12.4138%; text-align: right;\">202<\/td><td style=\"width: 11.3793%; text-align: right;\">2,5<\/td><td style=\"width: 8.62069%; text-align: right;\">0<\/td><\/tr><\/tbody><\/table><p align=\"LEFT\"><span style=\"font-size: 12pt;\"><span lang=\"de-DE\">Diese Listen hatten im Wahlkampf um das Amt des B\u00fcrgermeisters <\/span><span lang=\"de-DE\"><strong>den Kandidaten Roberto de Laurentis<\/strong> <strong>unterst\u00fctzt<\/strong>.<\/span><\/span><\/p><table style=\"width: 750px; background-color: #f0f0f0;\" cellpadding=\"4px\"><tbody><tr><td style=\"width: 0px;\"><p style=\"text-align: left;\"><span style=\"font-size: 12pt;\"><strong>Erkl\u00e4rung zu den Parteien<\/strong><\/span><\/p><ul><li style=\"text-align: left;\"><p><span style=\"font-size: 12pt;\">Arco Bene Comune (ABC) = lokale Gruppierung zum Wohle von Arco<\/span><\/p><\/li><li style=\"text-align: left;\"><p><span style=\"font-size: 12pt;\">Arco Futura = Arcos Zukunft<\/span><\/p><\/li><li style=\"text-align: left;\"><p><span style=\"font-size: 12pt;\">Arco per un Comune Virtuoso = Arco f\u00fcr eine tugendhafte Gemeinde, Langhaltigkeit steht im Vordergrund<\/span><\/p><\/li><li style=\"text-align: left;\"><p><span style=\"font-size: 12pt;\">Civica con Betta = \u00a0Bewegung B\u00fcrger f\u00fcr Betta, also Unterst\u00fctzer des B\u00fcrgermeisters.<\/span><\/p><\/li><li style=\"text-align: left;\"><p><span style=\"font-size: 12pt;\">M5S = Movimento 5 Stelle ( F\u00fcnf-Sterne-Bewegung) ist eine europaskeptische und populistische Partei<\/span><\/p><\/li><li style=\"text-align: left;\"><p><span style=\"font-size: 12pt;\">Patt = Partito Autonomista Trentino Tirolese, christdemokratische Partei der Mitte, deren Anliegen die Autonomie der Region ist. Zusammenarbeit in Europa mit der Europ\u00e4ischen Volkspartei.<\/span><\/p><\/li><li style=\"text-align: left;\"><p><span style=\"font-size: 12pt;\">PD = Partito Democratico, Spektrum von Mitte bis Links, sozialdemokratische, linksliberale und christlich-soziale Ausrichtung, in Europa ist sie Mitglied der Sozialdemokratischen Partei Europas.<\/span><\/p><\/li><li style=\"text-align: left;\"><p><span style=\"font-size: 12pt;\">Siamo Arco=\u00a0 lokale Gruppierung \u201ewir sind Arco\u201c<\/span><\/p><\/li><li><p style=\"text-align: left;\"><span style=\"font-size: 12pt;\">Unabh\u00e4ngige = beide geh\u00f6rten Listen an, M.Ottobre der PTTT und G.Rullo dem M5S, sie verlie\u00dfen ihre Parteien und geh\u00f6ren als Unabh\u00e4ngige dem Parlament an.<\/span><\/p><\/li><\/ul><\/td><\/tr><\/tbody><\/table><p><span style=\"font-family: Titillium web; font-size: 12pt;\"><strong>Wahlen zum B\u00fcrgermeister<\/strong><br \/><\/span><\/p><p><span style=\"font-size: 12pt;\">1. Durchgang<\/span><\/p><table style=\"width: 100%; border-collapse: collapse; background-color: #fafafa;\"><tbody><tr><td style=\"width: 28.4483%;\"><p align=\"LEFT\"><strong><span style=\"font-size: 12pt;\">Kandidat\/-in<\/span><\/strong><\/p><\/td><td style=\"width: 18.9654%;\"><p style=\"text-align: right;\" align=\"CENTER\"><strong><span style=\"font-size: 12pt;\">Stimmen<\/span><\/strong><\/p><\/td><td style=\"width: 21.7242%;\"><p style=\"text-align: right;\" align=\"CENTER\"><strong><span style=\"font-size: 12pt;\">Prozent<\/span><\/strong><\/p><\/td><td style=\"width: 30.8621%;\"><p style=\"text-align: right;\" align=\"CENTER\"><strong><span style=\"font-size: 12pt;\">Politische Ausrichtung<\/span><\/strong><\/p><\/td><\/tr><tr><td style=\"width: 28.4483%;\"><p align=\"LEFT\"><span style=\"font-size: 12pt;\">Alessandro Betta<\/span><\/p><\/td><td style=\"width: 18.9654%;\"><p style=\"text-align: right;\" align=\"CENTER\"><span style=\"font-size: 12pt;\">3276<\/span><\/p><\/td><td style=\"width: 21.7242%;\"><p style=\"text-align: right;\" align=\"CENTER\"><span style=\"font-size: 12pt;\">34,40%<\/span><\/p><\/td><td style=\"width: 30.8621%;\"><p style=\"text-align: right;\" align=\"CENTER\"><span style=\"font-size: 12pt;\">sozialdemokratisch<\/span><\/p><\/td><\/tr><tr><td style=\"width: 28.4483%;\"><p align=\"LEFT\"><span style=\"font-size: 12pt;\">Giacomo Bernardi<\/span><\/p><\/td><td><p style=\"text-align: right;\" align=\"CENTER\">2238<\/p><\/td><td><p style=\"text-align: right;\" align=\"CENTER\"><span style=\"font-size: 12pt;\">23,50%<\/span><\/p><\/td><td style=\"width: 30.8621%;\"><p style=\"text-align: right;\" align=\"CENTER\"><span style=\"font-size: 12pt;\">rechts-konservativ<\/span><\/p><\/td><\/tr><tr><td style=\"width: 28.4483%;\"><p align=\"LEFT\"><span style=\"font-size: 12pt;\">Chiara Parisi<\/span><\/p><\/td><td><p style=\"text-align: right;\" align=\"CENTER\"><span style=\"font-size: 12pt;\">2160<\/span><\/p><\/td><td><p style=\"text-align: right;\" align=\"CENTER\"><span style=\"font-size: 12pt;\">22,68%<\/span><\/p><\/td><td style=\"width: 30.8621%;\"><p style=\"text-align: right;\" align=\"CENTER\"><span style=\"font-size: 12pt;\">gr\u00fcn-\u00f6kologisch<\/span><\/p><\/td><\/tr><tr><td style=\"width: 28.4483%;\"><p align=\"LEFT\"><span style=\"font-size: 12pt;\">Roberto de Laurentis<\/span><\/p><\/td><td><p style=\"text-align: right;\" align=\"CENTER\"><span style=\"font-size: 12pt;\">1849<\/span><\/p><\/td><td><p style=\"text-align: right;\" align=\"CENTER\"><span style=\"font-size: 12pt;\">19,42%<\/span><\/p><\/td><td style=\"width: 30.8621%;\"><p style=\"text-align: right;\" align=\"CENTER\"><span style=\"font-size: 12pt;\">national-konservativ<\/span><\/p><\/td><\/tr><tr style=\"background-color: #f0f0f0;\"><td style=\"width: 28.4483%; text-align: left;\"><strong>Summen<\/strong><\/td><td><p style=\"text-align: right;\" align=\"CENTER\"><strong><span style=\"font-size: 12pt;\">9523<\/span><\/strong><\/p><\/td><td><p style=\"text-align: right;\" align=\"CENTER\"><span style=\"font-size: 12pt;\"><strong>100,00%<\/strong><\/span><\/p><\/td><td style=\"width: 30.8621%;\">\u00a0<\/td><\/tr><\/tbody><\/table><p align=\"JUSTIFY\"><span style=\"font-size: 12pt;\"><span style=\"text-decoration: underline;\"><span lang=\"de-DE\">Wahlbeteiligung:<\/span><\/span><span lang=\"de-DE\"> 66,63 %<\/span><\/span><\/p><p align=\"JUSTIFY\"><strong><span lang=\"de-DE\" style=\"font-size: 12pt;\">Stichwahl am 04.10.2020<\/span><\/strong><\/p><table style=\"width: 100%; border-collapse: collapse; background-color: #fafafa;\"><tbody><tr><td style=\"width: 33.2759%;\"><p align=\"LEFT\"><strong><span style=\"font-size: 12pt;\">Kandidat\/-in<\/span><\/strong><\/p><\/td><td style=\"width: 35.4023%; text-align: right;\"><strong>Stimmen<\/strong><\/td><td style=\"width: 31.2643%; text-align: right;\"><strong>Prozent<\/strong><\/td><\/tr><tr><td style=\"width: 33.2759%;\"><p align=\"LEFT\"><span style=\"font-size: 12pt;\">Alessandro Betta<\/span><\/p><\/td><td style=\"width: 35.4023%;\"><p style=\"text-align: right;\" align=\"CENTER\"><span style=\"font-size: 12pt;\">4133<\/span><\/p><\/td><td style=\"width: 31.2643%;\"><p style=\"text-align: right;\" align=\"CENTER\"><span style=\"font-size: 12pt;\">60,99%<\/span><\/p><\/td><\/tr><tr><td style=\"width: 33.2759%;\"><p align=\"LEFT\"><span style=\"font-size: 12pt;\">Giacomo Bernardi<\/span><\/p><\/td><td><p style=\"text-align: right;\" align=\"CENTER\"><span style=\"font-size: 12pt;\">2643<\/span><\/p><\/td><td style=\"width: 31.2643%;\"><p style=\"text-align: right;\" align=\"CENTER\">39,01%<\/p><\/td><\/tr><tr style=\"background-color: #f0f0f0;\"><td style=\"width: 33.2759%; text-align: left;\"><strong>Summen<\/strong><\/td><td><p style=\"text-align: right;\" align=\"CENTER\"><strong><span style=\"font-size: 12pt;\">6776<\/span><\/strong><\/p><\/td><td style=\"width: 31.2643%;\"><p style=\"text-align: right;\" align=\"CENTER\"><strong><span style=\"font-size: 12pt;\">100,00%<\/span><\/strong><\/p><\/td><\/tr><tr style=\"background-color: #f0f0f0;\"><td style=\"width: 33.2759%; text-align: left;\"><strong>Wahlberechtigte<\/strong><\/td><td style=\"width: 35.4023%; text-align: right;\"><strong>14292<\/strong><\/td><td style=\"width: 31.2643%;\">\u00a0<\/td><\/tr><\/tbody><\/table><p align=\"JUSTIFY\"><span style=\"font-size: 12pt;\"><span style=\"text-decoration: underline;\"><span lang=\"de-DE\">Wahlbeteiligung:<\/span><\/span><span lang=\"de-DE\"> 47,41 %<\/span><\/span><\/p><p align=\"JUSTIFY\"><span lang=\"de-DE\" style=\"font-size: 12pt;\">Im Vergleich mit dem 1.Wahldurchgang sind bei der Stichwahl 2.747 Menschen weniger zur Wahl gegangen.<\/span><\/p><table style=\"width: 750px; background-color: #f0f0f0;\"><tbody><tr><td><p style=\"text-align: left;\"><strong><span style=\"font-family: Titillium web; font-size: 12pt;\">Das System der B\u00fcrgermeisterwahl<\/span><\/strong><\/p><p style=\"text-align: left;\"><span style=\"font-family: Titillium web; font-size: 12pt;\">In Arco gibt es &#8222;normalerweise&#8220; mehrere Kandidaten f\u00fcr das Amt des B\u00fcrgermeisters; &#8222;normalerweise&#8220; haben diese Kandidaten eigene &#8222;Listen&#8220; mit Kandidaten f\u00fcr das Stadtparlament. <\/span><\/p><p style=\"text-align: left;\"><span style=\"font-family: Titillium web; font-size: 12pt;\">Meist drei bis vier andere politische Gruppierungen mit eigener Liste (= mit Kandidaten f\u00fcr das Stadtparlament) erkl\u00e4ren sich im Vorfeld der Wahl bereit, einen bestimmten B\u00fcrgermeisterkandidaten zu unterst\u00fctzen. <\/span><\/p><p style=\"text-align: left;\"><span style=\"font-family: Titillium web; font-size: 12pt;\">Das w\u00e4re als zum (konstruierten) Beispiel die Liste Betta, Betta bekommt Unterst\u00fctzung von der Liste amici per Betta, Betta per Arco usw. Andere Kandidaten haben ebenfalls eine Liste und andere Listen, die sie unterst\u00fctzen. <\/span><\/p><p style=\"text-align: left;\"><span style=\"font-family: Titillium web; font-size: 12pt;\">Jeder W\u00e4hler hat nur eine Stimme. Nach der Wahl werden die Stimmen f\u00fcr den jeweiligen Kandidaten und seine Unterst\u00fctzer zusammengez\u00e4hlt. Hat der B\u00fcrgermeisterkandidat plus Unterst\u00fctzerlisten \u00fcber 50 Prozent, dann ist er gew\u00e4hlt. Reichen die Stimmen nicht f\u00fcr eine Mehrheit, dann gibt es eine Stichwahl zwischen den beiden Kandidaten mit den meisten Stimmen. <\/span><\/p><p style=\"text-align: left;\"><span style=\"font-family: Titillium web; font-size: 12pt;\">Die Liste des gew\u00e4hlten B\u00fcrgermeisters (mit Unterst\u00fctzerlisten) stellt ganz alleine den Magistrat. Die Opposition (Minderheit genannt) hat keinen gro\u00dfen Einfluss, denn die Regierungsparteien (Mehrheit genannt) hat das Sagen.<\/span><\/p><\/td><\/tr><\/tbody><\/table><p style=\"text-align: left;\" align=\"CENTER\"><span style=\"font-size: 12pt;\"><strong><span lang=\"de-DE\">Magistrat (italienisch = giunta)<br \/><\/span><\/strong><\/span><\/p><p align=\"JUSTIFY\"><span style=\"font-size: 12pt;\"><strong><span lang=\"de-DE\">B\u00fcrgermeister Alessandro Betta<\/span><\/strong><span lang=\"de-DE\">\u00a0(Partito Democratico) ist zust\u00e4ndig f\u00fcr Katastrophenschutz, Gesundheit und Sicherheit, Sozial- und Arbeitspolitik, institutionelle Vertretung, interkommunale Kooperations\u00adpolitik und Kommissionen, Organisation der Humanressourcen, Beziehungen zu Tochterunternehmen und Beteiligungsunternehmen.<\/span><\/span><\/p><p align=\"JUSTIFY\"><span style=\"font-size: 12pt;\"><strong><span lang=\"de-DE\">Stellvertretender B\u00fcrgermeister Roberto Zampiccoli <\/span><\/strong><span lang=\"de-DE\">(\u00a0Liste Arco Civica e Autonomia Romarzollo Oltresarca San Giorgio Grotta Linfano) ist zust\u00e4ndig\u00a0f\u00fcr \u00f6ffentliche Arbeiten, Forst und Landwirtschaft, die Verbesserung des Umfelds der Burg und des Olivenhains, Denkmalschutz<\/span><span lang=\"de-DE\">.<\/span><\/span><\/p><p align=\"JUSTIFY\"><span style=\"font-size: 12pt;\"><strong><span lang=\"de-DE\">Gabriele Andreasi<\/span><\/strong><span lang=\"de-DE\"> (Partito Democratico) ist zust\u00e4ndig f\u00fcr Bau, Wirtschaft, Industrie, Handwerk, Zusam\u00admenarbeit, Handel und Gewerbe, Richtlinien f\u00fcr Umwelt, Nachhaltigkeit, Energiepolitik, \u00d6kologie und Qualit\u00e4tszertifizierung, Verkehrsnetze, Planung, Management, Mobilit\u00e4tskontrolle und Smart City.<\/span><\/span><\/p><p align=\"JUSTIFY\"><span style=\"font-size: 12pt;\"><strong><span lang=\"de-DE\">Nicola Cattoi<\/span><\/strong><span lang=\"de-DE\">\u00a0(Liste Unione per il Trentino) ist zust\u00e4ndig f\u00fcr Technik, Abwasser, Wasser, kommunale EDV, Planung und Stadtplanung des Territoriums, Bewertung und \u00dcberwachung des Fortschritts \u00f6ffentlicher und privater Arbeiten in st\u00e4dtebaulichen und technischen Fragen.<\/span><\/span><\/p><p align=\"JUSTIFY\"><span style=\"font-size: 12pt;\"><strong><span lang=\"de-DE\">Dario Ioppi<\/span><\/strong><span lang=\"de-DE\"> (Partito Democratico) ist zust\u00e4ndig f\u00fcr Jugendpolitik, Sport und Tourismus.<\/span><\/span><\/p><p align=\"JUSTIFY\"><span style=\"font-size: 12pt;\"><strong><span lang=\"de-DE\">Francesca Modena <\/span><\/strong><span lang=\"de-DE\">(externe Stadtr\u00e4tin) ist zust\u00e4ndig f\u00fcr die kommunalen Finanzen, Haushalt, Steuern und Z\u00f6lle. Sie hat kein Mandat als Stadtverordnete, stimmt dort auch nicht mit den anderen ab, ist jedoch ein vollwertiges Mitglied des Magistrats.\u00a0<\/span><\/span><\/p><p align=\"JUSTIFY\"><span style=\"font-size: 12pt;\"><strong><span lang=\"de-DE\">Guido Trebo<\/span><\/strong><span lang=\"de-DE\">\u00a0(Liste Arco Civica e Autonomia Romarzollo Oltresarca San Giorgio Grotta Linfano) ist zust\u00e4ndig f\u00fcr Kultur, Ausbildung, Bildung, Kulturtourismus und Kommunikation.\u00a0<\/span><span lang=\"de-DE\">Er ist auch f\u00fcr die Ver\u00adschwisterung zust\u00e4ndig.<\/span><\/span><\/p><p align=\"JUSTIFY\"><span lang=\"de-DE\" style=\"font-size: 12pt;\">Die Mitglieder des Magistrats, die Stadtr\u00e4te (italienisch = assesori) werden bezahlt. Aktuelle Zahlen lie\u00adgen nicht vor. Aber aus einem Zeitungsartikel aus dem Jahre 2013 gehen folgende Monatsgeh\u00e4lter hervor: Paolo Mattei war B\u00fcrgermeister, er bekam \u20ac 5.968,80; Alessandro Betta als Vize-B\u00fcrgermeister erhielt \u20ac 2.984,40, die &#8222;normalen&#8220; Stadtr\u00e4te erhielten pro Person \u20ac 2.387,52. Vilma Remondini war Stadtverordnetenvorsteher und bekam\u00a0\u20ac 1.528,01 Euro. Jeder Stadtrat hat ein B\u00fcro im Rathaus mit seinen Mitarbeitern (je nach Aufgabenbereich) und ist dort f\u00fcr einige Stunden pers\u00f6nlich zu sprechen.<\/span><\/p><p><span style=\"font-family: Titillium web; font-size: 12pt;\">\u00a0<\/span><\/p><p><span style=\"font-size: 12pt;\"><strong><span style=\"font-size: 14pt;\">Kultur, Freizeit und Leben<\/span><br \/><\/strong><\/span><span style=\"font-family: Titillium web; font-size: 12pt;\">In punkto Kultur ist das ganze Jahr \u00fcber einiges los in Arco. Zahllose Veranstaltungen jeglicher Art f\u00fcllen den Kalender. Bekannt und bei Einheimischen und Besuchern und besonders beliebt sind<\/span><\/p><ul><li><p><span style=\"font-family: Titillium Web; font-size: 12pt;\">der Carnevale di Arco: am Wochenende vor Aschermittwoch sowie am Wochenende davor und<\/span><\/p><\/li><li><p><span style=\"font-family: Titillium Web; font-size: 12pt;\">der Weihnachtsmarkt: ab November bis Anfang Januar (an ausgew\u00e4hlten Tagen)<\/span><\/p><\/li><\/ul><p><span style=\"font-family: Titillium web; font-size: 12pt;\">Au\u00dferdem&#8230;<\/span><\/p><ul><li><p><span style=\"font-family: Titillium Web; font-size: 12pt;\">Bauernmarkt ab 7. Mai, 7.30 bis 13.30 Uhr, Viale delle Palme, jede Woche dienstag (bis 17. Dezember)<\/span><\/p><\/li><li><p><span style=\"font-family: Titillium Web; font-size: 12pt;\">Flohmarkt monatlich M\u00e4rz bis ???<\/span><\/p><\/li><li><p><span style=\"font-family: Titillium Web; font-size: 12pt;\">Wochenmarkt am 1. und 3. eines jeden Monats von 8 bis 13 Uhr in der Innenstadt<\/span><\/p><\/li><\/ul><p><span style=\"font-family: Titillium web; font-size: 12pt;\">Alle Informationen findet man unter: www.gardatrentino.it\/de\/arco-veranstaltungen\/index.asp<\/span><\/p><p><span style=\"font-size: 12pt;\"><strong><span style=\"font-size: 14pt;\">Sport<\/span><br \/><\/strong><\/span><span style=\"font-family: Titillium web;\"><span style=\"font-size: medium;\">In Arco und der n\u00e4heren Umgebung gibt es sehr viele Sportvereine, in denen nahezu jede Sportart ausge\u00fcbt werden kann. Und das sind sie:<\/span><\/span><\/p><p><span style=\"font-family: Titillium web;\"><span style=\"font-size: medium;\">(\u00fcber den Hyperlink gelangen Sie auf die Homepage des jeweiligen Vereins)<\/span><\/span><\/p><p><span style=\"font-family: Titillium web;\"><span style=\"font-size: medium;\">A.D. Virtus Baske Alto Garda Basketball oberer Gardasee<br \/><\/span><\/span><span style=\"font-family: Titillium web;\"><span style=\"font-size: medium;\">A.I.A. Assiciazione Italiani Arbitri Sezione Arco-Riva Schiedsrichter<br \/><\/span><\/span><span style=\"font-size: 12pt;\"><a href=\"http:\/\/www.comune.arco.tn.it\/Territorio\/Informazioni-utili\/Associazioni\/Associazioni-sportive\/A.S.D.-C.-Garda-Star-s\" target=\"_blank\" rel=\"noopener\">A.S.D. &amp; C. Garda Star\u2019s\u00a0Twirling<\/a><br \/><\/span><span style=\"font-family: Titillium web;\"><span style=\"font-size: medium;\">A.s.D. Acqua Sport Alto Garda Schwimmsport oberer Gardasee<br \/><\/span><\/span><span style=\"font-family: Titillium web;\"><span style=\"font-size: medium;\">A.S.D. Altogarda Golf oberer Gardasee<br \/><\/span><\/span><span style=\"font-family: Titillium web;\"><span style=\"font-size: medium;\">A.S.D. Arcierie Virtus Bogenschie\u00dfen<br \/><\/span><\/span><span style=\"font-family: Titillium web;\"><span style=\"font-size: medium;\">A.S.D. Arco Xce Lauf- und Radsport<br \/><\/span><\/span><span style=\"font-family: Titillium web;\"><span style=\"font-size: medium;\">A.S.D. Arcoclimbing Klettern<br \/><\/span><\/span><span style=\"font-family: Titillium web;\"><span style=\"font-size: medium;\">A.S.D. Atletica Alto Garda e Ledro Leichtathletik oberer Gardasee und Ledro<br \/><\/span><\/span><span style=\"font-family: Titillium web;\"><span style=\"font-size: medium;\"><a href=\"http:\/\/www.comune.arco.tn.it\/Territorio\/Informazioni-utili\/Associazioni\/Associazioni-sportive\/A.S.D.-Cestistica-Rivana\" target=\"_blank\" rel=\"noopener\">A.S.D. Cestistica Rivana\u00a0Basketball Riva<\/a><br \/><\/span><\/span><span style=\"font-family: Titillium Web;\"><span style=\"font-size: medium;\"><a href=\"http:\/\/www.comune.arco.tn.it\/Territorio\/Informazioni-utili\/Associazioni\/Associazioni-sportive\/A.S.D.-Circolo-Altogarda-Kite\" target=\"_blank\" rel=\"noopener\">A.S.D. Circolo Altogarda-Kite\u00a0Kitesurfing<\/a><br \/><\/span><\/span><span style=\"font-family: Titillium Web;\"><span style=\"font-size: medium;\"><a href=\"http:\/\/www.comune.arco.tn.it\/Territorio\/Informazioni-utili\/Associazioni\/Associazioni-sportive\/A.S.D.-Culturale-Dhanur\" target=\"_blank\" rel=\"noopener\">A.S.D. Culturale Dhanur\u00a0Yoga<\/a><br \/><\/span><\/span><span style=\"font-family: Titillium Web;\"><span style=\"font-size: medium;\"><a href=\"http:\/\/www.comune.arco.tn.it\/Territorio\/Informazioni-utili\/Associazioni\/Associazioni-sportive\/A.S.D.-Do-Jang-Taekwondo\" target=\"_blank\" rel=\"noopener\">A.S.D. Do Jang Taekwondo<\/a><br \/><\/span><\/span><span style=\"font-family: Titillium Web;\"><span style=\"font-size: medium;\"><a href=\"http:\/\/www.comune.arco.tn.it\/Territorio\/Informazioni-utili\/Associazioni\/Associazioni-sportive\/A.S.D.-Dojo-Club-Arco\" target=\"_blank\" rel=\"noopener\">A.S.D. Dojo Club Arco\u00a0Budo<\/a><br \/><\/span><\/span><span style=\"font-family: Titillium Web;\"><span style=\"font-size: medium;\"><a href=\"http:\/\/www.comune.arco.tn.it\/Territorio\/Informazioni-utili\/Associazioni\/Associazioni-sportive\/A.S.D.-Garda-Sport-Events\" target=\"_blank\" rel=\"noopener\">A.S.D. Garda Sport Events\u00a0organisiert Sportveranstaltung (Laufen)<\/a><br \/><\/span><\/span><span style=\"font-family: Titillium Web;\"><span style=\"font-size: medium;\"><a href=\"http:\/\/www.comune.arco.tn.it\/Territorio\/Informazioni-utili\/Associazioni\/Associazioni-sportive\/A.S.D.-Gym\" target=\"_blank\" rel=\"noopener\">A.S.D. Gym\u00a0Gymnastik<\/a><br \/><\/span><\/span><span style=\"font-family: Titillium Web;\"><span style=\"font-size: medium;\"><a href=\"http:\/\/www.comune.arco.tn.it\/Territorio\/Informazioni-utili\/Associazioni\/Associazioni-sportive\/A.S.D.-Gymnica\" target=\"_blank\" rel=\"noopener\">A.S.D. Gymnica\u00a0Gymnastik<\/a><br \/><\/span><\/span><span style=\"font-family: Titillium Web;\"><span style=\"font-size: medium;\"><a href=\"http:\/\/www.comune.arco.tn.it\/Territorio\/Informazioni-utili\/Associazioni\/Associazioni-sportive\/A.S.D.-I-Sapori-del-Calcio\" target=\"_blank\" rel=\"noopener\">A.S.D. I Sapori del Calcio\u00a0Fu\u00dfball<\/a><br \/><\/span><\/span><span style=\"font-family: Titillium Web;\"><span style=\"font-size: medium;\"><a href=\"http:\/\/www.comune.arco.tn.it\/Territorio\/Informazioni-utili\/Associazioni\/Associazioni-sportive\/A.S.D.-Il-Vento\" target=\"_blank\" rel=\"noopener\">A.S.D. Il Vento\u00a0Radsport<\/a><br \/><\/span><\/span><span style=\"font-family: Titillium Web;\"><span style=\"font-size: medium;\"><a href=\"http:\/\/www.comune.arco.tn.it\/Territorio\/Informazioni-utili\/Associazioni\/Associazioni-sportive\/A.S.D.-Judo-Kwai\" target=\"_blank\" rel=\"noopener\">A.S.D. Judo Kwai<\/a><br \/><\/span><\/span><span style=\"font-family: Titillium Web;\"><span style=\"font-size: medium;\"><a href=\"http:\/\/www.comune.arco.tn.it\/Territorio\/Informazioni-utili\/Associazioni\/Associazioni-sportive\/A.S.D.-Ki-Hap-Taekwondo\" target=\"_blank\" rel=\"noopener\">A.S.D. Ki Hap Taekwondo<\/a><br \/><\/span><\/span><span style=\"font-family: Titillium Web;\"><span style=\"font-size: medium;\"><a href=\"http:\/\/www.comune.arco.tn.it\/Territorio\/Informazioni-utili\/Associazioni\/Associazioni-sportive\/A.S.D.-Kite-Sport-Trentino-KST\" target=\"_blank\" rel=\"noopener\">A.S.D. Kite Sport Trentino \u2013 KST\u00a0\u00a0Kitesurfen<\/a><br \/><\/span><\/span><span style=\"font-family: Titillium Web;\"><span style=\"font-size: medium;\"><a href=\"http:\/\/www.comune.arco.tn.it\/Territorio\/Informazioni-utili\/Associazioni\/Associazioni-sportive\/A.s.d.-Kung-Fu-Chang-Lao-Kuan\" target=\"_blank\" rel=\"noopener\">A.S.D. Kung Fu Chang &#8222;Lao Kuan&#8220; Kung Fu<\/a><br \/><\/span><\/span><span style=\"font-family: Titillium Web;\"><span style=\"font-size: medium;\"><a href=\"http:\/\/www.comune.arco.tn.it\/Territorio\/Informazioni-utili\/Associazioni\/Associazioni-sportive\/A.S.D.-Non-solo-Fitness\" target=\"_blank\" rel=\"noopener\">A.S.D. Non solo Fitness\u00a0Tanz und Fitness<\/a><br \/><\/span><\/span><span style=\"font-family: Titillium Web;\"><span style=\"font-size: medium;\"><a href=\"http:\/\/www.comune.arco.tn.it\/Territorio\/Informazioni-utili\/Associazioni\/Associazioni-sportive\/A.S.D.-Odette\" target=\"_blank\" rel=\"noopener\">A.S.D. Odette\u00a0Tanz<\/a><br \/><\/span><\/span><span style=\"font-family: Titillium Web;\"><span style=\"font-size: medium;\"><a href=\"http:\/\/www.comune.arco.tn.it\/Territorio\/Informazioni-utili\/Associazioni\/Associazioni-sportive\/A.S.D.-Olimpia-Arco-tennis-tavolo-O.A.T.T\" target=\"_blank\" rel=\"noopener\">A.S.D. Olimpia Arco tennis tavolo O.A.T.T\u00a0Tischtennis<\/a><br \/><\/span><\/span><span style=\"font-family: Titillium Web;\"><span style=\"font-size: medium;\"><a href=\"http:\/\/www.comune.arco.tn.it\/Territorio\/Informazioni-utili\/Associazioni\/Associazioni-sportive\/A.S.D.-Pallavolo-C9-Arco-Riva\" target=\"_blank\" rel=\"noopener\">A.S.D. Pallavolo C9 Arco\/Riva\u00a0Handball Arco\/Riva<\/a><br \/><\/span><\/span><span style=\"font-family: Titillium Web;\"><span style=\"font-size: medium;\"><a href=\"http:\/\/www.comune.arco.tn.it\/Territorio\/Informazioni-utili\/Associazioni\/Associazioni-sportive\/A.S.D.-Paracadutismo-Scuola-Tandem\" target=\"_blank\" rel=\"noopener\">A.S.D. Paracadutismo Scuola Tandem\u00a0Tandem-Gleitflug<\/a><br \/><\/span><\/span><span style=\"font-family: Titillium Web;\"><span style=\"font-size: medium;\"><a href=\"http:\/\/www.comune.arco.tn.it\/Territorio\/Informazioni-utili\/Associazioni\/Associazioni-sportive\/A.S.D.-Rock-Master-Arrampicata-Sportiva-Arco\" target=\"_blank\" rel=\"noopener\">A.S.D. Rock Master Arrampicata Sportiva Arco\u00a0Freiklettern<\/a><br \/><\/span><\/span><span style=\"font-family: Titillium Web;\"><span style=\"font-size: medium;\"><a href=\"http:\/\/www.comune.arco.tn.it\/Territorio\/Informazioni-utili\/Associazioni\/Associazioni-sportive\/A.S.D.-Rugby-Benacense\" target=\"_blank\" rel=\"noopener\">A.S.D. Rugby Benacense\u00a0Rugby<\/a><br \/><\/span><\/span><span style=\"font-family: Titillium Web;\"><span style=\"font-size: medium;\"><a href=\"http:\/\/www.comune.arco.tn.it\/Territorio\/Informazioni-utili\/Associazioni\/Associazioni-sportive\/A.S.D.-Scacchi-Alto-Garda\" target=\"_blank\" rel=\"noopener\">A.S.D. Scacchi Alto Garda\u00a0Schach oberer Gardasee<\/a><br \/><\/span><\/span><span style=\"font-family: Titillium Web;\"><span style=\"font-size: medium;\"><a href=\"http:\/\/www.comune.arco.tn.it\/Territorio\/Informazioni-utili\/Associazioni\/Associazioni-sportive\/A.S.D.-Skatenateam-Bike\" target=\"_blank\" rel=\"noopener\">A.S.D. Skatenateam Bike\u00a0Fahrrad<\/a><br \/><\/span><\/span><span style=\"font-family: Titillium Web;\"><span style=\"font-size: medium;\"><a href=\"http:\/\/www.comune.arco.tn.it\/Territorio\/Informazioni-utili\/Associazioni\/Associazioni-sportive\/A.s.d.-Studio-Danza-Annalisa\" target=\"_blank\" rel=\"noopener\">A.S.D. Studio Danza Annalisa Tanz<\/a><br \/><\/span><\/span><span style=\"font-family: Titillium Web;\"><span style=\"font-size: medium;\"><a href=\"http:\/\/www.comune.arco.tn.it\/Territorio\/Informazioni-utili\/Associazioni\/Associazioni-sportive\/A.s.d.-Team-Atlantide\" target=\"_blank\" rel=\"noopener\">A.S.D. Team Atlantide Schwerathletik<\/a><br \/><\/span><\/span><span style=\"font-family: Titillium Web;\"><span style=\"font-size: medium;\"><a href=\"http:\/\/www.comune.arco.tn.it\/Territorio\/Informazioni-utili\/Associazioni\/Associazioni-sportive\/A.S.D.-TEAM-RED-WOLF\" target=\"_blank\" rel=\"noopener\">A.S.D. TEAM RED WOLF\u00a0Kickboxen<\/a><br \/><\/span><\/span><span style=\"font-family: Titillium Web;\"><span style=\"font-size: medium;\"><a href=\"http:\/\/www.comune.arco.tn.it\/Territorio\/Informazioni-utili\/Associazioni\/Associazioni-sportive\/A.s.d.-Tiro-alla-Fune-Arco\" target=\"_blank\" rel=\"noopener\">A.S.D. Tiro alla Fune Arco Tauziehen<\/a><br \/><\/span><\/span><span style=\"font-family: Titillium Web;\"><span style=\"font-size: medium;\"><a href=\"http:\/\/www.comune.arco.tn.it\/Territorio\/Informazioni-utili\/Associazioni\/Associazioni-sportive\/A.S.D.-Twirling-Alto-Garda\" target=\"_blank\" rel=\"noopener\">A.S.D. Twirling Alto Garda\u00a0Twirling<\/a><br \/><\/span><\/span><span style=\"font-family: Titillium Web;\"><span style=\"font-size: medium;\"><a href=\"http:\/\/www.comune.arco.tn.it\/Territorio\/Informazioni-utili\/Associazioni\/Associazioni-sportive\/A.S.D.-Western-Time\" target=\"_blank\" rel=\"noopener\">A.S.D. Western Time\u00a0Westernreiten und Reittourismus<\/a><br \/><\/span><\/span><span style=\"font-family: Titillium Web;\"><span style=\"font-size: medium;\"><a href=\"http:\/\/www.comune.arco.tn.it\/Territorio\/Informazioni-utili\/Associazioni\/Associazioni-sportive\/A.S.D.-Yamabushi-Ryu-Scuola-di-Judo-e-Arti-Marziali\" target=\"_blank\" rel=\"noopener\">A.S.D. Yamabushi Ryu Scuola di Judo e Arti Marziali\u00a0Judo und Kampfsport<\/a><br \/><\/span><\/span><span style=\"font-family: Titillium Web;\"><span style=\"font-size: medium;\"><a href=\"http:\/\/www.comune.arco.tn.it\/Territorio\/Informazioni-utili\/Associazioni\/Associazioni-sportive\/A.W.R.-Associazione-Windsurf-Riva\" target=\"_blank\" rel=\"noopener\">A.W.R. (Associazione Windsurf Riva)\u00a0Windsurfen Riva<\/a><br \/><\/span><\/span><span style=\"font-family: Titillium Web;\"><span style=\"font-size: medium;\">Academia di Judo Riva del Garda\u00a0 Judo Riva<br \/><\/span><\/span><span style=\"font-family: Titillium Web;\"><span style=\"font-size: medium;\">Amici Nuota Riva Schwimmen Riva<br \/><\/span><\/span><span style=\"font-family: Titillium Web;\"><span style=\"font-size: medium;\">Associazione Amatori Calcio Riva Fu\u00dfballamateure<br \/><\/span><\/span><span style=\"font-family: Titillium Web;\"><span style=\"font-size: medium;\"><a href=\"http:\/\/www.comune.arco.tn.it\/Territorio\/Informazioni-utili\/Associazioni\/Associazioni-sportive\/Associazione-Arco-Sub\" target=\"_blank\" rel=\"noopener\">Associazione Arco Sub\u00a0Tauchen<\/a><br \/><\/span><\/span><span style=\"font-family: Titillium Web;\"><span style=\"font-size: medium;\"><a href=\"http:\/\/www.comune.arco.tn.it\/Territorio\/Informazioni-utili\/Associazioni\/Associazioni-sportive\/Associazione-Cacciatori-trentini-Riserva-di-Arco\" target=\"_blank\" rel=\"noopener\">Associazione Cacciatori trentini \u2013 Riserva di Arco\u00a0J\u00e4ger<\/a><br \/><\/span><\/span><span style=\"font-family: Titillium Web;\"><span style=\"font-size: medium;\"><a href=\"http:\/\/www.comune.arco.tn.it\/Territorio\/Informazioni-utili\/Associazioni\/Associazioni-sportive\/Associazione-Calza-Performance-Horses-A.s.d\" target=\"_blank\" rel=\"noopener\">Associazione Calz\u00e0 Performance Horses A.s.d.\u00a0Westernreiten<\/a><br \/><\/span><\/span><span style=\"font-family: Titillium Web;\"><span style=\"font-size: medium;\"><a href=\"http:\/\/www.comune.arco.tn.it\/Territorio\/Informazioni-utili\/Associazioni\/Associazioni-sportive\/Associazione-Hockey-Club-Riva\" target=\"_blank\" rel=\"noopener\">Associazione Hockey Club Riva\u00a0\u00a0Hockey Riva<\/a><br \/><\/span><\/span><span style=\"font-family: Titillium Web;\"><span style=\"font-size: medium;\"><a href=\"http:\/\/www.comune.arco.tn.it\/Territorio\/Informazioni-utili\/Associazioni\/Associazioni-sportive\/Associazione-Life-Arco\" target=\"_blank\" rel=\"noopener\">Associazione Life Arco\u00a0Nordic Walking Trekking Fitness Wandern<\/a><br \/><\/span><\/span><span style=\"font-family: Titillium Web;\"><span style=\"font-size: medium;\"><a href=\"http:\/\/www.comune.arco.tn.it\/Territorio\/Informazioni-utili\/Associazioni\/Associazioni-sportive\/Associazione-Pescatori-Basso-Sarca\" target=\"_blank\" rel=\"noopener\">Associazione Pescatori Basso Sarca\u00a0Angler unterer Sarcafluss<\/a><br \/><\/span><\/span><span style=\"font-family: Titillium Web;\"><span style=\"font-size: medium;\"><a href=\"http:\/\/www.comune.arco.tn.it\/Territorio\/Informazioni-utili\/Associazioni\/Associazioni-sportive\/Associazione-Scuola-Yoseikan-Budo-Alto-Garda\" target=\"_blank\" rel=\"noopener\">Associazione Scuola Yoseikan Budo Alto Garda\u00a0Budo<\/a><br \/><\/span><\/span><span style=\"font-family: Titillium Web;\"><span style=\"font-size: medium;\"><a href=\"http:\/\/www.comune.arco.tn.it\/Territorio\/Informazioni-utili\/Associazioni\/Associazioni-sportive\/Associazione-Tehara\" target=\"_blank\" rel=\"noopener\">Associazione Tehara\u00a0<\/a><br \/><\/span><\/span><span style=\"font-family: Titillium Web;\"><span style=\"font-size: medium;\"><a href=\"http:\/\/www.comune.arco.tn.it\/Territorio\/Informazioni-utili\/Associazioni\/Associazioni-sportive\/Associazione-Volo-Libero-Alto-Garda\" target=\"_blank\" rel=\"noopener\">Associazione Volo Libero Alto Garda\u00a0Gleitfliegen ohne Motor<\/a><br \/><\/span><\/span><span style=\"font-family: Titillium Web;\"><span style=\"font-size: medium;\"><a href=\"http:\/\/www.comune.arco.tn.it\/Territorio\/Informazioni-utili\/Associazioni\/Associazioni-sportive\/BMX-GARDA-TRENTINO-A.S.D\" target=\"_blank\" rel=\"noopener\">BMX GARDA TRENTINO A.S.D.\u00a0BMX-Radfahren<\/a><br \/><\/span><\/span><span style=\"font-family: Titillium Web;\"><span style=\"font-size: medium;\"><a href=\"http:\/\/www.comune.arco.tn.it\/Territorio\/Informazioni-utili\/Associazioni\/Associazioni-sportive\/Centro-Ricerche-Tai-Chi-Trentino\" target=\"_blank\" rel=\"noopener\">Centro Ricerche Tai Chi Trentino\u00a0Tai Chi<\/a><br \/><\/span><\/span><span style=\"font-family: Titillium Web;\"><span style=\"font-size: medium;\"><a href=\"http:\/\/www.comune.arco.tn.it\/Territorio\/Informazioni-utili\/Associazioni\/Associazioni-sportive\/Ciclista-Dro\" target=\"_blank\" rel=\"noopener\">Ciclista Dro\u00a0Radfahrer Dro<\/a><br \/><\/span><\/span><span style=\"font-family: Titillium Web;\"><span style=\"font-size: medium;\"><a href=\"http:\/\/www.comune.arco.tn.it\/Territorio\/Informazioni-utili\/Associazioni\/Associazioni-sportive\/Circolo-Bridge-Arco\" target=\"_blank\" rel=\"noopener\">Circolo Bridge Arco\u00a0Bridge<\/a><br \/><\/span><\/span><span style=\"font-family: Titillium Web;\"><span style=\"font-size: medium;\"><a href=\"http:\/\/www.comune.arco.tn.it\/Territorio\/Informazioni-utili\/Associazioni\/Associazioni-sportive\/Circolo-Tennis-Arco\" target=\"_blank\" rel=\"noopener\">Circolo Tennis Arco\u00a0Tennis<\/a><br \/><\/span><\/span><span style=\"font-family: Titillium Web;\"><span style=\"font-size: medium;\"><a href=\"http:\/\/www.comune.arco.tn.it\/Territorio\/Informazioni-utili\/Associazioni\/Associazioni-sportive\/Circolo-Vela-Arco\" target=\"_blank\" rel=\"noopener\">Circolo Vela Arco\u00a0Segeln<\/a><br \/><\/span><\/span><span style=\"font-family: Titillium Web;\"><span style=\"font-size: medium;\"><a href=\"http:\/\/www.comune.arco.tn.it\/Territorio\/Informazioni-utili\/Associazioni\/Associazioni-sportive\/Club-Basso-Sarca-Cavalli\" target=\"_blank\" rel=\"noopener\">Club Basso Sarca Cavalli\u00a0Pferdesport und Tourismus<\/a><br \/><\/span><\/span><span style=\"font-family: Titillium Web;\"><span style=\"font-size: medium;\"><a href=\"http:\/\/www.comune.arco.tn.it\/Territorio\/Informazioni-utili\/Associazioni\/Associazioni-sportive\/Club-Ippico-S.Giorgio\" target=\"_blank\" rel=\"noopener\">Club Ippico S.Giorgio\u00a0 Reiten<\/a><br \/><\/span><\/span><span style=\"font-family: Titillium Web;\"><span style=\"font-size: medium;\"><a href=\"http:\/\/www.comune.arco.tn.it\/Territorio\/Informazioni-utili\/Associazioni\/Associazioni-sportive\/Comitato-Organizzatore-Manifestazioni-Scacchistiche\" target=\"_blank\" rel=\"noopener\">Comitato Organizzatore Manifestazioni Scacchistiche Schachklub<\/a><br \/><\/span><\/span><span style=\"font-family: Titillium Web;\"><span style=\"font-size: medium;\"><a href=\"http:\/\/www.comune.arco.tn.it\/Territorio\/Informazioni-utili\/Associazioni\/Associazioni-sportive\/G.A.M.E.A.G.-Gruppo-Auto-Moto-d-Epoca-Alto-Garda\" target=\"_blank\" rel=\"noopener\">G.A.M.E.A.G. Gruppo Auto Moto d\u2019Epoca Alto Garda Oldtimerverein<\/a><br \/><\/span><\/span><span style=\"font-family: Titillium Web;\"><span style=\"font-size: medium;\"><a href=\"http:\/\/www.comune.arco.tn.it\/Territorio\/Informazioni-utili\/Associazioni\/Associazioni-sportive\/G.S.-ALTOGARDA-A.S.D\" target=\"_blank\" rel=\"noopener\">G.S. ALTOGARDA A.S.D.\u00a0Fahrrad-Veranstaltungen organisieren<\/a><br \/><\/span><\/span><span style=\"font-family: Titillium Web;\"><span style=\"font-size: medium;\"><a href=\"http:\/\/www.comune.arco.tn.it\/Territorio\/Informazioni-utili\/Associazioni\/Associazioni-sportive\/Garda-Trentino-Trail-A.S.D\" target=\"_blank\" rel=\"noopener\">Garda Trentino Trail A.S.D.\u00a0 (Trail-Lauf und Trekking)<\/a><br \/><\/span><\/span><span style=\"font-family: Titillium Web;\"><span style=\"font-size: medium;\"><a href=\"http:\/\/www.comune.arco.tn.it\/Territorio\/Informazioni-utili\/Associazioni\/Associazioni-sportive\/Gruppo-Modellistico-Alto-Garda-G.-Caproni\" target=\"_blank\" rel=\"noopener\">Gruppo Modellistico Alto Garda \u201cG. Caproni\u201d\u00a0Modellbau<\/a><br \/><\/span><\/span><span style=\"font-family: Titillium Web;\"><span style=\"font-size: medium;\"><a href=\"http:\/\/www.comune.arco.tn.it\/Territorio\/Informazioni-utili\/Associazioni\/Associazioni-sportive\/Gruppo-Sportivo-Tiro-alla-Fune-Oltresarca\" target=\"_blank\" rel=\"noopener\">Gruppo Sportivo Tiro alla Fune Oltresarca\u00a0(Tauziehen)<\/a><br \/><\/span><\/span><span style=\"font-family: Titillium Web;\"><span style=\"font-size: medium;\"><a href=\"http:\/\/www.comune.arco.tn.it\/Territorio\/Informazioni-utili\/Associazioni\/Associazioni-sportive\/Moto-Club-Arco\" target=\"_blank\" rel=\"noopener\">Moto Club Arco\u00a0Motocross<\/a><br \/><\/span><\/span><span style=\"font-family: Titillium Web;\"><span style=\"font-size: medium;\"><a href=\"http:\/\/www.comune.arco.tn.it\/Territorio\/Informazioni-utili\/Associazioni\/Associazioni-sportive\/Polisportiva-S.Giorgio-Ugo-Bike\" target=\"_blank\" rel=\"noopener\">Polisportiva S.Giorgio Ugo Bike\u00a0Fahrrad, Mountainbike, Fu\u00dfball, Handball, Duathlon<\/a><br \/><\/span><\/span><span style=\"font-family: Titillium Web;\"><span style=\"font-size: medium;\"><a href=\"http:\/\/www.comune.arco.tn.it\/Territorio\/Informazioni-utili\/Associazioni\/Associazioni-sportive\/S.S.-Stivo-A.S.D\" target=\"_blank\" rel=\"noopener\">S.S. Stivo A.S.D.\u00a0Fu\u00dfball<\/a><br \/><\/span><\/span><span style=\"font-family: Titillium Web;\"><span style=\"font-size: medium;\"><a href=\"http:\/\/www.comune.arco.tn.it\/Territorio\/Informazioni-utili\/Associazioni\/Associazioni-sportive\/Sci-Club-Altogarda-A.s.d\" target=\"_blank\" rel=\"noopener\">Sci Club Altogarda A.s.d. Skigymnastik, Ski<\/a><br \/><\/span><\/span><span style=\"font-family: Titillium Web;\"><span style=\"font-size: medium;\"><a href=\"http:\/\/www.comune.arco.tn.it\/Territorio\/Informazioni-utili\/Associazioni\/Associazioni-sportive\/Transplant-Sport-Club-S.A.A\" target=\"_blank\" rel=\"noopener\">Transplant Sport Club S.A.A.\u00a0Radsport<\/a><br \/><\/span><\/span><span style=\"font-family: Titillium Web;\"><span style=\"font-size: medium;\"><a href=\"http:\/\/www.comune.arco.tn.it\/Territorio\/Informazioni-utili\/Associazioni\/Associazioni-sportive\/TRI-SWIM-GARDATRENTINO-A.S.D\" target=\"_blank\" rel=\"noopener\">TRI-SWIM GARDATRENTINO A.S.D.\u00a0Triathlon<\/a><br \/><\/span><\/span><span style=\"font-family: Titillium Web;\"><span style=\"font-size: medium;\"><a href=\"http:\/\/www.comune.arco.tn.it\/Territorio\/Informazioni-utili\/Associazioni\/Associazioni-sportive\/U.S.-Baone-A.S.D.\" target=\"_blank\" rel=\"noopener\">U.S. Baone A.S.D.\u00a0Fu\u00dfball<\/a><br \/><\/span><\/span><a href=\"http:\/\/www.comune.arco.tn.it\/Territorio\/Informazioni-utili\/Associazioni\/Associazioni-sportive\/U.S.D.-Arco-1895\" target=\"_blank\" rel=\"noopener\"><span style=\"font-family: Titillium Web;\"><span style=\"font-size: medium;\">U.S.D. Arco 1895\u00a0Fu\u00dfball<\/span><\/span><\/a><\/p><\/div>\n\t\t\t\t<\/div>\n\t\t\t\t\t\t\t\t<\/div>\n\t\t\t\t<\/div>\n\t\t\t\t<\/div>\n\t\t\t\t\t<\/div>\n\t\t<\/div>\n\t\t\t\t\t\t\t<\/div>\n\t\t<\/section>\n\t\t\t\t<section class=\"elementor-section elementor-top-section elementor-element elementor-element-738aa4f elementor-section-boxed elementor-section-height-default elementor-section-height-default\" data-id=\"738aa4f\" data-element_type=\"section\">\n\t\t\t\t\t\t<div class=\"elementor-container elementor-column-gap-default\">\n\t\t\t\t\t<div class=\"elementor-column elementor-col-100 elementor-top-column elementor-element elementor-element-06e6b3c\" data-id=\"06e6b3c\" data-element_type=\"column\">\n\t\t\t<div class=\"elementor-widget-wrap elementor-element-populated\">\n\t\t\t\t\t\t\t\t<div class=\"elementor-element elementor-element-0a7b671 elementor-widget elementor-widget-menu-anchor\" data-id=\"0a7b671\" data-element_type=\"widget\" data-widget_type=\"menu-anchor.default\">\n\t\t\t\t<div class=\"elementor-widget-container\">\n\t\t\t\t\t<div id=\"stadt\" class=\"elementor-menu-anchor\"><\/div>\n\t\t\t\t<\/div>\n\t\t\t\t<\/div>\n\t\t\t\t<div class=\"elementor-element elementor-element-de7154d elementor-widget elementor-widget-menu-anchor\" data-id=\"de7154d\" data-element_type=\"widget\" data-widget_type=\"menu-anchor.default\">\n\t\t\t\t<div class=\"elementor-widget-container\">\n\t\t\t\t\t<div id=\"land\" class=\"elementor-menu-anchor\"><\/div>\n\t\t\t\t<\/div>\n\t\t\t\t<\/div>\n\t\t\t\t<div class=\"elementor-element elementor-element-514d8bf elementor-widget elementor-widget-menu-anchor\" data-id=\"514d8bf\" data-element_type=\"widget\" data-widget_type=\"menu-anchor.default\">\n\t\t\t\t<div class=\"elementor-widget-container\">\n\t\t\t\t\t<div id=\"begegnungen\" class=\"elementor-menu-anchor\"><\/div>\n\t\t\t\t<\/div>\n\t\t\t\t<\/div>\n\t\t\t\t<div class=\"elementor-element elementor-element-889b00c elementor-widget elementor-widget-toggle\" data-id=\"889b00c\" data-element_type=\"widget\" data-widget_type=\"toggle.default\">\n\t\t\t\t<div class=\"elementor-widget-container\">\n\t\t\t\t\t<div class=\"elementor-toggle\">\n\t\t\t\t\t\t\t<div class=\"elementor-toggle-item\">\n\t\t\t\t\t<h5 id=\"elementor-tab-title-1431\" class=\"elementor-tab-title\" data-tab=\"1\" role=\"button\" aria-controls=\"elementor-tab-content-1431\" aria-expanded=\"false\">\n\t\t\t\t\t\t\t\t\t\t\t\t<span class=\"elementor-toggle-icon elementor-toggle-icon-right\" aria-hidden=\"true\">\n\t\t\t\t\t\t\t\t\t\t\t\t\t\t\t<span class=\"elementor-toggle-icon-closed\"><i class=\"fas fa-caret-right\"><\/i><\/span>\n\t\t\t\t\t\t\t\t<span class=\"elementor-toggle-icon-opened\"><i class=\"elementor-toggle-icon-opened fas fa-caret-up\"><\/i><\/span>\n\t\t\t\t\t\t\t\t\t\t\t\t\t<\/span>\n\t\t\t\t\t\t\t\t\t\t\t\t<a class=\"elementor-toggle-title\" tabindex=\"0\">Wirtschaft<\/a>\n\t\t\t\t\t<\/h5>\n\n\t\t\t\t\t<div id=\"elementor-tab-content-1431\" class=\"elementor-tab-content elementor-clearfix\" data-tab=\"1\" role=\"region\" aria-labelledby=\"elementor-tab-title-1431\"><p align=\"JUSTIFY\"><span style=\"font-size: 12pt;\">Arco war in den 50er Jahren eine vertr\u00e4umte Stadt mit Landwirtschaft, aber keiner Industrie. Im Archiv der Stadt Schotten befindet sich der umfangreiche Schriftwechsel der damaligen B\u00fcrgermeister Wagner und Ricadonna \u00fcber die Bem\u00fchungen der Schottener, dass sich deutsche Unternehmen in dem Ort ansiedeln m\u00f6gen. Doch der gro\u00dfe Erfolg blieb aus, lediglich die Textilfabrikation \u201eApitz\u201c errichtete ein Werk und besch\u00e4ftigte einige Frauen. Doch das Unternehmen existiert nicht mehr.<br \/><\/span><span style=\"font-size: 12pt;\">Auch heute spielt die <span style=\"text-decoration: underline;\">Landwirtschaft<\/span> eine nicht unbedeutende Rolle: Wein, Obst, Maronen und Oliven sind die Hauptprodukte, vieles davon wird auch im Nebenerwerb angebaut.<br \/><\/span><span style=\"font-size: 12pt;\">Mittlerweile hat die Stadt am Sarcafluss ein riesiges Industrieviertel und im Bereich Richtung Varone eine Handwerkerzone. An der Staatsstra\u00dfe Richtung Riva befinden sich ebenfalls viele kleinere Unternehmen und M\u00e4rkte. Vor Riva im Stadtteil Linfano befindet sich auch eine Fischfarm, in der Forellen aufgezogen werden.<\/span><\/p><p align=\"JUSTIFY\"><span style=\"text-decoration: underline;\"><span style=\"font-size: 12pt;\">Gr\u00f6\u00dfere Industriebetriebe in Linfano sind unter anderem:<\/span><\/span><\/p><ul><li><p style=\"text-align: left;\" align=\"JUSTIFY\"><span style=\"font-size: 12pt;\"><em><strong>Aqualfil<\/strong><\/em> ist ein f\u00fchrender Hersteller von Nylon 6, siehe\u00a0<a href=\"https:\/\/www.aquafil.com\/de\" target=\"_blank\" rel=\"noopener\">www.aquafil.com\/de<\/a><\/span><\/p><\/li><li><p align=\"JUSTIFY\"><span style=\"font-size: 12pt;\"><em><strong>Papierfabrik Fedrigoni<\/strong><\/em>, siehe\u00a0<a href=\"http:\/\/www.fedrigoni.com\" target=\"_blank\" rel=\"noopener\">www.fedrigoni.com<\/a><\/span><\/p><\/li><li><p align=\"JUSTIFY\"><span style=\"font-size: 12pt;\"><em><strong>Dana<\/strong><\/em> stellt Getriebe f\u00fcr Fahrzeuge her, siehe\u00a0<a href=\"http:\/\/www.Dana.com\" target=\"_blank\" rel=\"noopener\">www.Dana.com<\/a><\/span><\/p><\/li><li><p align=\"JUSTIFY\"><span style=\"font-size: 12pt;\"><em><strong>Domo engineering Plastics<\/strong><\/em> produziert veredelte, technische Kunststoffe aus Polyamid 6, Compounds f\u00fcr den Automotive-Bereich. Hier kommen verschiedene hoch form- und UV-best\u00e4ndige, kratz- und schlagfeste Spezialkunststoffe zum Einsatz \u2013 f\u00fcr alle Teile der Au\u00dfen- und Innenausstattung von Fahrzeugen, die aus Kunststoff hergestellt werden k\u00f6nnen, wie T\u00fcrinnengriffe, Spiegelummantelungen, Radabdeckungen, Kupplungspedale und \u00c4hnliches, siehe\u00a0<a href=\"http:\/\/www.domochemicals.com\" target=\"_blank\" rel=\"noopener\">www.domochemicals.com<\/a><\/span><\/p><\/li><li><p style=\"text-align: left;\" align=\"JUSTIFY\"><span style=\"font-size: 12pt;\"><em><strong><span lang=\"zxx\">Tosi Serramenti<\/span><\/strong><\/em><span lang=\"zxx\"> stellt T\u00fcren, Fenster, Rolll\u00e4den u. a. her, siehe<\/span><span lang=\"zxx\">\u00a0<\/span><a href=\"http:\/\/www.tosiserramenti.it\" target=\"_blank\" rel=\"noopener\">www.tosiserramenti.it<\/a><\/span><\/p><\/li><\/ul><p align=\"JUSTIFY\"><span style=\"font-size: 12pt;\"><span lang=\"zxx\">Auf der Stra\u00dfe nach San Giorgio hat die Kaffeer\u00f6sterei <\/span><em><strong><span lang=\"zxx\">Onkaf\u00e9<\/span><\/strong><\/em><span lang=\"zxx\"> (<\/span><a href=\"http:\/\/www.onkafe.com\" target=\"_blank\" rel=\"noopener\"><span lang=\"zxx\">www.onkafe.com<\/span><\/a><span lang=\"zxx\">) ihre Produktion mit Verkauf und Museum, zudem befindet sich in der N\u00e4he noch eine Filiale der <\/span><em><strong><span lang=\"zxx\">Transportfirma Arcese<\/span><\/strong><\/em><span lang=\"zxx\"> (www.arcese.com). Diese hat sich jedoch vor Jahren bereits aus Arco stark zur\u00fcckgezogen und in der N\u00e4he der Autobahnen angesiedelt.<\/span><\/span><\/p><p align=\"JUSTIFY\"><span style=\"font-size: 12pt;\">Im Stadtteil Linfano kurz vor dem Gardasee zwischen Torbole und Riva ist nach einer erfolgreichen Bohrung nach Thermalwasser mit <em><strong>Garda Thermae<\/strong><\/em> eine Einrichtung entstanden, die die Vorteile des Thermalwassers mit allen Dienstleistungen eines modernen Sch\u00f6nheits- und Wellnesszentrums vereint. In dieser Einrichtung gibt es viele M\u00f6glichkeiten, unter der Leitung von Experten etwas f\u00fcr das Wohlbefinden zu tun. Es gibt dort unter anderem einen Sch\u00f6nheitsbereich, Sauna, Pools, Massage- und \u00a0Fitness-M\u00f6glichkeiten und mehr (<span lang=\"zxx\"><a href=\"http:\/\/www.gardathermae.it\/DE\" target=\"_blank\" rel=\"noopener\">www.gardathermae.it\/DE<\/a>)<\/span><\/span><\/p><p align=\"JUSTIFY\"><span style=\"font-size: 12pt;\">Der <strong>Tourismus<\/strong> spielt in Arco eine gro\u00dfe Rolle. Die N\u00e4he zum Gardasee macht die Stadt besonders im Sommer f\u00fcr viele Urlauber interessant. Hinzu kommen diverse Sportangebote wie das freie Klettern, das Bergsteigen und das Radfahren im Gel\u00e4nde und auf den gut ausgebauten Radwegen. Auch durch besondere Veranstaltungen wie den mehrw\u00f6chigen Weihnachts- bzw. Christkindlmarkt, kulturelle Angebote, Ausstellungen, Karneval, Tagungen und Kongresse hat sich Schottens Partnerstadt einen guten Namen gemacht. Es sind nur wenige Wochen im Jahr, in denen kaum G\u00e4ste den Ort besuchen. Viele gastronomische Betriebe haben heutzutage nur noch im November und von Januar bis Anfang M\u00e4rz geschlossen. Saison ist sozusagen von Ostern bis nach Weihnachten.<br \/><\/span><span style=\"font-size: 12pt;\">Der Fremdenverkehr in der Region Gardasee hatte 2017 einen enormen Aufschwung. 869.252 Urlauber, die es auf\u00a03.561.284 \u00dcbernachtungen brachten, sind ein Plus von 4,7 beziehungsweise 4,5 Prozent im Vergleich zu 2016. Auf Schottens Partnerstadt Arco entfielen 184.802 Urlauber, davon 141.476 Ausl\u00e4nder, und 819.554 \u00dcbernachtungen, davon 672.062 von ausl\u00e4ndischen G\u00e4sten. Das ergibt eine Zunahme von 6,9 beziehungsweise 8,1 Prozent. Die meisten Urlauber kamen im August, die wenigsten im Februar. <br \/><\/span><span style=\"font-size: 12pt;\">Arco hat ein Vier-Sterne-Hotel mit 157 Betten, zwei Drei-Sterne-H\u00e4user &#8222;super&#8220; mit 122 Betten, zw\u00f6lf Drei-Sterne-Hotels mit 839 Betten, ein Zwei-Sterne-Haus mit 56 Betten, vier Hotels (ein Stern) mit 117 Betten. 27mal wird Urlaub auf dem Bauernhof mit Agro-Camping angeboten, das sind 494 Betten. Bett&amp;Fr\u00fchst\u00fcck gibt es in 30 H\u00e4usern (201 Betten), die f\u00fcnf Campingpl\u00e4tze haben 3.710 Stellpl\u00e4tze, es gibt ein Ferienhaus mit 25 Pl\u00e4tzen, 14 Zimmervermieter mit Fr\u00fchst\u00fcck (222 Betten), 17 Ferienh\u00e4user oder -wohnungen mit 450 Betten. Arco bieten seinen G\u00e4sten in den 114 Beherbergungsbetrieben 6.393 \u00dcbernachtungsm\u00f6glichkeiten. Da die Partnerstadt noch keine Hotels der Luxuskategorie hat, gibt es Pl\u00e4ne, ein solches Haus auf der Anh\u00f6he oberhalb des Krankenhauses zu bauen. Dort am Fu\u00dfe des Berges ist ein herrlicher Panoramaweg entstanden, von dem aus man einen sch\u00f6nen Blick auf Arco hat. <br \/><\/span><span style=\"font-size: 12pt;\">Von den f\u00fcnf Campingpl\u00e4tzen liegen zwei im Stadtteil Prabi (Camping Zoo) und (Camping Arco), zwei (Maroadi und Lido) am See zwischen Torbole und Riva, Alto Garda Camping liegt in Arco am Sarcafluss\/Radweg vor dem Industriegebiet.<\/span><\/p><\/div>\n\t\t\t\t<\/div>\n\t\t\t\t\t\t\t\t<\/div>\n\t\t\t\t<\/div>\n\t\t\t\t<\/div>\n\t\t\t\t\t<\/div>\n\t\t<\/div>\n\t\t\t\t\t\t\t<\/div>\n\t\t<\/section>\n\t\t\t\t<section class=\"elementor-section elementor-top-section elementor-element elementor-element-9cd5b01 elementor-section-boxed elementor-section-height-default elementor-section-height-default\" data-id=\"9cd5b01\" data-element_type=\"section\">\n\t\t\t\t\t\t<div class=\"elementor-container elementor-column-gap-default\">\n\t\t\t\t\t<div class=\"elementor-column elementor-col-100 elementor-top-column elementor-element elementor-element-47704cc\" data-id=\"47704cc\" data-element_type=\"column\">\n\t\t\t<div class=\"elementor-widget-wrap elementor-element-populated\">\n\t\t\t\t\t\t\t\t<div class=\"elementor-element elementor-element-8c1babd elementor-widget elementor-widget-toggle\" data-id=\"8c1babd\" data-element_type=\"widget\" data-widget_type=\"toggle.default\">\n\t\t\t\t<div class=\"elementor-widget-container\">\n\t\t\t\t\t<div class=\"elementor-toggle\">\n\t\t\t\t\t\t\t<div class=\"elementor-toggle-item\">\n\t\t\t\t\t<h5 id=\"elementor-tab-title-1461\" class=\"elementor-tab-title\" data-tab=\"1\" role=\"button\" aria-controls=\"elementor-tab-content-1461\" aria-expanded=\"false\">\n\t\t\t\t\t\t\t\t\t\t\t\t<span class=\"elementor-toggle-icon elementor-toggle-icon-right\" aria-hidden=\"true\">\n\t\t\t\t\t\t\t\t\t\t\t\t\t\t\t<span class=\"elementor-toggle-icon-closed\"><i class=\"fas fa-caret-right\"><\/i><\/span>\n\t\t\t\t\t\t\t\t<span class=\"elementor-toggle-icon-opened\"><i class=\"elementor-toggle-icon-opened fas fa-caret-up\"><\/i><\/span>\n\t\t\t\t\t\t\t\t\t\t\t\t\t<\/span>\n\t\t\t\t\t\t\t\t\t\t\t\t<a class=\"elementor-toggle-title\" tabindex=\"0\">Sehensw\u00fcrdigkeiten<\/a>\n\t\t\t\t\t<\/h5>\n\n\t\t\t\t\t<div id=\"elementor-tab-content-1461\" class=\"elementor-tab-content elementor-clearfix\" data-tab=\"1\" role=\"region\" aria-labelledby=\"elementor-tab-title-1461\"><p><strong><span style=\"font-family: Titillium Web;\"><span style=\"font-size: medium;\">Die Evangelische Trinitatiskirche in Arco<\/span><\/span><\/strong><\/p><p style=\"text-align: justify;\"><span style=\"font-family: Titillium Web;\"><span style=\"font-size: medium;\">Mit ihrem steil aufgerichteten Dach, den bunten Ziegeln und dem schlanken Turm zieht sie die Blicke auf sich: die evangelische Trinita\u00adtiskirche in Arco. Sie ist ein architektonisches Kleinod und l\u00e4dt zum Verweilen ein. 1878 wurden die ersten evangelischen Gottesdienste in Arco mit dem Meraner Pfarrer Carl Richter gefeiert. Seit 1885 wurde f\u00fcr die Kursaison vom \u201eVerein f\u00fcr die Einrichtung deutsch-evangelischer Gottesdienste in Curorten\u201c ein evangelischer Kur\u00adseelsorger nach Arco geschickt. Seit 1895\/96 erfolgt die Beauftragung, unterst\u00fctzt durch die Evangelische Kirche in Deutschland (EKD), durch das Presbyterium der Evangelischen Gemeinde Meran. Die wechselnden R\u00e4ume f\u00fcr die evangelischen Gottesdienste erwiesen sich als ungeeignet, zu kalt und auch zu klein. So entstand der Wunsch, in einer eigenen Kirche die Gottesdienste zu feiern. Es bot sich die Gelegenheit zum Erwerb eines g\u00fcnstig gelegenen Grundst\u00fccks, ein Weingarten s\u00fcdlich der Altstadt. Das Verm\u00e4chtnis eines Meraner Presbyteriums-Mitglieds erm\u00f6glichte die Finanzierung. Anfang 1892 wurde der Baugrund gekauft.<\/span><\/span><\/p><p style=\"text-align: justify;\"><span style=\"font-family: Titillium Web;\"><span style=\"font-size: medium;\">Mit dem Entwurf wurde der aus Hamburg stammende und damals in Meran lebende Architekt und Maler Heinrich Fricke (1860-1917) beauftragt. Er entwarf in besonderer Weise \u2013 verschiedene Stile mischend \u2013 die gesamte Trinita\u00adtiskirche \u201evom Turmknopf bis zum letzten T\u00fcrdr\u00fccker\u201c. 1896\/97 wurde die Predigtstelle Arco rechtlich begr\u00fcndet und am 31.3.1897 der Grundstein gelegt. Mit der Bauausf\u00fchrung wurde die Firma Paolo Peterlongo &amp; Francesco Tomasi aus Riva beauf\u00adtragt. Die Inneneinrichtung (Altar, Kanzel und B\u00e4nke) f\u00fchrte die Kunsttischlerei der Gebr\u00fcder Colli aus Innsbruck aus. Am 18. Februar 1900 konnte die Trinitatiskirche eingeweiht werden. Mit einer technischen Besonderheit war sie die erste beheiz\u00adbare Kirche im Trentino.<\/span><\/span><\/p><p style=\"text-align: justify;\"><span style=\"font-family: Titillium Web;\"><span style=\"font-size: medium;\">Kurz war die Bl\u00fctezeit vor dem Ersten Weltkrieg. Nachdem 1915 Italien \u00d6sterreich den Krieg erkl\u00e4rte, kam das Gemeindeleben zun\u00e4chst zum Erliegen. Die Kirche, durch eine italienische Granate besch\u00e4digt, wurde bis 1920 zun\u00e4chst als Magazin und als Unterkunft f\u00fcr Soldaten und Pferde benutzt. Besch\u00e4digungen durch Kampfhandlungen mit Bajonetten sind heute noch in den B\u00e4nken erkennbar. Erst 1924 fand wieder ein evangelischer Gottesdienst in ihr statt. 1926 wurden von der Familie Adolff (Backnang) die beiden Glocken gestiftet, die die urspr\u00fcnglichen und im Krieg konfiszierten Glocken ersetzten. Aber es war nicht m\u00f6glich, den evangelischen Got\u00adtesdienst in der Kirche aufrecht zu erhalten.<\/span><\/span><\/p><p style=\"text-align: justify;\"><span style=\"font-family: Titillium Web;\"><span style=\"font-size: medium;\">Von 1934 bis 1968 war sie an die katholische Kirche vermietet und hie\u00df \u201eChiesa di St. Teresa\u201c. Von den damaligen Umgestaltungen blieb unter anderem die Marmorplatte, die nun in die h\u00f6lzerne Altarplatte eingef\u00fcgt ist. Zum Christfest am 25.12.1971 feierten die Evangelischen mit dem Lek\u00adtor und sp\u00e4teren Ehrenb\u00fcrger von Arco, Franz Otto Zanfrini, wieder den ersten evangelischen Gottesdienst nach dem Zweiten Weltkrieg in der Trinita\u00adtiskirche. 1976 erlitt sie durch das schwere Erdbeben in Friaul weitere Sch\u00e4den. 1991 bis 1994 wurden \u2013 nun auch mit Hilfe der Provinz Trient und der Stadtgemeinde Arco \u2013 das Dach und Teile des Innern renoviert. Im Jahre 2015 wurden die Sanierungsarbeiten im Au\u00dfenbereich abgeschlossen. Die umfassende Innensanierung soll folgen, wozu die Gemeinde zu Spenden aufruft.<\/span><\/span><\/p><p><span style=\"font-family: Titillium Web;\"><span style=\"font-size: medium;\">Von Palmsonntag bis Ende Oktober wird die pastorale Arbeit in Arco von Urlaubsseelsorgern geleistet, die auch als Pfarrer vor Ort f\u00fcr die Gemeindegruppe Arco t\u00e4tig sind.<\/span><\/span><\/p><p><span style=\"font-family: Titillium Web;\"><span style=\"font-size: medium;\"><strong>Ansprechpartner:<\/strong><br \/><\/span><\/span><span style=\"font-family: Titillium Web;\"><span style=\"font-size: medium;\">Evangelische Gemeinde Meran, Carduccistra\u00dfe 31, 39012 Meran<br \/><\/span><\/span><\/p><p><span style=\"font-family: Titillium Web;\"><span style=\"font-size: medium;\"><strong>Telefon Pfarrer:<\/strong> 0039-3291432.800 \/ B\u00fcro: 0039-0473-4923.95<\/span><\/span><\/p><p><span style=\"font-family: Titillium Web;\"><span style=\"font-size: medium;\"><strong>Urlauberseelsorger Arco:<\/strong> 0039-0464-567.632<\/span><\/span><\/p><p><span style=\"font-family: Titillium Web;\"><span style=\"font-size: medium;\"><strong>Spendenkonto der Kirche:<\/strong><br \/>IT75L0813358592000030128051<br \/><\/span><\/span><span style=\"font-family: Titillium Web;\"><span style=\"font-size: medium;\">BIC-Swift:ICRAITRR3P0<\/span><\/span><\/p><p><span style=\"font-family: Titillium Web;\"><span style=\"font-size: medium;\">Weitere geschichtliche Informationen gibt es in dem Buch von Pfarrer i. R. H. H. Reimer, Lutherisch in S\u00fcdtirol, Edition Raetia, Bozen 2009<\/span><\/span><\/p><p><span style=\"font-family: Titillium Web;\"><span style=\"font-size: medium;\">Quelle: Diese Informationen stammen von der Internetseite der evangelischen Gemeinde Meran<\/span><\/span><\/p><\/div>\n\t\t\t\t<\/div>\n\t\t\t\t\t\t\t\t<\/div>\n\t\t\t\t<\/div>\n\t\t\t\t<\/div>\n\t\t\t\t\t<\/div>\n\t\t<\/div>\n\t\t\t\t\t\t\t<\/div>\n\t\t<\/section>\n\t\t\t\t<section class=\"elementor-section elementor-top-section elementor-element elementor-element-e9653a0 elementor-section-boxed elementor-section-height-default elementor-section-height-default\" data-id=\"e9653a0\" data-element_type=\"section\">\n\t\t\t\t\t\t<div class=\"elementor-container elementor-column-gap-default\">\n\t\t\t\t\t<div class=\"elementor-column elementor-col-33 elementor-top-column elementor-element elementor-element-94cfb67\" data-id=\"94cfb67\" data-element_type=\"column\">\n\t\t\t<div class=\"elementor-widget-wrap elementor-element-populated\">\n\t\t\t\t\t\t\t\t<div class=\"elementor-element elementor-element-859dc64 elementor-align-left elementor-widget elementor-widget-button\" data-id=\"859dc64\" data-element_type=\"widget\" data-widget_type=\"button.default\">\n\t\t\t\t<div class=\"elementor-widget-container\">\n\t\t\t\t\t<div class=\"elementor-button-wrapper\">\n\t\t\t<a class=\"elementor-button elementor-button-link elementor-size-md\" href=\"http:\/\/www.verschwisterung-schotten.de\/vvs\/arco-stadtansichten\/\" id=\"stadt\">\n\t\t\t\t\t\t<span class=\"elementor-button-content-wrapper\">\n\t\t\t\t\t\t<span class=\"elementor-button-icon elementor-align-icon-right\">\n\t\t\t\t\t\t\t\t\t<i class=\"fa fa-angle-right\" aria-hidden=\"true\"><\/i>\n\t\t\t\t\t\t\t<\/span>\n\t\t\t\t\t\t<span class=\"elementor-button-text\">Stadtansichten<\/span>\n\t\t<\/span>\n\t\t\t\t\t<\/a>\n\t\t<\/div>\n\t\t\t\t<\/div>\n\t\t\t\t<\/div>\n\t\t\t\t\t<\/div>\n\t\t<\/div>\n\t\t\t\t<div class=\"elementor-column elementor-col-33 elementor-top-column elementor-element elementor-element-bcb4187\" data-id=\"bcb4187\" data-element_type=\"column\">\n\t\t\t<div class=\"elementor-widget-wrap elementor-element-populated\">\n\t\t\t\t\t\t\t\t<div class=\"elementor-element elementor-element-9f0c078 elementor-align-center elementor-widget elementor-widget-button\" data-id=\"9f0c078\" data-element_type=\"widget\" data-widget_type=\"button.default\">\n\t\t\t\t<div class=\"elementor-widget-container\">\n\t\t\t\t\t<div class=\"elementor-button-wrapper\">\n\t\t\t<a class=\"elementor-button elementor-button-link elementor-size-md\" href=\"http:\/\/www.verschwisterung-schotten.de\/vvs\/arco-landschaften\/\" id=\"land\">\n\t\t\t\t\t\t<span class=\"elementor-button-content-wrapper\">\n\t\t\t\t\t\t<span class=\"elementor-button-icon elementor-align-icon-right\">\n\t\t\t\t\t\t\t\t\t<i class=\"fa fa-angle-right\" aria-hidden=\"true\"><\/i>\n\t\t\t\t\t\t\t<\/span>\n\t\t\t\t\t\t<span class=\"elementor-button-text\">Landschaften<\/span>\n\t\t<\/span>\n\t\t\t\t\t<\/a>\n\t\t<\/div>\n\t\t\t\t<\/div>\n\t\t\t\t<\/div>\n\t\t\t\t\t<\/div>\n\t\t<\/div>\n\t\t\t\t<div class=\"elementor-column elementor-col-33 elementor-top-column elementor-element elementor-element-a1ff230\" data-id=\"a1ff230\" data-element_type=\"column\">\n\t\t\t<div class=\"elementor-widget-wrap elementor-element-populated\">\n\t\t\t\t\t\t\t\t<div class=\"elementor-element elementor-element-48a8cae elementor-align-right elementor-widget elementor-widget-button\" data-id=\"48a8cae\" data-element_type=\"widget\" data-widget_type=\"button.default\">\n\t\t\t\t<div class=\"elementor-widget-container\">\n\t\t\t\t\t<div class=\"elementor-button-wrapper\">\n\t\t\t<a class=\"elementor-button elementor-button-link elementor-size-md\" href=\"http:\/\/www.verschwisterung-schotten.de\/vvs\/arco-begegnungen\/\" id=\"begegnungen\">\n\t\t\t\t\t\t<span class=\"elementor-button-content-wrapper\">\n\t\t\t\t\t\t<span class=\"elementor-button-icon elementor-align-icon-right\">\n\t\t\t\t\t\t\t\t\t<i class=\"fa fa-angle-right\" aria-hidden=\"true\"><\/i>\n\t\t\t\t\t\t\t<\/span>\n\t\t\t\t\t\t<span class=\"elementor-button-text\">Begegnungen<\/span>\n\t\t<\/span>\n\t\t\t\t\t<\/a>\n\t\t<\/div>\n\t\t\t\t<\/div>\n\t\t\t\t<\/div>\n\t\t\t\t\t<\/div>\n\t\t<\/div>\n\t\t\t\t\t\t\t<\/div>\n\t\t<\/section>\n\t\t\t\t<section class=\"elementor-section elementor-top-section elementor-element elementor-element-9a11549 elementor-section-boxed elementor-section-height-default elementor-section-height-default\" data-id=\"9a11549\" data-element_type=\"section\">\n\t\t\t\t\t\t<div class=\"elementor-container elementor-column-gap-default\">\n\t\t\t\t\t<div class=\"elementor-column elementor-col-100 elementor-top-column elementor-element elementor-element-690f817\" data-id=\"690f817\" data-element_type=\"column\">\n\t\t\t<div class=\"elementor-widget-wrap elementor-element-populated\">\n\t\t\t\t\t\t\t\t<div class=\"elementor-element elementor-element-70adf8d elementor-widget elementor-widget-google_maps\" data-id=\"70adf8d\" data-element_type=\"widget\" data-widget_type=\"google_maps.default\">\n\t\t\t\t<div class=\"elementor-widget-container\">\n\t\t\t\t\t<div class=\"elementor-custom-embed\">\n\t\t\t<iframe loading=\"lazy\"\n\t\t\t\t\tsrc=\"https:\/\/maps.google.com\/maps?q=Arco&#038;t=m&#038;z=11&#038;output=embed&#038;iwloc=near\"\n\t\t\t\t\ttitle=\"Arco\"\n\t\t\t\t\taria-label=\"Arco\"\n\t\t\t><\/iframe>\n\t\t<\/div>\n\t\t\t\t<\/div>\n\t\t\t\t<\/div>\n\t\t\t\t\t<\/div>\n\t\t<\/div>\n\t\t\t\t\t\t\t<\/div>\n\t\t<\/section>\n\t\t\t\t<section class=\"elementor-section elementor-top-section elementor-element elementor-element-ef48135 elementor-section-boxed elementor-section-height-default elementor-section-height-default\" data-id=\"ef48135\" data-element_type=\"section\">\n\t\t\t\t\t\t<div class=\"elementor-container elementor-column-gap-default\">\n\t\t\t\t\t<div class=\"elementor-column elementor-col-33 elementor-top-column elementor-element elementor-element-d590c93\" data-id=\"d590c93\" data-element_type=\"column\">\n\t\t\t<div class=\"elementor-widget-wrap elementor-element-populated\">\n\t\t\t\t\t\t\t\t<div class=\"elementor-element elementor-element-d092949 elementor-widget elementor-widget-toggle\" data-id=\"d092949\" data-element_type=\"widget\" data-widget_type=\"toggle.default\">\n\t\t\t\t<div class=\"elementor-widget-container\">\n\t\t\t\t\t<div class=\"elementor-toggle\">\n\t\t\t\t\t\t\t<div class=\"elementor-toggle-item\">\n\t\t\t\t\t<div id=\"elementor-tab-title-2181\" class=\"elementor-tab-title\" data-tab=\"1\" role=\"button\" aria-controls=\"elementor-tab-content-2181\" aria-expanded=\"false\">\n\t\t\t\t\t\t\t\t\t\t\t\t<span class=\"elementor-toggle-icon elementor-toggle-icon-right\" aria-hidden=\"true\">\n\t\t\t\t\t\t\t\t\t\t\t\t\t\t\t<span class=\"elementor-toggle-icon-closed\"><i class=\"fas fa-caret-right\"><\/i><\/span>\n\t\t\t\t\t\t\t\t<span class=\"elementor-toggle-icon-opened\"><i class=\"elementor-toggle-icon-opened fas fa-caret-up\"><\/i><\/span>\n\t\t\t\t\t\t\t\t\t\t\t\t\t<\/span>\n\t\t\t\t\t\t\t\t\t\t\t\t<a class=\"elementor-toggle-title\" tabindex=\"0\">Infobox<\/a>\n\t\t\t\t\t<\/div>\n\n\t\t\t\t\t<div id=\"elementor-tab-content-2181\" class=\"elementor-tab-content elementor-clearfix\" data-tab=\"1\" role=\"region\" aria-labelledby=\"elementor-tab-title-2181\"><p><span style=\"font-size: 12pt;\"><strong>Land:<\/strong> Italien<br \/><strong>Provinz:<\/strong> Trient (TN)<br \/><strong>Region:<\/strong> Trentino-S\u00fcdtirol<br \/><strong>H\u00f6he:<\/strong> 91 m \u00fc. NHN<br \/><strong>Fl\u00e4che:<\/strong> km\u00b2<br \/><strong>Einwohner:<\/strong> (31.12.2017) 17.716<br \/><strong>Postleitzahl:<\/strong> 38062<br \/><strong>Vorwahl:<\/strong> &#8218;0464<br \/><strong>B\u00fcrgermeister:<\/strong> Herr Alessandro Betta<\/span><\/p><p><span style=\"font-size: 12pt;\"><strong>Stadtteile:\u00a0<br \/><\/strong><span style=\"font-family: Titillium web;\">Bolognano, Caneve, Ceole, Chiarano, <\/span><span style=\"font-family: Titillium web;\">Linfano, Massone, Mogno, Padaro, San Giorgio d\u00b4Arco, San Giovanni al Momte, San Martino d\u00b4Oltersarca, Varignano, Vigne di Romarzolo, Vignole und eine Vielzahl von Localita (Weiler)<br \/><\/span><\/span><\/p><p><span style=\"font-size: 12pt;\"><span style=\"font-family: Titillium web;\"><strong>Schutzpatronin:<\/strong> Hl. Anna<\/span><\/span><\/p><\/div>\n\t\t\t\t<\/div>\n\t\t\t\t\t\t\t\t<\/div>\n\t\t\t\t<\/div>\n\t\t\t\t<\/div>\n\t\t\t\t\t<\/div>\n\t\t<\/div>\n\t\t\t\t<div class=\"elementor-column elementor-col-33 elementor-top-column elementor-element elementor-element-dfa336d\" data-id=\"dfa336d\" data-element_type=\"column\">\n\t\t\t<div class=\"elementor-widget-wrap elementor-element-populated\">\n\t\t\t\t\t\t\t\t<div class=\"elementor-element elementor-element-83381d4 elementor-widget elementor-widget-toggle\" data-id=\"83381d4\" data-element_type=\"widget\" data-widget_type=\"toggle.default\">\n\t\t\t\t<div class=\"elementor-widget-container\">\n\t\t\t\t\t<div class=\"elementor-toggle\">\n\t\t\t\t\t\t\t<div class=\"elementor-toggle-item\">\n\t\t\t\t\t<div id=\"elementor-tab-title-1371\" class=\"elementor-tab-title\" data-tab=\"1\" role=\"button\" aria-controls=\"elementor-tab-content-1371\" aria-expanded=\"false\">\n\t\t\t\t\t\t\t\t\t\t\t\t<span class=\"elementor-toggle-icon elementor-toggle-icon-right\" aria-hidden=\"true\">\n\t\t\t\t\t\t\t\t\t\t\t\t\t\t\t<span class=\"elementor-toggle-icon-closed\"><i class=\"fas fa-caret-right\"><\/i><\/span>\n\t\t\t\t\t\t\t\t<span class=\"elementor-toggle-icon-opened\"><i class=\"elementor-toggle-icon-opened fas fa-caret-up\"><\/i><\/span>\n\t\t\t\t\t\t\t\t\t\t\t\t\t<\/span>\n\t\t\t\t\t\t\t\t\t\t\t\t<a class=\"elementor-toggle-title\" tabindex=\"0\">Kontakt<\/a>\n\t\t\t\t\t<\/div>\n\n\t\t\t\t\t<div id=\"elementor-tab-content-1371\" class=\"elementor-tab-content elementor-clearfix\" data-tab=\"1\" role=\"region\" aria-labelledby=\"elementor-tab-title-1371\"><p><span style=\"font-size: 12pt;\"><strong>Stadtverwaltung Arco<br \/><\/strong><span style=\"font-family: Titillium Web;\">Piazza III Novembre 3<br \/><\/span><span style=\"font-family: Titillium Web;\">I- 38062 Arco (Trento)<br \/><\/span><span style=\"font-family: Titillium Web;\">Telefon 0039 (0)464 583 511<br \/><\/span><span style=\"font-family: Titillium Web;\">Kostenlose Rufnummer in Italien 800 754 009<br \/><\/span><span style=\"font-family: Titillium Web;\">urp@comune.arco.tn.it<br \/><\/span><span style=\"font-family: Titillium Web;\">Zertifizierte elektronische Post: comune@pec.comune.arco.tn.it<br \/><\/span><span style=\"font-family: Titillium Web;\">www.comune.arco.tn.it<\/span><\/span><\/p><p><span style=\"font-size: 12pt;\"><strong>Touristinformation<br \/><\/strong><span style=\"font-family: Titillium Web;\">Garda Trentino Azienda per il Turismo mit Hauptsitz in Riva (Largo Medaglie d\u2019Oro al Valor Militare 5, das ist am alten Bahnhof)<br \/><\/span><\/span><\/p><p><span style=\"font-size: 12pt;\"><strong>Informationsb\u00fcro in Arco<br \/><\/strong><span style=\"font-family: Titillium Web;\">Viale delle Palme 1<br \/><\/span><span style=\"font-family: Titillium Web;\">38062 Arco<br \/><\/span><span style=\"font-family: Titillium Web;\">Telefon: 0039 (0)464 532255<br \/><\/span><\/span><span style=\"font-size: 12pt;\"><span style=\"font-family: Titillium Web;\">\u00d6ffnungszeiten t\u00e4glich:\u00a0<br \/><span style=\"text-decoration: underline;\">19. M\u00e4rz bis 22 April:<\/span> 9.30-12.30 und 14.00-17.30<br \/><span style=\"text-decoration: underline;\">23. April bis 30. September:<\/span> 9.00-13.00 und 15.00-19.00<br \/><span style=\"text-decoration: underline;\">1. Oktober bis M\u00e4rz:<\/span> <br \/>9.30-12.30 und 14.00-17.30<br \/>Sonntags geschlossen<\/span><\/span><\/p><\/div>\n\t\t\t\t<\/div>\n\t\t\t\t\t\t\t\t<\/div>\n\t\t\t\t<\/div>\n\t\t\t\t<\/div>\n\t\t\t\t\t<\/div>\n\t\t<\/div>\n\t\t\t\t<div class=\"elementor-column elementor-col-33 elementor-top-column elementor-element elementor-element-33ce271\" data-id=\"33ce271\" data-element_type=\"column\">\n\t\t\t<div class=\"elementor-widget-wrap elementor-element-populated\">\n\t\t\t\t\t\t\t\t<div class=\"elementor-element elementor-element-58186b0 elementor-widget elementor-widget-toggle\" data-id=\"58186b0\" data-element_type=\"widget\" data-widget_type=\"toggle.default\">\n\t\t\t\t<div class=\"elementor-widget-container\">\n\t\t\t\t\t<div class=\"elementor-toggle\">\n\t\t\t\t\t\t\t<div class=\"elementor-toggle-item\">\n\t\t\t\t\t<div id=\"elementor-tab-title-9231\" class=\"elementor-tab-title\" data-tab=\"1\" role=\"button\" aria-controls=\"elementor-tab-content-9231\" aria-expanded=\"false\">\n\t\t\t\t\t\t\t\t\t\t\t\t<span class=\"elementor-toggle-icon elementor-toggle-icon-right\" aria-hidden=\"true\">\n\t\t\t\t\t\t\t\t\t\t\t\t\t\t\t<span class=\"elementor-toggle-icon-closed\"><i class=\"fas fa-caret-right\"><\/i><\/span>\n\t\t\t\t\t\t\t\t<span class=\"elementor-toggle-icon-opened\"><i class=\"elementor-toggle-icon-opened fas fa-caret-up\"><\/i><\/span>\n\t\t\t\t\t\t\t\t\t\t\t\t\t<\/span>\n\t\t\t\t\t\t\t\t\t\t\t\t<a class=\"elementor-toggle-title\" tabindex=\"0\">Vorstand<\/a>\n\t\t\t\t\t<\/div>\n\n\t\t\t\t\t<div id=\"elementor-tab-content-9231\" class=\"elementor-tab-content elementor-clearfix\" data-tab=\"1\" role=\"region\" aria-labelledby=\"elementor-tab-title-9231\"><p><span style=\"font-size: 12pt;\"><strong>Der Vorstand des Partnerschaftsvereins<br \/><\/strong><span style=\"font-family: Titillium Web;\">Seit den Neuwahlen am 08.02.2019 hat der Vorstand folgende Zusammensetzung:<br \/><\/span><\/span><span style=\"font-size: 12pt;\"><strong>Vorsitzender: <\/strong><span style=\"font-family: Titillium Web;\">Lino Ros\u00e1<br \/><\/span><strong>Stellv. Vorsitzende: <\/strong><span style=\"font-family: Titillium Web;\">Cristina Bronzini<br \/><strong>Schatzmeister: <\/strong><\/span><span style=\"font-family: Titillium Web;\">Paolo Pedrotti<br \/><\/span><strong>Schriftf\u00fchrerin: <\/strong><span style=\"font-family: Titillium Web;\">Paola Contrini<br \/><\/span><span style=\"font-family: Titillium Web;\"><strong>Beisitzer:<\/strong> Bruno Appoloni, <\/span>Emanuela Cretti, Gianfranco Zancarli, Morena Bonomi, Fiorenzo Cimatto, Michele Maroni<\/span><\/p><p><span style=\"font-size: 12pt;\">Die\u00a0zust\u00e4ndige Stadtr\u00e4tin ist Marialuisa Tavernini, Vertreter der Stadtverordneten-versammlung sind Alessandra Pompili, Ilir Tellabaci und Pierina Giulini.<\/span><\/p><p><span style=\"font-family: Titillium Web;\">\u00a0<\/span><\/p><\/div>\n\t\t\t\t<\/div>\n\t\t\t\t\t\t\t\t<\/div>\n\t\t\t\t<\/div>\n\t\t\t\t<\/div>\n\t\t\t\t\t<\/div>\n\t\t<\/div>\n\t\t\t\t\t\t\t<\/div>\n\t\t<\/section>\n\t\t\t\t<section class=\"elementor-section elementor-top-section elementor-element elementor-element-1c1ed65 elementor-section-boxed elementor-section-height-default elementor-section-height-default\" data-id=\"1c1ed65\" data-element_type=\"section\">\n\t\t\t\t\t\t<div class=\"elementor-container elementor-column-gap-default\">\n\t\t\t\t\t<div class=\"elementor-column elementor-col-100 elementor-top-column elementor-element elementor-element-5e7a537\" data-id=\"5e7a537\" data-element_type=\"column\">\n\t\t\t<div class=\"elementor-widget-wrap elementor-element-populated\">\n\t\t\t\t\t\t\t\t<div class=\"elementor-element elementor-element-1215234 elementor-widget elementor-widget-text-editor\" data-id=\"1215234\" data-element_type=\"widget\" data-widget_type=\"text-editor.default\">\n\t\t\t\t<div class=\"elementor-widget-container\">\n\t\t\t\t\t\t\t<p><span style=\"font-size: 12pt;\"><strong>Anmerkung: <\/strong><\/span><span style=\"font-family: Titillium web;\"><span style=\"font-size: medium;\">Sehr viele Bilder wurden uns freundlicherweise zur Verf\u00fcgung gestellt von Garda Trentino Turismo.<\/span><\/span><\/p>\t\t\t\t\t\t<\/div>\n\t\t\t\t<\/div>\n\t\t\t\t\t<\/div>\n\t\t<\/div>\n\t\t\t\t\t\t\t<\/div>\n\t\t<\/section>\n\t\t\t\t\t\t\t<\/div>\n\t\t","protected":false},"excerpt":{"rendered":"<p>Die Stadt Arco mit ihren zahlreichen Stadtteilen (Fraktionen) liegt beiderseits des Flusses Sarca, der in den Gardasee m\u00fcndet. Arco hat herrliche Parkanlagen, u.a. ein Arboretum mit Mammutb\u00e4umen. Neben Handwerk, Industrie und Handel spielt der&#46;&#46;&#46;<\/p>\n","protected":false},"author":1,"featured_media":0,"parent":0,"menu_order":0,"comment_status":"closed","ping_status":"closed","template":"","meta":{"footnotes":""},"class_list":["post-746","page","type-page","status-publish","hentry"],"yoast_head":"<!-- This site is optimized with the Yoast SEO plugin v20.3 - https:\/\/yoast.com\/wordpress\/plugins\/seo\/ -->\n<title>Arco - Italien - Verschwisterungsverein Schotten e.V.<\/title>\n<meta name=\"description\" content=\"Verein, Schotten - Verschwisterungsverein Schotten e.V. Arco - Italien % Verschwisterung, Europa, Deutschland, Italien, Frankreich, Tschechien, Polen, Belgien, Partner, Partnerstadt, Deutschland, Berlin, Hessen\" \/>\n<meta name=\"robots\" content=\"index, follow, max-snippet:-1, max-image-preview:large, max-video-preview:-1\" \/>\n<link rel=\"canonical\" href=\"https:\/\/www.verschwisterung-schotten.de\/vvs\/arco-6\/\" \/>\n<meta property=\"og:locale\" content=\"de_DE\" \/>\n<meta property=\"og:type\" content=\"article\" \/>\n<meta property=\"og:title\" content=\"Arco - Italien - Verschwisterungsverein Schotten e.V.\" \/>\n<meta property=\"og:description\" content=\"Verein, Schotten - Verschwisterungsverein Schotten e.V. Arco - Italien % Verschwisterung, Europa, Deutschland, Italien, Frankreich, Tschechien, Polen, Belgien, Partner, Partnerstadt, Deutschland, Berlin, Hessen\" \/>\n<meta property=\"og:url\" content=\"https:\/\/www.verschwisterung-schotten.de\/vvs\/arco-6\/\" \/>\n<meta property=\"og:site_name\" content=\"Verschwisterungsverein Schotten e.V.\" \/>\n<meta property=\"article:publisher\" content=\"https:\/\/www.facebook.com\/verschwisterungschotten?ref=hl\" \/>\n<meta property=\"article:modified_time\" content=\"2024-01-29T10:14:45+00:00\" \/>\n<meta property=\"og:image\" content=\"http:\/\/www.verschwisterung-schotten.de\/vvs\/wp-content\/uploads\/2019\/03\/Arco-Wappen.jpg\" \/>\n<meta name=\"twitter:card\" content=\"summary_large_image\" \/>\n<meta name=\"twitter:label1\" content=\"Gesch\u00e4tzte Lesezeit\" \/>\n\t<meta name=\"twitter:data1\" content=\"29\u00a0Minuten\" \/>\n<script type=\"application\/ld+json\" class=\"yoast-schema-graph\">{\"@context\":\"https:\/\/schema.org\",\"@graph\":[{\"@type\":\"WebPage\",\"@id\":\"https:\/\/www.verschwisterung-schotten.de\/vvs\/arco-6\/\",\"url\":\"https:\/\/www.verschwisterung-schotten.de\/vvs\/arco-6\/\",\"name\":\"Arco - Italien - Verschwisterungsverein Schotten e.V.\",\"isPartOf\":{\"@id\":\"https:\/\/www.verschwisterung-schotten.de\/vvs\/#website\"},\"datePublished\":\"2018-07-17T19:04:52+00:00\",\"dateModified\":\"2024-01-29T10:14:45+00:00\",\"description\":\"Verein, Schotten - Verschwisterungsverein Schotten e.V. Arco - Italien % Verschwisterung, Europa, Deutschland, Italien, Frankreich, Tschechien, Polen, Belgien, Partner, Partnerstadt, Deutschland, Berlin, Hessen\",\"breadcrumb\":{\"@id\":\"https:\/\/www.verschwisterung-schotten.de\/vvs\/arco-6\/#breadcrumb\"},\"inLanguage\":\"de\",\"potentialAction\":[{\"@type\":\"ReadAction\",\"target\":[\"https:\/\/www.verschwisterung-schotten.de\/vvs\/arco-6\/\"]}]},{\"@type\":\"BreadcrumbList\",\"@id\":\"https:\/\/www.verschwisterung-schotten.de\/vvs\/arco-6\/#breadcrumb\",\"itemListElement\":[{\"@type\":\"ListItem\",\"position\":1,\"name\":\"Startseite\",\"item\":\"https:\/\/www.verschwisterung-schotten.de\/vvs\/\"},{\"@type\":\"ListItem\",\"position\":2,\"name\":\"Arco &#8211; Italien\"}]},{\"@type\":\"WebSite\",\"@id\":\"https:\/\/www.verschwisterung-schotten.de\/vvs\/#website\",\"url\":\"https:\/\/www.verschwisterung-schotten.de\/vvs\/\",\"name\":\"Verschwisterungsverein Schotten e.V.\",\"description\":\"Die Verbindung zu den Partnerst\u00e4dten in Europa\",\"potentialAction\":[{\"@type\":\"SearchAction\",\"target\":{\"@type\":\"EntryPoint\",\"urlTemplate\":\"https:\/\/www.verschwisterung-schotten.de\/vvs\/?s={search_term_string}\"},\"query-input\":\"required name=search_term_string\"}],\"inLanguage\":\"de\"}]}<\/script>\n<!-- \/ Yoast SEO plugin. -->","yoast_head_json":{"title":"Arco - Italien - Verschwisterungsverein Schotten e.V.","description":"Verein, Schotten - Verschwisterungsverein Schotten e.V. Arco - Italien % Verschwisterung, Europa, Deutschland, Italien, Frankreich, Tschechien, Polen, Belgien, Partner, Partnerstadt, Deutschland, Berlin, Hessen","robots":{"index":"index","follow":"follow","max-snippet":"max-snippet:-1","max-image-preview":"max-image-preview:large","max-video-preview":"max-video-preview:-1"},"canonical":"https:\/\/www.verschwisterung-schotten.de\/vvs\/arco-6\/","og_locale":"de_DE","og_type":"article","og_title":"Arco - Italien - Verschwisterungsverein Schotten e.V.","og_description":"Verein, Schotten - Verschwisterungsverein Schotten e.V. Arco - Italien % Verschwisterung, Europa, Deutschland, Italien, Frankreich, Tschechien, Polen, Belgien, Partner, Partnerstadt, Deutschland, Berlin, Hessen","og_url":"https:\/\/www.verschwisterung-schotten.de\/vvs\/arco-6\/","og_site_name":"Verschwisterungsverein Schotten e.V.","article_publisher":"https:\/\/www.facebook.com\/verschwisterungschotten?ref=hl","article_modified_time":"2024-01-29T10:14:45+00:00","og_image":[{"url":"http:\/\/www.verschwisterung-schotten.de\/vvs\/wp-content\/uploads\/2019\/03\/Arco-Wappen.jpg"}],"twitter_card":"summary_large_image","twitter_misc":{"Gesch\u00e4tzte Lesezeit":"29\u00a0Minuten"},"schema":{"@context":"https:\/\/schema.org","@graph":[{"@type":"WebPage","@id":"https:\/\/www.verschwisterung-schotten.de\/vvs\/arco-6\/","url":"https:\/\/www.verschwisterung-schotten.de\/vvs\/arco-6\/","name":"Arco - Italien - Verschwisterungsverein Schotten e.V.","isPartOf":{"@id":"https:\/\/www.verschwisterung-schotten.de\/vvs\/#website"},"datePublished":"2018-07-17T19:04:52+00:00","dateModified":"2024-01-29T10:14:45+00:00","description":"Verein, Schotten - Verschwisterungsverein Schotten e.V. Arco - Italien % Verschwisterung, Europa, Deutschland, Italien, Frankreich, Tschechien, Polen, Belgien, Partner, Partnerstadt, Deutschland, Berlin, Hessen","breadcrumb":{"@id":"https:\/\/www.verschwisterung-schotten.de\/vvs\/arco-6\/#breadcrumb"},"inLanguage":"de","potentialAction":[{"@type":"ReadAction","target":["https:\/\/www.verschwisterung-schotten.de\/vvs\/arco-6\/"]}]},{"@type":"BreadcrumbList","@id":"https:\/\/www.verschwisterung-schotten.de\/vvs\/arco-6\/#breadcrumb","itemListElement":[{"@type":"ListItem","position":1,"name":"Startseite","item":"https:\/\/www.verschwisterung-schotten.de\/vvs\/"},{"@type":"ListItem","position":2,"name":"Arco &#8211; Italien"}]},{"@type":"WebSite","@id":"https:\/\/www.verschwisterung-schotten.de\/vvs\/#website","url":"https:\/\/www.verschwisterung-schotten.de\/vvs\/","name":"Verschwisterungsverein Schotten e.V.","description":"Die Verbindung zu den Partnerst\u00e4dten in Europa","potentialAction":[{"@type":"SearchAction","target":{"@type":"EntryPoint","urlTemplate":"https:\/\/www.verschwisterung-schotten.de\/vvs\/?s={search_term_string}"},"query-input":"required name=search_term_string"}],"inLanguage":"de"}]}},"_links":{"self":[{"href":"https:\/\/www.verschwisterung-schotten.de\/vvs\/wp-json\/wp\/v2\/pages\/746","targetHints":{"allow":["GET"]}}],"collection":[{"href":"https:\/\/www.verschwisterung-schotten.de\/vvs\/wp-json\/wp\/v2\/pages"}],"about":[{"href":"https:\/\/www.verschwisterung-schotten.de\/vvs\/wp-json\/wp\/v2\/types\/page"}],"author":[{"embeddable":true,"href":"https:\/\/www.verschwisterung-schotten.de\/vvs\/wp-json\/wp\/v2\/users\/1"}],"replies":[{"embeddable":true,"href":"https:\/\/www.verschwisterung-schotten.de\/vvs\/wp-json\/wp\/v2\/comments?post=746"}],"version-history":[{"count":166,"href":"https:\/\/www.verschwisterung-schotten.de\/vvs\/wp-json\/wp\/v2\/pages\/746\/revisions"}],"predecessor-version":[{"id":4483,"href":"https:\/\/www.verschwisterung-schotten.de\/vvs\/wp-json\/wp\/v2\/pages\/746\/revisions\/4483"}],"wp:attachment":[{"href":"https:\/\/www.verschwisterung-schotten.de\/vvs\/wp-json\/wp\/v2\/media?parent=746"}],"curies":[{"name":"wp","href":"https:\/\/api.w.org\/{rel}","templated":true}]}}