{"id":3889,"date":"2019-08-29T15:16:47","date_gmt":"2019-08-29T13:16:47","guid":{"rendered":"http:\/\/www.verschwisterung-schotten.de\/vvs\/?page_id=3889"},"modified":"2024-01-29T11:29:40","modified_gmt":"2024-01-29T10:29:40","slug":"vereinsarbeit","status":"publish","type":"page","link":"https:\/\/www.verschwisterung-schotten.de\/vvs\/vereinsarbeit\/","title":{"rendered":"Vereinsarbeit"},"content":{"rendered":"\t\t<div data-elementor-type=\"wp-post\" data-elementor-id=\"3889\" class=\"elementor elementor-3889\">\n\t\t\t\t\t\t\t\t\t<section class=\"elementor-section elementor-top-section elementor-element elementor-element-38f5139 elementor-section-boxed elementor-section-height-default elementor-section-height-default\" data-id=\"38f5139\" data-element_type=\"section\">\n\t\t\t\t\t\t<div class=\"elementor-container elementor-column-gap-default\">\n\t\t\t\t\t<div class=\"elementor-column elementor-col-100 elementor-top-column elementor-element elementor-element-6b2ea248\" data-id=\"6b2ea248\" data-element_type=\"column\">\n\t\t\t<div class=\"elementor-widget-wrap elementor-element-populated\">\n\t\t\t\t\t\t\t\t<div class=\"elementor-element elementor-element-17954f0 elementor-widget elementor-widget-menu-anchor\" data-id=\"17954f0\" data-element_type=\"widget\" data-widget_type=\"menu-anchor.default\">\n\t\t\t\t<div class=\"elementor-widget-container\">\n\t\t\t\t\t<div id=\"vereinsarbeit23\" class=\"elementor-menu-anchor\"><\/div>\n\t\t\t\t<\/div>\n\t\t\t\t<\/div>\n\t\t\t\t<div class=\"elementor-element elementor-element-235e44a8 elementor-widget elementor-widget-toggle\" data-id=\"235e44a8\" data-element_type=\"widget\" data-widget_type=\"toggle.default\">\n\t\t\t\t<div class=\"elementor-widget-container\">\n\t\t\t\t\t<div class=\"elementor-toggle\">\n\t\t\t\t\t\t\t<div class=\"elementor-toggle-item\">\n\t\t\t\t\t<h5 id=\"elementor-tab-title-5931\" class=\"elementor-tab-title\" data-tab=\"1\" role=\"button\" aria-controls=\"elementor-tab-content-5931\" aria-expanded=\"false\">\n\t\t\t\t\t\t\t\t\t\t\t\t<span class=\"elementor-toggle-icon elementor-toggle-icon-right\" aria-hidden=\"true\">\n\t\t\t\t\t\t\t\t\t\t\t\t\t\t\t<span class=\"elementor-toggle-icon-closed\"><i class=\"fas fa-caret-right\"><\/i><\/span>\n\t\t\t\t\t\t\t\t<span class=\"elementor-toggle-icon-opened\"><i class=\"elementor-toggle-icon-opened fas fa-caret-up\"><\/i><\/span>\n\t\t\t\t\t\t\t\t\t\t\t\t\t<\/span>\n\t\t\t\t\t\t\t\t\t\t\t\t<a class=\"elementor-toggle-title\" tabindex=\"0\">2023<\/a>\n\t\t\t\t\t<\/h5>\n\n\t\t\t\t\t<div id=\"elementor-tab-content-5931\" class=\"elementor-tab-content elementor-clearfix\" data-tab=\"1\" role=\"region\" aria-labelledby=\"elementor-tab-title-5931\"><p><a href=\"https:\/\/www.verschwisterung-schotten.de\/vvs\/wp-content\/uploads\/2023\/12\/VVS-Aktuell-2023-12-Besuch-der-Alpini-in-Schotten-GS.pdf\" target=\"_blank\" rel=\"noopener\"><img fetchpriority=\"high\" decoding=\"async\" class=\"alignleft wp-image-4418 size-full\" src=\"https:\/\/www.verschwisterung-schotten.de\/vvs\/wp-content\/uploads\/2023\/12\/DEZ2023-12-20-132116.jpg\" alt=\"\" width=\"1161\" height=\"1810\" srcset=\"https:\/\/www.verschwisterung-schotten.de\/vvs\/wp-content\/uploads\/2023\/12\/DEZ2023-12-20-132116.jpg 1161w, https:\/\/www.verschwisterung-schotten.de\/vvs\/wp-content\/uploads\/2023\/12\/DEZ2023-12-20-132116-192x300.jpg 192w, https:\/\/www.verschwisterung-schotten.de\/vvs\/wp-content\/uploads\/2023\/12\/DEZ2023-12-20-132116-657x1024.jpg 657w, https:\/\/www.verschwisterung-schotten.de\/vvs\/wp-content\/uploads\/2023\/12\/DEZ2023-12-20-132116-768x1197.jpg 768w, https:\/\/www.verschwisterung-schotten.de\/vvs\/wp-content\/uploads\/2023\/12\/DEZ2023-12-20-132116-985x1536.jpg 985w\" sizes=\"(max-width: 1161px) 100vw, 1161px\" \/><\/a><\/p><div><hr \/><\/div><p><strong>\u00a0<\/strong><\/p><p style=\"text-align: justify;\"><span style=\"font-size: 12pt;\"> <img decoding=\"async\" src=\"https:\/\/www.verschwisterung-schotten.de\/vvs\/wp-content\/uploads\/2023\/03\/Ehrungen-2023-mit-Namen.jpg\" alt=\"\" width=\"900\" height=\"600\" \/><\/span><\/p><div><hr \/><\/div><\/div>\n\t\t\t\t<\/div>\n\t\t\t\t\t\t\t\t<\/div>\n\t\t\t\t<\/div>\n\t\t\t\t<\/div>\n\t\t\t\t\t<\/div>\n\t\t<\/div>\n\t\t\t\t\t\t\t<\/div>\n\t\t<\/section>\n\t\t\t\t<section class=\"elementor-section elementor-top-section elementor-element elementor-element-471faa3 elementor-section-boxed elementor-section-height-default elementor-section-height-default\" data-id=\"471faa3\" data-element_type=\"section\">\n\t\t\t\t\t\t<div class=\"elementor-container elementor-column-gap-default\">\n\t\t\t\t\t<div class=\"elementor-column elementor-col-100 elementor-top-column elementor-element elementor-element-2f5c524\" data-id=\"2f5c524\" data-element_type=\"column\">\n\t\t\t<div class=\"elementor-widget-wrap elementor-element-populated\">\n\t\t\t\t\t\t\t\t<div class=\"elementor-element elementor-element-0a2a1d7 elementor-widget elementor-widget-toggle\" data-id=\"0a2a1d7\" data-element_type=\"widget\" data-widget_type=\"toggle.default\">\n\t\t\t\t<div class=\"elementor-widget-container\">\n\t\t\t\t\t<div class=\"elementor-toggle\">\n\t\t\t\t\t\t\t<div class=\"elementor-toggle-item\">\n\t\t\t\t\t<h5 id=\"elementor-tab-title-1061\" class=\"elementor-tab-title\" data-tab=\"1\" role=\"button\" aria-controls=\"elementor-tab-content-1061\" aria-expanded=\"false\">\n\t\t\t\t\t\t\t\t\t\t\t\t<span class=\"elementor-toggle-icon elementor-toggle-icon-right\" aria-hidden=\"true\">\n\t\t\t\t\t\t\t\t\t\t\t\t\t\t\t<span class=\"elementor-toggle-icon-closed\"><i class=\"fas fa-caret-right\"><\/i><\/span>\n\t\t\t\t\t\t\t\t<span class=\"elementor-toggle-icon-opened\"><i class=\"elementor-toggle-icon-opened fas fa-caret-up\"><\/i><\/span>\n\t\t\t\t\t\t\t\t\t\t\t\t\t<\/span>\n\t\t\t\t\t\t\t\t\t\t\t\t<a class=\"elementor-toggle-title\" tabindex=\"0\">2020<\/a>\n\t\t\t\t\t<\/h5>\n\n\t\t\t\t\t<div id=\"elementor-tab-content-1061\" class=\"elementor-tab-content elementor-clearfix\" data-tab=\"1\" role=\"region\" aria-labelledby=\"elementor-tab-title-1061\"><p><strong>Neues aus Arco &#8211; Oktober 2020<br \/><\/strong><\/p><div style=\"text-align: justify;\"><p><img decoding=\"async\" class=\"wp-image-2820 alignleft\" src=\"http:\/\/www.verschwisterung-schotten.de\/vvs\/wp-content\/uploads\/2019\/03\/Arco-Wappen.jpg\" alt=\"\" width=\"75\" height=\"88\" srcset=\"https:\/\/www.verschwisterung-schotten.de\/vvs\/wp-content\/uploads\/2019\/03\/Arco-Wappen.jpg 428w, https:\/\/www.verschwisterung-schotten.de\/vvs\/wp-content\/uploads\/2019\/03\/Arco-Wappen-257x300.jpg 257w\" sizes=\"(max-width: 75px) 100vw, 75px\" \/><\/p><p align=\"LEFT\"><strong><span lang=\"de-DE\" style=\"font-size: 12pt;\">Arco hat gew\u00e4hlt<\/span><\/strong><\/p><p align=\"JUSTIFY\"><strong><span lang=\"de-DE\" style=\"font-size: 12pt;\">Bei der Stichwahl f\u00fcr das B\u00fcrgermeisteramt hat sich der Amtsinhaber Alessandro Betta mit 4.133 Stimmen (60,99 %) durchgesetzt, sein Gegen\u00adkandidat Giacomo Bernardi holte 39,01 Prozent. Im ersten Wahlgang hatte Betta 3.276 Stimmen (= 34,40 %) erhalten. <\/span><span lang=\"de-DE\" style=\"font-size: 12pt;\">Die Wahlbeteiligung lag im 2. Wahlgang bei 47,41 Prozent. <\/span><\/strong><span lang=\"de-DE\" style=\"font-size: 12pt;\">Im ersten Wahldurchgang hatte es noch vier Kandidaten gegeben, die bei\u00adden mit den meisten Stimmen kamen dann in die Stichwahl. <\/span><span style=\"font-size: 12pt;\"><span lang=\"de-DE\">Betta regiert jetzt mit einer Mehrheit von 15 Abgeordneten in der Stadtverordnetenversammlung, die Opposition hat <\/span><span lang=\"de-DE\">sieben<\/span><span lang=\"de-DE\"> Stadtverordnete. <a href=\"http:\/\/www.verschwisterung-schotten.de\/vvs\/wp-content\/uploads\/2020\/11\/VVS-Aktuell-2020-10-Neues-aus-Arco-GS.pdf\" target=\"_blank\" rel=\"noopener\">Weiterlesen&#8230;<\/a><br \/><\/span><\/span><\/p><\/div><div><hr \/><\/div><p><strong>Neues aus Arco &#8211; September 2020<br \/><\/strong><\/p><p style=\"text-align: justify;\"><img decoding=\"async\" class=\"wp-image-2820 alignleft\" src=\"http:\/\/www.verschwisterung-schotten.de\/vvs\/wp-content\/uploads\/2019\/03\/Arco-Wappen.jpg\" alt=\"\" width=\"75\" height=\"88\" srcset=\"https:\/\/www.verschwisterung-schotten.de\/vvs\/wp-content\/uploads\/2019\/03\/Arco-Wappen.jpg 428w, https:\/\/www.verschwisterung-schotten.de\/vvs\/wp-content\/uploads\/2019\/03\/Arco-Wappen-257x300.jpg 257w\" sizes=\"(max-width: 75px) 100vw, 75px\" \/><span style=\"font-size: 12pt;\">Sie kommen wieder, die Touristen aus Deutschland. Jetzt, Mitte August sieht man und h\u00f6rt man sie auch wieder in den Stra\u00dfen von Arco. Doch es sind wesentlich weniger G\u00e4ste als sonst (sch\u00e4tzungsweise bis zu 40 Prozent). Es ist wegen Corona wie in Deutschland: Die Deutschen machen daheim Urlaub, die Italiener bleiben in Italien, viele aus dem S\u00fcden kom\u00admen derzeit an den Gardasee und reduzieren das Fehlen der Deutschen. \u201eEs ist voll an Ferragosta (15. August), die Touristen kommen zur\u00fcck\u201c, hei\u00dft es in einer Schlagzeile der Regional-Zeitung. Marco Benedetti (Arco), der Pr\u00e4sident der Tourismusver\u00adeinigung \u201eGarda Trentino\u201c, spricht von einem guten Juli und August. August und Ferragosta waren sehr gut, viele Italiener sind da, sagt er. Auch mehr Deutsche als zun\u00e4chst erwartet. Er rechnet damit, den Monat Juli mit einem Minus von 20 Prozent und den August mit zehn Prozent weniger G\u00e4sten abzu\u00adschlie\u00dfen. Jetzt macht man sich Sorgen, wie es weiter geht, besonders im September. Der h\u00e4ngt ganz von dem Reiseverhalten der Deutschen ab.<\/span> <span style=\"font-size: 12pt;\"><a href=\"http:\/\/www.verschwisterung-schotten.de\/vvs\/wp-content\/uploads\/2020\/09\/VVS-Aktuell-2020-09-Neues-aus-Arco-GS.pdf\" target=\"_blank\" rel=\"noopener\">Weiterlesen&#8230;<\/a><\/span><\/p><div><hr \/><\/div><p><strong>Neues aus Arco &#8211; August 2020<br \/><\/strong><\/p><div style=\"text-align: justify;\"><img decoding=\"async\" class=\"wp-image-2820 alignleft\" src=\"http:\/\/www.verschwisterung-schotten.de\/vvs\/wp-content\/uploads\/2019\/03\/Arco-Wappen.jpg\" alt=\"\" width=\"75\" height=\"88\" srcset=\"https:\/\/www.verschwisterung-schotten.de\/vvs\/wp-content\/uploads\/2019\/03\/Arco-Wappen.jpg 428w, https:\/\/www.verschwisterung-schotten.de\/vvs\/wp-content\/uploads\/2019\/03\/Arco-Wappen-257x300.jpg 257w\" sizes=\"(max-width: 75px) 100vw, 75px\" \/><span style=\"font-size: 12pt;\">In Schottens Partnerstadt Arco hat sich trotz Coronakrise einiges getan. So wurde in der Viale delle Palme der Bereich um Springbrunnen, Tourismusb\u00fcro und Rentnertreffen neu gestaltet. Wege und die Terrasse der Senioren wurden gepflastert. Rollrasen wurde verlegt, Gr\u00fcnpflanzen wurden gesetzt. Der Platz nebenan, auf dem sich vor vielen Jahren ein Tennisplatz befand, soll zu einem Park werden. Dort sind ein Parkplatz f\u00fcr Fahrr\u00e4der und ein Parkdecks f\u00fcr Autos geplant. Dar\u00fcber wird die n\u00e4chste Stadtverordnetenversammlung befinden, die \u2013 einschlie\u00dflich B\u00fcrgermeister \u2013 am 20.\/21. September gew\u00e4hlt wird. <\/span><a href=\"http:\/\/www.verschwisterung-schotten.de\/vvs\/wp-content\/uploads\/2020\/08\/VVS-Aktuell-2020-08-03-Neues-aus-Arco-GS.pdf\" target=\"_blank\" rel=\"noopener\"><span style=\"font-size: 12pt;\">Weiterlesen&#8230;<\/span><\/a><\/div><div>\u00a0<\/div><div><hr \/><\/div><p><strong>Schotten &#8211; Juli 2020<br \/><\/strong><\/p><div><p><img loading=\"lazy\" decoding=\"async\" class=\" wp-image-3843 alignleft\" src=\"http:\/\/www.verschwisterung-schotten.de\/vvs\/wp-content\/uploads\/2019\/08\/Dieter_Eickhoff_WP-Avatar.jpg\" alt=\"\" width=\"112\" height=\"112\" \/><\/p><p style=\"text-align: justify;\"><span style=\"font-size: 12pt;\">Am Donnerstag, den 30. Juli 2020, hatte der Verschwisterungsverein Besuch von Herrn Mark Weinmeister, Staatssekret\u00e4r im Hessischen Europaministerium. Etwa eine Stunde lang hatte sich Herr Weinmeister Zeit genommen, um sich vom Vorstand des Verschwisterungsvereins \u00fcber die zahlreichen St\u00e4dtepartnerschaften der Stadt Schotten berichten zu lassen. Dabei ging es auch um die Frage, wie die europ\u00e4ische Partnerschaftsarbeit auf kommunaler Ebene zukunftsf\u00e4hig gemacht werden kann. Herr Weinmeister besucht zurzeit zahlreiche Kommunen, die Mitglied im Europanetzwerk Hessen sind. Dabei handelt es sich um eine Internetplattform der Staatskanzlei, die allen Hessinnen und Hessen, die in der Europapolitik aktiv sind, eine Basis f\u00fcr Information und Austausch bieten soll (siehe auch www.europanetzwerk.hessen.de). <a href=\"http:\/\/www.verschwisterung-schotten.de\/vvs\/wp-content\/uploads\/2020\/08\/KA-2020-08-03_Staatssekret\u00e4r-Weinmeister-in-Schotten.pdf\" target=\"_blank\" rel=\"noopener\">Zum Artikel aus dem Kreis-Anzeiger vom 03.08.2020&#8230;<\/a><\/span><\/p><\/div><div><style type=\"text\/css\">\r\n\t#foogallery-gallery-4050 .fg-image {\r\n        width: 795px;\r\n    }\r\n<\/style>\r\n\t\t\t\t<div class=\"foogallery foogallery-container foogallery-default foogallery-lightbox-foobox fg-gutter-0 fg-center fg-default fg-light fg-border-thin fg-shadow-outline fg-loading-default fg-loaded-fade-in fg-caption-hover fg-hover-fade fg-hover-zoom fg-ready\" id=\"foogallery-gallery-4050\" data-foogallery=\"{&quot;item&quot;:{&quot;showCaptionTitle&quot;:true,&quot;showCaptionDescription&quot;:true},&quot;lazy&quot;:true}\" >\r\n\t<div class=\"fg-item fg-type-image fg-idle\"><figure class=\"fg-item-inner\"><a href=\"https:\/\/www.verschwisterung-schotten.de\/vvs\/wp-content\/uploads\/2020\/08\/WeinmeisterSchotten1440.jpg\" data-caption-desc=\"Gruppenbild vor dem Historischen Rathaus nach dem Gespr\u00e4ch (v.l.n.r.): Herr Michael Ruhl (Mitglied des Hessischen Landtags, direkt gew\u00e4hlt im Vogelsbergkreis), Herr Mark Weinmeister (Staatssekret\u00e4r im Hessischen Europaministerium), Frau Susanne Schaab (B\u00fcrgermeisterin der Stadt Schotten), Herr Dieter Eickhoff (Vorsitzender des Verschwisterungsvereins Schotten), Frau Christina Kn\u00f6\u00df (Beisitzerin im Vorstand), Frau Petra Mengel (Beisitzerin im Vorstand), Herr Robert Pitz (Schatzmeister), Herr Gernot Schobert (Schriftf\u00fchrer), Herr Hans Dieter Herget (Stadtverordnetenvorsteher)\" data-attachment-id=\"4048\" data-type=\"image\" class=\"fg-thumb\"><span class=\"fg-image-wrap\"><img decoding=\"async\" width=\"795\" height=\"390\" class=\"skip-lazy fg-image\" data-src-fg=\"https:\/\/www.verschwisterung-schotten.de\/vvs\/wp-content\/uploads\/cache\/2020\/08\/WeinmeisterSchotten1440\/43460113.jpg\" src=\"data:image\/svg+xml,%3Csvg%20xmlns%3D%22http%3A%2F%2Fwww.w3.org%2F2000%2Fsvg%22%20width%3D%22795%22%20height%3D%22390%22%20viewBox%3D%220%200%20795%20390%22%3E%3C%2Fsvg%3E\" loading=\"eager\"><\/span><span class=\"fg-image-overlay\"><\/span><\/a><figcaption class=\"fg-caption\"><div class=\"fg-caption-inner\"><div class=\"fg-caption-desc\">Gruppenbild vor dem Historischen Rathaus nach dem Gespr\u00e4ch (v.l.n.r.): Herr Michael Ruhl (Mitglied des Hessischen Landtags, direkt gew\u00e4hlt im Vogelsbergkreis), Herr Mark Weinmeister (Staatssekret\u00e4r im Hessischen Europaministerium), Frau Susanne Schaab (B\u00fcrgermeisterin der Stadt Schotten), Herr Dieter Eickhoff (Vorsitzender des Verschwisterungsvereins Schotten), Frau Christina Kn\u00f6\u00df (Beisitzerin im Vorstand), Frau Petra Mengel (Beisitzerin im Vorstand), Herr Robert Pitz (Schatzmeister), Herr Gernot Schobert (Schriftf\u00fchrer), Herr Hans Dieter Herget (Stadtverordnetenvorsteher)<\/div><\/div><\/figcaption><\/figure><div class=\"fg-loader\"><\/div><\/div><\/div>\r\n<\/div><\/div>\n\t\t\t\t<\/div>\n\t\t\t\t\t\t\t\t<\/div>\n\t\t\t\t<\/div>\n\t\t\t\t<\/div>\n\t\t\t\t\t<\/div>\n\t\t<\/div>\n\t\t\t\t\t\t\t<\/div>\n\t\t<\/section>\n\t\t\t\t<section class=\"elementor-section elementor-top-section elementor-element elementor-element-f4731d9 elementor-section-boxed elementor-section-height-default elementor-section-height-default\" data-id=\"f4731d9\" data-element_type=\"section\">\n\t\t\t\t\t\t<div class=\"elementor-container elementor-column-gap-default\">\n\t\t\t\t\t<div class=\"elementor-column elementor-col-100 elementor-top-column elementor-element elementor-element-5eb9553\" data-id=\"5eb9553\" data-element_type=\"column\">\n\t\t\t<div class=\"elementor-widget-wrap elementor-element-populated\">\n\t\t\t\t\t\t\t\t<div class=\"elementor-element elementor-element-6069eb3 elementor-widget elementor-widget-toggle\" data-id=\"6069eb3\" data-element_type=\"widget\" data-widget_type=\"toggle.default\">\n\t\t\t\t<div class=\"elementor-widget-container\">\n\t\t\t\t\t<div class=\"elementor-toggle\">\n\t\t\t\t\t\t\t<div class=\"elementor-toggle-item\">\n\t\t\t\t\t<h5 id=\"elementor-tab-title-1011\" class=\"elementor-tab-title\" data-tab=\"1\" role=\"button\" aria-controls=\"elementor-tab-content-1011\" aria-expanded=\"false\">\n\t\t\t\t\t\t\t\t\t\t\t\t<span class=\"elementor-toggle-icon elementor-toggle-icon-right\" aria-hidden=\"true\">\n\t\t\t\t\t\t\t\t\t\t\t\t\t\t\t<span class=\"elementor-toggle-icon-closed\"><i class=\"fas fa-caret-right\"><\/i><\/span>\n\t\t\t\t\t\t\t\t<span class=\"elementor-toggle-icon-opened\"><i class=\"elementor-toggle-icon-opened fas fa-caret-up\"><\/i><\/span>\n\t\t\t\t\t\t\t\t\t\t\t\t\t<\/span>\n\t\t\t\t\t\t\t\t\t\t\t\t<a class=\"elementor-toggle-title\" tabindex=\"0\">2019<\/a>\n\t\t\t\t\t<\/h5>\n\n\t\t\t\t\t<div id=\"elementor-tab-content-1011\" class=\"elementor-tab-content elementor-clearfix\" data-tab=\"1\" role=\"region\" aria-labelledby=\"elementor-tab-title-1011\"><hr \/><p><strong>Neues aus Arco &#8211; Oktober 2019<br \/><\/strong><\/p><div><img decoding=\"async\" class=\"wp-image-2820 alignleft\" src=\"http:\/\/www.verschwisterung-schotten.de\/vvs\/wp-content\/uploads\/2019\/03\/Arco-Wappen.jpg\" alt=\"\" width=\"75\" height=\"88\" srcset=\"https:\/\/www.verschwisterung-schotten.de\/vvs\/wp-content\/uploads\/2019\/03\/Arco-Wappen.jpg 428w, https:\/\/www.verschwisterung-schotten.de\/vvs\/wp-content\/uploads\/2019\/03\/Arco-Wappen-257x300.jpg 257w\" sizes=\"(max-width: 75px) 100vw, 75px\" \/><span style=\"font-size: 12pt;\">In den vergangenen Wochen hat sich in unserer Partnerstadt einiges getan. Wichtig: Die Runde unserer europ\u00e4ischen Freunde ist gr\u00f6\u00dfer geworden, denn Arco hat mit der Stadt Hall in Tirol einen Freundschaftspakt geschlos\u00adsen. \u201ePaten\u201c waren dabei die Vertreter von Beloeil, Bogen, Crosne, Roccella Jonica, Rymarov und Schotten, die zu dieser Zeit die j\u00e4hrliche Arbeitssitzung in Arco hatten. <\/span><a href=\"http:\/\/www.verschwisterung-schotten.de\/vvs\/wp-content\/uploads\/2019\/12\/VVS-Aktuell-2019-10-24-Neues-aus-Arco-GS.pdf\" target=\"_blank\" rel=\"noopener\"><span style=\"font-size: 12pt;\">Weiterlesen&#8230;<\/span><\/a><\/div><div>\u00a0<\/div><hr \/><p><strong>Neues aus Arco &#8211; August 2019<br \/><\/strong><\/p><div><img decoding=\"async\" class=\"wp-image-2820 alignleft\" src=\"http:\/\/www.verschwisterung-schotten.de\/vvs\/wp-content\/uploads\/2019\/03\/Arco-Wappen.jpg\" alt=\"\" width=\"75\" height=\"88\" srcset=\"https:\/\/www.verschwisterung-schotten.de\/vvs\/wp-content\/uploads\/2019\/03\/Arco-Wappen.jpg 428w, https:\/\/www.verschwisterung-schotten.de\/vvs\/wp-content\/uploads\/2019\/03\/Arco-Wappen-257x300.jpg 257w\" sizes=\"(max-width: 75px) 100vw, 75px\" \/><span style=\"font-size: 12pt;\">Auch in Schottens Partnerstadt war es in diesem Sommer hei\u00df, sehr hei\u00df. Wer nicht unbedingt musste, der blieb tags\u00fcber daheim und ging erst am Abend aus. Dann waren bei etwas niedrigeren Temperaturen die Gassen gut gef\u00fcllt. Die Gastronomen mit Pl\u00e4tzen im Freien hatten viel zu tun. Vor den vier Eisdielen in der Innenstadt bildeten sich Schlangen der \u201eSchleckerm\u00e4uler\u201c. <\/span><a href=\"http:\/\/www.verschwisterung-schotten.de\/vvs\/wp-content\/uploads\/2019\/08\/VVS-Aktuell-2019-08-29-Neues-aus-Arco-GS.pdf\" target=\"_blank\" rel=\"noopener\"><span style=\"font-size: 12pt;\">Weiterlesen&#8230;<\/span><\/a><\/div><div>\u00a0<\/div><hr \/><p><strong>Bericht \u00fcber die Tour du Jumelage 2019<br \/><\/strong><\/p><p style=\"text-align: justify;\"><span style=\"font-size: 12pt;\">Sie geh\u00f6rt ganz einfach dazu, die allj\u00e4hrliche Verschwisterungstour der Schottener Partner- und Freundschaftsst\u00e4dte. 2018 hatten die Vogelsberger das internationale Treffen in Th\u00fcringen ausgerichtet, diesmal waren die Crosner die Organisatoren, 2020 wird die Veranstaltung\u00a0vom Verschwisterungsverein Arco durchgef\u00fchrt. \u201eWo, das wissen wir derzeit noch nicht\u201c, sagte Lino Rosa, der Vorsitzende von \u201eArco obiettivo Europa\u201c, beim Abschlussabend im Hotel \u201eEthic Etapes CIS\u201c in Reims. Hier, in einer \u201ebesseren Jugendherberge\u201c, waren 17 der 21 Schottener Teilnehmerinnen und Teilnehmer untergebracht, der Rest hatte Hotels in der Umgebung gebucht. \u00a0<\/span><a href=\"http:\/\/www.verschwisterung-schotten.de\/vvs\/wp-content\/uploads\/2019\/08\/VVS-Aktuell-2019-07-15_Bericht-von-der-Tour-du-Jumelage-Gernot-Schobert.pdf\" target=\"_blank\" rel=\"noopener\"><span style=\"font-size: 12pt;\">Weiterlesen&#8230;<\/span><\/a><\/p><p><style type=\"text\/css\">\r\n\t#foogallery-gallery-4029 .fg-image {\r\n        width: 790px;\r\n    }\r\n<\/style>\r\n\t\t\t\t<div class=\"foogallery foogallery-container foogallery-default foogallery-lightbox-foobox fg-gutter-10 fg-center fg-default fg-light fg-border-thin fg-shadow-outline fg-loading-default fg-loaded-fade-in fg-caption-hover fg-hover-fade fg-hover-zoom fg-ready\" id=\"foogallery-gallery-4029\" data-foogallery=\"{&quot;item&quot;:{&quot;showCaptionTitle&quot;:true,&quot;showCaptionDescription&quot;:true},&quot;lazy&quot;:true}\" >\r\n\t<div class=\"fg-item fg-type-image fg-idle\"><figure class=\"fg-item-inner\"><a href=\"https:\/\/www.verschwisterung-schotten.de\/vvs\/wp-content\/uploads\/2019\/08\/DSCN0042-neue-Groesse-1.jpg\" data-caption-title=\"Die Bogener und Schottener Tour-Teilnehmer in Ch\u00e2lons-en-Champagne\" data-caption-desc=\"Die Bogener und Schottener Tour-Teilnehmer in Ch\u00e2lons-en-Champagne\" data-attachment-id=\"3844\" data-type=\"image\" class=\"fg-thumb\"><span class=\"fg-image-wrap\"><img decoding=\"async\" title=\"Die Bogener und Schottener Tour-Teilnehmer in Ch\u00e2lons-en-Champagne\" width=\"790\" height=\"365\" class=\"skip-lazy fg-image\" data-src-fg=\"https:\/\/www.verschwisterung-schotten.de\/vvs\/wp-content\/uploads\/cache\/2019\/08\/DSCN0042-neue-Groesse-1\/3180775798.jpg\" src=\"data:image\/svg+xml,%3Csvg%20xmlns%3D%22http%3A%2F%2Fwww.w3.org%2F2000%2Fsvg%22%20width%3D%22790%22%20height%3D%22365%22%20viewBox%3D%220%200%20790%20365%22%3E%3C%2Fsvg%3E\" loading=\"eager\"><\/span><span class=\"fg-image-overlay\"><\/span><\/a><figcaption class=\"fg-caption\"><div class=\"fg-caption-inner\"><div class=\"fg-caption-title\">Die Bogener und Schottener Tour-Teilnehmer in Ch\u00e2lons-en-Champagne<\/div><div class=\"fg-caption-desc\">Die Bogener und Schottener Tour-Teilnehmer in Ch\u00e2lons-en-Champagne<\/div><\/div><\/figcaption><\/figure><div class=\"fg-loader\"><\/div><\/div><\/div>\r\n<\/p><hr \/><p><strong>Stellungnahme des Vorsitzenden des Verschwisterungsverein Schotten, Dieter Eickhoff, zum Ergebnis der Europawahl 2019<\/strong><\/p><p><strong>26.05. 2019<\/strong><\/p><p><style type=\"text\/css\">\r\n\t#foogallery-gallery-3891 .fg-image {\r\n        width: 180px;\r\n    }\r\n<\/style>\r\n\t\t\t\t<div class=\"foogallery foogallery-container foogallery-default foogallery-lightbox-foobox fg-gutter-0 fg-left fg-default fg-light fg-border-thin fg-shadow-outline fg-loading-default fg-loaded-fade-in fg-caption-hover fg-hover-fade fg-hover-zoom fg-ready\" id=\"foogallery-gallery-3891\" data-foogallery=\"{&quot;item&quot;:{&quot;showCaptionTitle&quot;:true,&quot;showCaptionDescription&quot;:true},&quot;lazy&quot;:true}\" >\r\n\t<div class=\"fg-item fg-type-image fg-idle\"><figure class=\"fg-item-inner\"><a href=\"https:\/\/www.verschwisterung-schotten.de\/vvs\/wp-content\/uploads\/2019\/05\/EU-Wahl-Banner-Mai-2019.jpg\" data-caption-title=\"Banner zur Europawahl im KreisverkehrMit einem gro\u00dfen Banner im Kreisverkehr n\u00e4he Bauhof ruft der Verschwisterungsverein Schotten zur Beteiligung an der Europawahl 2019 auf. Die Botschaft ist W\u00e4hl Europa! Denn: Es ist Dein Europa!\" data-attachment-id=\"3766\" data-type=\"image\" class=\"fg-thumb\"><span class=\"fg-image-wrap\"><img decoding=\"async\" title=\"Banner zur Europawahl im KreisverkehrMit einem gro\u00dfen Banner im Kreisverkehr n\u00e4he Bauhof ruft der Verschwisterungsverein Schotten zur Beteiligung an der Europawahl 2019 auf. Die Botschaft ist W\u00e4hl Europa! Denn: Es ist Dein Europa!\" width=\"180\" height=\"180\" class=\"skip-lazy fg-image\" data-src-fg=\"https:\/\/www.verschwisterung-schotten.de\/vvs\/wp-content\/uploads\/cache\/2019\/05\/EU-Wahl-Banner-Mai-2019\/614236103.jpg\" src=\"data:image\/svg+xml,%3Csvg%20xmlns%3D%22http%3A%2F%2Fwww.w3.org%2F2000%2Fsvg%22%20width%3D%22180%22%20height%3D%22180%22%20viewBox%3D%220%200%20180%20180%22%3E%3C%2Fsvg%3E\" loading=\"eager\"><\/span><span class=\"fg-image-overlay\"><\/span><\/a><figcaption class=\"fg-caption\"><div class=\"fg-caption-inner\"><div class=\"fg-caption-title\">Banner zur Europawahl im KreisverkehrMit einem gro\u00dfen Banner im Kreisverkehr n\u00e4he Bauhof ruft der Verschwisterungsverein Schotten zur Beteiligung an der Europawahl 2019 auf. Die Botschaft ist W\u00e4hl Europa! Denn: Es ist Dein Europa!<\/div><\/div><\/figcaption><\/figure><div class=\"fg-loader\"><\/div><\/div><\/div>\r\n<style type=\"text\/css\">#foogallery-gallery-3891 { float: left; margin: 0 10px 0 0; width: 180px; height: 180px;  }<\/style>Liebe Freunde Europas,<\/p><p style=\"text-align: justify;\"><span style=\"font-size: 12pt;\">\u00a0die EUROPAWAHL 2019 ist gelaufen. Ich pers\u00f6nlich bin sehr froh und erleichtert dar\u00fcber, dass die Nationalisten und europafeindlichen Populisten nicht den \u00fcberw\u00e4ltigenden Erfolg hatten, den sie selbst erhofft und sehr viele bef\u00fcrchtet hatten. Nat\u00fcrlich sind die Ergebnisse in den L\u00e4ndern der Europ\u00e4ischen Union sehr unterschiedlich, so vielf\u00e4ltig eben wie Europa nun mal ist: in dem einen Land wurden Sozialdemokraten oder Konservative strahlende Sieger und die Nationalisten blieben chancenlos (Beispiel: Spanien), in anderen L\u00e4ndern sind die Gegner Europas zur dominanten Kraft geworden (Beispiel: Italien). <\/span><a href=\"http:\/\/www.verschwisterung-schotten.de\/vvs\/wp-content\/uploads\/2019\/05\/VVS-Aktuell-2019-05-27.pdf\" target=\"_blank\" rel=\"noopener\"><span style=\"font-size: 12pt;\">Weiterlesen&#8230;<\/span><\/a><\/p><hr \/><div><strong>Singen f\u00fcr Europa in Nidda<\/strong><\/div><p><strong>11.05. 2019<\/strong><\/p><p><style type=\"text\/css\">\r\n\t#foogallery-gallery-3901 .fg-image {\r\n        width: 180px;\r\n    }\r\n<\/style>\r\n\t\t\t\t<div class=\"foogallery foogallery-container foogallery-default foogallery-lightbox-foobox fg-gutter-0 fg-left fg-default fg-light fg-border-thin fg-shadow-outline fg-loading-default fg-loaded-fade-in fg-caption-hover fg-hover-fade fg-hover-external fg-ready\" id=\"foogallery-gallery-3901\" data-foogallery=\"{&quot;item&quot;:{&quot;showCaptionTitle&quot;:false,&quot;showCaptionDescription&quot;:false},&quot;lazy&quot;:true}\" >\r\n\t<div class=\"fg-item fg-type-iframe fg-idle\"><figure class=\"fg-item-inner\"><a href=\"http:\/\/www.verschwisterung-schotten.de\/vvs\/wp-content\/uploads\/2019\/08\/KA-2019-05-11_Die-Bedeutung-der-Europawahl-wurde-beim-_Singen-f\u00fcr-Europa_-in-Nidda-deutlich.pdf\" target=\"_blank\" data-caption-desc=\"Leben den Verschwisterungsgedanken und bekennen sich, &quot;pro-europ\u00e4isch&quot; zu sein: Frank Gerhardt, Dr. Johannes Fertig, Wolfgang Kunert, Sieglinde Huxhorn-Engler, Dieter Eickhoff und Petra Becker (von links). Foto: Maresch\" data-attachment-id=\"3903\" data-type=\"iframe\" class=\"fg-thumb\"><span class=\"fg-image-wrap\"><img decoding=\"async\" width=\"180\" height=\"180\" class=\"skip-lazy fg-image\" data-src-fg=\"https:\/\/www.verschwisterung-schotten.de\/vvs\/wp-content\/uploads\/cache\/2019\/08\/KA-2019-05-11_Singen-f\u00fcr-Europa_-in-Nidda\/977184155.jpg\" src=\"data:image\/svg+xml,%3Csvg%20xmlns%3D%22http%3A%2F%2Fwww.w3.org%2F2000%2Fsvg%22%20width%3D%22180%22%20height%3D%22180%22%20viewBox%3D%220%200%20180%20180%22%3E%3C%2Fsvg%3E\" loading=\"eager\"><\/span><span class=\"fg-image-overlay\"><\/span><\/a><figcaption class=\"fg-caption\"><div class=\"fg-caption-inner\"><\/div><\/figcaption><\/figure><div class=\"fg-loader\"><\/div><\/div><\/div>\r\n<style type=\"text\/css\">#foogallery-gallery-3901 { float: left; margin: 0 10px 0 0; width: 180px; height: 180px; }<\/style><\/p><p style=\"text-align: justify;\"><span style=\"font-size: 12pt;\">Vielen Menschen ist Europa wichtig. Das zeigte eine Veranstaltung des Niddaer Verschwisterungsvereins auf dem Marktplatz, an der auch Vertreter von Partnerschaftsvereinen aus der Region teilnahmen. Mit dabei waren Europaministerin Puttrich, Frank Gerhardt (Vorsitzender des Verschwisterungsvereins Wenings-Nucourt), Dr. Johannes Fertig (Vorsitzender der Europa-Union Kreisverband Wetterau), Wolfgang Kunert (Verschwisterungsverein Gedern-Polanow), Sieglinde Huxhorn-Engler (Vorsitzende des Verschwisterungsvereins B\u00fcdingen), Petra Becker (Vorsitzende des Verschwisterungsvereins Nidda) und der Vorsitzende desVerschwisterungsvereins Schotten, Dieter Eickhoff.<\/span><\/p><\/div>\n\t\t\t\t<\/div>\n\t\t\t\t\t\t\t\t<\/div>\n\t\t\t\t<\/div>\n\t\t\t\t<\/div>\n\t\t\t\t\t<\/div>\n\t\t<\/div>\n\t\t\t\t\t\t\t<\/div>\n\t\t<\/section>\n\t\t\t\t<section class=\"elementor-section elementor-top-section elementor-element elementor-element-2e2da07 elementor-section-boxed elementor-section-height-default elementor-section-height-default\" data-id=\"2e2da07\" data-element_type=\"section\">\n\t\t\t\t\t\t<div class=\"elementor-container elementor-column-gap-default\">\n\t\t\t\t\t<div class=\"elementor-column elementor-col-100 elementor-top-column elementor-element elementor-element-f7dabee\" data-id=\"f7dabee\" data-element_type=\"column\">\n\t\t\t<div class=\"elementor-widget-wrap elementor-element-populated\">\n\t\t\t\t\t\t\t\t<div class=\"elementor-element elementor-element-ff2ed12 elementor-widget elementor-widget-toggle\" data-id=\"ff2ed12\" data-element_type=\"widget\" data-widget_type=\"toggle.default\">\n\t\t\t\t<div class=\"elementor-widget-container\">\n\t\t\t\t\t<div class=\"elementor-toggle\">\n\t\t\t\t\t\t\t<div class=\"elementor-toggle-item\">\n\t\t\t\t\t<h5 id=\"elementor-tab-title-2671\" class=\"elementor-tab-title\" data-tab=\"1\" role=\"button\" aria-controls=\"elementor-tab-content-2671\" aria-expanded=\"false\">\n\t\t\t\t\t\t\t\t\t\t\t\t<span class=\"elementor-toggle-icon elementor-toggle-icon-right\" aria-hidden=\"true\">\n\t\t\t\t\t\t\t\t\t\t\t\t\t\t\t<span class=\"elementor-toggle-icon-closed\"><i class=\"fas fa-caret-right\"><\/i><\/span>\n\t\t\t\t\t\t\t\t<span class=\"elementor-toggle-icon-opened\"><i class=\"elementor-toggle-icon-opened fas fa-caret-up\"><\/i><\/span>\n\t\t\t\t\t\t\t\t\t\t\t\t\t<\/span>\n\t\t\t\t\t\t\t\t\t\t\t\t<a class=\"elementor-toggle-title\" tabindex=\"0\">2018<\/a>\n\t\t\t\t\t<\/h5>\n\n\t\t\t\t\t<div id=\"elementor-tab-content-2671\" class=\"elementor-tab-content elementor-clearfix\" data-tab=\"1\" role=\"region\" aria-labelledby=\"elementor-tab-title-2671\"><\/div>\n\t\t\t\t<\/div>\n\t\t\t\t\t\t\t\t<\/div>\n\t\t\t\t<\/div>\n\t\t\t\t<\/div>\n\t\t\t\t\t<\/div>\n\t\t<\/div>\n\t\t\t\t\t\t\t<\/div>\n\t\t<\/section>\n\t\t\t\t\t\t\t<\/div>\n\t\t","protected":false},"excerpt":{"rendered":"<p>2023 \u00a0 2020 Neues aus Arco &#8211; Oktober 2020 Arco hat gew\u00e4hlt Bei der Stichwahl f\u00fcr das B\u00fcrgermeisteramt hat sich der Amtsinhaber Alessandro Betta mit 4.133 Stimmen (60,99 %) durchgesetzt, sein Gegen\u00adkandidat Giacomo Bernardi&#46;&#46;&#46;<\/p>\n","protected":false},"author":1,"featured_media":0,"parent":0,"menu_order":0,"comment_status":"closed","ping_status":"closed","template":"","meta":{"footnotes":""},"class_list":["post-3889","page","type-page","status-publish","hentry"],"yoast_head":"<!-- This site is optimized with the Yoast SEO plugin v20.3 - https:\/\/yoast.com\/wordpress\/plugins\/seo\/ -->\n<title>Vereinsarbeit - Verschwisterungsverein Schotten e.V.<\/title>\n<meta name=\"description\" content=\"Verein, Schotten - Verschwisterungsverein Schotten e.V. Vereinsarbeit % Verschwisterung, Europa, Deutschland, Italien, Frankreich, Tschechien, Polen, Belgien, Partner, Partnerstadt, Deutschland, Berlin, Hessen\" \/>\n<meta name=\"robots\" content=\"index, follow, max-snippet:-1, max-image-preview:large, max-video-preview:-1\" \/>\n<link rel=\"canonical\" href=\"https:\/\/www.verschwisterung-schotten.de\/vvs\/vereinsarbeit\/\" \/>\n<meta property=\"og:locale\" content=\"de_DE\" \/>\n<meta property=\"og:type\" content=\"article\" \/>\n<meta property=\"og:title\" content=\"Vereinsarbeit - Verschwisterungsverein Schotten e.V.\" \/>\n<meta property=\"og:description\" content=\"Verein, Schotten - Verschwisterungsverein Schotten e.V. Vereinsarbeit % Verschwisterung, Europa, Deutschland, Italien, Frankreich, Tschechien, Polen, Belgien, Partner, Partnerstadt, Deutschland, Berlin, Hessen\" \/>\n<meta property=\"og:url\" content=\"https:\/\/www.verschwisterung-schotten.de\/vvs\/vereinsarbeit\/\" \/>\n<meta property=\"og:site_name\" content=\"Verschwisterungsverein Schotten e.V.\" \/>\n<meta property=\"article:publisher\" content=\"https:\/\/www.facebook.com\/verschwisterungschotten?ref=hl\" \/>\n<meta property=\"article:modified_time\" content=\"2024-01-29T10:29:40+00:00\" \/>\n<meta property=\"og:image\" content=\"https:\/\/www.verschwisterung-schotten.de\/vvs\/wp-content\/uploads\/2023\/12\/DEZ2023-12-20-132116.jpg\" \/>\n<meta name=\"twitter:card\" content=\"summary_large_image\" \/>\n<meta name=\"twitter:label1\" content=\"Gesch\u00e4tzte Lesezeit\" \/>\n\t<meta name=\"twitter:data1\" content=\"9\u00a0Minuten\" \/>\n<script type=\"application\/ld+json\" class=\"yoast-schema-graph\">{\"@context\":\"https:\/\/schema.org\",\"@graph\":[{\"@type\":\"WebPage\",\"@id\":\"https:\/\/www.verschwisterung-schotten.de\/vvs\/vereinsarbeit\/\",\"url\":\"https:\/\/www.verschwisterung-schotten.de\/vvs\/vereinsarbeit\/\",\"name\":\"Vereinsarbeit - Verschwisterungsverein Schotten e.V.\",\"isPartOf\":{\"@id\":\"https:\/\/www.verschwisterung-schotten.de\/vvs\/#website\"},\"datePublished\":\"2019-08-29T13:16:47+00:00\",\"dateModified\":\"2024-01-29T10:29:40+00:00\",\"description\":\"Verein, Schotten - Verschwisterungsverein Schotten e.V. Vereinsarbeit % Verschwisterung, Europa, Deutschland, Italien, Frankreich, Tschechien, Polen, Belgien, Partner, Partnerstadt, Deutschland, Berlin, Hessen\",\"breadcrumb\":{\"@id\":\"https:\/\/www.verschwisterung-schotten.de\/vvs\/vereinsarbeit\/#breadcrumb\"},\"inLanguage\":\"de\",\"potentialAction\":[{\"@type\":\"ReadAction\",\"target\":[\"https:\/\/www.verschwisterung-schotten.de\/vvs\/vereinsarbeit\/\"]}]},{\"@type\":\"BreadcrumbList\",\"@id\":\"https:\/\/www.verschwisterung-schotten.de\/vvs\/vereinsarbeit\/#breadcrumb\",\"itemListElement\":[{\"@type\":\"ListItem\",\"position\":1,\"name\":\"Startseite\",\"item\":\"https:\/\/www.verschwisterung-schotten.de\/vvs\/\"},{\"@type\":\"ListItem\",\"position\":2,\"name\":\"Vereinsarbeit\"}]},{\"@type\":\"WebSite\",\"@id\":\"https:\/\/www.verschwisterung-schotten.de\/vvs\/#website\",\"url\":\"https:\/\/www.verschwisterung-schotten.de\/vvs\/\",\"name\":\"Verschwisterungsverein Schotten e.V.\",\"description\":\"Die Verbindung zu den Partnerst\u00e4dten in Europa\",\"potentialAction\":[{\"@type\":\"SearchAction\",\"target\":{\"@type\":\"EntryPoint\",\"urlTemplate\":\"https:\/\/www.verschwisterung-schotten.de\/vvs\/?s={search_term_string}\"},\"query-input\":\"required name=search_term_string\"}],\"inLanguage\":\"de\"}]}<\/script>\n<!-- \/ Yoast SEO plugin. -->","yoast_head_json":{"title":"Vereinsarbeit - Verschwisterungsverein Schotten e.V.","description":"Verein, Schotten - Verschwisterungsverein Schotten e.V. Vereinsarbeit % Verschwisterung, Europa, Deutschland, Italien, Frankreich, Tschechien, Polen, Belgien, Partner, Partnerstadt, Deutschland, Berlin, Hessen","robots":{"index":"index","follow":"follow","max-snippet":"max-snippet:-1","max-image-preview":"max-image-preview:large","max-video-preview":"max-video-preview:-1"},"canonical":"https:\/\/www.verschwisterung-schotten.de\/vvs\/vereinsarbeit\/","og_locale":"de_DE","og_type":"article","og_title":"Vereinsarbeit - Verschwisterungsverein Schotten e.V.","og_description":"Verein, Schotten - Verschwisterungsverein Schotten e.V. Vereinsarbeit % Verschwisterung, Europa, Deutschland, Italien, Frankreich, Tschechien, Polen, Belgien, Partner, Partnerstadt, Deutschland, Berlin, Hessen","og_url":"https:\/\/www.verschwisterung-schotten.de\/vvs\/vereinsarbeit\/","og_site_name":"Verschwisterungsverein Schotten e.V.","article_publisher":"https:\/\/www.facebook.com\/verschwisterungschotten?ref=hl","article_modified_time":"2024-01-29T10:29:40+00:00","og_image":[{"url":"https:\/\/www.verschwisterung-schotten.de\/vvs\/wp-content\/uploads\/2023\/12\/DEZ2023-12-20-132116.jpg"}],"twitter_card":"summary_large_image","twitter_misc":{"Gesch\u00e4tzte Lesezeit":"9\u00a0Minuten"},"schema":{"@context":"https:\/\/schema.org","@graph":[{"@type":"WebPage","@id":"https:\/\/www.verschwisterung-schotten.de\/vvs\/vereinsarbeit\/","url":"https:\/\/www.verschwisterung-schotten.de\/vvs\/vereinsarbeit\/","name":"Vereinsarbeit - Verschwisterungsverein Schotten e.V.","isPartOf":{"@id":"https:\/\/www.verschwisterung-schotten.de\/vvs\/#website"},"datePublished":"2019-08-29T13:16:47+00:00","dateModified":"2024-01-29T10:29:40+00:00","description":"Verein, Schotten - Verschwisterungsverein Schotten e.V. Vereinsarbeit % Verschwisterung, Europa, Deutschland, Italien, Frankreich, Tschechien, Polen, Belgien, Partner, Partnerstadt, Deutschland, Berlin, Hessen","breadcrumb":{"@id":"https:\/\/www.verschwisterung-schotten.de\/vvs\/vereinsarbeit\/#breadcrumb"},"inLanguage":"de","potentialAction":[{"@type":"ReadAction","target":["https:\/\/www.verschwisterung-schotten.de\/vvs\/vereinsarbeit\/"]}]},{"@type":"BreadcrumbList","@id":"https:\/\/www.verschwisterung-schotten.de\/vvs\/vereinsarbeit\/#breadcrumb","itemListElement":[{"@type":"ListItem","position":1,"name":"Startseite","item":"https:\/\/www.verschwisterung-schotten.de\/vvs\/"},{"@type":"ListItem","position":2,"name":"Vereinsarbeit"}]},{"@type":"WebSite","@id":"https:\/\/www.verschwisterung-schotten.de\/vvs\/#website","url":"https:\/\/www.verschwisterung-schotten.de\/vvs\/","name":"Verschwisterungsverein Schotten e.V.","description":"Die Verbindung zu den Partnerst\u00e4dten in Europa","potentialAction":[{"@type":"SearchAction","target":{"@type":"EntryPoint","urlTemplate":"https:\/\/www.verschwisterung-schotten.de\/vvs\/?s={search_term_string}"},"query-input":"required name=search_term_string"}],"inLanguage":"de"}]}},"_links":{"self":[{"href":"https:\/\/www.verschwisterung-schotten.de\/vvs\/wp-json\/wp\/v2\/pages\/3889","targetHints":{"allow":["GET"]}}],"collection":[{"href":"https:\/\/www.verschwisterung-schotten.de\/vvs\/wp-json\/wp\/v2\/pages"}],"about":[{"href":"https:\/\/www.verschwisterung-schotten.de\/vvs\/wp-json\/wp\/v2\/types\/page"}],"author":[{"embeddable":true,"href":"https:\/\/www.verschwisterung-schotten.de\/vvs\/wp-json\/wp\/v2\/users\/1"}],"replies":[{"embeddable":true,"href":"https:\/\/www.verschwisterung-schotten.de\/vvs\/wp-json\/wp\/v2\/comments?post=3889"}],"version-history":[{"count":92,"href":"https:\/\/www.verschwisterung-schotten.de\/vvs\/wp-json\/wp\/v2\/pages\/3889\/revisions"}],"predecessor-version":[{"id":4496,"href":"https:\/\/www.verschwisterung-schotten.de\/vvs\/wp-json\/wp\/v2\/pages\/3889\/revisions\/4496"}],"wp:attachment":[{"href":"https:\/\/www.verschwisterung-schotten.de\/vvs\/wp-json\/wp\/v2\/media?parent=3889"}],"curies":[{"name":"wp","href":"https:\/\/api.w.org\/{rel}","templated":true}]}}