{"id":3313,"date":"2019-03-27T19:58:15","date_gmt":"2019-03-27T18:58:15","guid":{"rendered":"http:\/\/www.verschwisterung-schotten.de\/vvs\/?page_id=3313"},"modified":"2019-05-28T11:04:24","modified_gmt":"2019-05-28T09:04:24","slug":"europawahlen-2019","status":"publish","type":"page","link":"https:\/\/www.verschwisterung-schotten.de\/vvs\/europawahlen-2019\/","title":{"rendered":"Europawahl 2019"},"content":{"rendered":"\t\t<div data-elementor-type=\"wp-post\" data-elementor-id=\"3313\" class=\"elementor elementor-3313\">\n\t\t\t\t\t\t\t\t\t<section class=\"elementor-section elementor-top-section elementor-element elementor-element-e6f0a04 elementor-section-boxed elementor-section-height-default elementor-section-height-default\" data-id=\"e6f0a04\" data-element_type=\"section\">\n\t\t\t\t\t\t<div class=\"elementor-container elementor-column-gap-default\">\n\t\t\t\t\t<div class=\"elementor-column elementor-col-100 elementor-top-column elementor-element elementor-element-6869a94\" data-id=\"6869a94\" data-element_type=\"column\">\n\t\t\t<div class=\"elementor-widget-wrap elementor-element-populated\">\n\t\t\t\t\t\t\t\t<div class=\"elementor-element elementor-element-9ddf3ff elementor-widget elementor-widget-image\" data-id=\"9ddf3ff\" data-element_type=\"widget\" data-widget_type=\"image.default\">\n\t\t\t\t<div class=\"elementor-widget-container\">\n\t\t\t\t\t\t\t\t\t\t\t\t\t\t\t<img fetchpriority=\"high\" decoding=\"async\" width=\"1024\" height=\"416\" src=\"https:\/\/www.verschwisterung-schotten.de\/vvs\/wp-content\/uploads\/2019\/05\/Europawahl-1024x416.jpg\" class=\"attachment-large size-large wp-image-3800\" alt=\"\" srcset=\"https:\/\/www.verschwisterung-schotten.de\/vvs\/wp-content\/uploads\/2019\/05\/Europawahl-1024x416.jpg 1024w, https:\/\/www.verschwisterung-schotten.de\/vvs\/wp-content\/uploads\/2019\/05\/Europawahl-300x122.jpg 300w, https:\/\/www.verschwisterung-schotten.de\/vvs\/wp-content\/uploads\/2019\/05\/Europawahl-768x312.jpg 768w, https:\/\/www.verschwisterung-schotten.de\/vvs\/wp-content\/uploads\/2019\/05\/Europawahl.jpg 1512w\" sizes=\"(max-width: 1024px) 100vw, 1024px\" \/>\t\t\t\t\t\t\t\t\t\t\t\t\t\t\t<\/div>\n\t\t\t\t<\/div>\n\t\t\t\t\t<\/div>\n\t\t<\/div>\n\t\t\t\t\t\t\t<\/div>\n\t\t<\/section>\n\t\t\t\t<section class=\"elementor-section elementor-top-section elementor-element elementor-element-beb6ffc elementor-section-boxed elementor-section-height-default elementor-section-height-default\" data-id=\"beb6ffc\" data-element_type=\"section\">\n\t\t\t\t\t\t<div class=\"elementor-container elementor-column-gap-default\">\n\t\t\t\t\t<div class=\"elementor-column elementor-col-100 elementor-top-column elementor-element elementor-element-2a11f7e\" data-id=\"2a11f7e\" data-element_type=\"column\">\n\t\t\t<div class=\"elementor-widget-wrap elementor-element-populated\">\n\t\t\t\t\t\t\t\t<div class=\"elementor-element elementor-element-a0facfd elementor-widget elementor-widget-text-editor\" data-id=\"a0facfd\" data-element_type=\"widget\" data-widget_type=\"text-editor.default\">\n\t\t\t\t<div class=\"elementor-widget-container\">\n\t\t\t\t\t\t\t<p style=\"text-align: justify;\"><span style=\"font-family: Titillium Web; font-size: 12pt;\">F\u00fcr alle Freunde Europas ist die Wahl zum Europ\u00e4ischen Parlament im Mai dieses Jahres ein Termin von ganz besonderer Bedeutung. Unsere Sorge gilt nicht nur (leider wie immer) der Wahlbeteiligung. Nein, diesmal ist die allergr\u00f6\u00dfte Sorge, dass rechtspopulistische, nationalistische und offen europafeindliche Parteien erheblich an Stimmen gewinnen und damit ihren Anteil an Sitzen im Europ\u00e4ischen Parlament deutlich vergr\u00f6\u00dfern k\u00f6nnten.<\/span><\/p>\n<p style=\"text-align: justify;\"><span style=\"font-family: Titillium Web; font-size: 12pt;\">Wir m\u00f6chten dem mit Information entgegenwirken, auch dadurch, dass wir den Besuchern dieser Seiten Informationen und Argumente zur Verf\u00fcgung stellen.<\/span><\/p>\n<p><span style=\"font-size: 14pt;\"><strong><span style=\"font-family: Titillium Web;\">Informationsportal: Das tut die EU f\u00fcr mich<\/span><\/strong><\/span><\/p>\n<p><a href=\"https:\/\/www.what-europe-does-for-me.eu\/de\/home\" target=\"_blank\" rel=\"noopener\"><img decoding=\"async\" class=\"alignleft wp-image-3402\" src=\"http:\/\/www.verschwisterung-schotten.de\/vvs\/wp-content\/uploads\/2019\/03\/www_das_tut_die_eu_fuer_mich_eu.jpg\" alt=\"\" width=\"500\" height=\"342\" srcset=\"https:\/\/www.verschwisterung-schotten.de\/vvs\/wp-content\/uploads\/2019\/03\/www_das_tut_die_eu_fuer_mich_eu.jpg 585w, https:\/\/www.verschwisterung-schotten.de\/vvs\/wp-content\/uploads\/2019\/03\/www_das_tut_die_eu_fuer_mich_eu-300x205.jpg 300w\" sizes=\"(max-width: 500px) 100vw, 500px\" \/><\/a><\/p>\n<p style=\"text-align: justify;\"><span style=\"font-family: Titillium Web; font-size: 12pt;\">Die interaktive, mehrsprachige Online-Website \u201eWas tut die EU f\u00fcr mich?&#8220;, die vom wissenschaftlichen Dienst des Europ\u00e4ischen Parlaments zusammengestellt wurde, enth\u00e4lt Hunderte von leicht lesbaren Kurzdarstellungen mit positiven Beispielen von EU-Initiativen, die f\u00fcr das Leben der Menschen in der EU einen Unterschied machen. Die Nutzer k\u00f6nnen sich leicht dar\u00fcber informieren, was Europa f\u00fcr ihre Region, ihren Beruf oder ihre Freizeitaktivit\u00e4t tut.<\/span><\/p>\n<p style=\"text-align: justify;\"><span style=\"font-family: Titillium Web; font-size: 12pt;\">Rund 1800 Kurzdarstellungen auf je einer Seite stehen zum Lesen, Teilen oder Wiederverwenden online oder als PDF-Dateien zur Verf\u00fcgung. Sie sind in zwei Hauptkategorien unterteilt. Die erste, \u201eIn meiner Region&#8220;, erm\u00f6glicht es den Nutzern, ihren Wohnort auszuw\u00e4hlen. Wie ist Europa in unseren St\u00e4dten und Regionen vertreten? Dieser Abschnitt der Website enth\u00e4lt Beispiele aus \u00fcber 1400 Orten in allen Teilen der Europ\u00e4ischen Union.<\/span><\/p>\n<p style=\"text-align: justify;\" align=\"JUSTIFY\"><span style=\"font-size: 12pt;\"><span style=\"font-family: Titillium Web;\">Im zweiten Bereich der Website, \u201eIn meinem Leben&#8220;, kann jeder Nutzer aus 400 Kurzdarstellungen ausw\u00e4hlen, um Dinge zu finden, die f\u00fcr ihn oder sie pers\u00f6nlich wichtig sind. Was tut die EU beispielsweise<\/span> <span style=\"color: #000000;\"><span style=\"font-family: Titillium Web;\">f\u00fcr Familien, oder in den Bereichen Gesundheitsversorgung, Hobbys, Reisen, Sicherheit, Verbraucherschutz und soziale Rechte? Wie unterst\u00fctzt die EU die Menschen in der Aus\u00fcbung Dutzender Berufe &#8211; von Imkern \u00fcber Busfahrer bis hin zu Brauereien? Was hat die EU f\u00fcr Menschen getan, die Sport treiben, Musik machen oder ganz einfach Fernsehen schauen? F\u00fcr diesen Bereich steht eine Reihe von Podcasts in einer wachsenden Anzahl von Sprachen zur Verf\u00fcgung.<\/span><\/span><\/span><\/p>\n<p style=\"text-align: justify;\" align=\"JUSTIFY\"><span style=\"color: #000000; font-size: 12pt;\"><span style=\"font-family: Titillium Web;\">Der dritte Teil der Website, mit l\u00e4ngeren Artikel \u00fcber die EU-Politik, <b>\u201eIm Fokus\u201c<\/b>, beschreibt einige der Errungenschaften der laufenden Wahlperiode und die Aussichten f\u00fcr die Zukunft, wobei ein besonderer Schwerpunkt auf der \u00f6ffentlichen Meinung und den Anliegen und Erwartungen der B\u00fcrger an das Handeln der EU liegt&#8230;<\/span><\/span><\/p>\t\t\t\t\t\t<\/div>\n\t\t\t\t<\/div>\n\t\t\t\t\t<\/div>\n\t\t<\/div>\n\t\t\t\t\t\t\t<\/div>\n\t\t<\/section>\n\t\t\t\t<section class=\"elementor-section elementor-top-section elementor-element elementor-element-dc129f6 elementor-section-boxed elementor-section-height-default elementor-section-height-default\" data-id=\"dc129f6\" data-element_type=\"section\">\n\t\t\t\t\t\t<div class=\"elementor-container elementor-column-gap-default\">\n\t\t\t\t\t<div class=\"elementor-column elementor-col-100 elementor-top-column elementor-element elementor-element-cfedd95\" data-id=\"cfedd95\" data-element_type=\"column\">\n\t\t\t<div class=\"elementor-widget-wrap elementor-element-populated\">\n\t\t\t\t\t\t\t\t<div class=\"elementor-element elementor-element-847b5e8 elementor-widget elementor-widget-menu-anchor\" data-id=\"847b5e8\" data-element_type=\"widget\" data-widget_type=\"menu-anchor.default\">\n\t\t\t\t<div class=\"elementor-widget-container\">\n\t\t\t\t\t<div id=\"interessante-links\" class=\"elementor-menu-anchor\"><\/div>\n\t\t\t\t<\/div>\n\t\t\t\t<\/div>\n\t\t\t\t<div class=\"elementor-element elementor-element-25807a6 elementor-widget elementor-widget-toggle\" data-id=\"25807a6\" data-element_type=\"widget\" data-widget_type=\"toggle.default\">\n\t\t\t\t<div class=\"elementor-widget-container\">\n\t\t\t\t\t<div class=\"elementor-toggle\">\n\t\t\t\t\t\t\t<div class=\"elementor-toggle-item\">\n\t\t\t\t\t<h5 id=\"elementor-tab-title-3931\" class=\"elementor-tab-title\" data-tab=\"1\" role=\"button\" aria-controls=\"elementor-tab-content-3931\" aria-expanded=\"false\">\n\t\t\t\t\t\t\t\t\t\t\t\t<span class=\"elementor-toggle-icon elementor-toggle-icon-right\" aria-hidden=\"true\">\n\t\t\t\t\t\t\t\t\t\t\t\t\t\t\t<span class=\"elementor-toggle-icon-closed\"><i class=\"fas fa-caret-right\"><\/i><\/span>\n\t\t\t\t\t\t\t\t<span class=\"elementor-toggle-icon-opened\"><i class=\"elementor-toggle-icon-opened fas fa-caret-up\"><\/i><\/span>\n\t\t\t\t\t\t\t\t\t\t\t\t\t<\/span>\n\t\t\t\t\t\t\t\t\t\t\t\t<a class=\"elementor-toggle-title\" tabindex=\"0\">Interessante Links zum Thema<\/a>\n\t\t\t\t\t<\/h5>\n\n\t\t\t\t\t<div id=\"elementor-tab-content-3931\" class=\"elementor-tab-content elementor-clearfix\" data-tab=\"1\" role=\"region\" aria-labelledby=\"elementor-tab-title-3931\"><p><span style=\"font-family: Calibri, sans-serif;\"><span style=\"font-size: small;\"><span style=\"font-family: Titillium Web;\"><span style=\"font-size: medium;\">Eine F\u00fclle an interessanten Informationen zum Thema findet sich im ARD-Dossier zur Europawahl: <a href=\"http:\/\/www.mdr.de\/europawahlen\" target=\"_blank\" rel=\"noopener\">www.mdr.de\/europawahlen<\/a><\/span><\/span><\/span><\/span><\/p><p><span style=\"font-family: Titillium Web;\"><span style=\"font-size: medium;\">Eine vom Europ\u00e4ischen Parlament verantwortete Sammlung von Informationen und Argumenten zu Hunderten von Themen \u2013 sehr hilfreich, und alles zum Herunterladen:<br \/><\/span><\/span><span style=\"font-family: Calibri, sans-serif;\"><span style=\"font-size: small;\"><a href=\"http:\/\/www.das-tut-die-eu-fuer-mich.eu\/\" target=\"_blank\" rel=\"noopener\"><span style=\"font-family: Titillium Web;\"><span style=\"font-size: medium;\">www.das-tut-die-eu-fuer-mich.eu<\/span><\/span><\/a><\/span><\/span><\/p><p><span style=\"font-family: Titillium Web;\"><span style=\"font-size: medium;\">Seit Jahrzehnten eine Fundgrube f\u00fcr fundiertes Wissen ist die Bundeszentrale f\u00fcr politische Bildung:<br \/><\/span><\/span><span style=\"font-family: Calibri, sans-serif;\"><span style=\"font-size: small;\"><a href=\"http:\/\/www.bpb.de\/\" target=\"_blank\" rel=\"noopener\"><span style=\"font-family: Titillium Web;\"><span style=\"font-size: medium;\">www.bpb.de<\/span><\/span><\/a><\/span><\/span><\/p><p><span style=\"font-family: Titillium Web;\"><span style=\"font-size: medium;\">Nat\u00fcrlich lohnt sich auch ein Blick auf die Homepage des Europ\u00e4ischen Parlaments:<br \/><\/span><\/span><span style=\"font-family: Calibri, sans-serif;\"><span style=\"font-size: small;\"><a href=\"http:\/\/www.europarl.europa.eu\/\" target=\"_blank\" rel=\"noopener\"><span style=\"font-family: Titillium Web;\"><span style=\"font-size: medium;\">www.europarl.europa.eu<\/span><\/span><\/a><\/span><\/span><\/p><p><span style=\"font-family: Titillium Web;\"><span style=\"font-size: medium;\">Homepage des Verbindungsb\u00fcros des Europ\u00e4ischen Parlaments in Deutschland:<br \/><\/span><\/span><span style=\"font-family: Calibri, sans-serif;\"><span style=\"font-size: small;\"><a href=\"http:\/\/www.europarl.de\/\" target=\"_blank\" rel=\"noopener\"><span style=\"font-family: Titillium Web;\"><span style=\"font-size: medium;\">www.europarl.de<\/span><\/span><\/a><\/span><\/span><\/p><p><span style=\"font-family: Titillium Web;\"><span style=\"font-size: medium;\">Homepage der EU-Kommission \u2013 Vertretung in Deutschland:<br \/><\/span><\/span><span style=\"font-family: Calibri, sans-serif;\"><span style=\"font-size: small;\"><a href=\"http:\/\/www.ec.europa.eu\/germany\" target=\"_blank\" rel=\"noopener\"><span style=\"font-family: Titillium Web;\"><span style=\"font-size: medium;\">www.ec.europa.eu\/germany<\/span><\/span><\/a><\/span><\/span><\/p><p><span style=\"font-family: Titillium Web;\"><span style=\"font-size: medium;\">Hessen in Europa und Europa in Hessen \u2013 eine Informationsplattform des Hessischen Europaministeriums:<br \/><\/span><\/span><span style=\"font-family: Calibri, sans-serif;\"><span style=\"font-size: small;\"><span style=\"font-family: Titillium Web;\"><span style=\"font-size: medium;\"><a href=\"http:\/\/www.europanetzwerk.hessen.de\/\" target=\"_blank\" rel=\"noopener\">www.europanetzwerk.hessen.de<\/a> und <a href=\"http:\/\/www.europawoche.hessen.de\/\" target=\"_blank\" rel=\"noopener\">www.europawoche.hessen.de<\/a><\/span><\/span><\/span><\/span><\/p><p><span style=\"font-family: Titillium Web;\"><span style=\"font-size: medium;\">B\u00fcrgerbewegung f\u00fcr Europa:<br \/><\/span><\/span><span style=\"font-family: Calibri, sans-serif;\"><span style=\"font-size: small;\"><a href=\"http:\/\/www.pulseofeurope.eu\/\" target=\"_blank\" rel=\"noopener\"><span style=\"font-family: Titillium Web;\"><span style=\"font-size: medium;\">www.pulseofeurope.eu<\/span><\/span><\/a><\/span><\/span><\/p><p><span style=\"font-family: Titillium Web;\"><span style=\"font-size: medium;\">Informationszentrum der Europ\u00e4ischen Kommission beim Regierungspr\u00e4sidium Gie\u00dfen:<br \/><\/span><\/span><span style=\"font-family: Calibri, sans-serif;\"><span style=\"font-size: small;\"><a href=\"http:\/\/www.rp-giessen.de\/edic\" target=\"_blank\" rel=\"noopener\"><span style=\"font-family: Titillium Web;\"><span style=\"font-size: medium;\">www.rp-giessen.de\/edic<\/span><\/span><\/a><\/span><\/span><\/p><p><span style=\"font-family: Titillium Web;\"><span style=\"font-size: medium;\">Wer sich aktiv in den Wahlkampf einbringen m\u00f6chte kann dies bei einer vom Europ\u00e4ischen Parlament unterst\u00fctzten Kampagne tun:<br \/><\/span><\/span><span style=\"font-family: Calibri, sans-serif;\"><span style=\"font-size: small;\"><a href=\"http:\/\/www.diesmalwaehleich.eu\/\" target=\"_blank\" rel=\"noopener\"><span style=\"font-family: Titillium Web;\"><span style=\"font-size: medium;\">www.diesmalwaehleich.eu<\/span><\/span><\/a><\/span><\/span><\/p><\/div>\n\t\t\t\t<\/div>\n\t\t\t\t\t\t\t\t<\/div>\n\t\t\t\t<\/div>\n\t\t\t\t<\/div>\n\t\t\t\t\t<\/div>\n\t\t<\/div>\n\t\t\t\t\t\t\t<\/div>\n\t\t<\/section>\n\t\t\t\t<section class=\"elementor-section elementor-top-section elementor-element elementor-element-6e8a3d0 elementor-section-boxed elementor-section-height-default elementor-section-height-default\" data-id=\"6e8a3d0\" data-element_type=\"section\">\n\t\t\t\t\t\t<div class=\"elementor-container elementor-column-gap-default\">\n\t\t\t\t\t<div class=\"elementor-column elementor-col-100 elementor-top-column elementor-element elementor-element-602a3e1\" data-id=\"602a3e1\" data-element_type=\"column\">\n\t\t\t<div class=\"elementor-widget-wrap elementor-element-populated\">\n\t\t\t\t\t\t\t\t<div class=\"elementor-element elementor-element-6ec29cf elementor-widget elementor-widget-text-editor\" data-id=\"6ec29cf\" data-element_type=\"widget\" data-widget_type=\"text-editor.default\">\n\t\t\t\t<div class=\"elementor-widget-container\">\n\t\t\t\t\t\t\t<p><span style=\"font-size: 18pt; color: #ffffff;\"><strong>Die Programme der im Bundestag vertretenen Parteien zur Europawahl<\/strong><\/span><\/p>\t\t\t\t\t\t<\/div>\n\t\t\t\t<\/div>\n\t\t\t\t\t<\/div>\n\t\t<\/div>\n\t\t\t\t\t\t\t<\/div>\n\t\t<\/section>\n\t\t\t\t<section class=\"elementor-section elementor-top-section elementor-element elementor-element-d2359b0 elementor-section-boxed elementor-section-height-default elementor-section-height-default\" data-id=\"d2359b0\" data-element_type=\"section\">\n\t\t\t\t\t\t<div class=\"elementor-container elementor-column-gap-default\">\n\t\t\t\t\t<div class=\"elementor-column elementor-col-16 elementor-top-column elementor-element elementor-element-d575a4e\" data-id=\"d575a4e\" data-element_type=\"column\">\n\t\t\t<div class=\"elementor-widget-wrap elementor-element-populated\">\n\t\t\t\t\t\t\t\t<div class=\"elementor-element elementor-element-a6610c9 elementor-widget elementor-widget-image\" data-id=\"a6610c9\" data-element_type=\"widget\" data-widget_type=\"image.default\">\n\t\t\t\t<div class=\"elementor-widget-container\">\n\t\t\t\t\t\t\t\t\t\t\t\t\t\t\t\t<a href=\"http:\/\/www.verschwisterung-schotten.de\/vvs\/wp-content\/uploads\/2019\/03\/Europawahlprogramm-2019_AfD.pdf\" target=\"_blank\">\n\t\t\t\t\t\t\t<img decoding=\"async\" width=\"721\" height=\"1024\" src=\"https:\/\/www.verschwisterung-schotten.de\/vvs\/wp-content\/uploads\/2019\/04\/AfD-Europawahlprogramm-721x1024.jpg\" class=\"elementor-animation-shrink attachment-large size-large wp-image-3655\" alt=\"AfD-Europawahlprogramm\" srcset=\"https:\/\/www.verschwisterung-schotten.de\/vvs\/wp-content\/uploads\/2019\/04\/AfD-Europawahlprogramm-721x1024.jpg 721w, https:\/\/www.verschwisterung-schotten.de\/vvs\/wp-content\/uploads\/2019\/04\/AfD-Europawahlprogramm-211x300.jpg 211w, https:\/\/www.verschwisterung-schotten.de\/vvs\/wp-content\/uploads\/2019\/04\/AfD-Europawahlprogramm-768x1090.jpg 768w, https:\/\/www.verschwisterung-schotten.de\/vvs\/wp-content\/uploads\/2019\/04\/AfD-Europawahlprogramm.jpg 849w\" sizes=\"(max-width: 721px) 100vw, 721px\" \/>\t\t\t\t\t\t\t\t<\/a>\n\t\t\t\t\t\t\t\t\t\t\t\t\t\t\t<\/div>\n\t\t\t\t<\/div>\n\t\t\t\t\t<\/div>\n\t\t<\/div>\n\t\t\t\t<div class=\"elementor-column elementor-col-16 elementor-top-column elementor-element elementor-element-182b1ac\" data-id=\"182b1ac\" data-element_type=\"column\">\n\t\t\t<div class=\"elementor-widget-wrap elementor-element-populated\">\n\t\t\t\t\t\t\t\t<div class=\"elementor-element elementor-element-bbc846f elementor-widget elementor-widget-image\" data-id=\"bbc846f\" data-element_type=\"widget\" data-widget_type=\"image.default\">\n\t\t\t\t<div class=\"elementor-widget-container\">\n\t\t\t\t\t\t\t\t\t\t\t\t\t\t\t\t<a href=\"http:\/\/www.verschwisterung-schotten.de\/vvs\/wp-content\/uploads\/2019\/03\/Europawahlprogramm-2019_B90-GRUENE.pdf\" target=\"_blank\">\n\t\t\t\t\t\t\t<img loading=\"lazy\" decoding=\"async\" width=\"721\" height=\"1024\" src=\"https:\/\/www.verschwisterung-schotten.de\/vvs\/wp-content\/uploads\/2019\/04\/Gruene-Europawahlprogramm-721x1024.jpg\" class=\"elementor-animation-shrink attachment-large size-large wp-image-3656\" alt=\"Die Gr\u00fcnen-Europawahlprogramm\" srcset=\"https:\/\/www.verschwisterung-schotten.de\/vvs\/wp-content\/uploads\/2019\/04\/Gruene-Europawahlprogramm-721x1024.jpg 721w, https:\/\/www.verschwisterung-schotten.de\/vvs\/wp-content\/uploads\/2019\/04\/Gruene-Europawahlprogramm-211x300.jpg 211w, https:\/\/www.verschwisterung-schotten.de\/vvs\/wp-content\/uploads\/2019\/04\/Gruene-Europawahlprogramm-768x1090.jpg 768w, https:\/\/www.verschwisterung-schotten.de\/vvs\/wp-content\/uploads\/2019\/04\/Gruene-Europawahlprogramm.jpg 849w\" sizes=\"(max-width: 721px) 100vw, 721px\" \/>\t\t\t\t\t\t\t\t<\/a>\n\t\t\t\t\t\t\t\t\t\t\t\t\t\t\t<\/div>\n\t\t\t\t<\/div>\n\t\t\t\t\t<\/div>\n\t\t<\/div>\n\t\t\t\t<div class=\"elementor-column elementor-col-16 elementor-top-column elementor-element elementor-element-bd80eee\" data-id=\"bd80eee\" data-element_type=\"column\">\n\t\t\t<div class=\"elementor-widget-wrap elementor-element-populated\">\n\t\t\t\t\t\t\t\t<div class=\"elementor-element elementor-element-0fa4fcd elementor-widget elementor-widget-image\" data-id=\"0fa4fcd\" data-element_type=\"widget\" data-widget_type=\"image.default\">\n\t\t\t\t<div class=\"elementor-widget-container\">\n\t\t\t\t\t\t\t\t\t\t\t\t\t\t\t\t<a href=\"http:\/\/www.verschwisterung-schotten.de\/vvs\/wp-content\/uploads\/2019\/03\/Europawahlprogramm-2019_CDU-CSU.pdf\" target=\"_blank\">\n\t\t\t\t\t\t\t<img loading=\"lazy\" decoding=\"async\" width=\"721\" height=\"1024\" src=\"https:\/\/www.verschwisterung-schotten.de\/vvs\/wp-content\/uploads\/2019\/04\/CDU-Europawahlprogramm-721x1024.jpg\" class=\"elementor-animation-shrink attachment-large size-large wp-image-3657\" alt=\"CDU-Europawahlprogramm\" srcset=\"https:\/\/www.verschwisterung-schotten.de\/vvs\/wp-content\/uploads\/2019\/04\/CDU-Europawahlprogramm-721x1024.jpg 721w, https:\/\/www.verschwisterung-schotten.de\/vvs\/wp-content\/uploads\/2019\/04\/CDU-Europawahlprogramm-211x300.jpg 211w, https:\/\/www.verschwisterung-schotten.de\/vvs\/wp-content\/uploads\/2019\/04\/CDU-Europawahlprogramm-768x1090.jpg 768w, https:\/\/www.verschwisterung-schotten.de\/vvs\/wp-content\/uploads\/2019\/04\/CDU-Europawahlprogramm.jpg 849w\" sizes=\"(max-width: 721px) 100vw, 721px\" \/>\t\t\t\t\t\t\t\t<\/a>\n\t\t\t\t\t\t\t\t\t\t\t\t\t\t\t<\/div>\n\t\t\t\t<\/div>\n\t\t\t\t\t<\/div>\n\t\t<\/div>\n\t\t\t\t<div class=\"elementor-column elementor-col-16 elementor-top-column elementor-element elementor-element-28f59c8\" data-id=\"28f59c8\" data-element_type=\"column\">\n\t\t\t<div class=\"elementor-widget-wrap elementor-element-populated\">\n\t\t\t\t\t\t\t\t<div class=\"elementor-element elementor-element-23f8d96 elementor-widget elementor-widget-image\" data-id=\"23f8d96\" data-element_type=\"widget\" data-widget_type=\"image.default\">\n\t\t\t\t<div class=\"elementor-widget-container\">\n\t\t\t\t\t\t\t\t\t\t\t\t\t\t\t\t<a href=\"http:\/\/www.verschwisterung-schotten.de\/vvs\/wp-content\/uploads\/2019\/03\/Europawahlprogramm-2019_DIE_LINKE.pdf\" target=\"_blank\">\n\t\t\t\t\t\t\t<img loading=\"lazy\" decoding=\"async\" width=\"721\" height=\"1024\" src=\"https:\/\/www.verschwisterung-schotten.de\/vvs\/wp-content\/uploads\/2019\/04\/DIE-LINKE-Europawahlprogramm-721x1024.jpg\" class=\"elementor-animation-shrink attachment-large size-large wp-image-3658\" alt=\"DIE-LINKE-Europawahlprogramm\" srcset=\"https:\/\/www.verschwisterung-schotten.de\/vvs\/wp-content\/uploads\/2019\/04\/DIE-LINKE-Europawahlprogramm-721x1024.jpg 721w, https:\/\/www.verschwisterung-schotten.de\/vvs\/wp-content\/uploads\/2019\/04\/DIE-LINKE-Europawahlprogramm-211x300.jpg 211w, https:\/\/www.verschwisterung-schotten.de\/vvs\/wp-content\/uploads\/2019\/04\/DIE-LINKE-Europawahlprogramm-768x1090.jpg 768w, https:\/\/www.verschwisterung-schotten.de\/vvs\/wp-content\/uploads\/2019\/04\/DIE-LINKE-Europawahlprogramm.jpg 849w\" sizes=\"(max-width: 721px) 100vw, 721px\" \/>\t\t\t\t\t\t\t\t<\/a>\n\t\t\t\t\t\t\t\t\t\t\t\t\t\t\t<\/div>\n\t\t\t\t<\/div>\n\t\t\t\t\t<\/div>\n\t\t<\/div>\n\t\t\t\t<div class=\"elementor-column elementor-col-16 elementor-top-column elementor-element elementor-element-e679009\" data-id=\"e679009\" data-element_type=\"column\">\n\t\t\t<div class=\"elementor-widget-wrap elementor-element-populated\">\n\t\t\t\t\t\t\t\t<div class=\"elementor-element elementor-element-d0dfd0e elementor-widget elementor-widget-image\" data-id=\"d0dfd0e\" data-element_type=\"widget\" data-widget_type=\"image.default\">\n\t\t\t\t<div class=\"elementor-widget-container\">\n\t\t\t\t\t\t\t\t\t\t\t\t\t\t\t\t<a href=\"http:\/\/www.verschwisterung-schotten.de\/vvs\/wp-content\/uploads\/2019\/04\/Europawahlprogramm-2019_FDP-2.pdf\" target=\"_blank\">\n\t\t\t\t\t\t\t<img loading=\"lazy\" decoding=\"async\" width=\"724\" height=\"1024\" src=\"https:\/\/www.verschwisterung-schotten.de\/vvs\/wp-content\/uploads\/2019\/04\/Europawahlprogramm-2019_FDP-724x1024.jpg\" class=\"elementor-animation-shrink attachment-large size-large wp-image-3680\" alt=\"\" srcset=\"https:\/\/www.verschwisterung-schotten.de\/vvs\/wp-content\/uploads\/2019\/04\/Europawahlprogramm-2019_FDP-724x1024.jpg 724w, https:\/\/www.verschwisterung-schotten.de\/vvs\/wp-content\/uploads\/2019\/04\/Europawahlprogramm-2019_FDP-212x300.jpg 212w, https:\/\/www.verschwisterung-schotten.de\/vvs\/wp-content\/uploads\/2019\/04\/Europawahlprogramm-2019_FDP-768x1086.jpg 768w, https:\/\/www.verschwisterung-schotten.de\/vvs\/wp-content\/uploads\/2019\/04\/Europawahlprogramm-2019_FDP.jpg 1654w\" sizes=\"(max-width: 724px) 100vw, 724px\" \/>\t\t\t\t\t\t\t\t<\/a>\n\t\t\t\t\t\t\t\t\t\t\t\t\t\t\t<\/div>\n\t\t\t\t<\/div>\n\t\t\t\t\t<\/div>\n\t\t<\/div>\n\t\t\t\t<div class=\"elementor-column elementor-col-16 elementor-top-column elementor-element elementor-element-0386c2d\" data-id=\"0386c2d\" data-element_type=\"column\">\n\t\t\t<div class=\"elementor-widget-wrap elementor-element-populated\">\n\t\t\t\t\t\t\t\t<div class=\"elementor-element elementor-element-61b5b60 elementor-widget elementor-widget-image\" data-id=\"61b5b60\" data-element_type=\"widget\" data-widget_type=\"image.default\">\n\t\t\t\t<div class=\"elementor-widget-container\">\n\t\t\t\t\t\t\t\t\t\t\t\t\t\t\t\t<a href=\"http:\/\/www.verschwisterung-schotten.de\/vvs\/wp-content\/uploads\/2019\/03\/Europawahlprogramm-2019_SPD.pdf\" target=\"_blank\">\n\t\t\t\t\t\t\t<img loading=\"lazy\" decoding=\"async\" width=\"721\" height=\"1024\" src=\"https:\/\/www.verschwisterung-schotten.de\/vvs\/wp-content\/uploads\/2019\/04\/SPD-Europawahlprogramm-721x1024.jpg\" class=\"elementor-animation-shrink attachment-large size-large wp-image-3660\" alt=\"SPD-Europawahlprogramm\" srcset=\"https:\/\/www.verschwisterung-schotten.de\/vvs\/wp-content\/uploads\/2019\/04\/SPD-Europawahlprogramm-721x1024.jpg 721w, https:\/\/www.verschwisterung-schotten.de\/vvs\/wp-content\/uploads\/2019\/04\/SPD-Europawahlprogramm-211x300.jpg 211w, https:\/\/www.verschwisterung-schotten.de\/vvs\/wp-content\/uploads\/2019\/04\/SPD-Europawahlprogramm-768x1090.jpg 768w, https:\/\/www.verschwisterung-schotten.de\/vvs\/wp-content\/uploads\/2019\/04\/SPD-Europawahlprogramm.jpg 849w\" sizes=\"(max-width: 721px) 100vw, 721px\" \/>\t\t\t\t\t\t\t\t<\/a>\n\t\t\t\t\t\t\t\t\t\t\t\t\t\t\t<\/div>\n\t\t\t\t<\/div>\n\t\t\t\t\t<\/div>\n\t\t<\/div>\n\t\t\t\t\t\t\t<\/div>\n\t\t<\/section>\n\t\t\t\t<section class=\"elementor-section elementor-top-section elementor-element elementor-element-e72525d elementor-section-boxed elementor-section-height-default elementor-section-height-default\" data-id=\"e72525d\" data-element_type=\"section\">\n\t\t\t\t\t\t<div class=\"elementor-container elementor-column-gap-default\">\n\t\t\t\t\t<div class=\"elementor-column elementor-col-100 elementor-top-column elementor-element elementor-element-eb10895\" data-id=\"eb10895\" data-element_type=\"column\">\n\t\t\t<div class=\"elementor-widget-wrap elementor-element-populated\">\n\t\t\t\t\t\t\t\t<div class=\"elementor-element elementor-element-07bf032 elementor-widget elementor-widget-menu-anchor\" data-id=\"07bf032\" data-element_type=\"widget\" data-widget_type=\"menu-anchor.default\">\n\t\t\t\t<div class=\"elementor-widget-container\">\n\t\t\t\t\t<div id=\"eu-wahl-downloads\" class=\"elementor-menu-anchor\"><\/div>\n\t\t\t\t<\/div>\n\t\t\t\t<\/div>\n\t\t\t\t<div class=\"elementor-element elementor-element-f46406b elementor-widget elementor-widget-text-editor\" data-id=\"f46406b\" data-element_type=\"widget\" data-widget_type=\"text-editor.default\">\n\t\t\t\t<div class=\"elementor-widget-container\">\n\t\t\t\t\t\t\t<p><span style=\"font-size: 18pt; color: #ffffff;\"><strong>Downloads<\/strong><\/span><\/p>\t\t\t\t\t\t<\/div>\n\t\t\t\t<\/div>\n\t\t\t\t\t<\/div>\n\t\t<\/div>\n\t\t\t\t\t\t\t<\/div>\n\t\t<\/section>\n\t\t\t\t<section class=\"elementor-section elementor-top-section elementor-element elementor-element-af6de77 elementor-section-boxed elementor-section-height-default elementor-section-height-default\" data-id=\"af6de77\" data-element_type=\"section\">\n\t\t\t\t\t\t<div class=\"elementor-container elementor-column-gap-default\">\n\t\t\t\t\t<div class=\"elementor-column elementor-col-33 elementor-top-column elementor-element elementor-element-b4f5426\" data-id=\"b4f5426\" data-element_type=\"column\">\n\t\t\t<div class=\"elementor-widget-wrap elementor-element-populated\">\n\t\t\t\t\t\t\t\t<div class=\"elementor-element elementor-element-62cbf83 elementor-widget elementor-widget-image\" data-id=\"62cbf83\" data-element_type=\"widget\" data-widget_type=\"image.default\">\n\t\t\t\t<div class=\"elementor-widget-container\">\n\t\t\t\t\t\t\t\t\t\t\t\t\t\t\t\t<a href=\"http:\/\/www.verschwisterung-schotten.de\/vvs\/wp-content\/uploads\/2019\/03\/Europawahl-2014_Ergebnisse-1.pdf\" target=\"_blank\">\n\t\t\t\t\t\t\t<img loading=\"lazy\" decoding=\"async\" width=\"724\" height=\"1024\" src=\"https:\/\/www.verschwisterung-schotten.de\/vvs\/wp-content\/uploads\/2019\/04\/Europawahl-Ergebnisse-2014-724x1024.jpg\" class=\"elementor-animation-shrink attachment-large size-large wp-image-3662\" alt=\"\" srcset=\"https:\/\/www.verschwisterung-schotten.de\/vvs\/wp-content\/uploads\/2019\/04\/Europawahl-Ergebnisse-2014-724x1024.jpg 724w, https:\/\/www.verschwisterung-schotten.de\/vvs\/wp-content\/uploads\/2019\/04\/Europawahl-Ergebnisse-2014-212x300.jpg 212w, https:\/\/www.verschwisterung-schotten.de\/vvs\/wp-content\/uploads\/2019\/04\/Europawahl-Ergebnisse-2014-768x1086.jpg 768w, https:\/\/www.verschwisterung-schotten.de\/vvs\/wp-content\/uploads\/2019\/04\/Europawahl-Ergebnisse-2014.jpg 1240w\" sizes=\"(max-width: 724px) 100vw, 724px\" \/>\t\t\t\t\t\t\t\t<\/a>\n\t\t\t\t\t\t\t\t\t\t\t\t\t\t\t<\/div>\n\t\t\t\t<\/div>\n\t\t\t\t\t<\/div>\n\t\t<\/div>\n\t\t\t\t<div class=\"elementor-column elementor-col-33 elementor-top-column elementor-element elementor-element-a4cef4d\" data-id=\"a4cef4d\" data-element_type=\"column\">\n\t\t\t<div class=\"elementor-widget-wrap elementor-element-populated\">\n\t\t\t\t\t\t\t\t<div class=\"elementor-element elementor-element-fdc717b elementor-widget elementor-widget-image\" data-id=\"fdc717b\" data-element_type=\"widget\" data-widget_type=\"image.default\">\n\t\t\t\t<div class=\"elementor-widget-container\">\n\t\t\t\t\t\t\t\t\t\t\t\t\t\t\t\t<a href=\"http:\/\/www.verschwisterung-schotten.de\/vvs\/wp-content\/uploads\/2019\/03\/Europ\u00e4isches-Parlament_-Leistungsbilanz-2014-2018-1.pdf\" target=\"_blank\">\n\t\t\t\t\t\t\t<img loading=\"lazy\" decoding=\"async\" width=\"724\" height=\"1024\" src=\"https:\/\/www.verschwisterung-schotten.de\/vvs\/wp-content\/uploads\/2019\/04\/Europawahl-Leistungsbilanz14-18-724x1024.jpg\" class=\"elementor-animation-shrink attachment-large size-large wp-image-3663\" alt=\"\" srcset=\"https:\/\/www.verschwisterung-schotten.de\/vvs\/wp-content\/uploads\/2019\/04\/Europawahl-Leistungsbilanz14-18-724x1024.jpg 724w, https:\/\/www.verschwisterung-schotten.de\/vvs\/wp-content\/uploads\/2019\/04\/Europawahl-Leistungsbilanz14-18-212x300.jpg 212w, https:\/\/www.verschwisterung-schotten.de\/vvs\/wp-content\/uploads\/2019\/04\/Europawahl-Leistungsbilanz14-18-768x1086.jpg 768w, https:\/\/www.verschwisterung-schotten.de\/vvs\/wp-content\/uploads\/2019\/04\/Europawahl-Leistungsbilanz14-18.jpg 1240w\" sizes=\"(max-width: 724px) 100vw, 724px\" \/>\t\t\t\t\t\t\t\t<\/a>\n\t\t\t\t\t\t\t\t\t\t\t\t\t\t\t<\/div>\n\t\t\t\t<\/div>\n\t\t\t\t\t<\/div>\n\t\t<\/div>\n\t\t\t\t<div class=\"elementor-column elementor-col-33 elementor-top-column elementor-element elementor-element-c507162\" data-id=\"c507162\" data-element_type=\"column\">\n\t\t\t<div class=\"elementor-widget-wrap elementor-element-populated\">\n\t\t\t\t\t\t\t\t<div class=\"elementor-element elementor-element-885dd63 elementor-widget elementor-widget-text-editor\" data-id=\"885dd63\" data-element_type=\"widget\" data-widget_type=\"text-editor.default\">\n\t\t\t\t<div class=\"elementor-widget-container\">\n\t\t\t\t\t\t\t<p><a href=\"http:\/\/www.verschwisterung-schotten.de\/vvs\/wp-content\/uploads\/2019\/03\/Europawahl-2014_Ergebnisse-1.pdf\" target=\"_blank\" rel=\"noopener\" data-wplink-edit=\"true\">Europawahl 2014 Ergebnisse<\/a><\/p><p><a href=\"http:\/\/www.verschwisterung-schotten.de\/vvs\/wp-content\/uploads\/2019\/03\/Europ\u00e4isches-Parlament_-Leistungsbilanz-2014-2018-1.pdf\" target=\"_blank\" rel=\"noopener\" data-wplink-edit=\"true\">Europ\u00e4isches Parlament Leistungsbilanz 2014-2018<\/a><\/p>\t\t\t\t\t\t<\/div>\n\t\t\t\t<\/div>\n\t\t\t\t\t<\/div>\n\t\t<\/div>\n\t\t\t\t\t\t\t<\/div>\n\t\t<\/section>\n\t\t\t\t\t\t\t<\/div>\n\t\t","protected":false},"excerpt":{"rendered":"<p>F\u00fcr alle Freunde Europas ist die Wahl zum Europ\u00e4ischen Parlament im Mai dieses Jahres ein Termin von ganz besonderer Bedeutung. Unsere Sorge gilt nicht nur (leider wie immer) der Wahlbeteiligung. Nein, diesmal ist die&#46;&#46;&#46;<\/p>\n","protected":false},"author":1,"featured_media":0,"parent":0,"menu_order":0,"comment_status":"closed","ping_status":"closed","template":"","meta":{"footnotes":""},"class_list":["post-3313","page","type-page","status-publish","hentry"],"yoast_head":"<!-- This site is optimized with the Yoast SEO plugin v20.3 - https:\/\/yoast.com\/wordpress\/plugins\/seo\/ -->\n<title>Europawahl 2019 - Verschwisterungsverein Schotten e.V.<\/title>\n<meta name=\"description\" content=\"Verein, Schotten - Verschwisterungsverein Schotten e.V. Europawahl 2019 % Verschwisterung, Europa, Deutschland, Italien, Frankreich, Tschechien, Polen, Belgien, Partner, Partnerstadt, Deutschland, Berlin, Hessen\" \/>\n<meta name=\"robots\" content=\"index, follow, max-snippet:-1, max-image-preview:large, max-video-preview:-1\" \/>\n<link rel=\"canonical\" href=\"https:\/\/www.verschwisterung-schotten.de\/vvs\/europawahlen-2019\/\" \/>\n<meta property=\"og:locale\" content=\"de_DE\" \/>\n<meta property=\"og:type\" content=\"article\" \/>\n<meta property=\"og:title\" content=\"Europawahl 2019 - Verschwisterungsverein Schotten e.V.\" \/>\n<meta property=\"og:description\" content=\"Verein, Schotten - Verschwisterungsverein Schotten e.V. Europawahl 2019 % Verschwisterung, Europa, Deutschland, Italien, Frankreich, Tschechien, Polen, Belgien, Partner, Partnerstadt, Deutschland, Berlin, Hessen\" \/>\n<meta property=\"og:url\" content=\"https:\/\/www.verschwisterung-schotten.de\/vvs\/europawahlen-2019\/\" \/>\n<meta property=\"og:site_name\" content=\"Verschwisterungsverein Schotten e.V.\" \/>\n<meta property=\"article:publisher\" content=\"https:\/\/www.facebook.com\/verschwisterungschotten?ref=hl\" \/>\n<meta property=\"article:modified_time\" content=\"2019-05-28T09:04:24+00:00\" \/>\n<meta property=\"og:image\" content=\"http:\/\/www.verschwisterung-schotten.de\/vvs\/wp-content\/uploads\/2019\/05\/Europawahl-1024x416.jpg\" \/>\n<meta name=\"twitter:card\" content=\"summary_large_image\" \/>\n<meta name=\"twitter:label1\" content=\"Gesch\u00e4tzte Lesezeit\" \/>\n\t<meta name=\"twitter:data1\" content=\"3\u00a0Minuten\" \/>\n<script type=\"application\/ld+json\" class=\"yoast-schema-graph\">{\"@context\":\"https:\/\/schema.org\",\"@graph\":[{\"@type\":\"WebPage\",\"@id\":\"https:\/\/www.verschwisterung-schotten.de\/vvs\/europawahlen-2019\/\",\"url\":\"https:\/\/www.verschwisterung-schotten.de\/vvs\/europawahlen-2019\/\",\"name\":\"Europawahl 2019 - Verschwisterungsverein Schotten e.V.\",\"isPartOf\":{\"@id\":\"https:\/\/www.verschwisterung-schotten.de\/vvs\/#website\"},\"datePublished\":\"2019-03-27T18:58:15+00:00\",\"dateModified\":\"2019-05-28T09:04:24+00:00\",\"description\":\"Verein, Schotten - Verschwisterungsverein Schotten e.V. Europawahl 2019 % Verschwisterung, Europa, Deutschland, Italien, Frankreich, Tschechien, Polen, Belgien, Partner, Partnerstadt, Deutschland, Berlin, Hessen\",\"breadcrumb\":{\"@id\":\"https:\/\/www.verschwisterung-schotten.de\/vvs\/europawahlen-2019\/#breadcrumb\"},\"inLanguage\":\"de\",\"potentialAction\":[{\"@type\":\"ReadAction\",\"target\":[\"https:\/\/www.verschwisterung-schotten.de\/vvs\/europawahlen-2019\/\"]}]},{\"@type\":\"BreadcrumbList\",\"@id\":\"https:\/\/www.verschwisterung-schotten.de\/vvs\/europawahlen-2019\/#breadcrumb\",\"itemListElement\":[{\"@type\":\"ListItem\",\"position\":1,\"name\":\"Startseite\",\"item\":\"https:\/\/www.verschwisterung-schotten.de\/vvs\/\"},{\"@type\":\"ListItem\",\"position\":2,\"name\":\"Europawahl 2019\"}]},{\"@type\":\"WebSite\",\"@id\":\"https:\/\/www.verschwisterung-schotten.de\/vvs\/#website\",\"url\":\"https:\/\/www.verschwisterung-schotten.de\/vvs\/\",\"name\":\"Verschwisterungsverein Schotten e.V.\",\"description\":\"Die Verbindung zu den Partnerst\u00e4dten in Europa\",\"potentialAction\":[{\"@type\":\"SearchAction\",\"target\":{\"@type\":\"EntryPoint\",\"urlTemplate\":\"https:\/\/www.verschwisterung-schotten.de\/vvs\/?s={search_term_string}\"},\"query-input\":\"required name=search_term_string\"}],\"inLanguage\":\"de\"}]}<\/script>\n<!-- \/ Yoast SEO plugin. -->","yoast_head_json":{"title":"Europawahl 2019 - Verschwisterungsverein Schotten e.V.","description":"Verein, Schotten - Verschwisterungsverein Schotten e.V. Europawahl 2019 % Verschwisterung, Europa, Deutschland, Italien, Frankreich, Tschechien, Polen, Belgien, Partner, Partnerstadt, Deutschland, Berlin, Hessen","robots":{"index":"index","follow":"follow","max-snippet":"max-snippet:-1","max-image-preview":"max-image-preview:large","max-video-preview":"max-video-preview:-1"},"canonical":"https:\/\/www.verschwisterung-schotten.de\/vvs\/europawahlen-2019\/","og_locale":"de_DE","og_type":"article","og_title":"Europawahl 2019 - Verschwisterungsverein Schotten e.V.","og_description":"Verein, Schotten - Verschwisterungsverein Schotten e.V. Europawahl 2019 % Verschwisterung, Europa, Deutschland, Italien, Frankreich, Tschechien, Polen, Belgien, Partner, Partnerstadt, Deutschland, Berlin, Hessen","og_url":"https:\/\/www.verschwisterung-schotten.de\/vvs\/europawahlen-2019\/","og_site_name":"Verschwisterungsverein Schotten e.V.","article_publisher":"https:\/\/www.facebook.com\/verschwisterungschotten?ref=hl","article_modified_time":"2019-05-28T09:04:24+00:00","og_image":[{"url":"http:\/\/www.verschwisterung-schotten.de\/vvs\/wp-content\/uploads\/2019\/05\/Europawahl-1024x416.jpg"}],"twitter_card":"summary_large_image","twitter_misc":{"Gesch\u00e4tzte Lesezeit":"3\u00a0Minuten"},"schema":{"@context":"https:\/\/schema.org","@graph":[{"@type":"WebPage","@id":"https:\/\/www.verschwisterung-schotten.de\/vvs\/europawahlen-2019\/","url":"https:\/\/www.verschwisterung-schotten.de\/vvs\/europawahlen-2019\/","name":"Europawahl 2019 - Verschwisterungsverein Schotten e.V.","isPartOf":{"@id":"https:\/\/www.verschwisterung-schotten.de\/vvs\/#website"},"datePublished":"2019-03-27T18:58:15+00:00","dateModified":"2019-05-28T09:04:24+00:00","description":"Verein, Schotten - Verschwisterungsverein Schotten e.V. Europawahl 2019 % Verschwisterung, Europa, Deutschland, Italien, Frankreich, Tschechien, Polen, Belgien, Partner, Partnerstadt, Deutschland, Berlin, Hessen","breadcrumb":{"@id":"https:\/\/www.verschwisterung-schotten.de\/vvs\/europawahlen-2019\/#breadcrumb"},"inLanguage":"de","potentialAction":[{"@type":"ReadAction","target":["https:\/\/www.verschwisterung-schotten.de\/vvs\/europawahlen-2019\/"]}]},{"@type":"BreadcrumbList","@id":"https:\/\/www.verschwisterung-schotten.de\/vvs\/europawahlen-2019\/#breadcrumb","itemListElement":[{"@type":"ListItem","position":1,"name":"Startseite","item":"https:\/\/www.verschwisterung-schotten.de\/vvs\/"},{"@type":"ListItem","position":2,"name":"Europawahl 2019"}]},{"@type":"WebSite","@id":"https:\/\/www.verschwisterung-schotten.de\/vvs\/#website","url":"https:\/\/www.verschwisterung-schotten.de\/vvs\/","name":"Verschwisterungsverein Schotten e.V.","description":"Die Verbindung zu den Partnerst\u00e4dten in Europa","potentialAction":[{"@type":"SearchAction","target":{"@type":"EntryPoint","urlTemplate":"https:\/\/www.verschwisterung-schotten.de\/vvs\/?s={search_term_string}"},"query-input":"required name=search_term_string"}],"inLanguage":"de"}]}},"_links":{"self":[{"href":"https:\/\/www.verschwisterung-schotten.de\/vvs\/wp-json\/wp\/v2\/pages\/3313","targetHints":{"allow":["GET"]}}],"collection":[{"href":"https:\/\/www.verschwisterung-schotten.de\/vvs\/wp-json\/wp\/v2\/pages"}],"about":[{"href":"https:\/\/www.verschwisterung-schotten.de\/vvs\/wp-json\/wp\/v2\/types\/page"}],"author":[{"embeddable":true,"href":"https:\/\/www.verschwisterung-schotten.de\/vvs\/wp-json\/wp\/v2\/users\/1"}],"replies":[{"embeddable":true,"href":"https:\/\/www.verschwisterung-schotten.de\/vvs\/wp-json\/wp\/v2\/comments?post=3313"}],"version-history":[{"count":35,"href":"https:\/\/www.verschwisterung-schotten.de\/vvs\/wp-json\/wp\/v2\/pages\/3313\/revisions"}],"predecessor-version":[{"id":3801,"href":"https:\/\/www.verschwisterung-schotten.de\/vvs\/wp-json\/wp\/v2\/pages\/3313\/revisions\/3801"}],"wp:attachment":[{"href":"https:\/\/www.verschwisterung-schotten.de\/vvs\/wp-json\/wp\/v2\/media?parent=3313"}],"curies":[{"name":"wp","href":"https:\/\/api.w.org\/{rel}","templated":true}]}}