{"id":3295,"date":"2019-03-27T19:44:41","date_gmt":"2019-03-27T18:44:41","guid":{"rendered":"http:\/\/www.verschwisterung-schotten.de\/vvs\/?page_id=3295"},"modified":"2019-08-13T12:40:27","modified_gmt":"2019-08-13T10:40:27","slug":"europaeische-union","status":"publish","type":"page","link":"https:\/\/www.verschwisterung-schotten.de\/vvs\/europaeische-union\/","title":{"rendered":"Europ\u00e4ische Union"},"content":{"rendered":"\t\t<div data-elementor-type=\"wp-post\" data-elementor-id=\"3295\" class=\"elementor elementor-3295\">\n\t\t\t\t\t\t\t\t\t<section class=\"elementor-section elementor-top-section elementor-element elementor-element-a5a8f9b elementor-section-boxed elementor-section-height-default elementor-section-height-default\" data-id=\"a5a8f9b\" data-element_type=\"section\">\n\t\t\t\t\t\t<div class=\"elementor-container elementor-column-gap-default\">\n\t\t\t\t\t<div class=\"elementor-column elementor-col-100 elementor-top-column elementor-element elementor-element-44965fe\" data-id=\"44965fe\" data-element_type=\"column\">\n\t\t\t<div class=\"elementor-widget-wrap elementor-element-populated\">\n\t\t\t\t\t\t\t\t<div class=\"elementor-element elementor-element-45f039c elementor-widget elementor-widget-text-editor\" data-id=\"45f039c\" data-element_type=\"widget\" data-widget_type=\"text-editor.default\">\n\t\t\t\t<div class=\"elementor-widget-container\">\n\t\t\t\t\t\t\t<p><span style=\"font-family: Titillium Web;\"><span style=\"font-size: medium;\">Auf dieser Seite sollen Dokumente vorgestellt werden, <\/span><\/span><\/p><ul><li><p><span style=\"font-family: Titillium Web;\"><span style=\"font-size: medium;\">die die Bedeutung der Europ\u00e4ischen Union in historischer, politischer, kultureller und wirtschaftlicher Sicht beleuchten<\/span><\/span><\/p><\/li><li><p><span style=\"font-family: Titillium Web;\"><span style=\"font-size: medium;\">die sich kritisch mit den Schw\u00e4chen der Europ\u00e4ischen Union auseinandersetzen,<\/span><\/span><\/p><\/li><li><p><span style=\"font-family: Titillium Web;\"><span style=\"font-size: medium;\">die nach den Perspektiven der Europ\u00e4ischen Union fragen.<\/span><\/span><\/p><\/li><\/ul>\t\t\t\t\t\t<\/div>\n\t\t\t\t<\/div>\n\t\t\t\t\t<\/div>\n\t\t<\/div>\n\t\t\t\t\t\t\t<\/div>\n\t\t<\/section>\n\t\t\t\t<section class=\"elementor-section elementor-top-section elementor-element elementor-element-fa5360c elementor-section-boxed elementor-section-height-default elementor-section-height-default\" data-id=\"fa5360c\" data-element_type=\"section\">\n\t\t\t\t\t\t<div class=\"elementor-container elementor-column-gap-default\">\n\t\t\t\t\t<div class=\"elementor-column elementor-col-100 elementor-top-column elementor-element elementor-element-16e8721\" data-id=\"16e8721\" data-element_type=\"column\">\n\t\t\t<div class=\"elementor-widget-wrap elementor-element-populated\">\n\t\t\t\t\t\t\t\t<div class=\"elementor-element elementor-element-42a03be elementor-widget elementor-widget-menu-anchor\" data-id=\"42a03be\" data-element_type=\"widget\" data-widget_type=\"menu-anchor.default\">\n\t\t\t\t<div class=\"elementor-widget-container\">\n\t\t\t\t\t<div id=\"EU1\" class=\"elementor-menu-anchor\"><\/div>\n\t\t\t\t<\/div>\n\t\t\t\t<\/div>\n\t\t\t\t<div class=\"elementor-element elementor-element-c7dc006 elementor-widget elementor-widget-text-editor\" data-id=\"c7dc006\" data-element_type=\"widget\" data-widget_type=\"text-editor.default\">\n\t\t\t\t<div class=\"elementor-widget-container\">\n\t\t\t\t\t\t\t<p><span style=\"color: #ffffff; font-size: 18pt;\"><strong>Die Europ\u00e4ische Union im \u00dcberblick<\/strong><\/span><\/p>\t\t\t\t\t\t<\/div>\n\t\t\t\t<\/div>\n\t\t\t\t\t<\/div>\n\t\t<\/div>\n\t\t\t\t\t\t\t<\/div>\n\t\t<\/section>\n\t\t\t\t<section class=\"elementor-section elementor-top-section elementor-element elementor-element-534eef2 elementor-section-boxed elementor-section-height-default elementor-section-height-default\" data-id=\"534eef2\" data-element_type=\"section\">\n\t\t\t\t\t\t<div class=\"elementor-container elementor-column-gap-default\">\n\t\t\t\t\t<div class=\"elementor-column elementor-col-100 elementor-top-column elementor-element elementor-element-997a05d\" data-id=\"997a05d\" data-element_type=\"column\">\n\t\t\t<div class=\"elementor-widget-wrap elementor-element-populated\">\n\t\t\t\t\t\t\t\t<div class=\"elementor-element elementor-element-0e90c0b elementor-widget elementor-widget-menu-anchor\" data-id=\"0e90c0b\" data-element_type=\"widget\" data-widget_type=\"menu-anchor.default\">\n\t\t\t\t<div class=\"elementor-widget-container\">\n\t\t\t\t\t<div class=\"elementor-menu-anchor\"><\/div>\n\t\t\t\t<\/div>\n\t\t\t\t<\/div>\n\t\t\t\t<div class=\"elementor-element elementor-element-a85cf59 elementor-drop-cap-yes elementor-drop-cap-view-default elementor-widget elementor-widget-text-editor\" data-id=\"a85cf59\" data-element_type=\"widget\" data-settings=\"{&quot;drop_cap&quot;:&quot;yes&quot;}\" data-widget_type=\"text-editor.default\">\n\t\t\t\t<div class=\"elementor-widget-container\">\n\t\t\t\t\t\t\t<p><span style=\"font-size: 14pt;\"><strong>Kurzdarstellungen zur Europ\u00e4ischen Union<\/strong><\/span><\/p><p style=\"text-align: justify;\"><span style=\"font-size: 12pt;\">Erstellt von den Fachabteilungen des Europ\u00e4ischen Parlaments:<br \/><\/span><span style=\"font-size: 12pt;\">Die Kurzdarstellungen wurden 1979 anl\u00e4sslich der ersten Direktwahl zum Europ\u00e4ischen Parlament einge\u00adf\u00fchrt. Sie sollen Laien einen einfachen und pr\u00e4gnanten, aber dennoch pr\u00e4zisen \u00dcberblick \u00fcber die Organe und die Politik der Europ\u00e4ischen Union sowie die Rolle geben, die das Europ\u00e4ische Parlament bei ihrer Gestaltung spielt.<\/span><\/p><p><span style=\"font-size: 12pt;\">Die Kurzdarstellungen sind in <span style=\"text-decoration: underline;\">f\u00fcnf Kapitel<\/span> gegliedert:<\/span><\/p><ol><li><p style=\"text-align: justify;\"><span style=\"font-size: 12pt;\"><span style=\"text-decoration: underline;\">Arbeitsweise der Europ\u00e4ischen Union<\/span> behandelt die historische Entwicklung der EU und die aufein\u00adanderfolgenden Vertr\u00e4ge, das Rechtssystem der EU und die Entscheidungsverfahren, die Organe und Einrichtungen der EU und die Finanzierung der EU.<\/span><\/p><\/li><li style=\"text-align: justify;\"><p><span style=\"font-size: 12pt;\"><span style=\"text-decoration: underline;\">Wirtschaft, Wissenschaft und Lebensqualit\u00e4t<\/span> erl\u00e4utert die Grunds\u00e4tze des Binnenmarktes, des Verbraucherschutzes und der \u00f6ffentlichen Gesundheit, beschreibt verschiedene Politikbereiche der EU wie Gesellschafts-, Besch\u00e4ftigungs-, Industrie-, Forschungs-, Energie- und Umweltpolitik, legt den Kontext der WWU dar und erkl\u00e4rt die Koordinierung und Kontrolle der Wettbewerbs-, Steuer- und Wirtschaftspolitik.<\/span><\/p><\/li><li style=\"text-align: justify;\"><p><span style=\"font-size: 12pt;\"><span style=\"text-decoration: underline;\">Koh\u00e4sion, Wachstum und Besch\u00e4ftigung<\/span> erl\u00e4utert, wie sich die EU mit ihren verschiedenen internen Politikbereichen befasst, beispielsweise der Regional- und Koh\u00e4sionspolitik, der Agrar- und Fische\u00adreipolitik, Verkehr und Fremdenverkehr sowie der Kultur-, Bildungs- und Sportpolitik.<\/span><\/p><\/li><li style=\"text-align: justify;\"><p><span style=\"font-size: 12pt;\"><span style=\"text-decoration: underline;\">B\u00fcrger: Grundrechte, Sicherheit und Justiz<\/span>\u00a0beschreibt Rechte des Einzelnen und kollektive Rechte, darunter auch die Charta der Grundrechte, und den Raum der Freiheit, der Sicherheit und des Rechts, einschlie\u00dflich Einwanderung und Asyl, sowie die justizielle Zusammenarbeit.<\/span><\/p><\/li><li style=\"text-align: justify;\"><p><span style=\"font-size: 12pt;\"><span style=\"text-decoration: underline;\">Au\u00dfenbeziehungen der EU<\/span> behandelt die Themen Au\u00dfenpolitik, Sicherheits- und Verteidigungs\u00adpolitik, Au\u00dfenhandelsbeziehungen und Entwicklungspolitik, die F\u00f6rderung der Menschenrechte und der Demokratie, die Erweiterung der EU und die Beziehungen \u00fcber die Nachbarschaft der EU hinaus.<\/span><\/p><\/li><\/ol><p style=\"text-align: justify;\"><span style=\"font-size: 12pt;\">Die Kurzdarstellungen werden von den Fachabteilungen und dem Referat Unterst\u00fctzung des wirtschaftspoli\u00adtischen Handelns verfasst und sind in 23 Sprachen verf\u00fcgbar. Die Online-Fassungen der Kurzdarstellungen werden das ganze Jahr \u00fcber regelm\u00e4\u00dfig \u00fcberarbeitet und aktualisiert, sobald das Parlament wichtige Stand\u00adpunkte oder Strategien verabschiedet hat.<\/span><\/p><p><span style=\"font-size: 12pt;\"><span style=\"text-decoration: underline;\">Zu diesen Kurzdarstellungen gelangen Sie hier:<\/span>\u00a0 <a href=\"http:\/\/www.europarl.europa.eu\/factsheets\/de\/home\" target=\"_blank\" rel=\"noopener\"><span style=\"text-decoration: underline;\">www.europarl.europa.eu\/factsheets\/de\/home<\/span><\/a><\/span><\/p>\t\t\t\t\t\t<\/div>\n\t\t\t\t<\/div>\n\t\t\t\t\t<\/div>\n\t\t<\/div>\n\t\t\t\t\t\t\t<\/div>\n\t\t<\/section>\n\t\t\t\t<section class=\"elementor-section elementor-top-section elementor-element elementor-element-91946d0 elementor-section-boxed elementor-section-height-default elementor-section-height-default\" data-id=\"91946d0\" data-element_type=\"section\">\n\t\t\t\t\t\t<div class=\"elementor-container elementor-column-gap-default\">\n\t\t\t\t\t<div class=\"elementor-column elementor-col-50 elementor-top-column elementor-element elementor-element-c522b90\" data-id=\"c522b90\" data-element_type=\"column\">\n\t\t\t<div class=\"elementor-widget-wrap elementor-element-populated\">\n\t\t\t\t\t\t\t\t<div class=\"elementor-element elementor-element-7c1e4b1 elementor-widget elementor-widget-image\" data-id=\"7c1e4b1\" data-element_type=\"widget\" data-widget_type=\"image.default\">\n\t\t\t\t<div class=\"elementor-widget-container\">\n\t\t\t\t\t\t\t\t\t\t\t\t\t\t\t\t<a href=\"http:\/\/www.verschwisterung-schotten.de\/vvs\/wp-content\/uploads\/2019\/03\/EU-Komm_Weissbuch-zur-Zukunft-Europas-de.pdf\" target=\"_blank\">\n\t\t\t\t\t\t\t<img fetchpriority=\"high\" decoding=\"async\" width=\"420\" height=\"200\" src=\"https:\/\/www.verschwisterung-schotten.de\/vvs\/wp-content\/uploads\/2019\/03\/02.jpg\" class=\"attachment-thumb-medium size-thumb-medium wp-image-3503\" alt=\"\" srcset=\"https:\/\/www.verschwisterung-schotten.de\/vvs\/wp-content\/uploads\/2019\/03\/02.jpg 420w, https:\/\/www.verschwisterung-schotten.de\/vvs\/wp-content\/uploads\/2019\/03\/02-300x143.jpg 300w\" sizes=\"(max-width: 420px) 100vw, 420px\" \/>\t\t\t\t\t\t\t\t<\/a>\n\t\t\t\t\t\t\t\t\t\t\t\t\t\t\t<\/div>\n\t\t\t\t<\/div>\n\t\t\t\t\t<\/div>\n\t\t<\/div>\n\t\t\t\t<div class=\"elementor-column elementor-col-50 elementor-top-column elementor-element elementor-element-df72f99\" data-id=\"df72f99\" data-element_type=\"column\">\n\t\t\t<div class=\"elementor-widget-wrap elementor-element-populated\">\n\t\t\t\t\t\t\t\t<div class=\"elementor-element elementor-element-63a6dd7 elementor-widget elementor-widget-text-editor\" data-id=\"63a6dd7\" data-element_type=\"widget\" data-widget_type=\"text-editor.default\">\n\t\t\t\t<div class=\"elementor-widget-container\">\n\t\t\t\t\t\t\t<p><span style=\"font-size: 12pt;\"><span style=\"font-family: Titillium Web;\">Europ\u00e4ische Kommission (M\u00e4rz 2017): <br \/><\/span><\/span><\/p><p><span style=\"font-size: 12pt;\"><span style=\"font-size: 18pt;\"><strong><span style=\"font-family: Titillium Web;\">Wei\u00dfbuch zur Zukunft Europas<\/span><\/strong><\/span><\/span><\/p>\t\t\t\t\t\t<\/div>\n\t\t\t\t<\/div>\n\t\t\t\t\t<\/div>\n\t\t<\/div>\n\t\t\t\t\t\t\t<\/div>\n\t\t<\/section>\n\t\t\t\t<section class=\"elementor-section elementor-top-section elementor-element elementor-element-a27c2c9 elementor-section-boxed elementor-section-height-default elementor-section-height-default\" data-id=\"a27c2c9\" data-element_type=\"section\">\n\t\t\t\t\t\t<div class=\"elementor-container elementor-column-gap-default\">\n\t\t\t\t\t<div class=\"elementor-column elementor-col-50 elementor-top-column elementor-element elementor-element-0b020c8\" data-id=\"0b020c8\" data-element_type=\"column\">\n\t\t\t<div class=\"elementor-widget-wrap elementor-element-populated\">\n\t\t\t\t\t\t\t\t<div class=\"elementor-element elementor-element-139ca62 elementor-widget elementor-widget-image\" data-id=\"139ca62\" data-element_type=\"widget\" data-widget_type=\"image.default\">\n\t\t\t\t<div class=\"elementor-widget-container\">\n\t\t\t\t\t\t\t\t\t\t\t\t\t\t\t\t<a href=\"http:\/\/www.verschwisterung-schotten.de\/vvs\/wp-content\/uploads\/2019\/03\/60-Gr\u00fcnde-f\u00fcr-die-EU.pdf\" target=\"_blank\">\n\t\t\t\t\t\t\t<img decoding=\"async\" width=\"420\" height=\"200\" src=\"https:\/\/www.verschwisterung-schotten.de\/vvs\/wp-content\/uploads\/2019\/03\/01.jpg\" class=\"attachment-thumb-medium size-thumb-medium wp-image-3504\" alt=\"\" srcset=\"https:\/\/www.verschwisterung-schotten.de\/vvs\/wp-content\/uploads\/2019\/03\/01.jpg 420w, https:\/\/www.verschwisterung-schotten.de\/vvs\/wp-content\/uploads\/2019\/03\/01-300x143.jpg 300w\" sizes=\"(max-width: 420px) 100vw, 420px\" \/>\t\t\t\t\t\t\t\t<\/a>\n\t\t\t\t\t\t\t\t\t\t\t\t\t\t\t<\/div>\n\t\t\t\t<\/div>\n\t\t\t\t\t<\/div>\n\t\t<\/div>\n\t\t\t\t<div class=\"elementor-column elementor-col-50 elementor-top-column elementor-element elementor-element-cab5464\" data-id=\"cab5464\" data-element_type=\"column\">\n\t\t\t<div class=\"elementor-widget-wrap elementor-element-populated\">\n\t\t\t\t\t\t\t\t<div class=\"elementor-element elementor-element-d07ad53 elementor-widget elementor-widget-text-editor\" data-id=\"d07ad53\" data-element_type=\"widget\" data-widget_type=\"text-editor.default\">\n\t\t\t\t<div class=\"elementor-widget-container\">\n\t\t\t\t\t\t\t<p><span style=\"font-size: 12pt;\"><span style=\"font-family: Titillium Web;\"><span style=\"font-size: 12pt;\">Europ\u00e4ische Kommission &#8211; Vertretung in Deutschland (M\u00e4rz 2017):<\/span><br \/><\/span><\/span><\/p><p><span style=\"font-size: 18pt;\"><strong><span style=\"font-family: Titillium Web;\">60 Gr\u00fcnde f\u00fcr die EU<\/span><\/strong><\/span><\/p><p><strong><span style=\"font-family: Titillium Web;\">\u00a0<\/span><\/strong><\/p>\t\t\t\t\t\t<\/div>\n\t\t\t\t<\/div>\n\t\t\t\t\t<\/div>\n\t\t<\/div>\n\t\t\t\t\t\t\t<\/div>\n\t\t<\/section>\n\t\t\t\t<section class=\"elementor-section elementor-top-section elementor-element elementor-element-3abbda7 elementor-section-boxed elementor-section-height-default elementor-section-height-default\" data-id=\"3abbda7\" data-element_type=\"section\">\n\t\t\t\t\t\t<div class=\"elementor-container elementor-column-gap-default\">\n\t\t\t\t\t<div class=\"elementor-column elementor-col-100 elementor-top-column elementor-element elementor-element-a4c6b5d\" data-id=\"a4c6b5d\" data-element_type=\"column\">\n\t\t\t<div class=\"elementor-widget-wrap elementor-element-populated\">\n\t\t\t\t\t\t\t\t<div class=\"elementor-element elementor-element-bcb8414 elementor-widget elementor-widget-text-editor\" data-id=\"bcb8414\" data-element_type=\"widget\" data-widget_type=\"text-editor.default\">\n\t\t\t\t<div class=\"elementor-widget-container\">\n\t\t\t\t\t\t\t<p><span style=\"font-size: 18pt; color: #ffffff;\"><strong>2019<\/strong><\/span><\/p>\t\t\t\t\t\t<\/div>\n\t\t\t\t<\/div>\n\t\t\t\t\t<\/div>\n\t\t<\/div>\n\t\t\t\t\t\t\t<\/div>\n\t\t<\/section>\n\t\t\t\t<section class=\"elementor-section elementor-top-section elementor-element elementor-element-4a6df1a elementor-section-boxed elementor-section-height-default elementor-section-height-default\" data-id=\"4a6df1a\" data-element_type=\"section\">\n\t\t\t\t\t\t<div class=\"elementor-container elementor-column-gap-default\">\n\t\t\t\t\t<div class=\"elementor-column elementor-col-50 elementor-top-column elementor-element elementor-element-c258756\" data-id=\"c258756\" data-element_type=\"column\">\n\t\t\t<div class=\"elementor-widget-wrap elementor-element-populated\">\n\t\t\t\t\t\t\t\t<div class=\"elementor-element elementor-element-1f572bd elementor-widget elementor-widget-image\" data-id=\"1f572bd\" data-element_type=\"widget\" data-widget_type=\"image.default\">\n\t\t\t\t<div class=\"elementor-widget-container\">\n\t\t\t\t\t\t\t\t\t\t\t\t\t\t\t\t<a href=\"http:\/\/www.verschwisterung-schotten.de\/vvs\/wp-content\/uploads\/2019\/08\/Macron-2019-03-04_F\u00fcr-einen-Neubeginn-in-Europa.pdf\" target=\"_blank\">\n\t\t\t\t\t\t\t<img decoding=\"async\" width=\"420\" height=\"200\" src=\"https:\/\/www.verschwisterung-schotten.de\/vvs\/wp-content\/uploads\/2019\/08\/Macron-2019-03-04_F\u00fcr-einen-Neubeginn-in-EuropaTH.jpg\" class=\"attachment-thumb-medium size-thumb-medium wp-image-3834\" alt=\"\" srcset=\"https:\/\/www.verschwisterung-schotten.de\/vvs\/wp-content\/uploads\/2019\/08\/Macron-2019-03-04_F\u00fcr-einen-Neubeginn-in-EuropaTH.jpg 420w, https:\/\/www.verschwisterung-schotten.de\/vvs\/wp-content\/uploads\/2019\/08\/Macron-2019-03-04_F\u00fcr-einen-Neubeginn-in-EuropaTH-300x143.jpg 300w\" sizes=\"(max-width: 420px) 100vw, 420px\" \/>\t\t\t\t\t\t\t\t<\/a>\n\t\t\t\t\t\t\t\t\t\t\t\t\t\t\t<\/div>\n\t\t\t\t<\/div>\n\t\t\t\t<div class=\"elementor-element elementor-element-c8afa96 elementor-widget elementor-widget-menu-anchor\" data-id=\"c8afa96\" data-element_type=\"widget\" data-widget_type=\"menu-anchor.default\">\n\t\t\t\t<div class=\"elementor-widget-container\">\n\t\t\t\t\t<div id=\"2019\" class=\"elementor-menu-anchor\"><\/div>\n\t\t\t\t<\/div>\n\t\t\t\t<\/div>\n\t\t\t\t\t<\/div>\n\t\t<\/div>\n\t\t\t\t<div class=\"elementor-column elementor-col-50 elementor-top-column elementor-element elementor-element-6a9cb08\" data-id=\"6a9cb08\" data-element_type=\"column\">\n\t\t\t<div class=\"elementor-widget-wrap elementor-element-populated\">\n\t\t\t\t\t\t\t\t<div class=\"elementor-element elementor-element-c296063 elementor-widget elementor-widget-text-editor\" data-id=\"c296063\" data-element_type=\"widget\" data-widget_type=\"text-editor.default\">\n\t\t\t\t<div class=\"elementor-widget-container\">\n\t\t\t\t\t\t\t<p><span style=\"font-family: Titillium Web;\"><span style=\"font-size: 12pt;\">Gastbeitrag des franz\u00f6sischen Staatspr\u00e4sidenten Emmanuel Macron in der Tageszeitung &#8222;Die Welt&#8220; vom 04.03.2019:<\/span><br \/><\/span><\/p><p><span style=\"font-size: 18pt;\"><strong><span style=\"font-family: Titillium Web;\">F\u00fcr einen Neubeginn in Europa<\/span><\/strong><\/span><\/p>\t\t\t\t\t\t<\/div>\n\t\t\t\t<\/div>\n\t\t\t\t\t<\/div>\n\t\t<\/div>\n\t\t\t\t\t\t\t<\/div>\n\t\t<\/section>\n\t\t\t\t<section class=\"elementor-section elementor-top-section elementor-element elementor-element-412cd50 elementor-section-boxed elementor-section-height-default elementor-section-height-default\" data-id=\"412cd50\" data-element_type=\"section\">\n\t\t\t\t\t\t<div class=\"elementor-container elementor-column-gap-default\">\n\t\t\t\t\t<div class=\"elementor-column elementor-col-100 elementor-top-column elementor-element elementor-element-4110960\" data-id=\"4110960\" data-element_type=\"column\">\n\t\t\t<div class=\"elementor-widget-wrap elementor-element-populated\">\n\t\t\t\t\t\t\t\t<div class=\"elementor-element elementor-element-79b4fce elementor-widget elementor-widget-text-editor\" data-id=\"79b4fce\" data-element_type=\"widget\" data-widget_type=\"text-editor.default\">\n\t\t\t\t<div class=\"elementor-widget-container\">\n\t\t\t\t\t\t\t<p><span style=\"font-size: 18pt; color: #ffffff;\"><strong>2018<\/strong><\/span><\/p>\t\t\t\t\t\t<\/div>\n\t\t\t\t<\/div>\n\t\t\t\t\t<\/div>\n\t\t<\/div>\n\t\t\t\t\t\t\t<\/div>\n\t\t<\/section>\n\t\t\t\t<section class=\"elementor-section elementor-top-section elementor-element elementor-element-4d6cf65 elementor-section-boxed elementor-section-height-default elementor-section-height-default\" data-id=\"4d6cf65\" data-element_type=\"section\">\n\t\t\t\t\t\t<div class=\"elementor-container elementor-column-gap-default\">\n\t\t\t\t\t<div class=\"elementor-column elementor-col-50 elementor-top-column elementor-element elementor-element-8b267d9\" data-id=\"8b267d9\" data-element_type=\"column\">\n\t\t\t<div class=\"elementor-widget-wrap elementor-element-populated\">\n\t\t\t\t\t\t\t\t<div class=\"elementor-element elementor-element-06ec56a elementor-widget elementor-widget-image\" data-id=\"06ec56a\" data-element_type=\"widget\" data-widget_type=\"image.default\">\n\t\t\t\t<div class=\"elementor-widget-container\">\n\t\t\t\t\t\t\t\t\t\t\t\t\t\t\t\t<a href=\"http:\/\/www.verschwisterung-schotten.de\/vvs\/wp-content\/uploads\/2019\/03\/Roth-2018-12-05_Rede-von-Europa-Staatsminister-Michael-Roth-zum-Thema-\u201eEuropa-in-der-Midlife-Crisis_-Ideen-f\u00fcr-den-n\u00e4chsten-Lebensabschnitt\u201c.pdf\" target=\"_blank\">\n\t\t\t\t\t\t\t<img loading=\"lazy\" decoding=\"async\" width=\"420\" height=\"200\" src=\"https:\/\/www.verschwisterung-schotten.de\/vvs\/wp-content\/uploads\/2019\/03\/04.jpg\" class=\"attachment-thumb-medium size-thumb-medium wp-image-3506\" alt=\"\" srcset=\"https:\/\/www.verschwisterung-schotten.de\/vvs\/wp-content\/uploads\/2019\/03\/04.jpg 420w, https:\/\/www.verschwisterung-schotten.de\/vvs\/wp-content\/uploads\/2019\/03\/04-300x143.jpg 300w\" sizes=\"(max-width: 420px) 100vw, 420px\" \/>\t\t\t\t\t\t\t\t<\/a>\n\t\t\t\t\t\t\t\t\t\t\t\t\t\t\t<\/div>\n\t\t\t\t<\/div>\n\t\t\t\t<div class=\"elementor-element elementor-element-c2a356d elementor-widget elementor-widget-menu-anchor\" data-id=\"c2a356d\" data-element_type=\"widget\" data-widget_type=\"menu-anchor.default\">\n\t\t\t\t<div class=\"elementor-widget-container\">\n\t\t\t\t\t<div id=\"2018\" class=\"elementor-menu-anchor\"><\/div>\n\t\t\t\t<\/div>\n\t\t\t\t<\/div>\n\t\t\t\t\t<\/div>\n\t\t<\/div>\n\t\t\t\t<div class=\"elementor-column elementor-col-50 elementor-top-column elementor-element elementor-element-f3dbd90\" data-id=\"f3dbd90\" data-element_type=\"column\">\n\t\t\t<div class=\"elementor-widget-wrap elementor-element-populated\">\n\t\t\t\t\t\t\t\t<div class=\"elementor-element elementor-element-9c08e6a elementor-widget elementor-widget-text-editor\" data-id=\"9c08e6a\" data-element_type=\"widget\" data-widget_type=\"text-editor.default\">\n\t\t\t\t<div class=\"elementor-widget-container\">\n\t\t\t\t\t\t\t<p><span style=\"font-family: Titillium Web; font-size: 12pt;\">Rede von Europa-Staatsminister Michael Roth vom 05.12.2018 zum Thema:<\/span><\/p><p><strong><span style=\"font-family: Titillium Web; font-size: 18pt;\">Europa in der Midlife-Crisis? Ideen f\u00fcr den n\u00e4chsten Lebensabschnitt<\/span><\/strong><\/p>\t\t\t\t\t\t<\/div>\n\t\t\t\t<\/div>\n\t\t\t\t\t<\/div>\n\t\t<\/div>\n\t\t\t\t\t\t\t<\/div>\n\t\t<\/section>\n\t\t\t\t<section class=\"elementor-section elementor-top-section elementor-element elementor-element-fcdcd33 elementor-section-boxed elementor-section-height-default elementor-section-height-default\" data-id=\"fcdcd33\" data-element_type=\"section\">\n\t\t\t\t\t\t<div class=\"elementor-container elementor-column-gap-default\">\n\t\t\t\t\t<div class=\"elementor-column elementor-col-100 elementor-top-column elementor-element elementor-element-5632b44\" data-id=\"5632b44\" data-element_type=\"column\">\n\t\t\t<div class=\"elementor-widget-wrap elementor-element-populated\">\n\t\t\t\t\t\t\t\t<div class=\"elementor-element elementor-element-ad9d240 elementor-widget elementor-widget-text-editor\" data-id=\"ad9d240\" data-element_type=\"widget\" data-widget_type=\"text-editor.default\">\n\t\t\t\t<div class=\"elementor-widget-container\">\n\t\t\t\t\t\t\t<p><span style=\"font-size: 18pt; color: #ffffff;\"><strong>2017<\/strong><\/span><\/p>\t\t\t\t\t\t<\/div>\n\t\t\t\t<\/div>\n\t\t\t\t\t<\/div>\n\t\t<\/div>\n\t\t\t\t\t\t\t<\/div>\n\t\t<\/section>\n\t\t\t\t<section class=\"elementor-section elementor-top-section elementor-element elementor-element-cceefc9 elementor-section-boxed elementor-section-height-default elementor-section-height-default\" data-id=\"cceefc9\" data-element_type=\"section\">\n\t\t\t\t\t\t<div class=\"elementor-container elementor-column-gap-default\">\n\t\t\t\t\t<div class=\"elementor-column elementor-col-50 elementor-top-column elementor-element elementor-element-a80a200\" data-id=\"a80a200\" data-element_type=\"column\">\n\t\t\t<div class=\"elementor-widget-wrap elementor-element-populated\">\n\t\t\t\t\t\t\t\t<div class=\"elementor-element elementor-element-7d9a7e8 elementor-widget elementor-widget-image\" data-id=\"7d9a7e8\" data-element_type=\"widget\" data-widget_type=\"image.default\">\n\t\t\t\t<div class=\"elementor-widget-container\">\n\t\t\t\t\t\t\t\t\t\t\t\t\t\t\t\t<a href=\"http:\/\/www.verschwisterung-schotten.de\/vvs\/wp-content\/uploads\/2019\/03\/Macron-2017-09-26_Initiative-f\u00fcr-Europa-Originalfassung-deutsch.pdf\" target=\"_blank\">\n\t\t\t\t\t\t\t<img loading=\"lazy\" decoding=\"async\" width=\"420\" height=\"200\" src=\"https:\/\/www.verschwisterung-schotten.de\/vvs\/wp-content\/uploads\/2019\/03\/05.jpg\" class=\"attachment-thumb-medium size-thumb-medium wp-image-3507\" alt=\"\" srcset=\"https:\/\/www.verschwisterung-schotten.de\/vvs\/wp-content\/uploads\/2019\/03\/05.jpg 420w, https:\/\/www.verschwisterung-schotten.de\/vvs\/wp-content\/uploads\/2019\/03\/05-300x143.jpg 300w\" sizes=\"(max-width: 420px) 100vw, 420px\" \/>\t\t\t\t\t\t\t\t<\/a>\n\t\t\t\t\t\t\t\t\t\t\t\t\t\t\t<\/div>\n\t\t\t\t<\/div>\n\t\t\t\t<div class=\"elementor-element elementor-element-d5bb81b elementor-widget elementor-widget-menu-anchor\" data-id=\"d5bb81b\" data-element_type=\"widget\" data-widget_type=\"menu-anchor.default\">\n\t\t\t\t<div class=\"elementor-widget-container\">\n\t\t\t\t\t<div id=\"2018\" class=\"elementor-menu-anchor\"><\/div>\n\t\t\t\t<\/div>\n\t\t\t\t<\/div>\n\t\t\t\t\t<\/div>\n\t\t<\/div>\n\t\t\t\t<div class=\"elementor-column elementor-col-50 elementor-top-column elementor-element elementor-element-186e922\" data-id=\"186e922\" data-element_type=\"column\">\n\t\t\t<div class=\"elementor-widget-wrap elementor-element-populated\">\n\t\t\t\t\t\t\t\t<div class=\"elementor-element elementor-element-13b2c09 elementor-widget elementor-widget-text-editor\" data-id=\"13b2c09\" data-element_type=\"widget\" data-widget_type=\"text-editor.default\">\n\t\t\t\t<div class=\"elementor-widget-container\">\n\t\t\t\t\t\t\t<p><span style=\"font-family: Titillium Web; font-size: 12pt;\">Rede des franz\u00f6sischen Staatspr\u00e4sidenten Emmanuel Macron an der Sorbonne am 26.09.2017:<\/span><\/p><p><strong><span style=\"font-family: Titillium Web; font-size: 18pt;\">Initiative f\u00fcr Europa<\/span><\/strong><\/p>\t\t\t\t\t\t<\/div>\n\t\t\t\t<\/div>\n\t\t\t\t\t<\/div>\n\t\t<\/div>\n\t\t\t\t\t\t\t<\/div>\n\t\t<\/section>\n\t\t\t\t<section class=\"elementor-section elementor-top-section elementor-element elementor-element-f39ee0d elementor-section-boxed elementor-section-height-default elementor-section-height-default\" data-id=\"f39ee0d\" data-element_type=\"section\">\n\t\t\t\t\t\t<div class=\"elementor-container elementor-column-gap-default\">\n\t\t\t\t\t<div class=\"elementor-column elementor-col-50 elementor-top-column elementor-element elementor-element-779d653\" data-id=\"779d653\" data-element_type=\"column\">\n\t\t\t<div class=\"elementor-widget-wrap elementor-element-populated\">\n\t\t\t\t\t\t\t\t<div class=\"elementor-element elementor-element-f9e2255 elementor-widget elementor-widget-image\" data-id=\"f9e2255\" data-element_type=\"widget\" data-widget_type=\"image.default\">\n\t\t\t\t<div class=\"elementor-widget-container\">\n\t\t\t\t\t\t\t\t\t\t\t\t\t\t\t\t<a href=\"http:\/\/www.verschwisterung-schotten.de\/vvs\/wp-content\/uploads\/2019\/03\/Wort-zum-Sonntag_Suchet-der-EU-Bestes-Das-Wort-zum-Sonntag-ARD-_-Das-Erste.pdf\" target=\"_blank\">\n\t\t\t\t\t\t\t<img loading=\"lazy\" decoding=\"async\" width=\"420\" height=\"200\" src=\"https:\/\/www.verschwisterung-schotten.de\/vvs\/wp-content\/uploads\/2019\/03\/06.jpg\" class=\"attachment-thumb-medium size-thumb-medium wp-image-3508\" alt=\"\" srcset=\"https:\/\/www.verschwisterung-schotten.de\/vvs\/wp-content\/uploads\/2019\/03\/06.jpg 420w, https:\/\/www.verschwisterung-schotten.de\/vvs\/wp-content\/uploads\/2019\/03\/06-300x143.jpg 300w\" sizes=\"(max-width: 420px) 100vw, 420px\" \/>\t\t\t\t\t\t\t\t<\/a>\n\t\t\t\t\t\t\t\t\t\t\t\t\t\t\t<\/div>\n\t\t\t\t<\/div>\n\t\t\t\t<div class=\"elementor-element elementor-element-e158742 elementor-widget elementor-widget-menu-anchor\" data-id=\"e158742\" data-element_type=\"widget\" data-widget_type=\"menu-anchor.default\">\n\t\t\t\t<div class=\"elementor-widget-container\">\n\t\t\t\t\t<div id=\"2017\" class=\"elementor-menu-anchor\"><\/div>\n\t\t\t\t<\/div>\n\t\t\t\t<\/div>\n\t\t\t\t\t<\/div>\n\t\t<\/div>\n\t\t\t\t<div class=\"elementor-column elementor-col-50 elementor-top-column elementor-element elementor-element-793852e\" data-id=\"793852e\" data-element_type=\"column\">\n\t\t\t<div class=\"elementor-widget-wrap elementor-element-populated\">\n\t\t\t\t\t\t\t\t<div class=\"elementor-element elementor-element-8eab82b elementor-widget elementor-widget-text-editor\" data-id=\"8eab82b\" data-element_type=\"widget\" data-widget_type=\"text-editor.default\">\n\t\t\t\t<div class=\"elementor-widget-container\">\n\t\t\t\t\t\t\t<p><span style=\"font-family: Titillium Web; font-size: 12pt;\">Das Wort zum Sonntag vom 01.04.2017:<br \/><\/span><\/p><p><span style=\"font-family: Titillium Web; font-size: 12pt;\"><span style=\"font-size: 18pt;\"><strong>Suchet der EU Bestes!<br \/><\/strong><\/span><\/span><span style=\"font-family: Titillium Web; font-size: 12pt;\">Gesprochen von Dr.Wolfgang Beck<\/span><\/p>\t\t\t\t\t\t<\/div>\n\t\t\t\t<\/div>\n\t\t\t\t\t<\/div>\n\t\t<\/div>\n\t\t\t\t\t\t\t<\/div>\n\t\t<\/section>\n\t\t\t\t<section class=\"elementor-section elementor-top-section elementor-element elementor-element-6f58cb9 elementor-section-boxed elementor-section-height-default elementor-section-height-default\" data-id=\"6f58cb9\" data-element_type=\"section\">\n\t\t\t\t\t\t<div class=\"elementor-container elementor-column-gap-default\">\n\t\t\t\t\t<div class=\"elementor-column elementor-col-100 elementor-top-column elementor-element elementor-element-6186cc1\" data-id=\"6186cc1\" data-element_type=\"column\">\n\t\t\t<div class=\"elementor-widget-wrap elementor-element-populated\">\n\t\t\t\t\t\t\t\t<div class=\"elementor-element elementor-element-e173a00 elementor-widget-divider--view-line elementor-widget elementor-widget-divider\" data-id=\"e173a00\" data-element_type=\"widget\" data-widget_type=\"divider.default\">\n\t\t\t\t<div class=\"elementor-widget-container\">\n\t\t\t\t\t<div class=\"elementor-divider\">\n\t\t\t<span class=\"elementor-divider-separator\">\n\t\t\t\t\t\t<\/span>\n\t\t<\/div>\n\t\t\t\t<\/div>\n\t\t\t\t<\/div>\n\t\t\t\t\t<\/div>\n\t\t<\/div>\n\t\t\t\t\t\t\t<\/div>\n\t\t<\/section>\n\t\t\t\t<section class=\"elementor-section elementor-top-section elementor-element elementor-element-9ebe0db elementor-section-boxed elementor-section-height-default elementor-section-height-default\" data-id=\"9ebe0db\" data-element_type=\"section\">\n\t\t\t\t\t\t<div class=\"elementor-container elementor-column-gap-default\">\n\t\t\t\t\t<div class=\"elementor-column elementor-col-100 elementor-top-column elementor-element elementor-element-d95ee4f\" data-id=\"d95ee4f\" data-element_type=\"column\">\n\t\t\t<div class=\"elementor-widget-wrap elementor-element-populated\">\n\t\t\t\t\t\t\t\t<div class=\"elementor-element elementor-element-14c5fbc elementor-align-center elementor-widget elementor-widget-button\" data-id=\"14c5fbc\" data-element_type=\"widget\" data-widget_type=\"button.default\">\n\t\t\t\t<div class=\"elementor-widget-container\">\n\t\t\t\t\t<div class=\"elementor-button-wrapper\">\n\t\t\t<a class=\"elementor-button elementor-button-link elementor-size-sm\" href=\"#EU1\">\n\t\t\t\t\t\t<span class=\"elementor-button-content-wrapper\">\n\t\t\t\t\t\t<span class=\"elementor-button-icon elementor-align-icon-left\">\n\t\t\t\t\t\t\t\t\t<i class=\"fa fa-angle-up\" aria-hidden=\"true\"><\/i>\n\t\t\t\t\t\t\t<\/span>\n\t\t\t\t\t\t<span class=\"elementor-button-text\">nach oben<\/span>\n\t\t<\/span>\n\t\t\t\t\t<\/a>\n\t\t<\/div>\n\t\t\t\t<\/div>\n\t\t\t\t<\/div>\n\t\t\t\t\t<\/div>\n\t\t<\/div>\n\t\t\t\t\t\t\t<\/div>\n\t\t<\/section>\n\t\t\t\t\t\t\t<\/div>\n\t\t","protected":false},"excerpt":{"rendered":"<p>Auf dieser Seite sollen Dokumente vorgestellt werden, die die Bedeutung der Europ\u00e4ischen Union in historischer, politischer, kultureller und wirtschaftlicher Sicht beleuchten die sich kritisch mit den Schw\u00e4chen der Europ\u00e4ischen Union auseinandersetzen, die nach den&#46;&#46;&#46;<\/p>\n","protected":false},"author":1,"featured_media":0,"parent":0,"menu_order":0,"comment_status":"closed","ping_status":"closed","template":"","meta":{"footnotes":""},"class_list":["post-3295","page","type-page","status-publish","hentry"],"yoast_head":"<!-- This site is optimized with the Yoast SEO plugin v20.3 - https:\/\/yoast.com\/wordpress\/plugins\/seo\/ -->\n<title>Europ\u00e4ische Union - Verschwisterungsverein Schotten e.V.<\/title>\n<meta name=\"description\" content=\"Verein, Schotten - Verschwisterungsverein Schotten e.V. Europ\u00e4ische Union % Verschwisterung, Europa, Deutschland, Italien, Frankreich, Tschechien, Polen, Belgien, Partner, Partnerstadt, Deutschland, Berlin, Hessen\" \/>\n<meta name=\"robots\" content=\"index, follow, max-snippet:-1, max-image-preview:large, max-video-preview:-1\" \/>\n<link rel=\"canonical\" href=\"https:\/\/www.verschwisterung-schotten.de\/vvs\/europaeische-union\/\" \/>\n<meta property=\"og:locale\" content=\"de_DE\" \/>\n<meta property=\"og:type\" content=\"article\" \/>\n<meta property=\"og:title\" content=\"Europ\u00e4ische Union - Verschwisterungsverein Schotten e.V.\" \/>\n<meta property=\"og:description\" content=\"Verein, Schotten - Verschwisterungsverein Schotten e.V. Europ\u00e4ische Union % Verschwisterung, Europa, Deutschland, Italien, Frankreich, Tschechien, Polen, Belgien, Partner, Partnerstadt, Deutschland, Berlin, Hessen\" \/>\n<meta property=\"og:url\" content=\"https:\/\/www.verschwisterung-schotten.de\/vvs\/europaeische-union\/\" \/>\n<meta property=\"og:site_name\" content=\"Verschwisterungsverein Schotten e.V.\" \/>\n<meta property=\"article:publisher\" content=\"https:\/\/www.facebook.com\/verschwisterungschotten?ref=hl\" \/>\n<meta property=\"article:modified_time\" content=\"2019-08-13T10:40:27+00:00\" \/>\n<meta property=\"og:image\" content=\"http:\/\/www.verschwisterung-schotten.de\/vvs\/wp-content\/uploads\/2019\/03\/02.jpg\" \/>\n<meta name=\"twitter:card\" content=\"summary_large_image\" \/>\n<meta name=\"twitter:label1\" content=\"Gesch\u00e4tzte Lesezeit\" \/>\n\t<meta name=\"twitter:data1\" content=\"2\u00a0Minuten\" \/>\n<script type=\"application\/ld+json\" class=\"yoast-schema-graph\">{\"@context\":\"https:\/\/schema.org\",\"@graph\":[{\"@type\":\"WebPage\",\"@id\":\"https:\/\/www.verschwisterung-schotten.de\/vvs\/europaeische-union\/\",\"url\":\"https:\/\/www.verschwisterung-schotten.de\/vvs\/europaeische-union\/\",\"name\":\"Europ\u00e4ische Union - Verschwisterungsverein Schotten e.V.\",\"isPartOf\":{\"@id\":\"https:\/\/www.verschwisterung-schotten.de\/vvs\/#website\"},\"datePublished\":\"2019-03-27T18:44:41+00:00\",\"dateModified\":\"2019-08-13T10:40:27+00:00\",\"description\":\"Verein, Schotten - Verschwisterungsverein Schotten e.V. Europ\u00e4ische Union % Verschwisterung, Europa, Deutschland, Italien, Frankreich, Tschechien, Polen, Belgien, Partner, Partnerstadt, Deutschland, Berlin, Hessen\",\"breadcrumb\":{\"@id\":\"https:\/\/www.verschwisterung-schotten.de\/vvs\/europaeische-union\/#breadcrumb\"},\"inLanguage\":\"de\",\"potentialAction\":[{\"@type\":\"ReadAction\",\"target\":[\"https:\/\/www.verschwisterung-schotten.de\/vvs\/europaeische-union\/\"]}]},{\"@type\":\"BreadcrumbList\",\"@id\":\"https:\/\/www.verschwisterung-schotten.de\/vvs\/europaeische-union\/#breadcrumb\",\"itemListElement\":[{\"@type\":\"ListItem\",\"position\":1,\"name\":\"Startseite\",\"item\":\"https:\/\/www.verschwisterung-schotten.de\/vvs\/\"},{\"@type\":\"ListItem\",\"position\":2,\"name\":\"Europ\u00e4ische Union\"}]},{\"@type\":\"WebSite\",\"@id\":\"https:\/\/www.verschwisterung-schotten.de\/vvs\/#website\",\"url\":\"https:\/\/www.verschwisterung-schotten.de\/vvs\/\",\"name\":\"Verschwisterungsverein Schotten e.V.\",\"description\":\"Die Verbindung zu den Partnerst\u00e4dten in Europa\",\"potentialAction\":[{\"@type\":\"SearchAction\",\"target\":{\"@type\":\"EntryPoint\",\"urlTemplate\":\"https:\/\/www.verschwisterung-schotten.de\/vvs\/?s={search_term_string}\"},\"query-input\":\"required name=search_term_string\"}],\"inLanguage\":\"de\"}]}<\/script>\n<!-- \/ Yoast SEO plugin. -->","yoast_head_json":{"title":"Europ\u00e4ische Union - Verschwisterungsverein Schotten e.V.","description":"Verein, Schotten - Verschwisterungsverein Schotten e.V. Europ\u00e4ische Union % Verschwisterung, Europa, Deutschland, Italien, Frankreich, Tschechien, Polen, Belgien, Partner, Partnerstadt, Deutschland, Berlin, Hessen","robots":{"index":"index","follow":"follow","max-snippet":"max-snippet:-1","max-image-preview":"max-image-preview:large","max-video-preview":"max-video-preview:-1"},"canonical":"https:\/\/www.verschwisterung-schotten.de\/vvs\/europaeische-union\/","og_locale":"de_DE","og_type":"article","og_title":"Europ\u00e4ische Union - Verschwisterungsverein Schotten e.V.","og_description":"Verein, Schotten - Verschwisterungsverein Schotten e.V. Europ\u00e4ische Union % Verschwisterung, Europa, Deutschland, Italien, Frankreich, Tschechien, Polen, Belgien, Partner, Partnerstadt, Deutschland, Berlin, Hessen","og_url":"https:\/\/www.verschwisterung-schotten.de\/vvs\/europaeische-union\/","og_site_name":"Verschwisterungsverein Schotten e.V.","article_publisher":"https:\/\/www.facebook.com\/verschwisterungschotten?ref=hl","article_modified_time":"2019-08-13T10:40:27+00:00","og_image":[{"url":"http:\/\/www.verschwisterung-schotten.de\/vvs\/wp-content\/uploads\/2019\/03\/02.jpg"}],"twitter_card":"summary_large_image","twitter_misc":{"Gesch\u00e4tzte Lesezeit":"2\u00a0Minuten"},"schema":{"@context":"https:\/\/schema.org","@graph":[{"@type":"WebPage","@id":"https:\/\/www.verschwisterung-schotten.de\/vvs\/europaeische-union\/","url":"https:\/\/www.verschwisterung-schotten.de\/vvs\/europaeische-union\/","name":"Europ\u00e4ische Union - Verschwisterungsverein Schotten e.V.","isPartOf":{"@id":"https:\/\/www.verschwisterung-schotten.de\/vvs\/#website"},"datePublished":"2019-03-27T18:44:41+00:00","dateModified":"2019-08-13T10:40:27+00:00","description":"Verein, Schotten - Verschwisterungsverein Schotten e.V. Europ\u00e4ische Union % Verschwisterung, Europa, Deutschland, Italien, Frankreich, Tschechien, Polen, Belgien, Partner, Partnerstadt, Deutschland, Berlin, Hessen","breadcrumb":{"@id":"https:\/\/www.verschwisterung-schotten.de\/vvs\/europaeische-union\/#breadcrumb"},"inLanguage":"de","potentialAction":[{"@type":"ReadAction","target":["https:\/\/www.verschwisterung-schotten.de\/vvs\/europaeische-union\/"]}]},{"@type":"BreadcrumbList","@id":"https:\/\/www.verschwisterung-schotten.de\/vvs\/europaeische-union\/#breadcrumb","itemListElement":[{"@type":"ListItem","position":1,"name":"Startseite","item":"https:\/\/www.verschwisterung-schotten.de\/vvs\/"},{"@type":"ListItem","position":2,"name":"Europ\u00e4ische Union"}]},{"@type":"WebSite","@id":"https:\/\/www.verschwisterung-schotten.de\/vvs\/#website","url":"https:\/\/www.verschwisterung-schotten.de\/vvs\/","name":"Verschwisterungsverein Schotten e.V.","description":"Die Verbindung zu den Partnerst\u00e4dten in Europa","potentialAction":[{"@type":"SearchAction","target":{"@type":"EntryPoint","urlTemplate":"https:\/\/www.verschwisterung-schotten.de\/vvs\/?s={search_term_string}"},"query-input":"required name=search_term_string"}],"inLanguage":"de"}]}},"_links":{"self":[{"href":"https:\/\/www.verschwisterung-schotten.de\/vvs\/wp-json\/wp\/v2\/pages\/3295","targetHints":{"allow":["GET"]}}],"collection":[{"href":"https:\/\/www.verschwisterung-schotten.de\/vvs\/wp-json\/wp\/v2\/pages"}],"about":[{"href":"https:\/\/www.verschwisterung-schotten.de\/vvs\/wp-json\/wp\/v2\/types\/page"}],"author":[{"embeddable":true,"href":"https:\/\/www.verschwisterung-schotten.de\/vvs\/wp-json\/wp\/v2\/users\/1"}],"replies":[{"embeddable":true,"href":"https:\/\/www.verschwisterung-schotten.de\/vvs\/wp-json\/wp\/v2\/comments?post=3295"}],"version-history":[{"count":66,"href":"https:\/\/www.verschwisterung-schotten.de\/vvs\/wp-json\/wp\/v2\/pages\/3295\/revisions"}],"predecessor-version":[{"id":3835,"href":"https:\/\/www.verschwisterung-schotten.de\/vvs\/wp-json\/wp\/v2\/pages\/3295\/revisions\/3835"}],"wp:attachment":[{"href":"https:\/\/www.verschwisterung-schotten.de\/vvs\/wp-json\/wp\/v2\/media?parent=3295"}],"curies":[{"name":"wp","href":"https:\/\/api.w.org\/{rel}","templated":true}]}}