{"id":2716,"date":"2019-03-19T16:00:21","date_gmt":"2019-03-19T15:00:21","guid":{"rendered":"http:\/\/www.verschwisterung-schotten.de\/vvs\/?page_id=2716"},"modified":"2019-03-26T17:56:45","modified_gmt":"2019-03-26T16:56:45","slug":"beloeil-begegnungen","status":"publish","type":"page","link":"https:\/\/www.verschwisterung-schotten.de\/vvs\/beloeil-begegnungen\/","title":{"rendered":"Beloeil &#8211; Begegnungen"},"content":{"rendered":"\t\t<div data-elementor-type=\"wp-post\" data-elementor-id=\"2716\" class=\"elementor elementor-2716\">\n\t\t\t\t\t\t\t\t\t<section class=\"elementor-section elementor-top-section elementor-element elementor-element-34f310c elementor-section-boxed elementor-section-height-default elementor-section-height-default\" data-id=\"34f310c\" data-element_type=\"section\">\n\t\t\t\t\t\t<div class=\"elementor-container elementor-column-gap-default\">\n\t\t\t\t\t<div class=\"elementor-column elementor-col-100 elementor-top-column elementor-element elementor-element-110bf37\" data-id=\"110bf37\" data-element_type=\"column\">\n\t\t\t<div class=\"elementor-widget-wrap elementor-element-populated\">\n\t\t\t\t\t\t\t\t<div class=\"elementor-element elementor-element-79b3101 elementor-widget elementor-widget-menu-anchor\" data-id=\"79b3101\" data-element_type=\"widget\" data-widget_type=\"menu-anchor.default\">\n\t\t\t\t<div class=\"elementor-widget-container\">\n\t\t\t\t\t<div class=\"elementor-menu-anchor\"><\/div>\n\t\t\t\t<\/div>\n\t\t\t\t<\/div>\n\t\t\t\t<div class=\"elementor-element elementor-element-b5a2dbd elementor-widget elementor-widget-button\" data-id=\"b5a2dbd\" data-element_type=\"widget\" data-widget_type=\"button.default\">\n\t\t\t\t<div class=\"elementor-widget-container\">\n\t\t\t\t\t<div class=\"elementor-button-wrapper\">\n\t\t\t<a class=\"elementor-button elementor-button-link elementor-size-md\" href=\"http:\/\/www.verschwisterung-schotten.de\/vvs\/beloeil-2-2\/#begegnungen\" id=\"begegnungen\">\n\t\t\t\t\t\t<span class=\"elementor-button-content-wrapper\">\n\t\t\t\t\t\t<span class=\"elementor-button-icon elementor-align-icon-left\">\n\t\t\t\t\t\t\t\t\t<i class=\"fa fa-angle-left\" aria-hidden=\"true\"><\/i>\n\t\t\t\t\t\t\t<\/span>\n\t\t\t\t\t\t<span class=\"elementor-button-text\">Zur\u00fcck<\/span>\n\t\t<\/span>\n\t\t\t\t\t<\/a>\n\t\t<\/div>\n\t\t\t\t<\/div>\n\t\t\t\t<\/div>\n\t\t\t\t\t<\/div>\n\t\t<\/div>\n\t\t\t\t\t\t\t<\/div>\n\t\t<\/section>\n\t\t\t\t<section class=\"elementor-section elementor-top-section elementor-element elementor-element-d84d0d7 elementor-section-boxed elementor-section-height-default elementor-section-height-default\" data-id=\"d84d0d7\" data-element_type=\"section\">\n\t\t\t\t\t\t<div class=\"elementor-container elementor-column-gap-default\">\n\t\t\t\t\t<div class=\"elementor-column elementor-col-100 elementor-top-column elementor-element elementor-element-7abe212\" data-id=\"7abe212\" data-element_type=\"column\">\n\t\t\t<div class=\"elementor-widget-wrap elementor-element-populated\">\n\t\t\t\t\t\t\t\t<div class=\"elementor-element elementor-element-e056585 elementor-tabs-view-horizontal elementor-widget elementor-widget-tabs\" data-id=\"e056585\" data-element_type=\"widget\" data-widget_type=\"tabs.default\">\n\t\t\t\t<div class=\"elementor-widget-container\">\n\t\t\t\t\t<div class=\"elementor-tabs\">\n\t\t\t<div class=\"elementor-tabs-wrapper\" role=\"tablist\" >\n\t\t\t\t\t\t\t\t\t<div id=\"elementor-tab-title-2351\" class=\"elementor-tab-title elementor-tab-desktop-title\" aria-selected=\"true\" data-tab=\"1\" role=\"tab\" tabindex=\"0\" aria-controls=\"elementor-tab-content-2351\" aria-expanded=\"false\">30. Jahrestag der Partnerschaft 1993<\/div>\n\t\t\t\t\t\t\t\t\t<div id=\"elementor-tab-title-2352\" class=\"elementor-tab-title elementor-tab-desktop-title\" aria-selected=\"false\" data-tab=\"2\" role=\"tab\" tabindex=\"-1\" aria-controls=\"elementor-tab-content-2352\" aria-expanded=\"false\">Partnerschaft Beloeil-Maybole 1998<\/div>\n\t\t\t\t\t\t\t<\/div>\n\t\t\t<div class=\"elementor-tabs-content-wrapper\" role=\"tablist\" aria-orientation=\"vertical\">\n\t\t\t\t\t\t\t\t\t<div class=\"elementor-tab-title elementor-tab-mobile-title\" aria-selected=\"true\" data-tab=\"1\" role=\"tab\" tabindex=\"0\" aria-controls=\"elementor-tab-content-2351\" aria-expanded=\"false\">30. Jahrestag der Partnerschaft 1993<\/div>\n\t\t\t\t\t<div id=\"elementor-tab-content-2351\" class=\"elementor-tab-content elementor-clearfix\" data-tab=\"1\" role=\"tabpanel\" aria-labelledby=\"elementor-tab-title-2351\" tabindex=\"0\" hidden=\"false\"><p><style type=\"text\/css\">\r\n\t#foogallery-gallery-2741 .fg-image {\r\n        width: 164px;\r\n    }\r\n<\/style>\r\n\t\t\t\t<div class=\"foogallery foogallery-container foogallery-default foogallery-lightbox-foobox fg-gutter-10 fg-left fg-default fg-light fg-border-thin fg-shadow-outline fg-loading-default fg-loaded-fade-in fg-caption-hover fg-hover-fade fg-hover-zoom fg-ready\" id=\"foogallery-gallery-2741\" data-foogallery=\"{&quot;item&quot;:{&quot;showCaptionTitle&quot;:true,&quot;showCaptionDescription&quot;:true},&quot;lazy&quot;:true}\" >\r\n\t<div class=\"fg-item fg-type-image fg-idle\"><figure class=\"fg-item-inner\"><a href=\"https:\/\/www.verschwisterung-schotten.de\/vvs\/wp-content\/uploads\/2019\/03\/B-Bild3.jpg\" data-caption-title=\"Feierlichkeiten zum 30.Jahrestag der Erstunterzeichnung der Partnerschaftsvertr\u00e4ge Beloeil-Crosne-Schotten im Jahre 1993 im Rathaus von Beloeil. Die Urkunde zur Erneuerung und Bekr\u00e4ftigung der Partnerschaft (&#039;serment de jumelage&#039;) unterzeichnen (v.l.n.r.): Eduard Dufrasnes (B\u00fcrgermeister Beloeil), Maryl\u00e8ne Laug (1.Stadtr\u00e4tin Crosne und stellvertretende Vorsitzende des Comit\u00e9 de Jumelage de Crosne) und Hans Otto Zimmermann (B\u00fcrgermeister Schotten)\" data-attachment-id=\"2742\" data-type=\"image\" class=\"fg-thumb\"><span class=\"fg-image-wrap\"><img decoding=\"async\" width=\"164\" height=\"164\" class=\"skip-lazy fg-image\" data-src-fg=\"https:\/\/www.verschwisterung-schotten.de\/vvs\/wp-content\/uploads\/cache\/2019\/03\/B-Bild3\/572109178.jpg\" src=\"data:image\/svg+xml,%3Csvg%20xmlns%3D%22http%3A%2F%2Fwww.w3.org%2F2000%2Fsvg%22%20width%3D%22164%22%20height%3D%22164%22%20viewBox%3D%220%200%20164%20164%22%3E%3C%2Fsvg%3E\" loading=\"eager\"><\/span><span class=\"fg-image-overlay\"><\/span><\/a><figcaption class=\"fg-caption\"><div class=\"fg-caption-inner\"><div class=\"fg-caption-title\">Feierlichkeiten zum 30.Jahrestag der Erstunterzeichnung der Partnerschaftsvertr\u00e4ge Beloeil-Crosne-Schotten im Jahre 1993 im Rathaus von Beloeil. Die Urkunde zur Erneuerung und Bekr\u00e4ftigung der Partnerschaft (&#8217;serment de jumelage&#8216;) unterzeichnen (v.l.n.r.): Eduard Dufrasnes (B\u00fcrgermeister Beloeil), Maryl\u00e8ne Laug (1.Stadtr\u00e4tin Crosne und stellvertretende Vorsitzende des Comit\u00e9 de Jumelage de Crosne) und Hans Otto Zimmermann (B\u00fcrgermeister Schotten)<\/div><\/div><\/figcaption><\/figure><div class=\"fg-loader\"><\/div><\/div><div class=\"fg-item fg-type-image fg-idle\"><figure class=\"fg-item-inner\"><a href=\"https:\/\/www.verschwisterung-schotten.de\/vvs\/wp-content\/uploads\/2019\/03\/B-Bild11-jumelageacte_1-1.jpg\" data-caption-title=\"Partnerschaftsurkunde, unterzeichnet am 21.Juni 1964 von den damaligen B\u00fcrgermeistern (v.l.n.r.) Marcel Mandion (Crosne), Georg von Villeneuve (Schotten) und Jean de Gouyes (Queveaucamps, heute Ortsteil von Beloeil)\" data-attachment-id=\"2679\" data-type=\"image\" class=\"fg-thumb\"><span class=\"fg-image-wrap\"><img decoding=\"async\" width=\"164\" height=\"164\" class=\"skip-lazy fg-image\" data-src-fg=\"https:\/\/www.verschwisterung-schotten.de\/vvs\/wp-content\/uploads\/cache\/2019\/03\/B-Bild11-jumelageacte_1-1\/2739098132.jpg\" src=\"data:image\/svg+xml,%3Csvg%20xmlns%3D%22http%3A%2F%2Fwww.w3.org%2F2000%2Fsvg%22%20width%3D%22164%22%20height%3D%22164%22%20viewBox%3D%220%200%20164%20164%22%3E%3C%2Fsvg%3E\" loading=\"eager\"><\/span><span class=\"fg-image-overlay\"><\/span><\/a><figcaption class=\"fg-caption\"><div class=\"fg-caption-inner\"><div class=\"fg-caption-title\">Partnerschaftsurkunde, unterzeichnet am 21.Juni 1964 von den damaligen B\u00fcrgermeistern (v.l.n.r.) Marcel Mandion (Crosne), Georg von Villeneuve (Schotten) und Jean de Gouyes (Queveaucamps, heute Ortsteil von Beloeil)<\/div><\/div><\/figcaption><\/figure><div class=\"fg-loader\"><\/div><\/div><div class=\"fg-item fg-type-image fg-idle\"><figure class=\"fg-item-inner\"><a href=\"https:\/\/www.verschwisterung-schotten.de\/vvs\/wp-content\/uploads\/2019\/03\/B-Bild4.jpg\" data-caption-title=\"Feierlichkeiten zum 30.Jahrestag der Erstunterzeichnung der Partnerschaftsvertr\u00e4ge Beloeil-Crosne-Schotten im Jahre 1993 im Rathaus von Beloeil. Auf dem Bild zu sehen sind (v.l.n.r.): Jean Ballant (halb), Ren\u00e9 Delcourt (mit Bart, stellv. Vorsitzender des Comit\u00e9 de Jumelage de Beloeil), NN, Hans Otto Zimmermann (B\u00fcrgermeister Schotten), Eduard Dufrasnes (B\u00fcrgermeister Beloeil), NN, Maryl\u00e8ne Laug (1.Stadtr\u00e4tin Crosne und stellv. Vorsitzende des Comit\u00e9 de Jumelage de Crosne), Jacques Coquelets (Vorsitzender des Comit\u00e9 de Jumelage de Crose), NN (Stadtverordneter Beloeil), Klaus Appel (Vorsitzender Verschwisterungsverein Schotten), Michel Museur (1.Vorsitzender Comit\u00e9 de Jumelage de Beloeil)\" data-attachment-id=\"2744\" data-type=\"image\" class=\"fg-thumb\"><span class=\"fg-image-wrap\"><img decoding=\"async\" width=\"164\" height=\"164\" class=\"skip-lazy fg-image\" data-src-fg=\"https:\/\/www.verschwisterung-schotten.de\/vvs\/wp-content\/uploads\/cache\/2019\/03\/B-Bild4\/804528108.jpg\" src=\"data:image\/svg+xml,%3Csvg%20xmlns%3D%22http%3A%2F%2Fwww.w3.org%2F2000%2Fsvg%22%20width%3D%22164%22%20height%3D%22164%22%20viewBox%3D%220%200%20164%20164%22%3E%3C%2Fsvg%3E\" loading=\"eager\"><\/span><span class=\"fg-image-overlay\"><\/span><\/a><figcaption class=\"fg-caption\"><div class=\"fg-caption-inner\"><div class=\"fg-caption-title\">Feierlichkeiten zum 30.Jahrestag der Erstunterzeichnung der Partnerschaftsvertr\u00e4ge Beloeil-Crosne-Schotten im Jahre 1993 im Rathaus von Beloeil. Auf dem Bild zu sehen sind (v.l.n.r.): Jean Ballant (halb), Ren\u00e9 Delcourt (mit Bart, stellv. Vorsitzender des Comit\u00e9 de Jumelage de Beloeil), NN, Hans Otto Zimmermann (B\u00fcrgermeister Schotten), Eduard Dufrasnes (B\u00fcrgermeister Beloeil), NN, Maryl\u00e8ne Laug (1.Stadtr\u00e4tin Crosne und stellv. Vorsitzende des Comit\u00e9 de Jumelage de Crosne), Jacques Coquelets (Vorsitzender des Comit\u00e9 de Jumelage de Crose), NN (Stadtverordneter Beloeil), Klaus Appel (Vorsitzender Verschwisterungsverein Schotten), Michel Museur (1.Vorsitzender Comit\u00e9 de Jumelage de Beloeil)<\/div><\/div><\/figcaption><\/figure><div class=\"fg-loader\"><\/div><\/div><\/div>\r\n<\/p><\/div>\n\t\t\t\t\t\t\t\t\t<div class=\"elementor-tab-title elementor-tab-mobile-title\" aria-selected=\"false\" data-tab=\"2\" role=\"tab\" tabindex=\"-1\" aria-controls=\"elementor-tab-content-2352\" aria-expanded=\"false\">Partnerschaft Beloeil-Maybole 1998<\/div>\n\t\t\t\t\t<div id=\"elementor-tab-content-2352\" class=\"elementor-tab-content elementor-clearfix\" data-tab=\"2\" role=\"tabpanel\" aria-labelledby=\"elementor-tab-title-2352\" tabindex=\"0\" hidden=\"hidden\"><p><style type=\"text\/css\">\r\n\t#foogallery-gallery-2748 .fg-image {\r\n        width: 164px;\r\n    }\r\n<\/style>\r\n\t\t\t\t<div class=\"foogallery foogallery-container foogallery-default foogallery-lightbox-foobox fg-gutter-10 fg-left fg-default fg-light fg-border-thin fg-shadow-outline fg-loading-default fg-loaded-fade-in fg-caption-hover fg-hover-fade fg-hover-zoom fg-ready\" id=\"foogallery-gallery-2748\" data-foogallery=\"{&quot;item&quot;:{&quot;showCaptionTitle&quot;:true,&quot;showCaptionDescription&quot;:true},&quot;lazy&quot;:true}\" >\r\n\t<div class=\"fg-item fg-type-image fg-idle\"><figure class=\"fg-item-inner\"><a href=\"https:\/\/www.verschwisterung-schotten.de\/vvs\/wp-content\/uploads\/2019\/03\/B-Bild5.jpg\" data-caption-title=\"Feierlichkeiten anl\u00e4sslich der Unterzeichnung des Partnerschaftsvertrages Beloeil \u2013 Maybole vom 15.-17.05.1998 in Maybole. Die Aufnahme wurde vor dem Eingang zum Schoss (Castle) in Maybole gemacht (v.l.n.r.): Klaus Appel (Vorsitzender Verschwisterungsverein Schotten), Genevi\u00e8ve Rochereau (B\u00fcrgermeisterin Crosne), Hans Otto Zimmermann (B\u00fcrgermeister Schotten), Eduard Dufrasnes (B\u00fcrgermeister Beloeil), Arlette Degous (Comit\u00e9 de Jumelage Crosne), Dany Mc Neal (Provost Distrik Ayrshire), Margret Davidson (2.Vorsitzende des Partnerschaftsvereins Maybole\/Town Twinning Association (TTA) Maybole), William Grant (1.Vorsitzender TTA Maybole), Michel Museur (1.Vorsitzender des Comit\u00e9 de Jumelage de Beloeil)\" data-attachment-id=\"2749\" data-type=\"image\" class=\"fg-thumb\"><span class=\"fg-image-wrap\"><img decoding=\"async\" width=\"164\" height=\"164\" class=\"skip-lazy fg-image\" data-src-fg=\"https:\/\/www.verschwisterung-schotten.de\/vvs\/wp-content\/uploads\/cache\/2019\/03\/B-Bild5\/3854019833.jpg\" src=\"data:image\/svg+xml,%3Csvg%20xmlns%3D%22http%3A%2F%2Fwww.w3.org%2F2000%2Fsvg%22%20width%3D%22164%22%20height%3D%22164%22%20viewBox%3D%220%200%20164%20164%22%3E%3C%2Fsvg%3E\" loading=\"eager\"><\/span><span class=\"fg-image-overlay\"><\/span><\/a><figcaption class=\"fg-caption\"><div class=\"fg-caption-inner\"><div class=\"fg-caption-title\">Feierlichkeiten anl\u00e4sslich der Unterzeichnung des Partnerschaftsvertrages Beloeil \u2013 Maybole vom 15.-17.05.1998 in Maybole. Die Aufnahme wurde vor dem Eingang zum Schoss (Castle) in Maybole gemacht (v.l.n.r.): Klaus Appel (Vorsitzender Verschwisterungsverein Schotten), Genevi\u00e8ve Rochereau (B\u00fcrgermeisterin Crosne), Hans Otto Zimmermann (B\u00fcrgermeister Schotten), Eduard Dufrasnes (B\u00fcrgermeister Beloeil), Arlette Degous (Comit\u00e9 de Jumelage Crosne), Dany Mc Neal (Provost Distrik Ayrshire), Margret Davidson (2.Vorsitzende des Partnerschaftsvereins Maybole\/Town Twinning Association (TTA) Maybole), William Grant (1.Vorsitzender TTA Maybole), Michel Museur (1.Vorsitzender des Comit\u00e9 de Jumelage de Beloeil)<\/div><\/div><\/figcaption><\/figure><div class=\"fg-loader\"><\/div><\/div><\/div>\r\n<\/p><\/div>\n\t\t\t\t\t\t\t<\/div>\n\t\t<\/div>\n\t\t\t\t<\/div>\n\t\t\t\t<\/div>\n\t\t\t\t\t<\/div>\n\t\t<\/div>\n\t\t\t\t\t\t\t<\/div>\n\t\t<\/section>\n\t\t\t\t\t\t\t<\/div>\n\t\t","protected":false},"excerpt":{"rendered":"<p>Zur\u00fcck 30. Jahrestag der Partnerschaft 1993 Partnerschaft Beloeil-Maybole 1998 30. Jahrestag der Partnerschaft 1993 Feierlichkeiten zum 30.Jahrestag der Erstunterzeichnung der Partnerschaftsvertr\u00e4ge Beloeil-Crosne-Schotten im Jahre 1993 im Rathaus von Beloeil. Die Urkunde zur Erneuerung und&#46;&#46;&#46;<\/p>\n","protected":false},"author":1,"featured_media":0,"parent":0,"menu_order":0,"comment_status":"closed","ping_status":"closed","template":"","meta":{"footnotes":""},"class_list":["post-2716","page","type-page","status-publish","hentry"],"yoast_head":"<!-- This site is optimized with the Yoast SEO plugin v20.3 - https:\/\/yoast.com\/wordpress\/plugins\/seo\/ -->\n<title>Beloeil - Begegnungen - Verschwisterungsverein Schotten e.V.<\/title>\n<meta name=\"description\" content=\"Verein, Schotten - Verschwisterungsverein Schotten e.V. Beloeil - Begegnungen % Verschwisterung, Europa, Deutschland, Italien, Frankreich, Tschechien, Polen, Belgien, Partner, Partnerstadt, Deutschland, Berlin, Hessen\" \/>\n<meta name=\"robots\" content=\"index, follow, max-snippet:-1, max-image-preview:large, max-video-preview:-1\" \/>\n<link rel=\"canonical\" href=\"https:\/\/www.verschwisterung-schotten.de\/vvs\/beloeil-begegnungen\/\" \/>\n<meta property=\"og:locale\" content=\"de_DE\" \/>\n<meta property=\"og:type\" content=\"article\" \/>\n<meta property=\"og:title\" content=\"Beloeil - Begegnungen - Verschwisterungsverein Schotten e.V.\" \/>\n<meta property=\"og:description\" content=\"Verein, Schotten - Verschwisterungsverein Schotten e.V. Beloeil - Begegnungen % Verschwisterung, Europa, Deutschland, Italien, Frankreich, Tschechien, Polen, Belgien, Partner, Partnerstadt, Deutschland, Berlin, Hessen\" \/>\n<meta property=\"og:url\" content=\"https:\/\/www.verschwisterung-schotten.de\/vvs\/beloeil-begegnungen\/\" \/>\n<meta property=\"og:site_name\" content=\"Verschwisterungsverein Schotten e.V.\" \/>\n<meta property=\"article:publisher\" content=\"https:\/\/www.facebook.com\/verschwisterungschotten?ref=hl\" \/>\n<meta property=\"article:modified_time\" content=\"2019-03-26T16:56:45+00:00\" \/>\n<meta name=\"twitter:card\" content=\"summary_large_image\" \/>\n<meta name=\"twitter:label1\" content=\"Gesch\u00e4tzte Lesezeit\" \/>\n\t<meta name=\"twitter:data1\" content=\"1\u00a0Minute\" \/>\n<script type=\"application\/ld+json\" class=\"yoast-schema-graph\">{\"@context\":\"https:\/\/schema.org\",\"@graph\":[{\"@type\":\"WebPage\",\"@id\":\"https:\/\/www.verschwisterung-schotten.de\/vvs\/beloeil-begegnungen\/\",\"url\":\"https:\/\/www.verschwisterung-schotten.de\/vvs\/beloeil-begegnungen\/\",\"name\":\"Beloeil - Begegnungen - Verschwisterungsverein Schotten e.V.\",\"isPartOf\":{\"@id\":\"https:\/\/www.verschwisterung-schotten.de\/vvs\/#website\"},\"datePublished\":\"2019-03-19T15:00:21+00:00\",\"dateModified\":\"2019-03-26T16:56:45+00:00\",\"description\":\"Verein, Schotten - Verschwisterungsverein Schotten e.V. Beloeil - Begegnungen % Verschwisterung, Europa, Deutschland, Italien, Frankreich, Tschechien, Polen, Belgien, Partner, Partnerstadt, Deutschland, Berlin, Hessen\",\"breadcrumb\":{\"@id\":\"https:\/\/www.verschwisterung-schotten.de\/vvs\/beloeil-begegnungen\/#breadcrumb\"},\"inLanguage\":\"de\",\"potentialAction\":[{\"@type\":\"ReadAction\",\"target\":[\"https:\/\/www.verschwisterung-schotten.de\/vvs\/beloeil-begegnungen\/\"]}]},{\"@type\":\"BreadcrumbList\",\"@id\":\"https:\/\/www.verschwisterung-schotten.de\/vvs\/beloeil-begegnungen\/#breadcrumb\",\"itemListElement\":[{\"@type\":\"ListItem\",\"position\":1,\"name\":\"Startseite\",\"item\":\"https:\/\/www.verschwisterung-schotten.de\/vvs\/\"},{\"@type\":\"ListItem\",\"position\":2,\"name\":\"Beloeil &#8211; Begegnungen\"}]},{\"@type\":\"WebSite\",\"@id\":\"https:\/\/www.verschwisterung-schotten.de\/vvs\/#website\",\"url\":\"https:\/\/www.verschwisterung-schotten.de\/vvs\/\",\"name\":\"Verschwisterungsverein Schotten e.V.\",\"description\":\"Die Verbindung zu den Partnerst\u00e4dten in Europa\",\"potentialAction\":[{\"@type\":\"SearchAction\",\"target\":{\"@type\":\"EntryPoint\",\"urlTemplate\":\"https:\/\/www.verschwisterung-schotten.de\/vvs\/?s={search_term_string}\"},\"query-input\":\"required name=search_term_string\"}],\"inLanguage\":\"de\"}]}<\/script>\n<!-- \/ Yoast SEO plugin. -->","yoast_head_json":{"title":"Beloeil - Begegnungen - Verschwisterungsverein Schotten e.V.","description":"Verein, Schotten - Verschwisterungsverein Schotten e.V. Beloeil - Begegnungen % Verschwisterung, Europa, Deutschland, Italien, Frankreich, Tschechien, Polen, Belgien, Partner, Partnerstadt, Deutschland, Berlin, Hessen","robots":{"index":"index","follow":"follow","max-snippet":"max-snippet:-1","max-image-preview":"max-image-preview:large","max-video-preview":"max-video-preview:-1"},"canonical":"https:\/\/www.verschwisterung-schotten.de\/vvs\/beloeil-begegnungen\/","og_locale":"de_DE","og_type":"article","og_title":"Beloeil - Begegnungen - Verschwisterungsverein Schotten e.V.","og_description":"Verein, Schotten - Verschwisterungsverein Schotten e.V. Beloeil - Begegnungen % Verschwisterung, Europa, Deutschland, Italien, Frankreich, Tschechien, Polen, Belgien, Partner, Partnerstadt, Deutschland, Berlin, Hessen","og_url":"https:\/\/www.verschwisterung-schotten.de\/vvs\/beloeil-begegnungen\/","og_site_name":"Verschwisterungsverein Schotten e.V.","article_publisher":"https:\/\/www.facebook.com\/verschwisterungschotten?ref=hl","article_modified_time":"2019-03-26T16:56:45+00:00","twitter_card":"summary_large_image","twitter_misc":{"Gesch\u00e4tzte Lesezeit":"1\u00a0Minute"},"schema":{"@context":"https:\/\/schema.org","@graph":[{"@type":"WebPage","@id":"https:\/\/www.verschwisterung-schotten.de\/vvs\/beloeil-begegnungen\/","url":"https:\/\/www.verschwisterung-schotten.de\/vvs\/beloeil-begegnungen\/","name":"Beloeil - Begegnungen - Verschwisterungsverein Schotten e.V.","isPartOf":{"@id":"https:\/\/www.verschwisterung-schotten.de\/vvs\/#website"},"datePublished":"2019-03-19T15:00:21+00:00","dateModified":"2019-03-26T16:56:45+00:00","description":"Verein, Schotten - Verschwisterungsverein Schotten e.V. Beloeil - Begegnungen % Verschwisterung, Europa, Deutschland, Italien, Frankreich, Tschechien, Polen, Belgien, Partner, Partnerstadt, Deutschland, Berlin, Hessen","breadcrumb":{"@id":"https:\/\/www.verschwisterung-schotten.de\/vvs\/beloeil-begegnungen\/#breadcrumb"},"inLanguage":"de","potentialAction":[{"@type":"ReadAction","target":["https:\/\/www.verschwisterung-schotten.de\/vvs\/beloeil-begegnungen\/"]}]},{"@type":"BreadcrumbList","@id":"https:\/\/www.verschwisterung-schotten.de\/vvs\/beloeil-begegnungen\/#breadcrumb","itemListElement":[{"@type":"ListItem","position":1,"name":"Startseite","item":"https:\/\/www.verschwisterung-schotten.de\/vvs\/"},{"@type":"ListItem","position":2,"name":"Beloeil &#8211; Begegnungen"}]},{"@type":"WebSite","@id":"https:\/\/www.verschwisterung-schotten.de\/vvs\/#website","url":"https:\/\/www.verschwisterung-schotten.de\/vvs\/","name":"Verschwisterungsverein Schotten e.V.","description":"Die Verbindung zu den Partnerst\u00e4dten in Europa","potentialAction":[{"@type":"SearchAction","target":{"@type":"EntryPoint","urlTemplate":"https:\/\/www.verschwisterung-schotten.de\/vvs\/?s={search_term_string}"},"query-input":"required name=search_term_string"}],"inLanguage":"de"}]}},"_links":{"self":[{"href":"https:\/\/www.verschwisterung-schotten.de\/vvs\/wp-json\/wp\/v2\/pages\/2716","targetHints":{"allow":["GET"]}}],"collection":[{"href":"https:\/\/www.verschwisterung-schotten.de\/vvs\/wp-json\/wp\/v2\/pages"}],"about":[{"href":"https:\/\/www.verschwisterung-schotten.de\/vvs\/wp-json\/wp\/v2\/types\/page"}],"author":[{"embeddable":true,"href":"https:\/\/www.verschwisterung-schotten.de\/vvs\/wp-json\/wp\/v2\/users\/1"}],"replies":[{"embeddable":true,"href":"https:\/\/www.verschwisterung-schotten.de\/vvs\/wp-json\/wp\/v2\/comments?post=2716"}],"version-history":[{"count":10,"href":"https:\/\/www.verschwisterung-schotten.de\/vvs\/wp-json\/wp\/v2\/pages\/2716\/revisions"}],"predecessor-version":[{"id":3230,"href":"https:\/\/www.verschwisterung-schotten.de\/vvs\/wp-json\/wp\/v2\/pages\/2716\/revisions\/3230"}],"wp:attachment":[{"href":"https:\/\/www.verschwisterung-schotten.de\/vvs\/wp-json\/wp\/v2\/media?parent=2716"}],"curies":[{"name":"wp","href":"https:\/\/api.w.org\/{rel}","templated":true}]}}