{"id":1697,"date":"2019-02-04T17:07:50","date_gmt":"2019-02-04T16:07:50","guid":{"rendered":"http:\/\/www.verschwisterung-schotten.de\/vvs\/?page_id=1697"},"modified":"2022-04-08T17:08:22","modified_gmt":"2022-04-08T15:08:22","slug":"rocella-ionica-2-2","status":"publish","type":"page","link":"https:\/\/www.verschwisterung-schotten.de\/vvs\/rocella-ionica-2-2\/","title":{"rendered":"Roccella Ionica &#8211; Italien"},"content":{"rendered":"\t\t<div data-elementor-type=\"wp-post\" data-elementor-id=\"1697\" class=\"elementor elementor-1697\">\n\t\t\t\t\t\t\t\t\t<section class=\"elementor-section elementor-top-section elementor-element elementor-element-57923ab1 elementor-section-boxed elementor-section-height-default elementor-section-height-default\" data-id=\"57923ab1\" data-element_type=\"section\">\n\t\t\t\t\t\t<div class=\"elementor-container elementor-column-gap-default\">\n\t\t\t\t\t<div class=\"elementor-column elementor-col-100 elementor-top-column elementor-element elementor-element-35aff4ac\" data-id=\"35aff4ac\" data-element_type=\"column\">\n\t\t\t<div class=\"elementor-widget-wrap elementor-element-populated\">\n\t\t\t\t\t\t\t\t<div class=\"elementor-element elementor-element-2e168729 elementor-widget elementor-widget-text-editor\" data-id=\"2e168729\" data-element_type=\"widget\" data-widget_type=\"text-editor.default\">\n\t\t\t\t<div class=\"elementor-widget-container\">\n\t\t\t\t\t\t\t<p style=\"text-align: justify;\"><img decoding=\"async\" class=\"alignleft\" src=\"http:\/\/www.verschwisterung-schotten.de\/vvs\/wp-content\/uploads\/2019\/02\/Roccella_Ionica-Stemma.jpg\" alt=\"\" width=\"148\" height=\"190\" \/><span style=\"font-size: 12pt;\">Roccella Jonica ist eine s\u00fcditalienische Gemeinde mit ca. 6.750 Einwohnern. Sie liegt in der Region Kalabrien etwa 70 km nord\u00f6stlich der Stadt Reggio Calabria am Ionischen Meer. Roccella Jonica liegt an der Strada Statale 106 Ionica, die zugleich als Europastra\u00dfe 90 um die Kalabrische K\u00fcste f\u00fchrt. Eine Bahnlinie verl\u00e4uft von Reggio Calabbria \u00fcber Roccella nach Tarent.<\/span><span style=\"font-size: 12pt;\"><br \/>Roccella Jonica ist ein kleines K\u00fcstenst\u00e4dtchen mit einem netten historischen Stadtkern, einem mit &#8218;Blauer Flagge&#8216; als sehr sauber ausgezeichneten Sandstrand und Badem\u00f6glichkeiten bis in den Herbst. Entsprechende Bedeutung f\u00fcr die Stadt hat der Tourismus als Haupteinnahmequelle.<\/span> <span style=\"font-size: 12pt;\"><br \/>Ein wichtiges kulturelles Ereignis ist das j\u00e4hrlich stattfindende Jazzfestival &#8222;Rumori Mediterranei&#8220; mit internationalen Musikern.<br \/><\/span><\/p>\t\t\t\t\t\t<\/div>\n\t\t\t\t<\/div>\n\t\t\t\t\t<\/div>\n\t\t<\/div>\n\t\t\t\t\t\t\t<\/div>\n\t\t<\/section>\n\t\t\t\t<section class=\"elementor-section elementor-top-section elementor-element elementor-element-35937118 elementor-section-boxed elementor-section-height-default elementor-section-height-default\" data-id=\"35937118\" data-element_type=\"section\">\n\t\t\t\t\t\t<div class=\"elementor-container elementor-column-gap-default\">\n\t\t\t\t\t<div class=\"elementor-column elementor-col-100 elementor-top-column elementor-element elementor-element-54e9691e\" data-id=\"54e9691e\" data-element_type=\"column\">\n\t\t\t<div class=\"elementor-widget-wrap elementor-element-populated\">\n\t\t\t\t\t\t\t\t<div class=\"elementor-element elementor-element-79fbcd2f elementor-widget elementor-widget-toggle\" data-id=\"79fbcd2f\" data-element_type=\"widget\" data-widget_type=\"toggle.default\">\n\t\t\t\t<div class=\"elementor-widget-container\">\n\t\t\t\t\t<div class=\"elementor-toggle\">\n\t\t\t\t\t\t\t<div class=\"elementor-toggle-item\">\n\t\t\t\t\t<h5 id=\"elementor-tab-title-2041\" class=\"elementor-tab-title\" data-tab=\"1\" role=\"button\" aria-controls=\"elementor-tab-content-2041\" aria-expanded=\"false\">\n\t\t\t\t\t\t\t\t\t\t\t\t<span class=\"elementor-toggle-icon elementor-toggle-icon-right\" aria-hidden=\"true\">\n\t\t\t\t\t\t\t\t\t\t\t\t\t\t\t<span class=\"elementor-toggle-icon-closed\"><i class=\"fas fa-caret-right\"><\/i><\/span>\n\t\t\t\t\t\t\t\t<span class=\"elementor-toggle-icon-opened\"><i class=\"elementor-toggle-icon-opened fas fa-caret-up\"><\/i><\/span>\n\t\t\t\t\t\t\t\t\t\t\t\t\t<\/span>\n\t\t\t\t\t\t\t\t\t\t\t\t<a class=\"elementor-toggle-title\" tabindex=\"0\">St\u00e4dtepartnerschaften<\/a>\n\t\t\t\t\t<\/h5>\n\n\t\t\t\t\t<div id=\"elementor-tab-content-2041\" class=\"elementor-tab-content elementor-clearfix\" data-tab=\"1\" role=\"region\" aria-labelledby=\"elementor-tab-title-2041\"><p style=\"text-align: justify;\"><span style=\"font-size: 12pt;\">Roccella Jonica und Schotten sind seit 2007 freundschaftlich verbunden. Im Oktober 2017 haben die beiden Vorsitzenden der Verschwisterungsvereine Pietro Commisso aus Roccella und Hans-Otto Zimmermann aus Schotten die 10-j\u00e4hrigen Beziehungen mit einem Freundschaftsvertrag gew\u00fcrdigt und damit Impulse f\u00fcr einen Ausbau dieser Verbindung gegeben.<\/span><\/p><p style=\"text-align: justify;\"><span style=\"font-size: 12pt;\">Im Jahre 2014 war Roccella Ausrichter der j\u00e4hrlich von einer der Partnerst\u00e4dte organisierten Tour du Jumelage und 2017 Gastgeber der ebenfalls j\u00e4hrlichen Arbeitstreffen aller Partnerst\u00e4dte.<\/span><\/p><p><strong><span style=\"font-size: 12pt;\">Weitere Partnerschaften mit:<br \/><\/span><\/strong><span style=\"font-size: 12pt;\">Partnerschaftsvertrag mit Arco \/ Italien seit 2007<\/span><\/p><\/div>\n\t\t\t\t<\/div>\n\t\t\t\t\t\t\t\t<\/div>\n\t\t\t\t<\/div>\n\t\t\t\t<\/div>\n\t\t\t\t\t<\/div>\n\t\t<\/div>\n\t\t\t\t\t\t\t<\/div>\n\t\t<\/section>\n\t\t\t\t<section class=\"elementor-section elementor-top-section elementor-element elementor-element-6b9b8d3e elementor-section-boxed elementor-section-height-default elementor-section-height-default\" data-id=\"6b9b8d3e\" data-element_type=\"section\">\n\t\t\t\t\t\t<div class=\"elementor-container elementor-column-gap-default\">\n\t\t\t\t\t<div class=\"elementor-column elementor-col-100 elementor-top-column elementor-element elementor-element-6b0d8a43\" data-id=\"6b0d8a43\" data-element_type=\"column\">\n\t\t\t<div class=\"elementor-widget-wrap elementor-element-populated\">\n\t\t\t\t\t\t\t\t<div class=\"elementor-element elementor-element-3f648c38 elementor-widget elementor-widget-toggle\" data-id=\"3f648c38\" data-element_type=\"widget\" data-widget_type=\"toggle.default\">\n\t\t\t\t<div class=\"elementor-widget-container\">\n\t\t\t\t\t<div class=\"elementor-toggle\">\n\t\t\t\t\t\t\t<div class=\"elementor-toggle-item\">\n\t\t\t\t\t<h5 id=\"elementor-tab-title-1061\" class=\"elementor-tab-title\" data-tab=\"1\" role=\"button\" aria-controls=\"elementor-tab-content-1061\" aria-expanded=\"false\">\n\t\t\t\t\t\t\t\t\t\t\t\t<span class=\"elementor-toggle-icon elementor-toggle-icon-right\" aria-hidden=\"true\">\n\t\t\t\t\t\t\t\t\t\t\t\t\t\t\t<span class=\"elementor-toggle-icon-closed\"><i class=\"fas fa-caret-right\"><\/i><\/span>\n\t\t\t\t\t\t\t\t<span class=\"elementor-toggle-icon-opened\"><i class=\"elementor-toggle-icon-opened fas fa-caret-up\"><\/i><\/span>\n\t\t\t\t\t\t\t\t\t\t\t\t\t<\/span>\n\t\t\t\t\t\t\t\t\t\t\t\t<a class=\"elementor-toggle-title\" tabindex=\"0\">Geschichte<\/a>\n\t\t\t\t\t<\/h5>\n\n\t\t\t\t\t<div id=\"elementor-tab-content-1061\" class=\"elementor-tab-content elementor-clearfix\" data-tab=\"1\" role=\"region\" aria-labelledby=\"elementor-tab-title-1061\"><p><span style=\"font-size: 10pt;\">(Quelle: Wikipedia)<br \/><\/span><\/p><p style=\"text-align: justify;\"><span style=\"font-size: 12pt;\">Die erste Besiedlung der Region Roccella geht auf die griechische Antike zur\u00fcck. Der gesamte K\u00fcstenstreifen war eine griechische Kolonie. In der benachbarten Gemeinde Locri kann man heute eine ausgegrabene griechische Siedlung besichtigen.<\/span><\/p><p style=\"text-align: justify;\"><span style=\"font-size: 12pt;\">Das heutige Roccella hatte im Mittelalter den Namen Rupelle, sp\u00e4ter Arocella und heute eben Roccella, ein Name, der auf die Tatsache verweist, da\u00df die Stadt auf einem Felsen gegr\u00fcndet wurde. Das erste Dokument \u00fcber die Existenz von Roccella stammt aus dem Jahre 1270.<\/span><\/p><\/div>\n\t\t\t\t<\/div>\n\t\t\t\t\t\t\t\t<\/div>\n\t\t\t\t<\/div>\n\t\t\t\t<\/div>\n\t\t\t\t\t<\/div>\n\t\t<\/div>\n\t\t\t\t\t\t\t<\/div>\n\t\t<\/section>\n\t\t\t\t<section class=\"elementor-section elementor-top-section elementor-element elementor-element-798e2b5c elementor-section-boxed elementor-section-height-default elementor-section-height-default\" data-id=\"798e2b5c\" data-element_type=\"section\">\n\t\t\t\t\t\t<div class=\"elementor-container elementor-column-gap-default\">\n\t\t\t\t\t<div class=\"elementor-column elementor-col-100 elementor-top-column elementor-element elementor-element-7e3819ac\" data-id=\"7e3819ac\" data-element_type=\"column\">\n\t\t\t<div class=\"elementor-widget-wrap elementor-element-populated\">\n\t\t\t\t\t\t\t\t<div class=\"elementor-element elementor-element-1e3e0632 elementor-widget elementor-widget-toggle\" data-id=\"1e3e0632\" data-element_type=\"widget\" data-widget_type=\"toggle.default\">\n\t\t\t\t<div class=\"elementor-widget-container\">\n\t\t\t\t\t<div class=\"elementor-toggle\">\n\t\t\t\t\t\t\t<div class=\"elementor-toggle-item\">\n\t\t\t\t\t<h5 id=\"elementor-tab-title-5071\" class=\"elementor-tab-title\" data-tab=\"1\" role=\"button\" aria-controls=\"elementor-tab-content-5071\" aria-expanded=\"false\">\n\t\t\t\t\t\t\t\t\t\t\t\t<span class=\"elementor-toggle-icon elementor-toggle-icon-right\" aria-hidden=\"true\">\n\t\t\t\t\t\t\t\t\t\t\t\t\t\t\t<span class=\"elementor-toggle-icon-closed\"><i class=\"fas fa-caret-right\"><\/i><\/span>\n\t\t\t\t\t\t\t\t<span class=\"elementor-toggle-icon-opened\"><i class=\"elementor-toggle-icon-opened fas fa-caret-up\"><\/i><\/span>\n\t\t\t\t\t\t\t\t\t\t\t\t\t<\/span>\n\t\t\t\t\t\t\t\t\t\t\t\t<a class=\"elementor-toggle-title\" tabindex=\"0\">Stadtgesellschaft<\/a>\n\t\t\t\t\t<\/h5>\n\n\t\t\t\t\t<div id=\"elementor-tab-content-5071\" class=\"elementor-tab-content elementor-clearfix\" data-tab=\"1\" role=\"region\" aria-labelledby=\"elementor-tab-title-5071\"><p><span style=\"font-size: 14pt;\"><strong>Bildung<\/strong><\/span><\/p><p><span style=\"font-size: 14pt;\"><strong>Kommunalpolitik<br \/><\/strong><\/span><\/p><p><span style=\"font-size: 12pt;\"><strong>B\u00fcrgermeister:<\/strong> Vittorio Zito, Jahrgang 1968, Partei\u00a0Lista Civica Roccella Prima di Tutto (B\u00fcrgerliste Roccella Zuerst), gew\u00e4hlt am 26. Mai 2019, im Amt seit 28. Mai 2019. <br \/><\/span><span style=\"font-size: 12pt;\">Er bekam bei der Wahl 2204 Stimmen oder 55,46 Prozent. Er schlug damit die Kandidaten Gabrielle Alvaro (Roccella Futura \/Roccella Zukunft), der 1559 Stimmen (39,23 Prozent) und Domenico Cappelleri (Movimento 5 Stelle\/F\u00fcnf Sterne Bewegung), der 211 Stimmen (5,31 Prozent) bekam. <br \/><\/span><span style=\"font-size: 12pt;\">Die Mehrheit stellt der B\u00fcrgermeister mit weiteren neun Abgeordneten, die Opposition hat vier Vertreter.<\/span><\/p><p><span style=\"font-size: 12pt;\"><strong>Vize-B\u00fcrgermeister:<\/strong> Francesco Scali, Jahrgang 1964, Partei\u00a0Lista Civica Roccella Prima di Tutto<\/span><\/p><p><span style=\"font-size: 12pt;\"><strong>Stadtr\u00e4te:<\/strong><br \/><\/span><span style=\"font-size: 12pt;\">Fabrizio Chiefari, Jahrgang 1982, Lista Civica Roccella Prima di Tutto<br \/><\/span><span style=\"font-size: 12pt;\">Alessandra Cianflone, Jahrgang 1981, Lista Civica Roccella Prima di Tutto<br \/><\/span><span style=\"font-size: 12pt;\">Bruna Falcone, Jahrgang 1977, Lista Civica Roccella Prima di Tutto<\/span><\/p><p><span style=\"font-size: 12pt;\"><strong>Stadtverordnete:<\/strong><br \/><\/span><span style=\"font-size: 12pt;\">Antonio Francesco Ursino, Jahrgang 1965, Lista Civica Roccella Prima di Tutto<br \/><\/span><span style=\"font-size: 12pt;\">Gabrielle Alvaro, Jahrgang 1956, Partei Roccella Futura<br \/><\/span><span style=\"font-size: 12pt;\">Domenico Cartolano, Jahrgang 1978, Lista Civica Roccella Prima di Tutto<br \/><\/span><span style=\"font-size: 12pt;\">Fabrizio Chiefari, Jahrgang 1982, Lista Civica Roccella Prima di Tutto<br \/><\/span><span style=\"font-size: 12pt;\">Alessandra Cianflone, Jahrgang 1981, Lista Civica Roccella Prima di Tutto<br \/><\/span><span style=\"font-size: 12pt;\">Paola Circosta, Jahrgang 1969, Lista Civica Roccella Prima di Tutto<br \/><\/span><span style=\"font-size: 12pt;\">Bruna Falcone, Jahrgang 1977, Lista Civica Roccella Prima di Tutto<br \/><\/span><span style=\"font-size: 12pt;\">Chiara Melcore, Jahrgang 1987, Lista Civica Roccella Prima di Tutto<br \/><\/span><span style=\"font-size: 12pt;\">Teresa Nesci, Jahrgang 1964, Lista Civica Roccella Futura (B\u00fcrgerliste Roccella Zukunft)<br \/><\/span><span style=\"font-size: 12pt;\">Vanessa Riitano, Jahrgang 1984, Lista Civica Roccella Futura<br \/><\/span><span style=\"font-size: 12pt;\">Francesco Scali, Jahrgang 1964, Lista Civica Roccella Prima di Tutto<br \/><\/span><span style=\"font-size: 12pt;\">Giuseppe Ursino, Jahrgang 1966, Lista Civica Roccella Futura<\/span><\/p><p><span style=\"font-size: 14pt;\"><strong>Kultur, Freizeit und Leben<\/strong><\/span><\/p><p><span style=\"font-size: 14pt;\"><strong>Sport<\/strong><\/span><\/p><\/div>\n\t\t\t\t<\/div>\n\t\t\t\t\t\t\t\t<\/div>\n\t\t\t\t<\/div>\n\t\t\t\t<\/div>\n\t\t\t\t\t<\/div>\n\t\t<\/div>\n\t\t\t\t\t\t\t<\/div>\n\t\t<\/section>\n\t\t\t\t<section class=\"elementor-section elementor-top-section elementor-element elementor-element-52e3873 elementor-section-boxed elementor-section-height-default elementor-section-height-default\" data-id=\"52e3873\" data-element_type=\"section\">\n\t\t\t\t\t\t<div class=\"elementor-container elementor-column-gap-default\">\n\t\t\t\t\t<div class=\"elementor-column elementor-col-100 elementor-top-column elementor-element elementor-element-81892db\" data-id=\"81892db\" data-element_type=\"column\">\n\t\t\t<div class=\"elementor-widget-wrap elementor-element-populated\">\n\t\t\t\t\t\t\t\t<div class=\"elementor-element elementor-element-93e3458 elementor-widget elementor-widget-toggle\" data-id=\"93e3458\" data-element_type=\"widget\" data-widget_type=\"toggle.default\">\n\t\t\t\t<div class=\"elementor-widget-container\">\n\t\t\t\t\t<div class=\"elementor-toggle\">\n\t\t\t\t\t\t\t<div class=\"elementor-toggle-item\">\n\t\t\t\t\t<h5 id=\"elementor-tab-title-1551\" class=\"elementor-tab-title\" data-tab=\"1\" role=\"button\" aria-controls=\"elementor-tab-content-1551\" aria-expanded=\"false\">\n\t\t\t\t\t\t\t\t\t\t\t\t<span class=\"elementor-toggle-icon elementor-toggle-icon-right\" aria-hidden=\"true\">\n\t\t\t\t\t\t\t\t\t\t\t\t\t\t\t<span class=\"elementor-toggle-icon-closed\"><i class=\"fas fa-caret-right\"><\/i><\/span>\n\t\t\t\t\t\t\t\t<span class=\"elementor-toggle-icon-opened\"><i class=\"elementor-toggle-icon-opened fas fa-caret-up\"><\/i><\/span>\n\t\t\t\t\t\t\t\t\t\t\t\t\t<\/span>\n\t\t\t\t\t\t\t\t\t\t\t\t<a class=\"elementor-toggle-title\" tabindex=\"0\">Wirtschaft<\/a>\n\t\t\t\t\t<\/h5>\n\n\t\t\t\t\t<div id=\"elementor-tab-content-1551\" class=\"elementor-tab-content elementor-clearfix\" data-tab=\"1\" role=\"region\" aria-labelledby=\"elementor-tab-title-1551\"><p><span style=\"font-size: 12pt;\">Keine Informationen<\/span><\/p><\/div>\n\t\t\t\t<\/div>\n\t\t\t\t\t\t\t\t<\/div>\n\t\t\t\t<\/div>\n\t\t\t\t<\/div>\n\t\t\t\t\t<\/div>\n\t\t<\/div>\n\t\t\t\t\t\t\t<\/div>\n\t\t<\/section>\n\t\t\t\t<section class=\"elementor-section elementor-top-section elementor-element elementor-element-3e0b7f5f elementor-section-boxed elementor-section-height-default elementor-section-height-default\" data-id=\"3e0b7f5f\" data-element_type=\"section\">\n\t\t\t\t\t\t<div class=\"elementor-container elementor-column-gap-default\">\n\t\t\t\t\t<div class=\"elementor-column elementor-col-100 elementor-top-column elementor-element elementor-element-25497bf8\" data-id=\"25497bf8\" data-element_type=\"column\">\n\t\t\t<div class=\"elementor-widget-wrap elementor-element-populated\">\n\t\t\t\t\t\t\t\t<div class=\"elementor-element elementor-element-4e416749 elementor-widget elementor-widget-toggle\" data-id=\"4e416749\" data-element_type=\"widget\" data-widget_type=\"toggle.default\">\n\t\t\t\t<div class=\"elementor-widget-container\">\n\t\t\t\t\t<div class=\"elementor-toggle\">\n\t\t\t\t\t\t\t<div class=\"elementor-toggle-item\">\n\t\t\t\t\t<h5 id=\"elementor-tab-title-1311\" class=\"elementor-tab-title\" data-tab=\"1\" role=\"button\" aria-controls=\"elementor-tab-content-1311\" aria-expanded=\"false\">\n\t\t\t\t\t\t\t\t\t\t\t\t<span class=\"elementor-toggle-icon elementor-toggle-icon-right\" aria-hidden=\"true\">\n\t\t\t\t\t\t\t\t\t\t\t\t\t\t\t<span class=\"elementor-toggle-icon-closed\"><i class=\"fas fa-caret-right\"><\/i><\/span>\n\t\t\t\t\t\t\t\t<span class=\"elementor-toggle-icon-opened\"><i class=\"elementor-toggle-icon-opened fas fa-caret-up\"><\/i><\/span>\n\t\t\t\t\t\t\t\t\t\t\t\t\t<\/span>\n\t\t\t\t\t\t\t\t\t\t\t\t<a class=\"elementor-toggle-title\" tabindex=\"0\">Sehensw\u00fcrdigkeiten<\/a>\n\t\t\t\t\t<\/h5>\n\n\t\t\t\t\t<div id=\"elementor-tab-content-1311\" class=\"elementor-tab-content elementor-clearfix\" data-tab=\"1\" role=\"region\" aria-labelledby=\"elementor-tab-title-1311\"><p><span style=\"font-size: 12pt;\">Keine Informationen<\/span><\/p><\/div>\n\t\t\t\t<\/div>\n\t\t\t\t\t\t\t\t<\/div>\n\t\t\t\t<\/div>\n\t\t\t\t<\/div>\n\t\t\t\t\t<\/div>\n\t\t<\/div>\n\t\t\t\t\t\t\t<\/div>\n\t\t<\/section>\n\t\t\t\t<section class=\"elementor-section elementor-top-section elementor-element elementor-element-ddd59ad elementor-section-boxed elementor-section-height-default elementor-section-height-default\" data-id=\"ddd59ad\" data-element_type=\"section\">\n\t\t\t\t\t\t<div class=\"elementor-container elementor-column-gap-default\">\n\t\t\t\t\t<div class=\"elementor-column elementor-col-33 elementor-top-column elementor-element elementor-element-34d6c54\" data-id=\"34d6c54\" data-element_type=\"column\">\n\t\t\t<div class=\"elementor-widget-wrap elementor-element-populated\">\n\t\t\t\t\t\t\t\t<div class=\"elementor-element elementor-element-811ac37 elementor-widget elementor-widget-menu-anchor\" data-id=\"811ac37\" data-element_type=\"widget\" data-widget_type=\"menu-anchor.default\">\n\t\t\t\t<div class=\"elementor-widget-container\">\n\t\t\t\t\t<div id=\"stadt\" class=\"elementor-menu-anchor\"><\/div>\n\t\t\t\t<\/div>\n\t\t\t\t<\/div>\n\t\t\t\t<div class=\"elementor-element elementor-element-a981b57 elementor-align-left elementor-widget elementor-widget-button\" data-id=\"a981b57\" data-element_type=\"widget\" data-widget_type=\"button.default\">\n\t\t\t\t<div class=\"elementor-widget-container\">\n\t\t\t\t\t<div class=\"elementor-button-wrapper\">\n\t\t\t<a class=\"elementor-button elementor-button-link elementor-size-md\" href=\"http:\/\/www.verschwisterung-schotten.de\/vvs\/roccella-ionica-stadtansichten\/\">\n\t\t\t\t\t\t<span class=\"elementor-button-content-wrapper\">\n\t\t\t\t\t\t<span class=\"elementor-button-icon elementor-align-icon-right\">\n\t\t\t\t\t\t\t\t\t<i class=\"fa fa-angle-right\" aria-hidden=\"true\"><\/i>\n\t\t\t\t\t\t\t<\/span>\n\t\t\t\t\t\t<span class=\"elementor-button-text\">Stadtansichten<\/span>\n\t\t<\/span>\n\t\t\t\t\t<\/a>\n\t\t<\/div>\n\t\t\t\t<\/div>\n\t\t\t\t<\/div>\n\t\t\t\t\t<\/div>\n\t\t<\/div>\n\t\t\t\t<div class=\"elementor-column elementor-col-33 elementor-top-column elementor-element elementor-element-ec2f53a\" data-id=\"ec2f53a\" data-element_type=\"column\">\n\t\t\t<div class=\"elementor-widget-wrap elementor-element-populated\">\n\t\t\t\t\t\t\t\t<div class=\"elementor-element elementor-element-7f5171a elementor-widget elementor-widget-menu-anchor\" data-id=\"7f5171a\" data-element_type=\"widget\" data-widget_type=\"menu-anchor.default\">\n\t\t\t\t<div class=\"elementor-widget-container\">\n\t\t\t\t\t<div id=\"land\" class=\"elementor-menu-anchor\"><\/div>\n\t\t\t\t<\/div>\n\t\t\t\t<\/div>\n\t\t\t\t<div class=\"elementor-element elementor-element-bc56eca elementor-align-center elementor-widget elementor-widget-button\" data-id=\"bc56eca\" data-element_type=\"widget\" data-widget_type=\"button.default\">\n\t\t\t\t<div class=\"elementor-widget-container\">\n\t\t\t\t\t<div class=\"elementor-button-wrapper\">\n\t\t\t<a class=\"elementor-button elementor-button-link elementor-size-md\" href=\"http:\/\/www.verschwisterung-schotten.de\/vvs\/roccella-ionica-landschaften\/\">\n\t\t\t\t\t\t<span class=\"elementor-button-content-wrapper\">\n\t\t\t\t\t\t<span class=\"elementor-button-icon elementor-align-icon-right\">\n\t\t\t\t\t\t\t\t\t<i class=\"fa fa-angle-right\" aria-hidden=\"true\"><\/i>\n\t\t\t\t\t\t\t<\/span>\n\t\t\t\t\t\t<span class=\"elementor-button-text\">Landschaften<\/span>\n\t\t<\/span>\n\t\t\t\t\t<\/a>\n\t\t<\/div>\n\t\t\t\t<\/div>\n\t\t\t\t<\/div>\n\t\t\t\t\t<\/div>\n\t\t<\/div>\n\t\t\t\t<div class=\"elementor-column elementor-col-33 elementor-top-column elementor-element elementor-element-ef5b856\" data-id=\"ef5b856\" data-element_type=\"column\">\n\t\t\t<div class=\"elementor-widget-wrap elementor-element-populated\">\n\t\t\t\t\t\t\t\t<div class=\"elementor-element elementor-element-1c914fa elementor-widget elementor-widget-menu-anchor\" data-id=\"1c914fa\" data-element_type=\"widget\" data-widget_type=\"menu-anchor.default\">\n\t\t\t\t<div class=\"elementor-widget-container\">\n\t\t\t\t\t<div id=\"begegnungen\" class=\"elementor-menu-anchor\"><\/div>\n\t\t\t\t<\/div>\n\t\t\t\t<\/div>\n\t\t\t\t<div class=\"elementor-element elementor-element-63f6507 elementor-align-right elementor-widget elementor-widget-button\" data-id=\"63f6507\" data-element_type=\"widget\" data-widget_type=\"button.default\">\n\t\t\t\t<div class=\"elementor-widget-container\">\n\t\t\t\t\t<div class=\"elementor-button-wrapper\">\n\t\t\t<a class=\"elementor-button elementor-button-link elementor-size-md\" href=\"http:\/\/www.verschwisterung-schotten.de\/vvs\/roccella-begegnungen\/\">\n\t\t\t\t\t\t<span class=\"elementor-button-content-wrapper\">\n\t\t\t\t\t\t<span class=\"elementor-button-icon elementor-align-icon-right\">\n\t\t\t\t\t\t\t\t\t<i class=\"fa fa-angle-right\" aria-hidden=\"true\"><\/i>\n\t\t\t\t\t\t\t<\/span>\n\t\t\t\t\t\t<span class=\"elementor-button-text\">Begegnungen<\/span>\n\t\t<\/span>\n\t\t\t\t\t<\/a>\n\t\t<\/div>\n\t\t\t\t<\/div>\n\t\t\t\t<\/div>\n\t\t\t\t\t<\/div>\n\t\t<\/div>\n\t\t\t\t\t\t\t<\/div>\n\t\t<\/section>\n\t\t\t\t<section class=\"elementor-section elementor-top-section elementor-element elementor-element-480854 elementor-section-boxed elementor-section-height-default elementor-section-height-default\" data-id=\"480854\" data-element_type=\"section\">\n\t\t\t\t\t\t<div class=\"elementor-container elementor-column-gap-default\">\n\t\t\t\t\t<div class=\"elementor-column elementor-col-100 elementor-top-column elementor-element elementor-element-4f00b2b9\" data-id=\"4f00b2b9\" data-element_type=\"column\">\n\t\t\t<div class=\"elementor-widget-wrap elementor-element-populated\">\n\t\t\t\t\t\t\t\t<div class=\"elementor-element elementor-element-951e60c elementor-widget elementor-widget-google_maps\" data-id=\"951e60c\" data-element_type=\"widget\" data-widget_type=\"google_maps.default\">\n\t\t\t\t<div class=\"elementor-widget-container\">\n\t\t\t\t\t<div class=\"elementor-custom-embed\">\n\t\t\t<iframe loading=\"lazy\"\n\t\t\t\t\tsrc=\"https:\/\/maps.google.com\/maps?q=Roccella%20Ionica&#038;t=m&#038;z=13&#038;output=embed&#038;iwloc=near\"\n\t\t\t\t\ttitle=\"Roccella Ionica\"\n\t\t\t\t\taria-label=\"Roccella Ionica\"\n\t\t\t><\/iframe>\n\t\t<\/div>\n\t\t\t\t<\/div>\n\t\t\t\t<\/div>\n\t\t\t\t\t<\/div>\n\t\t<\/div>\n\t\t\t\t\t\t\t<\/div>\n\t\t<\/section>\n\t\t\t\t<section class=\"elementor-section elementor-top-section elementor-element elementor-element-2d36526b elementor-section-boxed elementor-section-height-default elementor-section-height-default\" data-id=\"2d36526b\" data-element_type=\"section\">\n\t\t\t\t\t\t<div class=\"elementor-container elementor-column-gap-default\">\n\t\t\t\t\t<div class=\"elementor-column elementor-col-33 elementor-top-column elementor-element elementor-element-733825c6\" data-id=\"733825c6\" data-element_type=\"column\">\n\t\t\t<div class=\"elementor-widget-wrap elementor-element-populated\">\n\t\t\t\t\t\t\t\t<div class=\"elementor-element elementor-element-2101b7ab elementor-widget elementor-widget-toggle\" data-id=\"2101b7ab\" data-element_type=\"widget\" data-widget_type=\"toggle.default\">\n\t\t\t\t<div class=\"elementor-widget-container\">\n\t\t\t\t\t<div class=\"elementor-toggle\">\n\t\t\t\t\t\t\t<div class=\"elementor-toggle-item\">\n\t\t\t\t\t<div id=\"elementor-tab-title-5531\" class=\"elementor-tab-title\" data-tab=\"1\" role=\"button\" aria-controls=\"elementor-tab-content-5531\" aria-expanded=\"false\">\n\t\t\t\t\t\t\t\t\t\t\t\t<span class=\"elementor-toggle-icon elementor-toggle-icon-right\" aria-hidden=\"true\">\n\t\t\t\t\t\t\t\t\t\t\t\t\t\t\t<span class=\"elementor-toggle-icon-closed\"><i class=\"fas fa-caret-right\"><\/i><\/span>\n\t\t\t\t\t\t\t\t<span class=\"elementor-toggle-icon-opened\"><i class=\"elementor-toggle-icon-opened fas fa-caret-up\"><\/i><\/span>\n\t\t\t\t\t\t\t\t\t\t\t\t\t<\/span>\n\t\t\t\t\t\t\t\t\t\t\t\t<a class=\"elementor-toggle-title\" tabindex=\"0\">Infobox<\/a>\n\t\t\t\t\t<\/div>\n\n\t\t\t\t\t<div id=\"elementor-tab-content-5531\" class=\"elementor-tab-content elementor-clearfix\" data-tab=\"1\" role=\"region\" aria-labelledby=\"elementor-tab-title-5531\"><p><span style=\"font-size: 12pt;\"><strong>Bundesland:<\/strong> Italien<br \/><\/span><span style=\"font-size: 12pt;\"><strong>Provinz:<\/strong> Reggio Calabria<br \/><strong>Entfernung zur Hauptstadt:<\/strong> 115 Km<br \/><\/span><span style=\"font-size: 12pt;\"><strong>Verwaltungseinheit:<\/strong> ?<br \/><\/span><span style=\"font-size: 12pt;\"><strong>H\u00f6he:<\/strong> 16 m \u00fc. NHN<br \/><\/span><span style=\"font-size: 12pt;\"><strong>Fl\u00e4che:<\/strong> 37,48 km\u00b2<br \/><\/span><span style=\"font-size: 12pt;\"><strong>Einwohner:<\/strong> 6.762<br \/><\/span><span style=\"font-size: 12pt;\"><strong>Postleitzahl:<\/strong> 89047<br \/><\/span><span style=\"font-size: 12pt;\"><strong>Vorwahl:<\/strong> 0964<br \/><\/span><span style=\"font-size: 12pt;\"><strong>B\u00fcrgermeister:<\/strong> Herr Giuseppe Certonia<br \/><strong>Patron:<\/strong> San Vittorio Martire<br \/><strong>Flugh\u00e4fen:<\/strong> <br \/>Lamezia Terme (ca. 70 km)<br \/>Reggio Calabria (ca. 70 km)<br \/>Crotone (ca. 100 km)<br \/><strong>Geografische Koordinaten:<\/strong> 38\u00b0 19\u2019 5\u201d N &#8211; 16\u00b0 23\u2019 40\u201d E<br \/><strong>Bev\u00f6lkerungsdichte:<\/strong> 183 pro km\u00b2<br \/><\/span><\/p><p><span style=\"font-size: 12pt;\">\u00a0<\/span><\/p><p><span style=\"font-size: 10pt;\">(Quelle: Wikipedia)<\/span><\/p><\/div>\n\t\t\t\t<\/div>\n\t\t\t\t\t\t\t\t<\/div>\n\t\t\t\t<\/div>\n\t\t\t\t<\/div>\n\t\t\t\t\t<\/div>\n\t\t<\/div>\n\t\t\t\t<div class=\"elementor-column elementor-col-33 elementor-top-column elementor-element elementor-element-4f3d90d2\" data-id=\"4f3d90d2\" data-element_type=\"column\">\n\t\t\t<div class=\"elementor-widget-wrap elementor-element-populated\">\n\t\t\t\t\t\t\t\t<div class=\"elementor-element elementor-element-92a65c4 elementor-widget elementor-widget-toggle\" data-id=\"92a65c4\" data-element_type=\"widget\" data-widget_type=\"toggle.default\">\n\t\t\t\t<div class=\"elementor-widget-container\">\n\t\t\t\t\t<div class=\"elementor-toggle\">\n\t\t\t\t\t\t\t<div class=\"elementor-toggle-item\">\n\t\t\t\t\t<div id=\"elementor-tab-title-1531\" class=\"elementor-tab-title\" data-tab=\"1\" role=\"button\" aria-controls=\"elementor-tab-content-1531\" aria-expanded=\"false\">\n\t\t\t\t\t\t\t\t\t\t\t\t<span class=\"elementor-toggle-icon elementor-toggle-icon-right\" aria-hidden=\"true\">\n\t\t\t\t\t\t\t\t\t\t\t\t\t\t\t<span class=\"elementor-toggle-icon-closed\"><i class=\"fas fa-caret-right\"><\/i><\/span>\n\t\t\t\t\t\t\t\t<span class=\"elementor-toggle-icon-opened\"><i class=\"elementor-toggle-icon-opened fas fa-caret-up\"><\/i><\/span>\n\t\t\t\t\t\t\t\t\t\t\t\t\t<\/span>\n\t\t\t\t\t\t\t\t\t\t\t\t<a class=\"elementor-toggle-title\" tabindex=\"0\">Kontakt<\/a>\n\t\t\t\t\t<\/div>\n\n\t\t\t\t\t<div id=\"elementor-tab-content-1531\" class=\"elementor-tab-content elementor-clearfix\" data-tab=\"1\" role=\"region\" aria-labelledby=\"elementor-tab-title-1531\"><p><span style=\"font-size: 12pt;\"><strong>Stadtverwaltung<\/strong><\/span><br \/><span style=\"font-size: 12pt;\">Via Cristoforo Colombo<br \/>89047 Roccella Jonica<br \/>Tel.: +39 0964 84228<br \/>www.comune.roccella.rc.it<\/span><br \/><span style=\"font-size: 12pt;\">info@<\/span><\/p><p><span style=\"font-size: 12pt;\"><strong>Tourist-Information<\/strong><\/span><br \/><span style=\"font-size: 12pt;\">Tel.: <\/span><\/p><p><span style=\"font-size: 12pt;\"><strong>Partnerschaftsverein<\/strong><\/span><\/p><p><span style=\"font-size: 12pt;\"><strong>Vorsitzender:<\/strong> Herr Pietro Commisso<\/span><\/p><p><span style=\"font-size: 12pt;\">Tel.: +39 3280054020<\/span><\/p><\/div>\n\t\t\t\t<\/div>\n\t\t\t\t\t\t\t\t<\/div>\n\t\t\t\t<\/div>\n\t\t\t\t<\/div>\n\t\t\t\t\t<\/div>\n\t\t<\/div>\n\t\t\t\t<div class=\"elementor-column elementor-col-33 elementor-top-column elementor-element elementor-element-26f8f2f\" data-id=\"26f8f2f\" data-element_type=\"column\">\n\t\t\t<div class=\"elementor-widget-wrap elementor-element-populated\">\n\t\t\t\t\t\t\t\t<div class=\"elementor-element elementor-element-616a270d elementor-widget elementor-widget-toggle\" data-id=\"616a270d\" data-element_type=\"widget\" data-widget_type=\"toggle.default\">\n\t\t\t\t<div class=\"elementor-widget-container\">\n\t\t\t\t\t<div class=\"elementor-toggle\">\n\t\t\t\t\t\t\t<div class=\"elementor-toggle-item\">\n\t\t\t\t\t<div id=\"elementor-tab-title-1631\" class=\"elementor-tab-title\" data-tab=\"1\" role=\"button\" aria-controls=\"elementor-tab-content-1631\" aria-expanded=\"false\">\n\t\t\t\t\t\t\t\t\t\t\t\t<span class=\"elementor-toggle-icon elementor-toggle-icon-right\" aria-hidden=\"true\">\n\t\t\t\t\t\t\t\t\t\t\t\t\t\t\t<span class=\"elementor-toggle-icon-closed\"><i class=\"fas fa-caret-right\"><\/i><\/span>\n\t\t\t\t\t\t\t\t<span class=\"elementor-toggle-icon-opened\"><i class=\"elementor-toggle-icon-opened fas fa-caret-up\"><\/i><\/span>\n\t\t\t\t\t\t\t\t\t\t\t\t\t<\/span>\n\t\t\t\t\t\t\t\t\t\t\t\t<a class=\"elementor-toggle-title\" tabindex=\"0\">Vorstand<\/a>\n\t\t\t\t\t<\/div>\n\n\t\t\t\t\t<div id=\"elementor-tab-content-1631\" class=\"elementor-tab-content elementor-clearfix\" data-tab=\"1\" role=\"region\" aria-labelledby=\"elementor-tab-title-1631\"><p><strong><span style=\"font-size: medium;\">Pr\u00e4sident: <\/span><\/strong><span style=\"font-size: medium;\">Herr Pietro Commisso<\/span><strong><span style=\"font-size: medium;\"><br \/>Vize-Pr\u00e4sident: <\/span><\/strong><span style=\"font-size: medium;\">Herr Vincenzo Ursino<\/span><strong><span style=\"font-size: medium;\"><br \/><\/span><\/strong><strong><span style=\"font-size: medium;\">Vorsitzender:<\/span><\/strong><span style=\"font-size: medium;\"> Herr Pietro Commisso<br \/><\/span><strong><span style=\"font-size: medium;\">Stellv. Vorsitzender:<\/span><\/strong><span style=\"font-size: medium;\"> Herr Franco Placanica<br \/><\/span><strong><span style=\"font-size: medium;\">Schriftf\u00fchrer:<\/span><\/strong><span style=\"font-size: medium;\"> Herr Antonio Romano<br \/><\/span><strong><span style=\"font-size: medium;\">Schatzmeister:<\/span><\/strong><span style=\"font-size: medium;\"> Herr Vinzenzo Ursino<br \/><\/span><strong><span style=\"font-size: medium;\">Beisitzer:<\/span><\/strong><span style=\"font-size: medium;\"> Frau Elisabeta Sfara und die Herren Vincenzo Frasca und Domenico Placanica <\/span><\/p><p><span style=\"font-size: medium;\">Der neue Vorstand ist bis April 2025 im Amt.<br \/><\/span><\/p><\/div>\n\t\t\t\t<\/div>\n\t\t\t\t\t\t\t\t<\/div>\n\t\t\t\t<\/div>\n\t\t\t\t<\/div>\n\t\t\t\t\t<\/div>\n\t\t<\/div>\n\t\t\t\t\t\t\t<\/div>\n\t\t<\/section>\n\t\t\t\t<section class=\"elementor-section elementor-top-section elementor-element elementor-element-47e8b6de elementor-section-boxed elementor-section-height-default elementor-section-height-default\" data-id=\"47e8b6de\" data-element_type=\"section\">\n\t\t\t\t\t\t<div class=\"elementor-container elementor-column-gap-default\">\n\t\t\t\t\t<div class=\"elementor-column elementor-col-100 elementor-top-column elementor-element elementor-element-3b2f76d0\" data-id=\"3b2f76d0\" data-element_type=\"column\">\n\t\t\t<div class=\"elementor-widget-wrap elementor-element-populated\">\n\t\t\t\t\t\t\t\t<div class=\"elementor-element elementor-element-625edc7c elementor-widget elementor-widget-text-editor\" data-id=\"625edc7c\" data-element_type=\"widget\" data-widget_type=\"text-editor.default\">\n\t\t\t\t<div class=\"elementor-widget-container\">\n\t\t\t\t\t\t\t<p><span style=\"font-size: 12pt;\"><strong>Anmerkung: <br \/><\/strong><\/span><\/p>\t\t\t\t\t\t<\/div>\n\t\t\t\t<\/div>\n\t\t\t\t\t<\/div>\n\t\t<\/div>\n\t\t\t\t\t\t\t<\/div>\n\t\t<\/section>\n\t\t\t\t\t\t\t<\/div>\n\t\t","protected":false},"excerpt":{"rendered":"<p>Roccella Jonica ist eine s\u00fcditalienische Gemeinde mit ca. 6.750 Einwohnern. Sie liegt in der Region Kalabrien etwa 70 km nord\u00f6stlich der Stadt Reggio Calabria am Ionischen Meer. Roccella Jonica liegt an der Strada Statale&#46;&#46;&#46;<\/p>\n","protected":false},"author":1,"featured_media":0,"parent":0,"menu_order":0,"comment_status":"closed","ping_status":"closed","template":"","meta":{"footnotes":""},"class_list":["post-1697","page","type-page","status-publish","hentry"],"yoast_head":"<!-- This site is optimized with the Yoast SEO plugin v20.3 - https:\/\/yoast.com\/wordpress\/plugins\/seo\/ -->\n<title>Roccella Ionica - Italien - Verschwisterungsverein Schotten e.V.<\/title>\n<meta name=\"description\" content=\"Verein, Schotten - Verschwisterungsverein Schotten e.V. Roccella Ionica - Italien % Verschwisterung, Europa, Deutschland, Italien, Frankreich, Tschechien, Polen, Belgien, Partner, Partnerstadt, Deutschland, Berlin, Hessen\" \/>\n<meta name=\"robots\" content=\"index, follow, max-snippet:-1, max-image-preview:large, max-video-preview:-1\" \/>\n<link rel=\"canonical\" href=\"https:\/\/www.verschwisterung-schotten.de\/vvs\/rocella-ionica-2-2\/\" \/>\n<meta property=\"og:locale\" content=\"de_DE\" \/>\n<meta property=\"og:type\" content=\"article\" \/>\n<meta property=\"og:title\" content=\"Roccella Ionica - Italien - Verschwisterungsverein Schotten e.V.\" \/>\n<meta property=\"og:description\" content=\"Verein, Schotten - Verschwisterungsverein Schotten e.V. Roccella Ionica - Italien % Verschwisterung, Europa, Deutschland, Italien, Frankreich, Tschechien, Polen, Belgien, Partner, Partnerstadt, Deutschland, Berlin, Hessen\" \/>\n<meta property=\"og:url\" content=\"https:\/\/www.verschwisterung-schotten.de\/vvs\/rocella-ionica-2-2\/\" \/>\n<meta property=\"og:site_name\" content=\"Verschwisterungsverein Schotten e.V.\" \/>\n<meta property=\"article:publisher\" content=\"https:\/\/www.facebook.com\/verschwisterungschotten?ref=hl\" \/>\n<meta property=\"article:modified_time\" content=\"2022-04-08T15:08:22+00:00\" \/>\n<meta property=\"og:image\" content=\"http:\/\/www.verschwisterung-schotten.de\/vvs\/wp-content\/uploads\/2019\/02\/Roccella_Ionica-Stemma.jpg\" \/>\n<meta name=\"twitter:card\" content=\"summary_large_image\" \/>\n<meta name=\"twitter:label1\" content=\"Gesch\u00e4tzte Lesezeit\" \/>\n\t<meta name=\"twitter:data1\" content=\"4\u00a0Minuten\" \/>\n<script type=\"application\/ld+json\" class=\"yoast-schema-graph\">{\"@context\":\"https:\/\/schema.org\",\"@graph\":[{\"@type\":\"WebPage\",\"@id\":\"https:\/\/www.verschwisterung-schotten.de\/vvs\/rocella-ionica-2-2\/\",\"url\":\"https:\/\/www.verschwisterung-schotten.de\/vvs\/rocella-ionica-2-2\/\",\"name\":\"Roccella Ionica - Italien - Verschwisterungsverein Schotten e.V.\",\"isPartOf\":{\"@id\":\"https:\/\/www.verschwisterung-schotten.de\/vvs\/#website\"},\"datePublished\":\"2019-02-04T16:07:50+00:00\",\"dateModified\":\"2022-04-08T15:08:22+00:00\",\"description\":\"Verein, Schotten - Verschwisterungsverein Schotten e.V. Roccella Ionica - Italien % Verschwisterung, Europa, Deutschland, Italien, Frankreich, Tschechien, Polen, Belgien, Partner, Partnerstadt, Deutschland, Berlin, Hessen\",\"breadcrumb\":{\"@id\":\"https:\/\/www.verschwisterung-schotten.de\/vvs\/rocella-ionica-2-2\/#breadcrumb\"},\"inLanguage\":\"de\",\"potentialAction\":[{\"@type\":\"ReadAction\",\"target\":[\"https:\/\/www.verschwisterung-schotten.de\/vvs\/rocella-ionica-2-2\/\"]}]},{\"@type\":\"BreadcrumbList\",\"@id\":\"https:\/\/www.verschwisterung-schotten.de\/vvs\/rocella-ionica-2-2\/#breadcrumb\",\"itemListElement\":[{\"@type\":\"ListItem\",\"position\":1,\"name\":\"Startseite\",\"item\":\"https:\/\/www.verschwisterung-schotten.de\/vvs\/\"},{\"@type\":\"ListItem\",\"position\":2,\"name\":\"Roccella Ionica &#8211; Italien\"}]},{\"@type\":\"WebSite\",\"@id\":\"https:\/\/www.verschwisterung-schotten.de\/vvs\/#website\",\"url\":\"https:\/\/www.verschwisterung-schotten.de\/vvs\/\",\"name\":\"Verschwisterungsverein Schotten e.V.\",\"description\":\"Die Verbindung zu den Partnerst\u00e4dten in Europa\",\"potentialAction\":[{\"@type\":\"SearchAction\",\"target\":{\"@type\":\"EntryPoint\",\"urlTemplate\":\"https:\/\/www.verschwisterung-schotten.de\/vvs\/?s={search_term_string}\"},\"query-input\":\"required name=search_term_string\"}],\"inLanguage\":\"de\"}]}<\/script>\n<!-- \/ Yoast SEO plugin. -->","yoast_head_json":{"title":"Roccella Ionica - Italien - Verschwisterungsverein Schotten e.V.","description":"Verein, Schotten - Verschwisterungsverein Schotten e.V. Roccella Ionica - Italien % Verschwisterung, Europa, Deutschland, Italien, Frankreich, Tschechien, Polen, Belgien, Partner, Partnerstadt, Deutschland, Berlin, Hessen","robots":{"index":"index","follow":"follow","max-snippet":"max-snippet:-1","max-image-preview":"max-image-preview:large","max-video-preview":"max-video-preview:-1"},"canonical":"https:\/\/www.verschwisterung-schotten.de\/vvs\/rocella-ionica-2-2\/","og_locale":"de_DE","og_type":"article","og_title":"Roccella Ionica - Italien - Verschwisterungsverein Schotten e.V.","og_description":"Verein, Schotten - Verschwisterungsverein Schotten e.V. Roccella Ionica - Italien % Verschwisterung, Europa, Deutschland, Italien, Frankreich, Tschechien, Polen, Belgien, Partner, Partnerstadt, Deutschland, Berlin, Hessen","og_url":"https:\/\/www.verschwisterung-schotten.de\/vvs\/rocella-ionica-2-2\/","og_site_name":"Verschwisterungsverein Schotten e.V.","article_publisher":"https:\/\/www.facebook.com\/verschwisterungschotten?ref=hl","article_modified_time":"2022-04-08T15:08:22+00:00","og_image":[{"url":"http:\/\/www.verschwisterung-schotten.de\/vvs\/wp-content\/uploads\/2019\/02\/Roccella_Ionica-Stemma.jpg"}],"twitter_card":"summary_large_image","twitter_misc":{"Gesch\u00e4tzte Lesezeit":"4\u00a0Minuten"},"schema":{"@context":"https:\/\/schema.org","@graph":[{"@type":"WebPage","@id":"https:\/\/www.verschwisterung-schotten.de\/vvs\/rocella-ionica-2-2\/","url":"https:\/\/www.verschwisterung-schotten.de\/vvs\/rocella-ionica-2-2\/","name":"Roccella Ionica - Italien - Verschwisterungsverein Schotten e.V.","isPartOf":{"@id":"https:\/\/www.verschwisterung-schotten.de\/vvs\/#website"},"datePublished":"2019-02-04T16:07:50+00:00","dateModified":"2022-04-08T15:08:22+00:00","description":"Verein, Schotten - Verschwisterungsverein Schotten e.V. Roccella Ionica - Italien % Verschwisterung, Europa, Deutschland, Italien, Frankreich, Tschechien, Polen, Belgien, Partner, Partnerstadt, Deutschland, Berlin, Hessen","breadcrumb":{"@id":"https:\/\/www.verschwisterung-schotten.de\/vvs\/rocella-ionica-2-2\/#breadcrumb"},"inLanguage":"de","potentialAction":[{"@type":"ReadAction","target":["https:\/\/www.verschwisterung-schotten.de\/vvs\/rocella-ionica-2-2\/"]}]},{"@type":"BreadcrumbList","@id":"https:\/\/www.verschwisterung-schotten.de\/vvs\/rocella-ionica-2-2\/#breadcrumb","itemListElement":[{"@type":"ListItem","position":1,"name":"Startseite","item":"https:\/\/www.verschwisterung-schotten.de\/vvs\/"},{"@type":"ListItem","position":2,"name":"Roccella Ionica &#8211; Italien"}]},{"@type":"WebSite","@id":"https:\/\/www.verschwisterung-schotten.de\/vvs\/#website","url":"https:\/\/www.verschwisterung-schotten.de\/vvs\/","name":"Verschwisterungsverein Schotten e.V.","description":"Die Verbindung zu den Partnerst\u00e4dten in Europa","potentialAction":[{"@type":"SearchAction","target":{"@type":"EntryPoint","urlTemplate":"https:\/\/www.verschwisterung-schotten.de\/vvs\/?s={search_term_string}"},"query-input":"required name=search_term_string"}],"inLanguage":"de"}]}},"_links":{"self":[{"href":"https:\/\/www.verschwisterung-schotten.de\/vvs\/wp-json\/wp\/v2\/pages\/1697","targetHints":{"allow":["GET"]}}],"collection":[{"href":"https:\/\/www.verschwisterung-schotten.de\/vvs\/wp-json\/wp\/v2\/pages"}],"about":[{"href":"https:\/\/www.verschwisterung-schotten.de\/vvs\/wp-json\/wp\/v2\/types\/page"}],"author":[{"embeddable":true,"href":"https:\/\/www.verschwisterung-schotten.de\/vvs\/wp-json\/wp\/v2\/users\/1"}],"replies":[{"embeddable":true,"href":"https:\/\/www.verschwisterung-schotten.de\/vvs\/wp-json\/wp\/v2\/comments?post=1697"}],"version-history":[{"count":63,"href":"https:\/\/www.verschwisterung-schotten.de\/vvs\/wp-json\/wp\/v2\/pages\/1697\/revisions"}],"predecessor-version":[{"id":4380,"href":"https:\/\/www.verschwisterung-schotten.de\/vvs\/wp-json\/wp\/v2\/pages\/1697\/revisions\/4380"}],"wp:attachment":[{"href":"https:\/\/www.verschwisterung-schotten.de\/vvs\/wp-json\/wp\/v2\/media?parent=1697"}],"curies":[{"name":"wp","href":"https:\/\/api.w.org\/{rel}","templated":true}]}}